{"id":10539,"date":"2017-01-15T16:50:38","date_gmt":"2017-01-15T14:50:38","guid":{"rendered":"https:\/\/www.scrigno.com\/projects\/bydleni-mezi-soucasnosti-a-minulosti\/"},"modified":"2024-09-18T16:52:32","modified_gmt":"2024-09-18T14:52:32","slug":"bydleni-mezi-soucasnosti-a-minulosti","status":"publish","type":"scrignocom_project","link":"https:\/\/www.scrigno.com\/cs\/projekty\/bydleni-mezi-soucasnosti-a-minulosti\/","title":{"rendered":"Bydlen\u00ed mezi sou\u010dasnost\u00ed a minulost\u00ed"},"content":{"rendered":"<p>Inspirac\u00ed projektu nov\u00e9ho vyu\u017eit\u00ed star\u00e9 st\u00e1je jako soukrom\u00e9ho bydlen\u00ed bylo samotn\u00e9 m\u00edsto, v n\u011bm\u017e se nach\u00e1z\u00ed, st\u0159edov\u011bk\u00e9 m\u011bste\u010dko z 11. stolet\u00ed Massa Marittima.<\/p>\n<p>St\u00e1j byla v dob\u011b projektu rozbo\u0159en\u00e1 a jej\u00ed minulost se dala vy\u010d\u00edst z odhalen\u00e9ho zdiva vystav\u011bn\u00e9ho z neopracovan\u00fdch kus\u016f travertinu a z p\u00e1len\u00fdch cihel; za v\u0161echna ta l\u00e9ta pro\u0161la mnoha p\u0159em\u011bnami za r\u016fzn\u00fdmi \u00fa\u010dely, pravd\u011bpodobn\u011b se nejprve pou\u017e\u00edvala jako stodola a st\u00e1j, pak se v n\u00ed lisovaly olivy a v posledn\u00ed dob\u011b slou\u017eila jako sklad. Nov\u00fd d\u016fm se na rozd\u00edl od p\u016fvodn\u00edho prostoru i atmosf\u00e9ry rozv\u00edj\u00ed se do otev\u0159en\u00e9ho ob\u00fdvac\u00edho prostoru ve tvaru p\u00edsmene L rozd\u011blen\u00e9ho n\u00e1bytkem a velk\u00fdm z\u0159eteln\u00fdm obloukem. \u010c\u00e1st p\u0159\u00edslu\u0161enstv\u00ed, schodi\u0161t\u011b do horn\u00edho patra a pokoj\u016f jsou jedin\u00fdm stavebn\u00edm p\u0159\u00eddavkem budovy ve tvaru dokonale \u010dtvercov\u00e9 krabice, n\u00e1padn\u011b kontrastuj\u00edc\u00ed s nepravideln\u00fdmi tvary star\u00e9 budovy.<\/p>\n<p>V naprost\u00e9m souladu s n\u00e1zorem Johna Ruskina, kter\u00fd tvrdil, \u017ee pam\u00e1tky nejsou soukrom\u00fdm majetkem, ani kdy\u017e jsou vlastnictv\u00edm tv\u016frce nebo klienta, ale pat\u0159\u00ed p\u0159edev\u0161\u00edm budouc\u00edm generac\u00edm: \u201c<em>lid\u00e9 v sou\u010dasnosti i v budoucnu maj\u00ed stejn\u00e1 pr\u00e1va je pou\u017e\u00edvat a pe\u010dovat o n\u011b<\/em>\u201e; c\u00edlem projektu je tedy vytvo\u0159it dialog mezi stopami minulosti a sou\u010dasnost\u00ed, zachovat odkaz z minul\u00fdch dob jako to nejcenn\u011bj\u0161\u00ed d\u011bdictv\u00ed a p\u0159idat novou stopu, historick\u00fd rozm\u011br dne\u0161n\u00ed architektury.<\/p>\n<p>Tento z\u00e1m\u011br, kter\u00fd nach\u00e1z\u00ed sv\u016fj v\u00fdraz v pravideln\u00fdch minimalistick\u00fdch lini\u00edch a v materi\u00e1lech pou\u017eit\u00fdch pro dostavbu, jako jsou ocelov\u00e9 nosn\u00edky podkrov\u00ed odkazuj\u00edc\u00ed na d\u016fle\u017eitou t\u011b\u017eebn\u00ed historii v m\u011bste\u010dku, a l\u00e1tkov\u00e9 stropy podsv\u00edcen\u00e9 led sv\u011btly symbolizuj\u00edc\u00ed sou\u010dasnost, tedy p\u0159id\u00e1n\u00ed nov\u00e9 stopy, ale v\u017edy propojen\u00e9 s pam\u011bt\u00ed m\u00edsta a \u010dasu. Minulost dob\u0159e patrn\u00e1 z hol\u00fdch zd\u00ed je z\u00e1rove\u0148 v dialogu i kontrastu s formami a materi\u00e1ly sou\u010dasnosti.<\/p>\n","protected":false},"featured_media":2545,"template":"","class_list":["post-10539","scrignocom_project","type-scrignocom_project","status-publish","has-post-thumbnail","hentry"],"acf":{"project_description":"","project_date":"2017\/2018","project_where":"Massa Marittima","project_featured_image":"https:\/\/www.scrigno.com\/wp-content\/uploads\/2024\/07\/abitare-tra-presente-e-passato-giulio-conti.jpg","project_gallery":[{"ID":2549,"id":2549,"title":"abitare-tra-presente-e-passato-giulio-conti-loft-cb.jpg","filename":"abitare-tra-presente-e-passato-giulio-conti-loft-cb.jpg","filesize":76715,"url":"https:\/\/www.scrigno.com\/wp-content\/uploads\/2024\/07\/abitare-tra-presente-e-passato-giulio-conti-loft-cb.jpg","link":"https:\/\/www.scrigno.com\/cs\/abitare-tra-presente-e-passato-giulio-conti-loft-cb-jpg-2\/","alt":"","author":"1","description":"","caption":"","name":"abitare-tra-presente-e-passato-giulio-conti-loft-cb-jpg-2","status":"inherit","uploaded_to":0,"date":"2024-07-29 09:13:54","modified":"2024-07-29 09:13:54","menu_order":0,"mime_type":"image\/jpeg","type":"image","subtype":"jpeg","icon":"https:\/\/www.scrigno.com\/wp-includes\/images\/media\/default.png","width":683,"height":1024,"sizes":{"thumbnail":"https:\/\/www.scrigno.com\/wp-content\/uploads\/2024\/07\/abitare-tra-presente-e-passato-giulio-conti-loft-cb-150x150.jpg","thumbnail-width":150,"thumbnail-height":150,"medium":"https:\/\/www.scrigno.com\/wp-content\/uploads\/2024\/07\/abitare-tra-presente-e-passato-giulio-conti-loft-cb-375x562.jpg","medium-width":375,"medium-height":562,"medium_large":"https:\/\/www.scrigno.com\/wp-content\/uploads\/2024\/07\/abitare-tra-presente-e-passato-giulio-conti-loft-cb.jpg","medium_large-width":683,"medium_large-height":1024,"large":"https:\/\/www.scrigno.com\/wp-content\/uploads\/2024\/07\/abitare-tra-presente-e-passato-giulio-conti-loft-cb.jpg","large-width":683,"large-height":1024,"1536x1536":"https:\/\/www.scrigno.com\/wp-content\/uploads\/2024\/07\/abitare-tra-presente-e-passato-giulio-conti-loft-cb.jpg","1536x1536-width":683,"1536x1536-height":1024,"2048x2048":"https:\/\/www.scrigno.com\/wp-content\/uploads\/2024\/07\/abitare-tra-presente-e-passato-giulio-conti-loft-cb.jpg","2048x2048-width":683,"2048x2048-height":1024,"logo-1x":"https:\/\/www.scrigno.com\/wp-content\/uploads\/2024\/07\/abitare-tra-presente-e-passato-giulio-conti-loft-cb-43x64.jpg","logo-1x-width":43,"logo-1x-height":64,"logo-footer-1x":"https:\/\/www.scrigno.com\/wp-content\/uploads\/2024\/07\/abitare-tra-presente-e-passato-giulio-conti-loft-cb-39x59.jpg","logo-footer-1x-width":39,"logo-footer-1x-height":59,"banner-1x":"https:\/\/www.scrigno.com\/wp-content\/uploads\/2024\/07\/abitare-tra-presente-e-passato-giulio-conti-loft-cb.jpg","banner-1x-width":683,"banner-1x-height":1024}},{"ID":2553,"id":2553,"title":"Conti-Claus-Loft-CB.jpg","filename":"Conti-Claus-Loft-CB.jpg","filesize":103670,"url":"https:\/\/www.scrigno.com\/wp-content\/uploads\/2024\/07\/Conti-Claus-Loft-CB.jpg","link":"https:\/\/www.scrigno.com\/cs\/conti-claus-loft-cb-jpg-2\/","alt":"","author":"1","description":"","caption":"","name":"conti-claus-loft-cb-jpg-2","status":"inherit","uploaded_to":0,"date":"2024-07-29 09:13:55","modified":"2024-07-29 09:13:55","menu_order":0,"mime_type":"image\/jpeg","type":"image","subtype":"jpeg","icon":"https:\/\/www.scrigno.com\/wp-includes\/images\/media\/default.png","width":683,"height":1024,"sizes":{"thumbnail":"https:\/\/www.scrigno.com\/wp-content\/uploads\/2024\/07\/Conti-Claus-Loft-CB-150x150.jpg","thumbnail-width":150,"thumbnail-height":150,"medium":"https:\/\/www.scrigno.com\/wp-content\/uploads\/2024\/07\/Conti-Claus-Loft-CB-375x562.jpg","medium-width":375,"medium-height":562,"medium_large":"https:\/\/www.scrigno.com\/wp-content\/uploads\/2024\/07\/Conti-Claus-Loft-CB.jpg","medium_large-width":683,"medium_large-height":1024,"large":"https:\/\/www.scrigno.com\/wp-content\/uploads\/2024\/07\/Conti-Claus-Loft-CB.jpg","large-width":683,"large-height":1024,"1536x1536":"https:\/\/www.scrigno.com\/wp-content\/uploads\/2024\/07\/Conti-Claus-Loft-CB.jpg","1536x1536-width":683,"1536x1536-height":1024,"2048x2048":"https:\/\/www.scrigno.com\/wp-content\/uploads\/2024\/07\/Conti-Claus-Loft-CB.jpg","2048x2048-width":683,"2048x2048-height":1024,"logo-1x":"https:\/\/www.scrigno.com\/wp-content\/uploads\/2024\/07\/Conti-Claus-Loft-CB-43x64.jpg","logo-1x-width":43,"logo-1x-height":64,"logo-footer-1x":"https:\/\/www.scrigno.com\/wp-content\/uploads\/2024\/07\/Conti-Claus-Loft-CB-39x59.jpg","logo-footer-1x-width":39,"logo-footer-1x-height":59,"banner-1x":"https:\/\/www.scrigno.com\/wp-content\/uploads\/2024\/07\/Conti-Claus-Loft-CB.jpg","banner-1x-width":683,"banner-1x-height":1024}},{"ID":2557,"id":2557,"title":"Conti-Claus-Loft-CB-abitare-tra-presente-e-passato.jpg","filename":"Conti-Claus-Loft-CB-abitare-tra-presente-e-passato.jpg","filesize":46193,"url":"https:\/\/www.scrigno.com\/wp-content\/uploads\/2024\/07\/Conti-Claus-Loft-CB-abitare-tra-presente-e-passato.jpg","link":"https:\/\/www.scrigno.com\/cs\/conti-claus-loft-cb-abitare-tra-presente-e-passato-jpg-2\/","alt":"","author":"1","description":"","caption":"","name":"conti-claus-loft-cb-abitare-tra-presente-e-passato-jpg-2","status":"inherit","uploaded_to":0,"date":"2024-07-29 09:13:55","modified":"2024-07-29 09:13:55","menu_order":0,"mime_type":"image\/jpeg","type":"image","subtype":"jpeg","icon":"https:\/\/www.scrigno.com\/wp-includes\/images\/media\/default.png","width":683,"height":1024,"sizes":{"thumbnail":"https:\/\/www.scrigno.com\/wp-content\/uploads\/2024\/07\/Conti-Claus-Loft-CB-abitare-tra-presente-e-passato-150x150.jpg","thumbnail-width":150,"thumbnail-height":150,"medium":"https:\/\/www.scrigno.com\/wp-content\/uploads\/2024\/07\/Conti-Claus-Loft-CB-abitare-tra-presente-e-passato-375x562.jpg","medium-width":375,"medium-height":562,"medium_large":"https:\/\/www.scrigno.com\/wp-content\/uploads\/2024\/07\/Conti-Claus-Loft-CB-abitare-tra-presente-e-passato.jpg","medium_large-width":683,"medium_large-height":1024,"large":"https:\/\/www.scrigno.com\/wp-content\/uploads\/2024\/07\/Conti-Claus-Loft-CB-abitare-tra-presente-e-passato.jpg","large-width":683,"large-height":1024,"1536x1536":"https:\/\/www.scrigno.com\/wp-content\/uploads\/2024\/07\/Conti-Claus-Loft-CB-abitare-tra-presente-e-passato.jpg","1536x1536-width":683,"1536x1536-height":1024,"2048x2048":"https:\/\/www.scrigno.com\/wp-content\/uploads\/2024\/07\/Conti-Claus-Loft-CB-abitare-tra-presente-e-passato.jpg","2048x2048-width":683,"2048x2048-height":1024,"logo-1x":"https:\/\/www.scrigno.com\/wp-content\/uploads\/2024\/07\/Conti-Claus-Loft-CB-abitare-tra-presente-e-passato-43x64.jpg","logo-1x-width":43,"logo-1x-height":64,"logo-footer-1x":"https:\/\/www.scrigno.com\/wp-content\/uploads\/2024\/07\/Conti-Claus-Loft-CB-abitare-tra-presente-e-passato-39x59.jpg","logo-footer-1x-width":39,"logo-footer-1x-height":59,"banner-1x":"https:\/\/www.scrigno.com\/wp-content\/uploads\/2024\/07\/Conti-Claus-Loft-CB-abitare-tra-presente-e-passato.jpg","banner-1x-width":683,"banner-1x-height":1024}},{"ID":2561,"id":2561,"title":"Conti-Claus-Loft-CB-living-room.jpg","filename":"Conti-Claus-Loft-CB-living-room.jpg","filesize":52149,"url":"https:\/\/www.scrigno.com\/wp-content\/uploads\/2024\/07\/Conti-Claus-Loft-CB-living-room.jpg","link":"https:\/\/www.scrigno.com\/cs\/conti-claus-loft-cb-living-room-jpg-2\/","alt":"","author":"1","description":"","caption":"","name":"conti-claus-loft-cb-living-room-jpg-2","status":"inherit","uploaded_to":0,"date":"2024-07-29 09:13:56","modified":"2024-07-29 09:13:56","menu_order":0,"mime_type":"image\/jpeg","type":"image","subtype":"jpeg","icon":"https:\/\/www.scrigno.com\/wp-includes\/images\/media\/default.png","width":683,"height":1024,"sizes":{"thumbnail":"https:\/\/www.scrigno.com\/wp-content\/uploads\/2024\/07\/Conti-Claus-Loft-CB-living-room-150x150.jpg","thumbnail-width":150,"thumbnail-height":150,"medium":"https:\/\/www.scrigno.com\/wp-content\/uploads\/2024\/07\/Conti-Claus-Loft-CB-living-room-375x562.jpg","medium-width":375,"medium-height":562,"medium_large":"https:\/\/www.scrigno.com\/wp-content\/uploads\/2024\/07\/Conti-Claus-Loft-CB-living-room.jpg","medium_large-width":683,"medium_large-height":1024,"large":"https:\/\/www.scrigno.com\/wp-content\/uploads\/2024\/07\/Conti-Claus-Loft-CB-living-room.jpg","large-width":683,"large-height":1024,"1536x1536":"https:\/\/www.scrigno.com\/wp-content\/uploads\/2024\/07\/Conti-Claus-Loft-CB-living-room.jpg","1536x1536-width":683,"1536x1536-height":1024,"2048x2048":"https:\/\/www.scrigno.com\/wp-content\/uploads\/2024\/07\/Conti-Claus-Loft-CB-living-room.jpg","2048x2048-width":683,"2048x2048-height":1024,"logo-1x":"https:\/\/www.scrigno.com\/wp-content\/uploads\/2024\/07\/Conti-Claus-Loft-CB-living-room-43x64.jpg","logo-1x-width":43,"logo-1x-height":64,"logo-footer-1x":"https:\/\/www.scrigno.com\/wp-content\/uploads\/2024\/07\/Conti-Claus-Loft-CB-living-room-39x59.jpg","logo-footer-1x-width":39,"logo-footer-1x-height":59,"banner-1x":"https:\/\/www.scrigno.com\/wp-content\/uploads\/2024\/07\/Conti-Claus-Loft-CB-living-room.jpg","banner-1x-width":683,"banner-1x-height":1024}},{"ID":2565,"id":2565,"title":"Conti-Claus-Loft-CB-particolare-muro-pietra.jpg","filename":"Conti-Claus-Loft-CB-particolare-muro-pietra.jpg","filesize":137249,"url":"https:\/\/www.scrigno.com\/wp-content\/uploads\/2024\/07\/Conti-Claus-Loft-CB-particolare-muro-pietra.jpg","link":"https:\/\/www.scrigno.com\/cs\/conti-claus-loft-cb-particolare-muro-pietra-jpg-2\/","alt":"","author":"1","description":"","caption":"","name":"conti-claus-loft-cb-particolare-muro-pietra-jpg-2","status":"inherit","uploaded_to":0,"date":"2024-07-29 09:13:56","modified":"2024-07-29 09:13:56","menu_order":0,"mime_type":"image\/jpeg","type":"image","subtype":"jpeg","icon":"https:\/\/www.scrigno.com\/wp-includes\/images\/media\/default.png","width":1024,"height":683,"sizes":{"thumbnail":"https:\/\/www.scrigno.com\/wp-content\/uploads\/2024\/07\/Conti-Claus-Loft-CB-particolare-muro-pietra-150x150.jpg","thumbnail-width":150,"thumbnail-height":150,"medium":"https:\/\/www.scrigno.com\/wp-content\/uploads\/2024\/07\/Conti-Claus-Loft-CB-particolare-muro-pietra-375x250.jpg","medium-width":375,"medium-height":250,"medium_large":"https:\/\/www.scrigno.com\/wp-content\/uploads\/2024\/07\/Conti-Claus-Loft-CB-particolare-muro-pietra-750x500.jpg","medium_large-width":750,"medium_large-height":500,"large":"https:\/\/www.scrigno.com\/wp-content\/uploads\/2024\/07\/Conti-Claus-Loft-CB-particolare-muro-pietra.jpg","large-width":1024,"large-height":683,"1536x1536":"https:\/\/www.scrigno.com\/wp-content\/uploads\/2024\/07\/Conti-Claus-Loft-CB-particolare-muro-pietra.jpg","1536x1536-width":1024,"1536x1536-height":683,"2048x2048":"https:\/\/www.scrigno.com\/wp-content\/uploads\/2024\/07\/Conti-Claus-Loft-CB-particolare-muro-pietra.jpg","2048x2048-width":1024,"2048x2048-height":683,"logo-1x":"https:\/\/www.scrigno.com\/wp-content\/uploads\/2024\/07\/Conti-Claus-Loft-CB-particolare-muro-pietra-96x64.jpg","logo-1x-width":96,"logo-1x-height":64,"logo-footer-1x":"https:\/\/www.scrigno.com\/wp-content\/uploads\/2024\/07\/Conti-Claus-Loft-CB-particolare-muro-pietra-88x59.jpg","logo-footer-1x-width":88,"logo-footer-1x-height":59,"banner-1x":"https:\/\/www.scrigno.com\/wp-content\/uploads\/2024\/07\/Conti-Claus-Loft-CB-particolare-muro-pietra.jpg","banner-1x-width":1024,"banner-1x-height":683}},{"ID":2569,"id":2569,"title":"giulio-conti-dettaglio-scale.jpg","filename":"giulio-conti-dettaglio-scale.jpg","filesize":41955,"url":"https:\/\/www.scrigno.com\/wp-content\/uploads\/2024\/07\/giulio-conti-dettaglio-scale.jpg","link":"https:\/\/www.scrigno.com\/cs\/giulio-conti-dettaglio-scale-jpg-2\/","alt":"","author":"1","description":"","caption":"","name":"giulio-conti-dettaglio-scale-jpg-2","status":"inherit","uploaded_to":0,"date":"2024-07-29 09:13:57","modified":"2024-07-29 09:13:57","menu_order":0,"mime_type":"image\/jpeg","type":"image","subtype":"jpeg","icon":"https:\/\/www.scrigno.com\/wp-includes\/images\/media\/default.png","width":683,"height":1024,"sizes":{"thumbnail":"https:\/\/www.scrigno.com\/wp-content\/uploads\/2024\/07\/giulio-conti-dettaglio-scale-150x150.jpg","thumbnail-width":150,"thumbnail-height":150,"medium":"https:\/\/www.scrigno.com\/wp-content\/uploads\/2024\/07\/giulio-conti-dettaglio-scale-375x562.jpg","medium-width":375,"medium-height":562,"medium_large":"https:\/\/www.scrigno.com\/wp-content\/uploads\/2024\/07\/giulio-conti-dettaglio-scale.jpg","medium_large-width":683,"medium_large-height":1024,"large":"https:\/\/www.scrigno.com\/wp-content\/uploads\/2024\/07\/giulio-conti-dettaglio-scale.jpg","large-width":683,"large-height":1024,"1536x1536":"https:\/\/www.scrigno.com\/wp-content\/uploads\/2024\/07\/giulio-conti-dettaglio-scale.jpg","1536x1536-width":683,"1536x1536-height":1024,"2048x2048":"https:\/\/www.scrigno.com\/wp-content\/uploads\/2024\/07\/giulio-conti-dettaglio-scale.jpg","2048x2048-width":683,"2048x2048-height":1024,"logo-1x":"https:\/\/www.scrigno.com\/wp-content\/uploads\/2024\/07\/giulio-conti-dettaglio-scale-43x64.jpg","logo-1x-width":43,"logo-1x-height":64,"logo-footer-1x":"https:\/\/www.scrigno.com\/wp-content\/uploads\/2024\/07\/giulio-conti-dettaglio-scale-39x59.jpg","logo-footer-1x-width":39,"logo-footer-1x-height":59,"banner-1x":"https:\/\/www.scrigno.com\/wp-content\/uploads\/2024\/07\/giulio-conti-dettaglio-scale.jpg","banner-1x-width":683,"banner-1x-height":1024}},{"ID":2573,"id":2573,"title":"scrigno-essential-battente-abitare-tra-presente-e-passato.jpg","filename":"scrigno-essential-battente-abitare-tra-presente-e-passato.jpg","filesize":33174,"url":"https:\/\/www.scrigno.com\/wp-content\/uploads\/2024\/07\/scrigno-essential-battente-abitare-tra-presente-e-passato.jpg","link":"https:\/\/www.scrigno.com\/cs\/scrigno-essential-battente-abitare-tra-presente-e-passato-jpg-2\/","alt":"","author":"1","description":"","caption":"","name":"scrigno-essential-battente-abitare-tra-presente-e-passato-jpg-2","status":"inherit","uploaded_to":0,"date":"2024-07-29 09:13:57","modified":"2024-07-29 09:13:57","menu_order":0,"mime_type":"image\/jpeg","type":"image","subtype":"jpeg","icon":"https:\/\/www.scrigno.com\/wp-includes\/images\/media\/default.png","width":683,"height":1024,"sizes":{"thumbnail":"https:\/\/www.scrigno.com\/wp-content\/uploads\/2024\/07\/scrigno-essential-battente-abitare-tra-presente-e-passato-150x150.jpg","thumbnail-width":150,"thumbnail-height":150,"medium":"https:\/\/www.scrigno.com\/wp-content\/uploads\/2024\/07\/scrigno-essential-battente-abitare-tra-presente-e-passato-375x562.jpg","medium-width":375,"medium-height":562,"medium_large":"https:\/\/www.scrigno.com\/wp-content\/uploads\/2024\/07\/scrigno-essential-battente-abitare-tra-presente-e-passato.jpg","medium_large-width":683,"medium_large-height":1024,"large":"https:\/\/www.scrigno.com\/wp-content\/uploads\/2024\/07\/scrigno-essential-battente-abitare-tra-presente-e-passato.jpg","large-width":683,"large-height":1024,"1536x1536":"https:\/\/www.scrigno.com\/wp-content\/uploads\/2024\/07\/scrigno-essential-battente-abitare-tra-presente-e-passato.jpg","1536x1536-width":683,"1536x1536-height":1024,"2048x2048":"https:\/\/www.scrigno.com\/wp-content\/uploads\/2024\/07\/scrigno-essential-battente-abitare-tra-presente-e-passato.jpg","2048x2048-width":683,"2048x2048-height":1024,"logo-1x":"https:\/\/www.scrigno.com\/wp-content\/uploads\/2024\/07\/scrigno-essential-battente-abitare-tra-presente-e-passato-43x64.jpg","logo-1x-width":43,"logo-1x-height":64,"logo-footer-1x":"https:\/\/www.scrigno.com\/wp-content\/uploads\/2024\/07\/scrigno-essential-battente-abitare-tra-presente-e-passato-39x59.jpg","logo-footer-1x-width":39,"logo-footer-1x-height":59,"banner-1x":"https:\/\/www.scrigno.com\/wp-content\/uploads\/2024\/07\/scrigno-essential-battente-abitare-tra-presente-e-passato.jpg","banner-1x-width":683,"banner-1x-height":1024}},{"ID":2577,"id":2577,"title":"scrigno-essential-battente-bagno-studio-conti-claus.jpg","filename":"scrigno-essential-battente-bagno-studio-conti-claus.jpg","filesize":57120,"url":"https:\/\/www.scrigno.com\/wp-content\/uploads\/2024\/07\/scrigno-essential-battente-bagno-studio-conti-claus.jpg","link":"https:\/\/www.scrigno.com\/cs\/scrigno-essential-battente-bagno-studio-conti-claus-jpg-2\/","alt":"","author":"1","description":"","caption":"","name":"scrigno-essential-battente-bagno-studio-conti-claus-jpg-2","status":"inherit","uploaded_to":0,"date":"2024-07-29 09:13:58","modified":"2024-07-29 09:13:58","menu_order":0,"mime_type":"image\/jpeg","type":"image","subtype":"jpeg","icon":"https:\/\/www.scrigno.com\/wp-includes\/images\/media\/default.png","width":683,"height":1024,"sizes":{"thumbnail":"https:\/\/www.scrigno.com\/wp-content\/uploads\/2024\/07\/scrigno-essential-battente-bagno-studio-conti-claus-150x150.jpg","thumbnail-width":150,"thumbnail-height":150,"medium":"https:\/\/www.scrigno.com\/wp-content\/uploads\/2024\/07\/scrigno-essential-battente-bagno-studio-conti-claus-375x562.jpg","medium-width":375,"medium-height":562,"medium_large":"https:\/\/www.scrigno.com\/wp-content\/uploads\/2024\/07\/scrigno-essential-battente-bagno-studio-conti-claus.jpg","medium_large-width":683,"medium_large-height":1024,"large":"https:\/\/www.scrigno.com\/wp-content\/uploads\/2024\/07\/scrigno-essential-battente-bagno-studio-conti-claus.jpg","large-width":683,"large-height":1024,"1536x1536":"https:\/\/www.scrigno.com\/wp-content\/uploads\/2024\/07\/scrigno-essential-battente-bagno-studio-conti-claus.jpg","1536x1536-width":683,"1536x1536-height":1024,"2048x2048":"https:\/\/www.scrigno.com\/wp-content\/uploads\/2024\/07\/scrigno-essential-battente-bagno-studio-conti-claus.jpg","2048x2048-width":683,"2048x2048-height":1024,"logo-1x":"https:\/\/www.scrigno.com\/wp-content\/uploads\/2024\/07\/scrigno-essential-battente-bagno-studio-conti-claus-43x64.jpg","logo-1x-width":43,"logo-1x-height":64,"logo-footer-1x":"https:\/\/www.scrigno.com\/wp-content\/uploads\/2024\/07\/scrigno-essential-battente-bagno-studio-conti-claus-39x59.jpg","logo-footer-1x-width":39,"logo-footer-1x-height":59,"banner-1x":"https:\/\/www.scrigno.com\/wp-content\/uploads\/2024\/07\/scrigno-essential-battente-bagno-studio-conti-claus.jpg","banner-1x-width":683,"banner-1x-height":1024}},{"ID":2581,"id":2581,"title":"scrigno-essential-battente-conti-claus.jpg","filename":"scrigno-essential-battente-conti-claus.jpg","filesize":43649,"url":"https:\/\/www.scrigno.com\/wp-content\/uploads\/2024\/07\/scrigno-essential-battente-conti-claus.jpg","link":"https:\/\/www.scrigno.com\/cs\/scrigno-essential-battente-conti-claus-jpg-2\/","alt":"","author":"1","description":"","caption":"","name":"scrigno-essential-battente-conti-claus-jpg-2","status":"inherit","uploaded_to":0,"date":"2024-07-29 09:13:58","modified":"2024-07-29 09:13:58","menu_order":0,"mime_type":"image\/jpeg","type":"image","subtype":"jpeg","icon":"https:\/\/www.scrigno.com\/wp-includes\/images\/media\/default.png","width":683,"height":1024,"sizes":{"thumbnail":"https:\/\/www.scrigno.com\/wp-content\/uploads\/2024\/07\/scrigno-essential-battente-conti-claus-150x150.jpg","thumbnail-width":150,"thumbnail-height":150,"medium":"https:\/\/www.scrigno.com\/wp-content\/uploads\/2024\/07\/scrigno-essential-battente-conti-claus-375x562.jpg","medium-width":375,"medium-height":562,"medium_large":"https:\/\/www.scrigno.com\/wp-content\/uploads\/2024\/07\/scrigno-essential-battente-conti-claus.jpg","medium_large-width":683,"medium_large-height":1024,"large":"https:\/\/www.scrigno.com\/wp-content\/uploads\/2024\/07\/scrigno-essential-battente-conti-claus.jpg","large-width":683,"large-height":1024,"1536x1536":"https:\/\/www.scrigno.com\/wp-content\/uploads\/2024\/07\/scrigno-essential-battente-conti-claus.jpg","1536x1536-width":683,"1536x1536-height":1024,"2048x2048":"https:\/\/www.scrigno.com\/wp-content\/uploads\/2024\/07\/scrigno-essential-battente-conti-claus.jpg","2048x2048-width":683,"2048x2048-height":1024,"logo-1x":"https:\/\/www.scrigno.com\/wp-content\/uploads\/2024\/07\/scrigno-essential-battente-conti-claus-43x64.jpg","logo-1x-width":43,"logo-1x-height":64,"logo-footer-1x":"https:\/\/www.scrigno.com\/wp-content\/uploads\/2024\/07\/scrigno-essential-battente-conti-claus-39x59.jpg","logo-footer-1x-width":39,"logo-footer-1x-height":59,"banner-1x":"https:\/\/www.scrigno.com\/wp-content\/uploads\/2024\/07\/scrigno-essential-battente-conti-claus.jpg","banner-1x-width":683,"banner-1x-height":1024}},{"ID":2585,"id":2585,"title":"scrigno-essential-scorrevole-abitare-tra-presente-e-passato.jpg","filename":"scrigno-essential-scorrevole-abitare-tra-presente-e-passato.jpg","filesize":58434,"url":"https:\/\/www.scrigno.com\/wp-content\/uploads\/2024\/07\/scrigno-essential-scorrevole-abitare-tra-presente-e-passato.jpg","link":"https:\/\/www.scrigno.com\/cs\/scrigno-essential-scorrevole-abitare-tra-presente-e-passato-jpg-2\/","alt":"","author":"1","description":"","caption":"","name":"scrigno-essential-scorrevole-abitare-tra-presente-e-passato-jpg-2","status":"inherit","uploaded_to":0,"date":"2024-07-29 09:13:59","modified":"2024-07-29 09:13:59","menu_order":0,"mime_type":"image\/jpeg","type":"image","subtype":"jpeg","icon":"https:\/\/www.scrigno.com\/wp-includes\/images\/media\/default.png","width":683,"height":1024,"sizes":{"thumbnail":"https:\/\/www.scrigno.com\/wp-content\/uploads\/2024\/07\/scrigno-essential-scorrevole-abitare-tra-presente-e-passato-150x150.jpg","thumbnail-width":150,"thumbnail-height":150,"medium":"https:\/\/www.scrigno.com\/wp-content\/uploads\/2024\/07\/scrigno-essential-scorrevole-abitare-tra-presente-e-passato-375x562.jpg","medium-width":375,"medium-height":562,"medium_large":"https:\/\/www.scrigno.com\/wp-content\/uploads\/2024\/07\/scrigno-essential-scorrevole-abitare-tra-presente-e-passato.jpg","medium_large-width":683,"medium_large-height":1024,"large":"https:\/\/www.scrigno.com\/wp-content\/uploads\/2024\/07\/scrigno-essential-scorrevole-abitare-tra-presente-e-passato.jpg","large-width":683,"large-height":1024,"1536x1536":"https:\/\/www.scrigno.com\/wp-content\/uploads\/2024\/07\/scrigno-essential-scorrevole-abitare-tra-presente-e-passato.jpg","1536x1536-width":683,"1536x1536-height":1024,"2048x2048":"https:\/\/www.scrigno.com\/wp-content\/uploads\/2024\/07\/scrigno-essential-scorrevole-abitare-tra-presente-e-passato.jpg","2048x2048-width":683,"2048x2048-height":1024,"logo-1x":"https:\/\/www.scrigno.com\/wp-content\/uploads\/2024\/07\/scrigno-essential-scorrevole-abitare-tra-presente-e-passato-43x64.jpg","logo-1x-width":43,"logo-1x-height":64,"logo-footer-1x":"https:\/\/www.scrigno.com\/wp-content\/uploads\/2024\/07\/scrigno-essential-scorrevole-abitare-tra-presente-e-passato-39x59.jpg","logo-footer-1x-width":39,"logo-footer-1x-height":59,"banner-1x":"https:\/\/www.scrigno.com\/wp-content\/uploads\/2024\/07\/scrigno-essential-scorrevole-abitare-tra-presente-e-passato.jpg","banner-1x-width":683,"banner-1x-height":1024}},{"ID":2589,"id":2589,"title":"scrigno-essential-scorrevole-living-room.jpg","filename":"scrigno-essential-scorrevole-living-room.jpg","filesize":90120,"url":"https:\/\/www.scrigno.com\/wp-content\/uploads\/2024\/07\/scrigno-essential-scorrevole-living-room.jpg","link":"https:\/\/www.scrigno.com\/cs\/scrigno-essential-scorrevole-living-room-jpg-2\/","alt":"","author":"1","description":"","caption":"","name":"scrigno-essential-scorrevole-living-room-jpg-2","status":"inherit","uploaded_to":0,"date":"2024-07-29 09:13:59","modified":"2024-07-29 09:13:59","menu_order":0,"mime_type":"image\/jpeg","type":"image","subtype":"jpeg","icon":"https:\/\/www.scrigno.com\/wp-includes\/images\/media\/default.png","width":683,"height":1024,"sizes":{"thumbnail":"https:\/\/www.scrigno.com\/wp-content\/uploads\/2024\/07\/scrigno-essential-scorrevole-living-room-150x150.jpg","thumbnail-width":150,"thumbnail-height":150,"medium":"https:\/\/www.scrigno.com\/wp-content\/uploads\/2024\/07\/scrigno-essential-scorrevole-living-room-375x562.jpg","medium-width":375,"medium-height":562,"medium_large":"https:\/\/www.scrigno.com\/wp-content\/uploads\/2024\/07\/scrigno-essential-scorrevole-living-room.jpg","medium_large-width":683,"medium_large-height":1024,"large":"https:\/\/www.scrigno.com\/wp-content\/uploads\/2024\/07\/scrigno-essential-scorrevole-living-room.jpg","large-width":683,"large-height":1024,"1536x1536":"https:\/\/www.scrigno.com\/wp-content\/uploads\/2024\/07\/scrigno-essential-scorrevole-living-room.jpg","1536x1536-width":683,"1536x1536-height":1024,"2048x2048":"https:\/\/www.scrigno.com\/wp-content\/uploads\/2024\/07\/scrigno-essential-scorrevole-living-room.jpg","2048x2048-width":683,"2048x2048-height":1024,"logo-1x":"https:\/\/www.scrigno.com\/wp-content\/uploads\/2024\/07\/scrigno-essential-scorrevole-living-room-43x64.jpg","logo-1x-width":43,"logo-1x-height":64,"logo-footer-1x":"https:\/\/www.scrigno.com\/wp-content\/uploads\/2024\/07\/scrigno-essential-scorrevole-living-room-39x59.jpg","logo-footer-1x-width":39,"logo-footer-1x-height":59,"banner-1x":"https:\/\/www.scrigno.com\/wp-content\/uploads\/2024\/07\/scrigno-essential-scorrevole-living-room.jpg","banner-1x-width":683,"banner-1x-height":1024}},{"ID":2201,"id":2201,"title":"square_L_scrigno-essential-scorrevole-living-room","filename":"scrigno-me-Conti-Claus-Loft-CB-abitare-tra-presente-e-passato.jpg","filesize":102729,"url":"https:\/\/www.scrigno.com\/wp-content\/uploads\/2024\/07\/scrigno-me-Conti-Claus-Loft-CB-abitare-tra-presente-e-passato.jpg","link":"https:\/\/www.scrigno.com\/cs\/scrigno-me-conti-claus-loft-cb-abitare-tra-presente-e-passato-jpg-2\/","alt":"","author":"1","description":"square_L_scrigno-essential-scorrevole-living-room","caption":"square_L_scrigno-essential-scorrevole-living-room","name":"scrigno-me-conti-claus-loft-cb-abitare-tra-presente-e-passato-jpg-2","status":"inherit","uploaded_to":0,"date":"2024-07-29 09:13:59","modified":"2024-07-29 09:13:59","menu_order":0,"mime_type":"image\/jpeg","type":"image","subtype":"jpeg","icon":"https:\/\/www.scrigno.com\/wp-includes\/images\/media\/default.png","width":1024,"height":683,"sizes":{"thumbnail":"https:\/\/www.scrigno.com\/wp-content\/uploads\/2024\/07\/scrigno-me-Conti-Claus-Loft-CB-abitare-tra-presente-e-passato-150x150.jpg","thumbnail-width":150,"thumbnail-height":150,"medium":"https:\/\/www.scrigno.com\/wp-content\/uploads\/2024\/07\/scrigno-me-Conti-Claus-Loft-CB-abitare-tra-presente-e-passato-375x250.jpg","medium-width":375,"medium-height":250,"medium_large":"https:\/\/www.scrigno.com\/wp-content\/uploads\/2024\/07\/scrigno-me-Conti-Claus-Loft-CB-abitare-tra-presente-e-passato-750x500.jpg","medium_large-width":750,"medium_large-height":500,"large":"https:\/\/www.scrigno.com\/wp-content\/uploads\/2024\/07\/scrigno-me-Conti-Claus-Loft-CB-abitare-tra-presente-e-passato.jpg","large-width":1024,"large-height":683,"1536x1536":"https:\/\/www.scrigno.com\/wp-content\/uploads\/2024\/07\/scrigno-me-Conti-Claus-Loft-CB-abitare-tra-presente-e-passato.jpg","1536x1536-width":1024,"1536x1536-height":683,"2048x2048":"https:\/\/www.scrigno.com\/wp-content\/uploads\/2024\/07\/scrigno-me-Conti-Claus-Loft-CB-abitare-tra-presente-e-passato.jpg","2048x2048-width":1024,"2048x2048-height":683,"logo-1x":"https:\/\/www.scrigno.com\/wp-content\/uploads\/2024\/07\/scrigno-me-Conti-Claus-Loft-CB-abitare-tra-presente-e-passato-96x64.jpg","logo-1x-width":96,"logo-1x-height":64,"logo-footer-1x":"https:\/\/www.scrigno.com\/wp-content\/uploads\/2024\/07\/scrigno-me-Conti-Claus-Loft-CB-abitare-tra-presente-e-passato-88x59.jpg","logo-footer-1x-width":88,"logo-footer-1x-height":59,"banner-1x":"https:\/\/www.scrigno.com\/wp-content\/uploads\/2024\/07\/scrigno-me-Conti-Claus-Loft-CB-abitare-tra-presente-e-passato.jpg","banner-1x-width":1024,"banner-1x-height":683}}],"project_architect":{"ID":10252,"post_author":"1","post_date":"2024-09-18 16:47:38","post_date_gmt":"2024-09-18 14:47:38","post_content":"Giulio Conti se narodil v Massa Marittima v roce 1981 a Bernardo Claus tamt\u00e9\u017e v roce 1980, oba vystudovali Akademii architektury v Mendrisiu ve \u0160v\u00fdcarsku, kde nav\u0161t\u011bvovali p\u0159edn\u00e1\u0161ky o designu p\u0159edn\u00edch p\u0159edstavitel\u016f sou\u010dasn\u00e9 architektury jako jsou Mario Botta, Peter Zumthor, Manuel a Francisco Aires Mateus, Carme Pinos, Esteban Bonell.\n\nPo pracovn\u00edch zku\u0161enostech v zahrani\u010d\u00ed se v roce 2010 vr\u00e1tili do It\u00e1lie a zalo\u017eili architektonickou kancel\u00e1\u0159 Conti & Claus. Ve m\u011bst\u011b Follonica si postavili vlastn\u00ed kancel\u00e1\u0159\/ateli\u00e9r, kter\u00e9mu bylo v \u010dervnu 2011 v\u011bnov\u00e1no ok\u00e9nko \"Bydlen\u00ed\" 9. d\u00edlu televizn\u00edho seri\u00e1lu Undercostruction, a kter\u00fd byl za\u0159azen do \u201eItiner\u00e1\u0159e sou\u010dasn\u00e9 architektury\u201c vydavatelstv\u00ed ETS a uve\u0159ejn\u011bn\u00fd v r\u016fzn\u00fdch odborn\u00fdch \u010dasopisech. V \u010dervnu 2011 z\u00edskali prvn\u00ed cenu v sout\u011b\u017ei o odstran\u011bn\u00ed architektonick\u00fdch bari\u00e9r katedr\u00e1ly Grosseto; pr\u00e1ce prob\u011bhly v roce 2012 a slavnostn\u00ed otev\u0159en\u00ed se konalo v lednu 2013.\n\nPracuj\u00ed v It\u00e1lii i v zahrani\u010d\u00ed a \u00fa\u010dastn\u00ed se sout\u011b\u017e\u00ed o projekty a design zam\u011b\u0159en\u00e9 na ve\u0159ejn\u00e9 a obytn\u00e9 budovy, ve kter\u00fdch se sna\u017e\u00ed propojit funk\u010dn\u00ed racionalitu jednotliv\u00fdch prostor s architekturou udr\u017eitelnou ze stavebn\u00edho hlediska i soci\u00e1ln\u00edho dopadu. Jednoduch\u00e1 architektura zam\u011b\u0159en\u00e1 na smyslov\u00e9 vn\u00edm\u00e1n\u00ed, kter\u00e1 nab\u00edz\u00ed emo\u010dn\u00ed z\u00e1\u017eitek prost\u0159ednictv\u00edm materi\u00e1l\u016f, sv\u011btel a povrch\u016f, architektura pozorn\u00e1 k detailu, expresivn\u00ed s\u00edle stavby a vztah\u016fm \u010dlov\u011bka s prostorem.","post_title":"Studio Associato Conti & Claus","post_excerpt":"","post_status":"publish","comment_status":"open","ping_status":"open","post_password":"","post_name":"studio-associato-conti-claus-3","to_ping":"","pinged":"","post_modified":"2024-09-18 16:47:38","post_modified_gmt":"2024-09-18 14:47:38","post_content_filtered":"","post_parent":0,"guid":"https:\/\/www.scrigno.com\/architects\/studio-associato-conti-claus-3\/","menu_order":0,"post_type":"scrignocom_architect","post_mime_type":"","comment_count":"0","filter":"raw"},"project_architect_name":"Studio Associato Conti & Claus, Arch. Giulio Conti"},"yoast_head":"<!-- This site is optimized with the Yoast SEO plugin v27.1.1 - https:\/\/yoast.com\/product\/yoast-seo-wordpress\/ -->\n<title>Bydlen\u00ed mezi sou\u010dasnost\u00ed a minulost\u00ed - Scrigno<\/title>\n<meta name=\"robots\" content=\"index, follow, max-snippet:-1, max-image-preview:large, max-video-preview:-1\" \/>\n<link rel=\"canonical\" href=\"https:\/\/www.scrigno.com\/cs\/projekty\/bydleni-mezi-soucasnosti-a-minulosti\/\" \/>\n<meta property=\"og:locale\" content=\"cs_CZ\" \/>\n<meta property=\"og:type\" content=\"article\" \/>\n<meta property=\"og:title\" content=\"Bydlen\u00ed mezi sou\u010dasnost\u00ed a minulost\u00ed - Scrigno\" \/>\n<meta property=\"og:description\" content=\"Inspirac\u00ed projektu nov\u00e9ho vyu\u017eit\u00ed star\u00e9 st\u00e1je jako soukrom\u00e9ho bydlen\u00ed bylo samotn\u00e9 m\u00edsto, v n\u011bm\u017e se nach\u00e1z\u00ed, st\u0159edov\u011bk\u00e9 m\u011bste\u010dko z 11. [&hellip;]\" \/>\n<meta property=\"og:url\" content=\"https:\/\/www.scrigno.com\/cs\/projekty\/bydleni-mezi-soucasnosti-a-minulosti\/\" \/>\n<meta property=\"og:site_name\" content=\"Scrigno\" \/>\n<meta property=\"article:modified_time\" content=\"2024-09-18T14:52:32+00:00\" \/>\n<meta property=\"og:image\" content=\"https:\/\/www.scrigno.com\/wp-content\/uploads\/2024\/07\/square_L_scrigno-essential-scorrevole-living-room.jpg\" \/>\n\t<meta property=\"og:image:width\" content=\"1100\" \/>\n\t<meta property=\"og:image:height\" content=\"1100\" \/>\n\t<meta property=\"og:image:type\" content=\"image\/jpeg\" \/>\n<meta name=\"twitter:card\" content=\"summary_large_image\" \/>\n<meta name=\"twitter:label1\" content=\"Odhadovan\u00e1 doba \u010dten\u00ed\" \/>\n\t<meta name=\"twitter:data1\" content=\"2 minuty\" \/>\n<script type=\"application\/ld+json\" class=\"yoast-schema-graph\">{\"@context\":\"https:\/\/schema.org\",\"@graph\":[{\"@type\":\"WebPage\",\"@id\":\"https:\/\/www.scrigno.com\/cs\/projekty\/bydleni-mezi-soucasnosti-a-minulosti\/\",\"url\":\"https:\/\/www.scrigno.com\/cs\/projekty\/bydleni-mezi-soucasnosti-a-minulosti\/\",\"name\":\"Bydlen\u00ed mezi sou\u010dasnost\u00ed a minulost\u00ed - Scrigno\",\"isPartOf\":{\"@id\":\"https:\/\/www.scrigno.com\/cs\/#website\"},\"primaryImageOfPage\":{\"@id\":\"https:\/\/www.scrigno.com\/cs\/projekty\/bydleni-mezi-soucasnosti-a-minulosti\/#primaryimage\"},\"image\":{\"@id\":\"https:\/\/www.scrigno.com\/cs\/projekty\/bydleni-mezi-soucasnosti-a-minulosti\/#primaryimage\"},\"thumbnailUrl\":\"https:\/\/www.scrigno.com\/wp-content\/uploads\/2024\/07\/square_L_scrigno-essential-scorrevole-living-room.jpg\",\"datePublished\":\"2017-01-15T14:50:38+00:00\",\"dateModified\":\"2024-09-18T14:52:32+00:00\",\"breadcrumb\":{\"@id\":\"https:\/\/www.scrigno.com\/cs\/projekty\/bydleni-mezi-soucasnosti-a-minulosti\/#breadcrumb\"},\"inLanguage\":\"cs\",\"potentialAction\":[{\"@type\":\"ReadAction\",\"target\":[\"https:\/\/www.scrigno.com\/cs\/projekty\/bydleni-mezi-soucasnosti-a-minulosti\/\"]}]},{\"@type\":\"ImageObject\",\"inLanguage\":\"cs\",\"@id\":\"https:\/\/www.scrigno.com\/cs\/projekty\/bydleni-mezi-soucasnosti-a-minulosti\/#primaryimage\",\"url\":\"https:\/\/www.scrigno.com\/wp-content\/uploads\/2024\/07\/square_L_scrigno-essential-scorrevole-living-room.jpg\",\"contentUrl\":\"https:\/\/www.scrigno.com\/wp-content\/uploads\/2024\/07\/square_L_scrigno-essential-scorrevole-living-room.jpg\",\"width\":1100,\"height\":1100},{\"@type\":\"BreadcrumbList\",\"@id\":\"https:\/\/www.scrigno.com\/cs\/projekty\/bydleni-mezi-soucasnosti-a-minulosti\/#breadcrumb\",\"itemListElement\":[{\"@type\":\"ListItem\",\"position\":1,\"name\":\"Home\",\"item\":\"https:\/\/www.scrigno.com\/cs\/\"},{\"@type\":\"ListItem\",\"position\":2,\"name\":\"Projekty\",\"item\":\"https:\/\/www.scrigno.com\/cs\/projekty\/\"},{\"@type\":\"ListItem\",\"position\":3,\"name\":\"Bydlen\u00ed mezi sou\u010dasnost\u00ed a minulost\u00ed\"}]},{\"@type\":\"WebSite\",\"@id\":\"https:\/\/www.scrigno.com\/cs\/#website\",\"url\":\"https:\/\/www.scrigno.com\/cs\/\",\"name\":\"Scrigno\",\"description\":\"\",\"potentialAction\":[{\"@type\":\"SearchAction\",\"target\":{\"@type\":\"EntryPoint\",\"urlTemplate\":\"https:\/\/www.scrigno.com\/cs\/?s={search_term_string}\"},\"query-input\":{\"@type\":\"PropertyValueSpecification\",\"valueRequired\":true,\"valueName\":\"search_term_string\"}}],\"inLanguage\":\"cs\"}]}<\/script>\n<!-- \/ Yoast SEO plugin. -->","yoast_head_json":{"title":"Bydlen\u00ed mezi sou\u010dasnost\u00ed a minulost\u00ed - Scrigno","robots":{"index":"index","follow":"follow","max-snippet":"max-snippet:-1","max-image-preview":"max-image-preview:large","max-video-preview":"max-video-preview:-1"},"canonical":"https:\/\/www.scrigno.com\/cs\/projekty\/bydleni-mezi-soucasnosti-a-minulosti\/","og_locale":"cs_CZ","og_type":"article","og_title":"Bydlen\u00ed mezi sou\u010dasnost\u00ed a minulost\u00ed - Scrigno","og_description":"Inspirac\u00ed projektu nov\u00e9ho vyu\u017eit\u00ed star\u00e9 st\u00e1je jako soukrom\u00e9ho bydlen\u00ed bylo samotn\u00e9 m\u00edsto, v n\u011bm\u017e se nach\u00e1z\u00ed, st\u0159edov\u011bk\u00e9 m\u011bste\u010dko z 11. [&hellip;]","og_url":"https:\/\/www.scrigno.com\/cs\/projekty\/bydleni-mezi-soucasnosti-a-minulosti\/","og_site_name":"Scrigno","article_modified_time":"2024-09-18T14:52:32+00:00","og_image":[{"width":1100,"height":1100,"url":"https:\/\/www.scrigno.com\/wp-content\/uploads\/2024\/07\/square_L_scrigno-essential-scorrevole-living-room.jpg","type":"image\/jpeg"}],"twitter_card":"summary_large_image","twitter_misc":{"Odhadovan\u00e1 doba \u010dten\u00ed":"2 minuty"},"schema":{"@context":"https:\/\/schema.org","@graph":[{"@type":"WebPage","@id":"https:\/\/www.scrigno.com\/cs\/projekty\/bydleni-mezi-soucasnosti-a-minulosti\/","url":"https:\/\/www.scrigno.com\/cs\/projekty\/bydleni-mezi-soucasnosti-a-minulosti\/","name":"Bydlen\u00ed mezi sou\u010dasnost\u00ed a minulost\u00ed - Scrigno","isPartOf":{"@id":"https:\/\/www.scrigno.com\/cs\/#website"},"primaryImageOfPage":{"@id":"https:\/\/www.scrigno.com\/cs\/projekty\/bydleni-mezi-soucasnosti-a-minulosti\/#primaryimage"},"image":{"@id":"https:\/\/www.scrigno.com\/cs\/projekty\/bydleni-mezi-soucasnosti-a-minulosti\/#primaryimage"},"thumbnailUrl":"https:\/\/www.scrigno.com\/wp-content\/uploads\/2024\/07\/square_L_scrigno-essential-scorrevole-living-room.jpg","datePublished":"2017-01-15T14:50:38+00:00","dateModified":"2024-09-18T14:52:32+00:00","breadcrumb":{"@id":"https:\/\/www.scrigno.com\/cs\/projekty\/bydleni-mezi-soucasnosti-a-minulosti\/#breadcrumb"},"inLanguage":"cs","potentialAction":[{"@type":"ReadAction","target":["https:\/\/www.scrigno.com\/cs\/projekty\/bydleni-mezi-soucasnosti-a-minulosti\/"]}]},{"@type":"ImageObject","inLanguage":"cs","@id":"https:\/\/www.scrigno.com\/cs\/projekty\/bydleni-mezi-soucasnosti-a-minulosti\/#primaryimage","url":"https:\/\/www.scrigno.com\/wp-content\/uploads\/2024\/07\/square_L_scrigno-essential-scorrevole-living-room.jpg","contentUrl":"https:\/\/www.scrigno.com\/wp-content\/uploads\/2024\/07\/square_L_scrigno-essential-scorrevole-living-room.jpg","width":1100,"height":1100},{"@type":"BreadcrumbList","@id":"https:\/\/www.scrigno.com\/cs\/projekty\/bydleni-mezi-soucasnosti-a-minulosti\/#breadcrumb","itemListElement":[{"@type":"ListItem","position":1,"name":"Home","item":"https:\/\/www.scrigno.com\/cs\/"},{"@type":"ListItem","position":2,"name":"Projekty","item":"https:\/\/www.scrigno.com\/cs\/projekty\/"},{"@type":"ListItem","position":3,"name":"Bydlen\u00ed mezi sou\u010dasnost\u00ed a minulost\u00ed"}]},{"@type":"WebSite","@id":"https:\/\/www.scrigno.com\/cs\/#website","url":"https:\/\/www.scrigno.com\/cs\/","name":"Scrigno","description":"","potentialAction":[{"@type":"SearchAction","target":{"@type":"EntryPoint","urlTemplate":"https:\/\/www.scrigno.com\/cs\/?s={search_term_string}"},"query-input":{"@type":"PropertyValueSpecification","valueRequired":true,"valueName":"search_term_string"}}],"inLanguage":"cs"}]}},"_links":{"self":[{"href":"https:\/\/www.scrigno.com\/cs\/wp-json\/wp\/v2\/scrignocom_project\/10539","targetHints":{"allow":["GET"]}}],"collection":[{"href":"https:\/\/www.scrigno.com\/cs\/wp-json\/wp\/v2\/scrignocom_project"}],"about":[{"href":"https:\/\/www.scrigno.com\/cs\/wp-json\/wp\/v2\/types\/scrignocom_project"}],"acf:post":[{"embeddable":true,"href":"https:\/\/www.scrigno.com\/cs\/wp-json\/wp\/v2\/scrignocom_architect\/10252"}],"acf:attachment":[{"embeddable":true,"href":"https:\/\/www.scrigno.com\/cs\/wp-json\/wp\/v2\/media\/2201"},{"embeddable":true,"href":"https:\/\/www.scrigno.com\/cs\/wp-json\/wp\/v2\/media\/2589"},{"embeddable":true,"href":"https:\/\/www.scrigno.com\/cs\/wp-json\/wp\/v2\/media\/2585"},{"embeddable":true,"href":"https:\/\/www.scrigno.com\/cs\/wp-json\/wp\/v2\/media\/2581"},{"embeddable":true,"href":"https:\/\/www.scrigno.com\/cs\/wp-json\/wp\/v2\/media\/2577"},{"embeddable":true,"href":"https:\/\/www.scrigno.com\/cs\/wp-json\/wp\/v2\/media\/2573"},{"embeddable":true,"href":"https:\/\/www.scrigno.com\/cs\/wp-json\/wp\/v2\/media\/2569"},{"embeddable":true,"href":"https:\/\/www.scrigno.com\/cs\/wp-json\/wp\/v2\/media\/2565"},{"embeddable":true,"href":"https:\/\/www.scrigno.com\/cs\/wp-json\/wp\/v2\/media\/2561"},{"embeddable":true,"href":"https:\/\/www.scrigno.com\/cs\/wp-json\/wp\/v2\/media\/2557"},{"embeddable":true,"href":"https:\/\/www.scrigno.com\/cs\/wp-json\/wp\/v2\/media\/2553"},{"embeddable":true,"href":"https:\/\/www.scrigno.com\/cs\/wp-json\/wp\/v2\/media\/2549"}],"wp:featuredmedia":[{"embeddable":true,"href":"https:\/\/www.scrigno.com\/cs\/wp-json\/wp\/v2\/media\/2545"}],"wp:attachment":[{"href":"https:\/\/www.scrigno.com\/cs\/wp-json\/wp\/v2\/media?parent=10539"}],"curies":[{"name":"wp","href":"https:\/\/api.w.org\/{rel}","templated":true}]}}