{"id":10544,"date":"2018-01-10T16:50:38","date_gmt":"2018-01-10T14:50:38","guid":{"rendered":"https:\/\/www.scrigno.com\/projects\/dum-studio-passivhaus\/"},"modified":"2024-09-18T16:52:32","modified_gmt":"2024-09-18T14:52:32","slug":"dum-studio-passivhaus","status":"publish","type":"scrignocom_project","link":"https:\/\/www.scrigno.com\/cs\/projekty\/dum-studio-passivhaus\/","title":{"rendered":"D\u016fm\/Studio Passivhaus"},"content":{"rendered":"<p>Projekt je zvl\u00e1\u0161t\u011b inovativn\u00ed, proto\u017ee vyu\u017eit\u00ed koncepce pasivn\u00edho domu (enerphit\/passivhaus) na st\u00e1vaj\u00edc\u00ed stavebn\u00edm projektu je v It\u00e1lii prvn\u00ed sv\u00e9ho druhu (zdroj: <a href=\"http:\/\/www.passivhausprojekte.de\/index.php?lang=en\" rel=\"nofollow noopener\" target=\"_blank\">www.passivhausprojekte.de<\/a>) a mezi prvn\u00edmi na sv\u011bt\u011b. Na tomto projektu vid\u00edme, jak je mo\u017en\u00e9 dos\u00e1hnout energetick\u00e9 n\u00e1ro\u010dnosti pasivn\u00edho domu nejen v nov\u00fdch izolovan\u00fdch budov\u00e1ch, kter\u00e9 p\u0159edstavuj\u00ed t\u00e9m\u011b\u0159 v\u0161echny dosud postaven\u00e9 pasivn\u00ed domy, ale tak\u00e9 v m\u011bstsk\u00fdch celc\u00edch historick\u00fdch budov nebo v prvn\u00edch roz\u0161\u00ed\u0159en\u00edch na\u0161ich m\u011bst. Vyzkou\u0161en\u00ed tohoto protokolu na m\u011bstsk\u00e9m celku je v\u00fdznamn\u00e9 p\u0159edev\u0161\u00edm pro It\u00e1lii, proto\u017ee tyto m\u011bstsk\u00e9 celky jsou zde charakteristick\u00e9 pro ka\u017ed\u00e9 m\u011bsto.<\/p>\n<p>V sou\u010dasn\u00e9 situaci, kdy se objevuj\u00ed faktory jako obnova m\u011bsta, energetick\u00e1 \u00fa\u010dinnost a vylep\u0161en\u00ed odolnosti proti zem\u011bt\u0159esen\u00ed, se za jedin\u00fd zdroj schopn\u00fd poskytnout konkr\u00e9tn\u00ed \u0159e\u0161en\u00ed pova\u017euj\u00ed kvalitn\u00ed projekty. Projekt toti\u017e obnovuje zch\u00e1tralou budovu, odstra\u0148uje spot\u0159ebu energie a \u00fanik emis\u00ed do atmosf\u00e9ry a vylep\u0161uje konstrukci budovy tak, aby odolala zem\u011bt\u0159esen\u00ed.<\/p>\n<p>Sou\u010d\u00e1st\u00ed projektu je bydlen\u00ed a architektonick\u00e9 studio projektanta. Inovativn\u00ed stavebn\u00ed technologie byly pou\u017eity zcela voln\u011b s c\u00edlem dos\u00e1hnout \u00fa\u010dinnosti pasivn\u00edho domu s co nejv\u011bt\u0161\u00edm sn\u00ed\u017een\u00edm n\u00e1klad\u016f. Budova bude tvo\u0159ena sm\u00ed\u0161enou konstrukc\u00ed ze d\u0159eva <em>(lamelov\u00e9 a XLAM)<\/em>, oceli, zdiva a \u017eelezobetonu, kde ka\u017ed\u00fd materi\u00e1l p\u0159edstavuje pro projekt p\u0159\u00ednos d\u00edky vyu\u017eit\u00ed sv\u00fdch p\u0159irozen\u00fdch vlastnost\u00ed. T\u00edmto zp\u016fsobem byly stavebn\u00ed n\u00e1klady budovy udr\u017eeny na tr\u017en\u00ed \u00farovni se zachov\u00e1n\u00edm v\u0161ech aspekt\u016f kvality.<\/p>\n<p>Projekt je o to v\u00fdznamn\u011bj\u0161\u00ed, kdy\u017e si uv\u011bdom\u00edme, \u017ee v Evrop\u011b vy\u017eaduje spot\u0159eba energie u st\u00e1vaj\u00edc\u00edch budov 40 % vyroben\u00e9 energie, a to i s ohledem na evropskou sm\u011brnici 2010\/31\/EU, ji\u017e p\u0159ijatou \u010dlensk\u00fdmi st\u00e1ty, kter\u00e1 uv\u00e1d\u00ed: <em>\u201eK 31. prosinci 2018 mus\u00ed b\u00fdt nov\u011b postaven\u00e9 budovy, kter\u00e9 vyu\u017e\u00edvaj\u00ed a vlastn\u00ed org\u00e1ny ve\u0159ejn\u00e9 spr\u00e1vy, v\u010detn\u011b \u0161koln\u00edch budov, budovami s t\u00e9m\u011b\u0159 nulovou spot\u0159ebou energie. Od 1. ledna 2021 se v\u00fd\u0161e uveden\u00e9 ustanoven\u00ed roz\u0161i\u0159uje na v\u0161echny nov\u00e9 budovy.\u201c<\/em><\/p>\n<p>Budova bude m\u00edt tak \u00fa\u010dinn\u00fd pl\u00e1\u0161\u0165, \u017ee se bude sama oh\u0159\u00edvat pomoc\u00ed slune\u010dn\u00edch paprsk\u016f, tepla produkovan\u00e9ho lidsk\u00fdm t\u011blem a dom\u00e1c\u00edmi elektrick\u00fdmi spot\u0159ebi\u010di. Nebude p\u0159ipojena k plynov\u00e9 s\u00edti a bude vybavena pouze \u0159\u00edzen\u00fdm mechanick\u00fdm ventila\u010dn\u00edm syst\u00e9mem schopn\u00fdm p\u0159en\u00e1\u0161et teplo z vypou\u0161t\u011bn\u00e9ho zatuchl\u00e9ho vzduchu do \u010dist\u00e9ho a filtrovan\u00e9ho vzduchu p\u0159iv\u00e1d\u011bn\u00e9ho zvenku. Bez pou\u017eit\u00ed ho\u0159lav\u00fdch zdroj\u016f energie bude m\u00edt budova t\u00e9m\u011b\u0159 nulov\u00e9 emise do atmosf\u00e9ry.<br \/>\nKrom\u011b t\u00e9m\u011b\u0159 nulov\u00e9 spot\u0159eby energie poskytuje pasivn\u00ed d\u016fm vysokou \u00farove\u0148 pohodl\u00ed oproti tradi\u010dn\u00edm budov\u00e1m. Protokol umo\u017e\u0148uje sn\u00ed\u017een\u00ed CO2 uvnit\u0159 domu, kontrolu pl\u00edsn\u00ed a kondenzace pomoc\u00ed analytick\u00e9ho v\u00fdpo\u010dtu tepeln\u00fdch most\u016f, konstantn\u00ed povrchov\u00e9 teploty, relativn\u00ed vlhkosti 50 % p\u0159i 20 \u00b0 v zim\u011b a 25 \u00b0 v l\u00e9t\u011b.<\/p>\n<p>Vzhledem k zem\u011bt\u0159esen\u00ed, kter\u00e9 v It\u00e1lii postihuje 80 % budov, zav\u00e1d\u00ed projekt novinky tak\u00e9 v oblasti konstrukce s vyu\u017eit\u00edm inovativn\u00edch syst\u00e9m\u016f, kter\u00e9 umo\u017e\u0148uj\u00ed shodu se sou\u010dasnou legislativou, co\u017e je je\u0161t\u011b slo\u017eit\u011bj\u0161\u00ed podm\u00ednka p\u0159i integraci jednotky do st\u00e1vaj\u00edc\u00edho stavebn\u00edho celku. Podle v\u00fdpo\u010dtu pomoc\u00ed <strong>PHPP (Passive House Planning Package)<\/strong> m\u00e1 budova ro\u010dn\u00ed pot\u0159ebu tepla na vyt\u00e1p\u011bn\u00ed ve v\u00fd\u0161i 9 kWh\/(m2a) a pot\u0159ebu na chlazen\u00ed a odvlh\u010dov\u00e1n\u00ed ve v\u00fd\u0161i 7 kWh\/(m2a). N\u00e1roky jsou tedy pod hodnotou 15 kWh\/(m2a), co\u017e spl\u0148uje po\u017eadavky normy Passivhaus.<\/p>\n<p>Ze softwarov\u00e9ho v\u00fdpo\u010dtu, strukturovan\u00e9ho podle n\u00e1rodn\u00edch standard\u016f spad\u00e1 budova do energetick\u00e9 t\u0159\u00eddy \u201eA4 s t\u00e9m\u011b\u0159 nulovou spot\u0159ebou energie\u201c s hodnotou EPgl, nren (index v\u00fdkonu neobnoviteln\u00e9 energie) 12,88 kWh\/(m2a), pon\u011bvad\u017e zahrnuje spot\u0159ebu klimatizace, tepl\u00e9 u\u017eitkov\u00e9 vody, \u0159\u00edzen\u00e9 mechanick\u00e9 v\u011btr\u00e1n\u00ed. Fotovoltaick\u00e1 v\u00fdroba (3 kW) se rovn\u00e1 37,8 kWh\/(m2a), zat\u00edmco spot\u0159eba souvisej\u00edc\u00ed s klimatizac\u00ed p\u0159idan\u00e1 ke spot\u0159eb\u011b v d\u016fsledku mechanick\u00e9ho v\u011btr\u00e1n\u00ed se rovn\u00e1 23,92 kWh\/(m2a). Pokud jde o klimatizaci, budova produkuje v\u00edce energie, ne\u017e kolik spot\u0159ebuje. Z t\u011bchto v\u00fdsledk\u016f je jasn\u011b vid\u011bt, jak se strategick\u00e9 vyu\u017eit\u00ed r\u016fzn\u00fdch konstruk\u010dn\u00edch syst\u00e9m\u016f a odklon od standardizovan\u00fdch proces\u016f m\u016f\u017ee uk\u00e1zat jako funk\u010dn\u00ed n\u00e1vrh rekonstrukce budov m\u011bstsk\u00e9ho celku s vysoce energetickou \u00fa\u010dinnost\u00ed.<\/p>\n<h2 style=\"font-size:20px\">Seznam cen a ocen\u011bn\u00ed<\/h2>\n<ul>\n<li>BIG SEE ARCHITECTURE AWARD 2021 winning project Casa Studio Passivehouse Piraccini+Potente Architettura; arch. Stefano Piraccini, arch. Margherita Potente<\/li>\n<li>V\u00edt\u011bzn\u00e9 d\u00edlo, ocen\u011bn\u00e9 cenou In\/Architettura 2020, v kategorii <em>\u201eocen\u011bn\u00ed projekt\u016f mlad\u00fdch projektant\u016f&#8220;<\/em>, N\u00e1rodn\u00ed institut architektury.<\/li>\n<li>V\u00edt\u011bzn\u00e9 d\u00edlo ocen\u011bn\u00e9 mezin\u00e1rodn\u00ed cenou The Plan awards 2020 v kategorii <em>\u201eHome Efficiency &amp; Technology Special Contest\u201c<\/em>, The Plan \u010dasopis o architektu\u0159e.<\/li>\n<li>V\u00edt\u011bzn\u00e9 d\u00edlo ocen\u011bn\u00e9 mezin\u00e1rodn\u00ed cenou Active House Awards 2019 v kategorii <em>\u201eBuilt Project without radar\u201c<\/em>, Active house association.<\/li>\n<li>Zvl\u00e1\u0161tn\u00ed uzn\u00e1n\u00ed v sout\u011b\u017ei Poroton 2019, srdu\u017een\u00ed Consorzio Portoton.<\/li>\n<li>V\u00edt\u011bzn\u00e9 d\u00edlo sout\u011b\u017ee Innovatori responsabili Emilia-Romagna za inovativn\u00ed zku\u0161enosti, kter\u00e9 p\u0159isp\u00edvaj\u00ed k realizaci c\u00edl\u016f stanoven\u00fdch OSN v Agend\u011b 2030 pro udr\u017eiteln\u00fd rozvoj, region Emilia-Romagna.<\/li>\n<li>V\u00edt\u011bzn\u00e9 d\u00edlo sout\u011b\u017ee Giovane talento dell\u2019Architettura italiana 2019, N\u00e1rodn\u00ed rada architekt\u016f.<\/li>\n<\/ul>\n","protected":false},"featured_media":2677,"template":"","class_list":["post-10544","scrignocom_project","type-scrignocom_project","status-publish","has-post-thumbnail","hentry"],"acf":{"project_description":"<p>Projekt spo\u010d\u00edv\u00e1 v renovaci st\u00e1vaj\u00edc\u00ed budovy s vyu\u017eit\u00edm mezin\u00e1rodn\u00edho protokolu <a href=\"http:\/\/www.passivehouse.com\" rel=\"nofollow\" target=\"_blank\">Passive House<\/a>: nejvy\u0161\u0161\u00ed v\u011bdeck\u00fd odkaz pro udr\u017eiteln\u00e9 budovy s t\u00e9m\u011b\u0159 nulovou spot\u0159ebou energie.<\/p>\n","project_date":"2018","project_where":"Cesena","project_featured_image":"https:\/\/www.scrigno.com\/wp-content\/uploads\/2024\/07\/cesena-piraccini_002.jpeg","project_gallery":[{"ID":2681,"id":2681,"title":"casa-studio-passivhaus-cesena-piraccini_004.jpeg","filename":"casa-studio-passivhaus-cesena-piraccini_004.jpeg","filesize":82524,"url":"https:\/\/www.scrigno.com\/wp-content\/uploads\/2024\/07\/casa-studio-passivhaus-cesena-piraccini_004.jpeg","link":"https:\/\/www.scrigno.com\/cs\/casa-studio-passivhaus-cesena-piraccini_004-jpeg-2\/","alt":"","author":"1","description":"","caption":"","name":"casa-studio-passivhaus-cesena-piraccini_004-jpeg-2","status":"inherit","uploaded_to":0,"date":"2024-07-29 09:14:39","modified":"2024-07-29 09:14:39","menu_order":0,"mime_type":"image\/jpeg","type":"image","subtype":"jpeg","icon":"https:\/\/www.scrigno.com\/wp-includes\/images\/media\/default.png","width":867,"height":630,"sizes":{"thumbnail":"https:\/\/www.scrigno.com\/wp-content\/uploads\/2024\/07\/casa-studio-passivhaus-cesena-piraccini_004-150x150.jpeg","thumbnail-width":150,"thumbnail-height":150,"medium":"https:\/\/www.scrigno.com\/wp-content\/uploads\/2024\/07\/casa-studio-passivhaus-cesena-piraccini_004-375x272.jpeg","medium-width":375,"medium-height":272,"medium_large":"https:\/\/www.scrigno.com\/wp-content\/uploads\/2024\/07\/casa-studio-passivhaus-cesena-piraccini_004-750x545.jpeg","medium_large-width":750,"medium_large-height":545,"large":"https:\/\/www.scrigno.com\/wp-content\/uploads\/2024\/07\/casa-studio-passivhaus-cesena-piraccini_004.jpeg","large-width":867,"large-height":630,"1536x1536":"https:\/\/www.scrigno.com\/wp-content\/uploads\/2024\/07\/casa-studio-passivhaus-cesena-piraccini_004.jpeg","1536x1536-width":867,"1536x1536-height":630,"2048x2048":"https:\/\/www.scrigno.com\/wp-content\/uploads\/2024\/07\/casa-studio-passivhaus-cesena-piraccini_004.jpeg","2048x2048-width":867,"2048x2048-height":630,"logo-1x":"https:\/\/www.scrigno.com\/wp-content\/uploads\/2024\/07\/casa-studio-passivhaus-cesena-piraccini_004-88x64.jpeg","logo-1x-width":88,"logo-1x-height":64,"logo-footer-1x":"https:\/\/www.scrigno.com\/wp-content\/uploads\/2024\/07\/casa-studio-passivhaus-cesena-piraccini_004-81x59.jpeg","logo-footer-1x-width":81,"logo-footer-1x-height":59,"banner-1x":"https:\/\/www.scrigno.com\/wp-content\/uploads\/2024\/07\/casa-studio-passivhaus-cesena-piraccini_004.jpeg","banner-1x-width":867,"banner-1x-height":630}},{"ID":2685,"id":2685,"title":"Casa_Studio_passivehouse_piraccinipotente_architettura-4.jpg","filename":"Casa_Studio_passivehouse_piraccinipotente_architettura-4.jpg","filesize":66781,"url":"https:\/\/www.scrigno.com\/wp-content\/uploads\/2024\/07\/Casa_Studio_passivehouse_piraccinipotente_architettura-4.jpg","link":"https:\/\/www.scrigno.com\/cs\/casa_studio_passivehouse_piraccinipotente_architettura-4-jpg-2\/","alt":"","author":"1","description":"","caption":"","name":"casa_studio_passivehouse_piraccinipotente_architettura-4-jpg-2","status":"inherit","uploaded_to":0,"date":"2024-07-29 09:14:40","modified":"2024-07-29 09:14:40","menu_order":0,"mime_type":"image\/jpeg","type":"image","subtype":"jpeg","icon":"https:\/\/www.scrigno.com\/wp-includes\/images\/media\/default.png","width":853,"height":630,"sizes":{"thumbnail":"https:\/\/www.scrigno.com\/wp-content\/uploads\/2024\/07\/Casa_Studio_passivehouse_piraccinipotente_architettura-4-150x150.jpg","thumbnail-width":150,"thumbnail-height":150,"medium":"https:\/\/www.scrigno.com\/wp-content\/uploads\/2024\/07\/Casa_Studio_passivehouse_piraccinipotente_architettura-4-375x277.jpg","medium-width":375,"medium-height":277,"medium_large":"https:\/\/www.scrigno.com\/wp-content\/uploads\/2024\/07\/Casa_Studio_passivehouse_piraccinipotente_architettura-4-750x554.jpg","medium_large-width":750,"medium_large-height":554,"large":"https:\/\/www.scrigno.com\/wp-content\/uploads\/2024\/07\/Casa_Studio_passivehouse_piraccinipotente_architettura-4.jpg","large-width":853,"large-height":630,"1536x1536":"https:\/\/www.scrigno.com\/wp-content\/uploads\/2024\/07\/Casa_Studio_passivehouse_piraccinipotente_architettura-4.jpg","1536x1536-width":853,"1536x1536-height":630,"2048x2048":"https:\/\/www.scrigno.com\/wp-content\/uploads\/2024\/07\/Casa_Studio_passivehouse_piraccinipotente_architettura-4.jpg","2048x2048-width":853,"2048x2048-height":630,"logo-1x":"https:\/\/www.scrigno.com\/wp-content\/uploads\/2024\/07\/Casa_Studio_passivehouse_piraccinipotente_architettura-4-87x64.jpg","logo-1x-width":87,"logo-1x-height":64,"logo-footer-1x":"https:\/\/www.scrigno.com\/wp-content\/uploads\/2024\/07\/Casa_Studio_passivehouse_piraccinipotente_architettura-4-80x59.jpg","logo-footer-1x-width":80,"logo-footer-1x-height":59,"banner-1x":"https:\/\/www.scrigno.com\/wp-content\/uploads\/2024\/07\/Casa_Studio_passivehouse_piraccinipotente_architettura-4.jpg","banner-1x-width":853,"banner-1x-height":630}},{"ID":2689,"id":2689,"title":"casa-studio-passivhaus-cesena-piraccini-bagno_001.jpeg","filename":"casa-studio-passivhaus-cesena-piraccini-bagno_001.jpeg","filesize":57337,"url":"https:\/\/www.scrigno.com\/wp-content\/uploads\/2024\/07\/casa-studio-passivhaus-cesena-piraccini-bagno_001.jpeg","link":"https:\/\/www.scrigno.com\/cs\/casa-studio-passivhaus-cesena-piraccini-bagno_001-jpeg-2\/","alt":"","author":"1","description":"","caption":"","name":"casa-studio-passivhaus-cesena-piraccini-bagno_001-jpeg-2","status":"inherit","uploaded_to":0,"date":"2024-07-29 09:14:40","modified":"2024-07-29 09:14:40","menu_order":0,"mime_type":"image\/jpeg","type":"image","subtype":"jpeg","icon":"https:\/\/www.scrigno.com\/wp-includes\/images\/media\/default.png","width":840,"height":630,"sizes":{"thumbnail":"https:\/\/www.scrigno.com\/wp-content\/uploads\/2024\/07\/casa-studio-passivhaus-cesena-piraccini-bagno_001-150x150.jpeg","thumbnail-width":150,"thumbnail-height":150,"medium":"https:\/\/www.scrigno.com\/wp-content\/uploads\/2024\/07\/casa-studio-passivhaus-cesena-piraccini-bagno_001-375x281.jpeg","medium-width":375,"medium-height":281,"medium_large":"https:\/\/www.scrigno.com\/wp-content\/uploads\/2024\/07\/casa-studio-passivhaus-cesena-piraccini-bagno_001-750x563.jpeg","medium_large-width":750,"medium_large-height":563,"large":"https:\/\/www.scrigno.com\/wp-content\/uploads\/2024\/07\/casa-studio-passivhaus-cesena-piraccini-bagno_001.jpeg","large-width":840,"large-height":630,"1536x1536":"https:\/\/www.scrigno.com\/wp-content\/uploads\/2024\/07\/casa-studio-passivhaus-cesena-piraccini-bagno_001.jpeg","1536x1536-width":840,"1536x1536-height":630,"2048x2048":"https:\/\/www.scrigno.com\/wp-content\/uploads\/2024\/07\/casa-studio-passivhaus-cesena-piraccini-bagno_001.jpeg","2048x2048-width":840,"2048x2048-height":630,"logo-1x":"https:\/\/www.scrigno.com\/wp-content\/uploads\/2024\/07\/casa-studio-passivhaus-cesena-piraccini-bagno_001-85x64.jpeg","logo-1x-width":85,"logo-1x-height":64,"logo-footer-1x":"https:\/\/www.scrigno.com\/wp-content\/uploads\/2024\/07\/casa-studio-passivhaus-cesena-piraccini-bagno_001-79x59.jpeg","logo-footer-1x-width":79,"logo-footer-1x-height":59,"banner-1x":"https:\/\/www.scrigno.com\/wp-content\/uploads\/2024\/07\/casa-studio-passivhaus-cesena-piraccini-bagno_001.jpeg","banner-1x-width":840,"banner-1x-height":630}},{"ID":2693,"id":2693,"title":"casa-studio-passivhaus-cesena-piraccini_008.jpeg","filename":"casa-studio-passivhaus-cesena-piraccini_008.jpeg","filesize":56571,"url":"https:\/\/www.scrigno.com\/wp-content\/uploads\/2024\/07\/casa-studio-passivhaus-cesena-piraccini_008.jpeg","link":"https:\/\/www.scrigno.com\/cs\/casa-studio-passivhaus-cesena-piraccini_008-jpeg-2\/","alt":"","author":"1","description":"","caption":"","name":"casa-studio-passivhaus-cesena-piraccini_008-jpeg-2","status":"inherit","uploaded_to":0,"date":"2024-07-29 09:14:41","modified":"2024-07-29 09:14:41","menu_order":0,"mime_type":"image\/jpeg","type":"image","subtype":"jpeg","icon":"https:\/\/www.scrigno.com\/wp-includes\/images\/media\/default.png","width":825,"height":630,"sizes":{"thumbnail":"https:\/\/www.scrigno.com\/wp-content\/uploads\/2024\/07\/casa-studio-passivhaus-cesena-piraccini_008-150x150.jpeg","thumbnail-width":150,"thumbnail-height":150,"medium":"https:\/\/www.scrigno.com\/wp-content\/uploads\/2024\/07\/casa-studio-passivhaus-cesena-piraccini_008-375x286.jpeg","medium-width":375,"medium-height":286,"medium_large":"https:\/\/www.scrigno.com\/wp-content\/uploads\/2024\/07\/casa-studio-passivhaus-cesena-piraccini_008-750x573.jpeg","medium_large-width":750,"medium_large-height":573,"large":"https:\/\/www.scrigno.com\/wp-content\/uploads\/2024\/07\/casa-studio-passivhaus-cesena-piraccini_008.jpeg","large-width":825,"large-height":630,"1536x1536":"https:\/\/www.scrigno.com\/wp-content\/uploads\/2024\/07\/casa-studio-passivhaus-cesena-piraccini_008.jpeg","1536x1536-width":825,"1536x1536-height":630,"2048x2048":"https:\/\/www.scrigno.com\/wp-content\/uploads\/2024\/07\/casa-studio-passivhaus-cesena-piraccini_008.jpeg","2048x2048-width":825,"2048x2048-height":630,"logo-1x":"https:\/\/www.scrigno.com\/wp-content\/uploads\/2024\/07\/casa-studio-passivhaus-cesena-piraccini_008-84x64.jpeg","logo-1x-width":84,"logo-1x-height":64,"logo-footer-1x":"https:\/\/www.scrigno.com\/wp-content\/uploads\/2024\/07\/casa-studio-passivhaus-cesena-piraccini_008-77x59.jpeg","logo-footer-1x-width":77,"logo-footer-1x-height":59,"banner-1x":"https:\/\/www.scrigno.com\/wp-content\/uploads\/2024\/07\/casa-studio-passivhaus-cesena-piraccini_008.jpeg","banner-1x-width":825,"banner-1x-height":630}},{"ID":2697,"id":2697,"title":"Casa_Studio_passivehouse_piraccinipotente_architettura-5.jpg","filename":"Casa_Studio_passivehouse_piraccinipotente_architettura-5.jpg","filesize":87274,"url":"https:\/\/www.scrigno.com\/wp-content\/uploads\/2024\/07\/Casa_Studio_passivehouse_piraccinipotente_architettura-5.jpg","link":"https:\/\/www.scrigno.com\/cs\/casa_studio_passivehouse_piraccinipotente_architettura-5-jpg-2\/","alt":"","author":"1","description":"","caption":"","name":"casa_studio_passivehouse_piraccinipotente_architettura-5-jpg-2","status":"inherit","uploaded_to":0,"date":"2024-07-29 09:14:41","modified":"2024-07-29 09:14:41","menu_order":0,"mime_type":"image\/jpeg","type":"image","subtype":"jpeg","icon":"https:\/\/www.scrigno.com\/wp-includes\/images\/media\/default.png","width":853,"height":630,"sizes":{"thumbnail":"https:\/\/www.scrigno.com\/wp-content\/uploads\/2024\/07\/Casa_Studio_passivehouse_piraccinipotente_architettura-5-150x150.jpg","thumbnail-width":150,"thumbnail-height":150,"medium":"https:\/\/www.scrigno.com\/wp-content\/uploads\/2024\/07\/Casa_Studio_passivehouse_piraccinipotente_architettura-5-375x277.jpg","medium-width":375,"medium-height":277,"medium_large":"https:\/\/www.scrigno.com\/wp-content\/uploads\/2024\/07\/Casa_Studio_passivehouse_piraccinipotente_architettura-5-750x554.jpg","medium_large-width":750,"medium_large-height":554,"large":"https:\/\/www.scrigno.com\/wp-content\/uploads\/2024\/07\/Casa_Studio_passivehouse_piraccinipotente_architettura-5.jpg","large-width":853,"large-height":630,"1536x1536":"https:\/\/www.scrigno.com\/wp-content\/uploads\/2024\/07\/Casa_Studio_passivehouse_piraccinipotente_architettura-5.jpg","1536x1536-width":853,"1536x1536-height":630,"2048x2048":"https:\/\/www.scrigno.com\/wp-content\/uploads\/2024\/07\/Casa_Studio_passivehouse_piraccinipotente_architettura-5.jpg","2048x2048-width":853,"2048x2048-height":630,"logo-1x":"https:\/\/www.scrigno.com\/wp-content\/uploads\/2024\/07\/Casa_Studio_passivehouse_piraccinipotente_architettura-5-87x64.jpg","logo-1x-width":87,"logo-1x-height":64,"logo-footer-1x":"https:\/\/www.scrigno.com\/wp-content\/uploads\/2024\/07\/Casa_Studio_passivehouse_piraccinipotente_architettura-5-80x59.jpg","logo-footer-1x-width":80,"logo-footer-1x-height":59,"banner-1x":"https:\/\/www.scrigno.com\/wp-content\/uploads\/2024\/07\/Casa_Studio_passivehouse_piraccinipotente_architettura-5.jpg","banner-1x-width":853,"banner-1x-height":630}},{"ID":2701,"id":2701,"title":"casa-studio-passivhaus-cesena-piraccini_007.jpeg","filename":"casa-studio-passivhaus-cesena-piraccini_007.jpeg","filesize":77775,"url":"https:\/\/www.scrigno.com\/wp-content\/uploads\/2024\/07\/casa-studio-passivhaus-cesena-piraccini_007.jpeg","link":"https:\/\/www.scrigno.com\/cs\/casa-studio-passivhaus-cesena-piraccini_007-jpeg-2\/","alt":"","author":"1","description":"","caption":"","name":"casa-studio-passivhaus-cesena-piraccini_007-jpeg-2","status":"inherit","uploaded_to":0,"date":"2024-07-29 09:14:42","modified":"2024-07-29 09:14:42","menu_order":0,"mime_type":"image\/jpeg","type":"image","subtype":"jpeg","icon":"https:\/\/www.scrigno.com\/wp-includes\/images\/media\/default.png","width":839,"height":630,"sizes":{"thumbnail":"https:\/\/www.scrigno.com\/wp-content\/uploads\/2024\/07\/casa-studio-passivhaus-cesena-piraccini_007-150x150.jpeg","thumbnail-width":150,"thumbnail-height":150,"medium":"https:\/\/www.scrigno.com\/wp-content\/uploads\/2024\/07\/casa-studio-passivhaus-cesena-piraccini_007-375x282.jpeg","medium-width":375,"medium-height":282,"medium_large":"https:\/\/www.scrigno.com\/wp-content\/uploads\/2024\/07\/casa-studio-passivhaus-cesena-piraccini_007-750x563.jpeg","medium_large-width":750,"medium_large-height":563,"large":"https:\/\/www.scrigno.com\/wp-content\/uploads\/2024\/07\/casa-studio-passivhaus-cesena-piraccini_007.jpeg","large-width":839,"large-height":630,"1536x1536":"https:\/\/www.scrigno.com\/wp-content\/uploads\/2024\/07\/casa-studio-passivhaus-cesena-piraccini_007.jpeg","1536x1536-width":839,"1536x1536-height":630,"2048x2048":"https:\/\/www.scrigno.com\/wp-content\/uploads\/2024\/07\/casa-studio-passivhaus-cesena-piraccini_007.jpeg","2048x2048-width":839,"2048x2048-height":630,"logo-1x":"https:\/\/www.scrigno.com\/wp-content\/uploads\/2024\/07\/casa-studio-passivhaus-cesena-piraccini_007-85x64.jpeg","logo-1x-width":85,"logo-1x-height":64,"logo-footer-1x":"https:\/\/www.scrigno.com\/wp-content\/uploads\/2024\/07\/casa-studio-passivhaus-cesena-piraccini_007-79x59.jpeg","logo-footer-1x-width":79,"logo-footer-1x-height":59,"banner-1x":"https:\/\/www.scrigno.com\/wp-content\/uploads\/2024\/07\/casa-studio-passivhaus-cesena-piraccini_007.jpeg","banner-1x-width":839,"banner-1x-height":630}},{"ID":2705,"id":2705,"title":"fusione3.png","filename":"fusione3.png","filesize":410840,"url":"https:\/\/www.scrigno.com\/wp-content\/uploads\/2024\/07\/fusione3.png","link":"https:\/\/www.scrigno.com\/cs\/fusione3-png-2\/","alt":"","author":"1","description":"","caption":"","name":"fusione3-png-2","status":"inherit","uploaded_to":0,"date":"2024-07-29 09:14:43","modified":"2024-07-29 09:14:43","menu_order":0,"mime_type":"image\/png","type":"image","subtype":"png","icon":"https:\/\/www.scrigno.com\/wp-includes\/images\/media\/default.png","width":900,"height":630,"sizes":{"thumbnail":"https:\/\/www.scrigno.com\/wp-content\/uploads\/2024\/07\/fusione3-150x150.png","thumbnail-width":150,"thumbnail-height":150,"medium":"https:\/\/www.scrigno.com\/wp-content\/uploads\/2024\/07\/fusione3-375x263.png","medium-width":375,"medium-height":263,"medium_large":"https:\/\/www.scrigno.com\/wp-content\/uploads\/2024\/07\/fusione3-750x525.png","medium_large-width":750,"medium_large-height":525,"large":"https:\/\/www.scrigno.com\/wp-content\/uploads\/2024\/07\/fusione3.png","large-width":900,"large-height":630,"1536x1536":"https:\/\/www.scrigno.com\/wp-content\/uploads\/2024\/07\/fusione3.png","1536x1536-width":900,"1536x1536-height":630,"2048x2048":"https:\/\/www.scrigno.com\/wp-content\/uploads\/2024\/07\/fusione3.png","2048x2048-width":900,"2048x2048-height":630,"logo-1x":"https:\/\/www.scrigno.com\/wp-content\/uploads\/2024\/07\/fusione3-91x64.png","logo-1x-width":91,"logo-1x-height":64,"logo-footer-1x":"https:\/\/www.scrigno.com\/wp-content\/uploads\/2024\/07\/fusione3-84x59.png","logo-footer-1x-width":84,"logo-footer-1x-height":59,"banner-1x":"https:\/\/www.scrigno.com\/wp-content\/uploads\/2024\/07\/fusione3.png","banner-1x-width":900,"banner-1x-height":630}},{"ID":2709,"id":2709,"title":"cesena-piraccini_004.jpeg","filename":"cesena-piraccini_004.jpeg","filesize":120518,"url":"https:\/\/www.scrigno.com\/wp-content\/uploads\/2024\/07\/cesena-piraccini_004.jpeg","link":"https:\/\/www.scrigno.com\/cs\/cesena-piraccini_004-jpeg-2\/","alt":"","author":"1","description":"","caption":"","name":"cesena-piraccini_004-jpeg-2","status":"inherit","uploaded_to":0,"date":"2024-07-29 09:14:44","modified":"2024-07-29 09:14:44","menu_order":0,"mime_type":"image\/jpeg","type":"image","subtype":"jpeg","icon":"https:\/\/www.scrigno.com\/wp-includes\/images\/media\/default.png","width":920,"height":630,"sizes":{"thumbnail":"https:\/\/www.scrigno.com\/wp-content\/uploads\/2024\/07\/cesena-piraccini_004-150x150.jpeg","thumbnail-width":150,"thumbnail-height":150,"medium":"https:\/\/www.scrigno.com\/wp-content\/uploads\/2024\/07\/cesena-piraccini_004-375x257.jpeg","medium-width":375,"medium-height":257,"medium_large":"https:\/\/www.scrigno.com\/wp-content\/uploads\/2024\/07\/cesena-piraccini_004-750x514.jpeg","medium_large-width":750,"medium_large-height":514,"large":"https:\/\/www.scrigno.com\/wp-content\/uploads\/2024\/07\/cesena-piraccini_004.jpeg","large-width":920,"large-height":630,"1536x1536":"https:\/\/www.scrigno.com\/wp-content\/uploads\/2024\/07\/cesena-piraccini_004.jpeg","1536x1536-width":920,"1536x1536-height":630,"2048x2048":"https:\/\/www.scrigno.com\/wp-content\/uploads\/2024\/07\/cesena-piraccini_004.jpeg","2048x2048-width":920,"2048x2048-height":630,"logo-1x":"https:\/\/www.scrigno.com\/wp-content\/uploads\/2024\/07\/cesena-piraccini_004-93x64.jpeg","logo-1x-width":93,"logo-1x-height":64,"logo-footer-1x":"https:\/\/www.scrigno.com\/wp-content\/uploads\/2024\/07\/cesena-piraccini_004-86x59.jpeg","logo-footer-1x-width":86,"logo-footer-1x-height":59,"banner-1x":"https:\/\/www.scrigno.com\/wp-content\/uploads\/2024\/07\/cesena-piraccini_004.jpeg","banner-1x-width":920,"banner-1x-height":630}},{"ID":2713,"id":2713,"title":"cesena-piraccini_008.jpeg","filename":"cesena-piraccini_008.jpeg","filesize":117129,"url":"https:\/\/www.scrigno.com\/wp-content\/uploads\/2024\/07\/cesena-piraccini_008.jpeg","link":"https:\/\/www.scrigno.com\/cs\/cesena-piraccini_008-jpeg-2\/","alt":"","author":"1","description":"","caption":"","name":"cesena-piraccini_008-jpeg-2","status":"inherit","uploaded_to":0,"date":"2024-07-29 09:14:45","modified":"2024-07-29 09:14:45","menu_order":0,"mime_type":"image\/jpeg","type":"image","subtype":"jpeg","icon":"https:\/\/www.scrigno.com\/wp-includes\/images\/media\/default.png","width":811,"height":630,"sizes":{"thumbnail":"https:\/\/www.scrigno.com\/wp-content\/uploads\/2024\/07\/cesena-piraccini_008-150x150.jpeg","thumbnail-width":150,"thumbnail-height":150,"medium":"https:\/\/www.scrigno.com\/wp-content\/uploads\/2024\/07\/cesena-piraccini_008-375x291.jpeg","medium-width":375,"medium-height":291,"medium_large":"https:\/\/www.scrigno.com\/wp-content\/uploads\/2024\/07\/cesena-piraccini_008-750x583.jpeg","medium_large-width":750,"medium_large-height":583,"large":"https:\/\/www.scrigno.com\/wp-content\/uploads\/2024\/07\/cesena-piraccini_008.jpeg","large-width":811,"large-height":630,"1536x1536":"https:\/\/www.scrigno.com\/wp-content\/uploads\/2024\/07\/cesena-piraccini_008.jpeg","1536x1536-width":811,"1536x1536-height":630,"2048x2048":"https:\/\/www.scrigno.com\/wp-content\/uploads\/2024\/07\/cesena-piraccini_008.jpeg","2048x2048-width":811,"2048x2048-height":630,"logo-1x":"https:\/\/www.scrigno.com\/wp-content\/uploads\/2024\/07\/cesena-piraccini_008-82x64.jpeg","logo-1x-width":82,"logo-1x-height":64,"logo-footer-1x":"https:\/\/www.scrigno.com\/wp-content\/uploads\/2024\/07\/cesena-piraccini_008-76x59.jpeg","logo-footer-1x-width":76,"logo-footer-1x-height":59,"banner-1x":"https:\/\/www.scrigno.com\/wp-content\/uploads\/2024\/07\/cesena-piraccini_008.jpeg","banner-1x-width":811,"banner-1x-height":630}},{"ID":2717,"id":2717,"title":"cesena-piraccini_006.jpeg","filename":"cesena-piraccini_006.jpeg","filesize":71969,"url":"https:\/\/www.scrigno.com\/wp-content\/uploads\/2024\/07\/cesena-piraccini_006.jpeg","link":"https:\/\/www.scrigno.com\/cs\/cesena-piraccini_006-jpeg-2\/","alt":"","author":"1","description":"","caption":"","name":"cesena-piraccini_006-jpeg-2","status":"inherit","uploaded_to":0,"date":"2024-07-29 09:14:45","modified":"2024-07-29 09:14:45","menu_order":0,"mime_type":"image\/jpeg","type":"image","subtype":"jpeg","icon":"https:\/\/www.scrigno.com\/wp-includes\/images\/media\/default.png","width":853,"height":630,"sizes":{"thumbnail":"https:\/\/www.scrigno.com\/wp-content\/uploads\/2024\/07\/cesena-piraccini_006-150x150.jpeg","thumbnail-width":150,"thumbnail-height":150,"medium":"https:\/\/www.scrigno.com\/wp-content\/uploads\/2024\/07\/cesena-piraccini_006-375x277.jpeg","medium-width":375,"medium-height":277,"medium_large":"https:\/\/www.scrigno.com\/wp-content\/uploads\/2024\/07\/cesena-piraccini_006-750x554.jpeg","medium_large-width":750,"medium_large-height":554,"large":"https:\/\/www.scrigno.com\/wp-content\/uploads\/2024\/07\/cesena-piraccini_006.jpeg","large-width":853,"large-height":630,"1536x1536":"https:\/\/www.scrigno.com\/wp-content\/uploads\/2024\/07\/cesena-piraccini_006.jpeg","1536x1536-width":853,"1536x1536-height":630,"2048x2048":"https:\/\/www.scrigno.com\/wp-content\/uploads\/2024\/07\/cesena-piraccini_006.jpeg","2048x2048-width":853,"2048x2048-height":630,"logo-1x":"https:\/\/www.scrigno.com\/wp-content\/uploads\/2024\/07\/cesena-piraccini_006-87x64.jpeg","logo-1x-width":87,"logo-1x-height":64,"logo-footer-1x":"https:\/\/www.scrigno.com\/wp-content\/uploads\/2024\/07\/cesena-piraccini_006-80x59.jpeg","logo-footer-1x-width":80,"logo-footer-1x-height":59,"banner-1x":"https:\/\/www.scrigno.com\/wp-content\/uploads\/2024\/07\/cesena-piraccini_006.jpeg","banner-1x-width":853,"banner-1x-height":630}},{"ID":2721,"id":2721,"title":"fusione2.png","filename":"fusione2.png","filesize":845227,"url":"https:\/\/www.scrigno.com\/wp-content\/uploads\/2024\/07\/fusione2.png","link":"https:\/\/www.scrigno.com\/cs\/fusione2-png-2\/","alt":"","author":"1","description":"","caption":"","name":"fusione2-png-2","status":"inherit","uploaded_to":0,"date":"2024-07-29 09:14:46","modified":"2024-07-29 09:14:46","menu_order":0,"mime_type":"image\/png","type":"image","subtype":"png","icon":"https:\/\/www.scrigno.com\/wp-includes\/images\/media\/default.png","width":971,"height":629,"sizes":{"thumbnail":"https:\/\/www.scrigno.com\/wp-content\/uploads\/2024\/07\/fusione2-150x150.png","thumbnail-width":150,"thumbnail-height":150,"medium":"https:\/\/www.scrigno.com\/wp-content\/uploads\/2024\/07\/fusione2-375x243.png","medium-width":375,"medium-height":243,"medium_large":"https:\/\/www.scrigno.com\/wp-content\/uploads\/2024\/07\/fusione2-750x486.png","medium_large-width":750,"medium_large-height":486,"large":"https:\/\/www.scrigno.com\/wp-content\/uploads\/2024\/07\/fusione2.png","large-width":971,"large-height":629,"1536x1536":"https:\/\/www.scrigno.com\/wp-content\/uploads\/2024\/07\/fusione2.png","1536x1536-width":971,"1536x1536-height":629,"2048x2048":"https:\/\/www.scrigno.com\/wp-content\/uploads\/2024\/07\/fusione2.png","2048x2048-width":971,"2048x2048-height":629,"logo-1x":"https:\/\/www.scrigno.com\/wp-content\/uploads\/2024\/07\/fusione2-99x64.png","logo-1x-width":99,"logo-1x-height":64,"logo-footer-1x":"https:\/\/www.scrigno.com\/wp-content\/uploads\/2024\/07\/fusione2-91x59.png","logo-footer-1x-width":91,"logo-footer-1x-height":59,"banner-1x":"https:\/\/www.scrigno.com\/wp-content\/uploads\/2024\/07\/fusione2.png","banner-1x-width":971,"banner-1x-height":629}},{"ID":2725,"id":2725,"title":"Casa_Studio_passivehouse_piraccinipotente_architettura-3.jpg","filename":"Casa_Studio_passivehouse_piraccinipotente_architettura-3.jpg","filesize":279607,"url":"https:\/\/www.scrigno.com\/wp-content\/uploads\/2024\/07\/Casa_Studio_passivehouse_piraccinipotente_architettura-3.jpg","link":"https:\/\/www.scrigno.com\/cs\/casa_studio_passivehouse_piraccinipotente_architettura-3-jpg-2\/","alt":"","author":"1","description":"","caption":"","name":"casa_studio_passivehouse_piraccinipotente_architettura-3-jpg-2","status":"inherit","uploaded_to":0,"date":"2024-07-29 09:14:47","modified":"2024-07-29 09:14:47","menu_order":0,"mime_type":"image\/jpeg","type":"image","subtype":"jpeg","icon":"https:\/\/www.scrigno.com\/wp-includes\/images\/media\/default.png","width":1527,"height":2000,"sizes":{"thumbnail":"https:\/\/www.scrigno.com\/wp-content\/uploads\/2024\/07\/Casa_Studio_passivehouse_piraccinipotente_architettura-3-150x150.jpg","thumbnail-width":150,"thumbnail-height":150,"medium":"https:\/\/www.scrigno.com\/wp-content\/uploads\/2024\/07\/Casa_Studio_passivehouse_piraccinipotente_architettura-3-375x491.jpg","medium-width":375,"medium-height":491,"medium_large":"https:\/\/www.scrigno.com\/wp-content\/uploads\/2024\/07\/Casa_Studio_passivehouse_piraccinipotente_architettura-3-750x982.jpg","medium_large-width":750,"medium_large-height":982,"large":"https:\/\/www.scrigno.com\/wp-content\/uploads\/2024\/07\/Casa_Studio_passivehouse_piraccinipotente_architettura-3-1242x1627.jpg","large-width":1242,"large-height":1627,"1536x1536":"https:\/\/www.scrigno.com\/wp-content\/uploads\/2024\/07\/Casa_Studio_passivehouse_piraccinipotente_architettura-3-1173x1536.jpg","1536x1536-width":1173,"1536x1536-height":1536,"2048x2048":"https:\/\/www.scrigno.com\/wp-content\/uploads\/2024\/07\/Casa_Studio_passivehouse_piraccinipotente_architettura-3.jpg","2048x2048-width":1527,"2048x2048-height":2000,"logo-1x":"https:\/\/www.scrigno.com\/wp-content\/uploads\/2024\/07\/Casa_Studio_passivehouse_piraccinipotente_architettura-3-49x64.jpg","logo-1x-width":49,"logo-1x-height":64,"logo-footer-1x":"https:\/\/www.scrigno.com\/wp-content\/uploads\/2024\/07\/Casa_Studio_passivehouse_piraccinipotente_architettura-3-45x59.jpg","logo-footer-1x-width":45,"logo-footer-1x-height":59,"banner-1x":"https:\/\/www.scrigno.com\/wp-content\/uploads\/2024\/07\/Casa_Studio_passivehouse_piraccinipotente_architettura-3-1211x1586.jpg","banner-1x-width":1211,"banner-1x-height":1586}},{"ID":2729,"id":2729,"title":"casa-studio-passivhaus-cesena-piraccini_002.jpeg","filename":"casa-studio-passivhaus-cesena-piraccini_002.jpeg","filesize":75002,"url":"https:\/\/www.scrigno.com\/wp-content\/uploads\/2024\/07\/casa-studio-passivhaus-cesena-piraccini_002.jpeg","link":"https:\/\/www.scrigno.com\/cs\/casa-studio-passivhaus-cesena-piraccini_002-jpeg-2\/","alt":"","author":"1","description":"","caption":"","name":"casa-studio-passivhaus-cesena-piraccini_002-jpeg-2","status":"inherit","uploaded_to":0,"date":"2024-07-29 09:14:49","modified":"2024-07-29 09:14:49","menu_order":0,"mime_type":"image\/jpeg","type":"image","subtype":"jpeg","icon":"https:\/\/www.scrigno.com\/wp-includes\/images\/media\/default.png","width":840,"height":630,"sizes":{"thumbnail":"https:\/\/www.scrigno.com\/wp-content\/uploads\/2024\/07\/casa-studio-passivhaus-cesena-piraccini_002-150x150.jpeg","thumbnail-width":150,"thumbnail-height":150,"medium":"https:\/\/www.scrigno.com\/wp-content\/uploads\/2024\/07\/casa-studio-passivhaus-cesena-piraccini_002-375x281.jpeg","medium-width":375,"medium-height":281,"medium_large":"https:\/\/www.scrigno.com\/wp-content\/uploads\/2024\/07\/casa-studio-passivhaus-cesena-piraccini_002-750x563.jpeg","medium_large-width":750,"medium_large-height":563,"large":"https:\/\/www.scrigno.com\/wp-content\/uploads\/2024\/07\/casa-studio-passivhaus-cesena-piraccini_002.jpeg","large-width":840,"large-height":630,"1536x1536":"https:\/\/www.scrigno.com\/wp-content\/uploads\/2024\/07\/casa-studio-passivhaus-cesena-piraccini_002.jpeg","1536x1536-width":840,"1536x1536-height":630,"2048x2048":"https:\/\/www.scrigno.com\/wp-content\/uploads\/2024\/07\/casa-studio-passivhaus-cesena-piraccini_002.jpeg","2048x2048-width":840,"2048x2048-height":630,"logo-1x":"https:\/\/www.scrigno.com\/wp-content\/uploads\/2024\/07\/casa-studio-passivhaus-cesena-piraccini_002-85x64.jpeg","logo-1x-width":85,"logo-1x-height":64,"logo-footer-1x":"https:\/\/www.scrigno.com\/wp-content\/uploads\/2024\/07\/casa-studio-passivhaus-cesena-piraccini_002-79x59.jpeg","logo-footer-1x-width":79,"logo-footer-1x-height":59,"banner-1x":"https:\/\/www.scrigno.com\/wp-content\/uploads\/2024\/07\/casa-studio-passivhaus-cesena-piraccini_002.jpeg","banner-1x-width":840,"banner-1x-height":630}},{"ID":2221,"id":2221,"title":"square_L_cesena-piraccini_006","filename":"casa-studio-passivhaus-cesena-piraccini-mappa.jpeg","filesize":40465,"url":"https:\/\/www.scrigno.com\/wp-content\/uploads\/2024\/07\/casa-studio-passivhaus-cesena-piraccini-mappa.jpeg","link":"https:\/\/www.scrigno.com\/cs\/casa-studio-passivhaus-cesena-piraccini-mappa-jpeg-2\/","alt":"","author":"1","description":"square_L_cesena-piraccini_006","caption":"square_L_cesena-piraccini_006","name":"casa-studio-passivhaus-cesena-piraccini-mappa-jpeg-2","status":"inherit","uploaded_to":0,"date":"2024-07-29 09:14:50","modified":"2024-07-29 09:14:50","menu_order":0,"mime_type":"image\/jpeg","type":"image","subtype":"jpeg","icon":"https:\/\/www.scrigno.com\/wp-includes\/images\/media\/default.png","width":892,"height":630,"sizes":{"thumbnail":"https:\/\/www.scrigno.com\/wp-content\/uploads\/2024\/07\/casa-studio-passivhaus-cesena-piraccini-mappa-150x150.jpeg","thumbnail-width":150,"thumbnail-height":150,"medium":"https:\/\/www.scrigno.com\/wp-content\/uploads\/2024\/07\/casa-studio-passivhaus-cesena-piraccini-mappa-375x265.jpeg","medium-width":375,"medium-height":265,"medium_large":"https:\/\/www.scrigno.com\/wp-content\/uploads\/2024\/07\/casa-studio-passivhaus-cesena-piraccini-mappa-750x530.jpeg","medium_large-width":750,"medium_large-height":530,"large":"https:\/\/www.scrigno.com\/wp-content\/uploads\/2024\/07\/casa-studio-passivhaus-cesena-piraccini-mappa.jpeg","large-width":892,"large-height":630,"1536x1536":"https:\/\/www.scrigno.com\/wp-content\/uploads\/2024\/07\/casa-studio-passivhaus-cesena-piraccini-mappa.jpeg","1536x1536-width":892,"1536x1536-height":630,"2048x2048":"https:\/\/www.scrigno.com\/wp-content\/uploads\/2024\/07\/casa-studio-passivhaus-cesena-piraccini-mappa.jpeg","2048x2048-width":892,"2048x2048-height":630,"logo-1x":"https:\/\/www.scrigno.com\/wp-content\/uploads\/2024\/07\/casa-studio-passivhaus-cesena-piraccini-mappa-91x64.jpeg","logo-1x-width":91,"logo-1x-height":64,"logo-footer-1x":"https:\/\/www.scrigno.com\/wp-content\/uploads\/2024\/07\/casa-studio-passivhaus-cesena-piraccini-mappa-84x59.jpeg","logo-footer-1x-width":84,"logo-footer-1x-height":59,"banner-1x":"https:\/\/www.scrigno.com\/wp-content\/uploads\/2024\/07\/casa-studio-passivhaus-cesena-piraccini-mappa.jpeg","banner-1x-width":892,"banner-1x-height":630}}],"project_architect":{"ID":10241,"post_author":"1","post_date":"2024-09-18 16:47:38","post_date_gmt":"2024-09-18 14:47:38","post_content":"\u010clov\u011bk se neust\u00e1le sna\u017e\u00ed napodobovat kr\u00e1su p\u0159\u00edrody, proto\u017ee v n\u00ed m\u00e1 v\u0161echno sv\u016fj \u00fa\u010del. Lidsk\u00e9 v\u00fdtvory jsou ale bohu\u017eel nedokonal\u00e9: spot\u0159ebov\u00e1vaj\u00ed zdroje, zne\u010di\u0161\u0165uj\u00ed ovzdu\u0161\u00ed a p\u016fdu. Lid\u00e9 si uv\u011bdomuj\u00ed, \u017ee v jejich v\u00fdtvorech jsou nedokonalosti, ale \u010dasto p\u0159edst\u00edraj\u00ed, \u017ee je nevid\u00ed. Jsme dva architekti, spole\u010dn\u00edci v \u017eivot\u011b, spole\u010dn\u00edci v pr\u00e1ci, kte\u0159\u00ed, v mez\u00edch mo\u017enost\u00ed, cht\u011bj\u00ed otev\u0159\u00edt o\u010di.\n\nRozhodli jsme se navrhovat udr\u017eiteln\u00e9 budovy - nulov\u00e1 spot\u0159eba energie, nulov\u00e9 emise do atmosf\u00e9ry, vysok\u00fd vnit\u0159n\u00ed komfort. S\u00eddl\u00edme v Cesen\u011b, v dom\u011b\/studiu, kde \u017eijeme a spole\u010dn\u011b pracujeme s r\u016fzn\u00fdmi spolupracovn\u00edky; tady se v\u011bnujeme projekt\u016fm na r\u016fzn\u00fdch \u00farovn\u00edch - od architektonick\u00e9ho projektu p\u0159es interi\u00e9rov\u00fd design po v\u011bdeck\u00e9 pr\u00e1ce v knih\u00e1ch a \u010dl\u00e1nc\u00edch a v\u00fduku na kated\u0159e architektury v Boloni. Udr\u017eitelnosti dosahujeme pomoc\u00ed n\u00e1stroj\u016f building science a d\u016frazn\u00fdm zam\u011b\u0159en\u00edm na technologick\u00e9 inovace, ani\u017e bychom se - jako v p\u0159\u00edrod\u011b - vzdali funk\u010dn\u00ed kr\u00e1sy a jej\u00ed schopnosti budit v n\u00e1s emoce. Planeta je n\u00e1\u0161 domov a jako architekti m\u00e1me povinnost se o ni starat.","post_title":"Piraccini+Potente architettura","post_excerpt":"","post_status":"publish","comment_status":"open","ping_status":"open","post_password":"","post_name":"piraccinipotente-architettura-4","to_ping":"","pinged":"","post_modified":"2024-09-18 16:47:38","post_modified_gmt":"2024-09-18 14:47:38","post_content_filtered":"","post_parent":0,"guid":"https:\/\/www.scrigno.com\/architects\/piraccinipotente-architettura-4\/","menu_order":0,"post_type":"scrignocom_architect","post_mime_type":"","comment_count":"0","filter":"raw"},"project_architect_name":"Piraccini+Potente architettura"},"yoast_head":"<!-- This site is optimized with the Yoast SEO plugin v27.1.1 - https:\/\/yoast.com\/product\/yoast-seo-wordpress\/ -->\n<title>D\u016fm\/Studio Passivhaus - Scrigno<\/title>\n<meta name=\"robots\" content=\"index, follow, max-snippet:-1, max-image-preview:large, max-video-preview:-1\" \/>\n<link rel=\"canonical\" href=\"https:\/\/www.scrigno.com\/cs\/projekty\/dum-studio-passivhaus\/\" \/>\n<meta property=\"og:locale\" content=\"cs_CZ\" \/>\n<meta property=\"og:type\" content=\"article\" \/>\n<meta property=\"og:title\" content=\"D\u016fm\/Studio Passivhaus - Scrigno\" \/>\n<meta property=\"og:description\" content=\"Projekt je zvl\u00e1\u0161t\u011b inovativn\u00ed, proto\u017ee vyu\u017eit\u00ed koncepce pasivn\u00edho domu (enerphit\/passivhaus) na st\u00e1vaj\u00edc\u00ed stavebn\u00edm projektu je v It\u00e1lii prvn\u00ed sv\u00e9ho druhu [&hellip;]\" \/>\n<meta property=\"og:url\" content=\"https:\/\/www.scrigno.com\/cs\/projekty\/dum-studio-passivhaus\/\" \/>\n<meta property=\"og:site_name\" content=\"Scrigno\" \/>\n<meta property=\"article:modified_time\" content=\"2024-09-18T14:52:32+00:00\" \/>\n<meta property=\"og:image\" content=\"https:\/\/www.scrigno.com\/wp-content\/uploads\/2024\/07\/square_L_cesena-piraccini_006.jpeg\" \/>\n\t<meta property=\"og:image:width\" content=\"1100\" \/>\n\t<meta property=\"og:image:height\" content=\"1100\" \/>\n\t<meta property=\"og:image:type\" content=\"image\/jpeg\" \/>\n<meta name=\"twitter:card\" content=\"summary_large_image\" \/>\n<meta name=\"twitter:label1\" content=\"Odhadovan\u00e1 doba \u010dten\u00ed\" \/>\n\t<meta name=\"twitter:data1\" content=\"5 minut\" \/>\n<script type=\"application\/ld+json\" class=\"yoast-schema-graph\">{\"@context\":\"https:\/\/schema.org\",\"@graph\":[{\"@type\":\"WebPage\",\"@id\":\"https:\/\/www.scrigno.com\/cs\/projekty\/dum-studio-passivhaus\/\",\"url\":\"https:\/\/www.scrigno.com\/cs\/projekty\/dum-studio-passivhaus\/\",\"name\":\"D\u016fm\/Studio Passivhaus - Scrigno\",\"isPartOf\":{\"@id\":\"https:\/\/www.scrigno.com\/cs\/#website\"},\"primaryImageOfPage\":{\"@id\":\"https:\/\/www.scrigno.com\/cs\/projekty\/dum-studio-passivhaus\/#primaryimage\"},\"image\":{\"@id\":\"https:\/\/www.scrigno.com\/cs\/projekty\/dum-studio-passivhaus\/#primaryimage\"},\"thumbnailUrl\":\"https:\/\/www.scrigno.com\/wp-content\/uploads\/2024\/07\/square_L_cesena-piraccini_006.jpeg\",\"datePublished\":\"2018-01-10T14:50:38+00:00\",\"dateModified\":\"2024-09-18T14:52:32+00:00\",\"breadcrumb\":{\"@id\":\"https:\/\/www.scrigno.com\/cs\/projekty\/dum-studio-passivhaus\/#breadcrumb\"},\"inLanguage\":\"cs\",\"potentialAction\":[{\"@type\":\"ReadAction\",\"target\":[\"https:\/\/www.scrigno.com\/cs\/projekty\/dum-studio-passivhaus\/\"]}]},{\"@type\":\"ImageObject\",\"inLanguage\":\"cs\",\"@id\":\"https:\/\/www.scrigno.com\/cs\/projekty\/dum-studio-passivhaus\/#primaryimage\",\"url\":\"https:\/\/www.scrigno.com\/wp-content\/uploads\/2024\/07\/square_L_cesena-piraccini_006.jpeg\",\"contentUrl\":\"https:\/\/www.scrigno.com\/wp-content\/uploads\/2024\/07\/square_L_cesena-piraccini_006.jpeg\",\"width\":1100,\"height\":1100},{\"@type\":\"BreadcrumbList\",\"@id\":\"https:\/\/www.scrigno.com\/cs\/projekty\/dum-studio-passivhaus\/#breadcrumb\",\"itemListElement\":[{\"@type\":\"ListItem\",\"position\":1,\"name\":\"Home\",\"item\":\"https:\/\/www.scrigno.com\/cs\/\"},{\"@type\":\"ListItem\",\"position\":2,\"name\":\"Projekty\",\"item\":\"https:\/\/www.scrigno.com\/cs\/projekty\/\"},{\"@type\":\"ListItem\",\"position\":3,\"name\":\"D\u016fm\/Studio Passivhaus\"}]},{\"@type\":\"WebSite\",\"@id\":\"https:\/\/www.scrigno.com\/cs\/#website\",\"url\":\"https:\/\/www.scrigno.com\/cs\/\",\"name\":\"Scrigno\",\"description\":\"\",\"potentialAction\":[{\"@type\":\"SearchAction\",\"target\":{\"@type\":\"EntryPoint\",\"urlTemplate\":\"https:\/\/www.scrigno.com\/cs\/?s={search_term_string}\"},\"query-input\":{\"@type\":\"PropertyValueSpecification\",\"valueRequired\":true,\"valueName\":\"search_term_string\"}}],\"inLanguage\":\"cs\"}]}<\/script>\n<!-- \/ Yoast SEO plugin. -->","yoast_head_json":{"title":"D\u016fm\/Studio Passivhaus - Scrigno","robots":{"index":"index","follow":"follow","max-snippet":"max-snippet:-1","max-image-preview":"max-image-preview:large","max-video-preview":"max-video-preview:-1"},"canonical":"https:\/\/www.scrigno.com\/cs\/projekty\/dum-studio-passivhaus\/","og_locale":"cs_CZ","og_type":"article","og_title":"D\u016fm\/Studio Passivhaus - Scrigno","og_description":"Projekt je zvl\u00e1\u0161t\u011b inovativn\u00ed, proto\u017ee vyu\u017eit\u00ed koncepce pasivn\u00edho domu (enerphit\/passivhaus) na st\u00e1vaj\u00edc\u00ed stavebn\u00edm projektu je v It\u00e1lii prvn\u00ed sv\u00e9ho druhu [&hellip;]","og_url":"https:\/\/www.scrigno.com\/cs\/projekty\/dum-studio-passivhaus\/","og_site_name":"Scrigno","article_modified_time":"2024-09-18T14:52:32+00:00","og_image":[{"width":1100,"height":1100,"url":"https:\/\/www.scrigno.com\/wp-content\/uploads\/2024\/07\/square_L_cesena-piraccini_006.jpeg","type":"image\/jpeg"}],"twitter_card":"summary_large_image","twitter_misc":{"Odhadovan\u00e1 doba \u010dten\u00ed":"5 minut"},"schema":{"@context":"https:\/\/schema.org","@graph":[{"@type":"WebPage","@id":"https:\/\/www.scrigno.com\/cs\/projekty\/dum-studio-passivhaus\/","url":"https:\/\/www.scrigno.com\/cs\/projekty\/dum-studio-passivhaus\/","name":"D\u016fm\/Studio Passivhaus - Scrigno","isPartOf":{"@id":"https:\/\/www.scrigno.com\/cs\/#website"},"primaryImageOfPage":{"@id":"https:\/\/www.scrigno.com\/cs\/projekty\/dum-studio-passivhaus\/#primaryimage"},"image":{"@id":"https:\/\/www.scrigno.com\/cs\/projekty\/dum-studio-passivhaus\/#primaryimage"},"thumbnailUrl":"https:\/\/www.scrigno.com\/wp-content\/uploads\/2024\/07\/square_L_cesena-piraccini_006.jpeg","datePublished":"2018-01-10T14:50:38+00:00","dateModified":"2024-09-18T14:52:32+00:00","breadcrumb":{"@id":"https:\/\/www.scrigno.com\/cs\/projekty\/dum-studio-passivhaus\/#breadcrumb"},"inLanguage":"cs","potentialAction":[{"@type":"ReadAction","target":["https:\/\/www.scrigno.com\/cs\/projekty\/dum-studio-passivhaus\/"]}]},{"@type":"ImageObject","inLanguage":"cs","@id":"https:\/\/www.scrigno.com\/cs\/projekty\/dum-studio-passivhaus\/#primaryimage","url":"https:\/\/www.scrigno.com\/wp-content\/uploads\/2024\/07\/square_L_cesena-piraccini_006.jpeg","contentUrl":"https:\/\/www.scrigno.com\/wp-content\/uploads\/2024\/07\/square_L_cesena-piraccini_006.jpeg","width":1100,"height":1100},{"@type":"BreadcrumbList","@id":"https:\/\/www.scrigno.com\/cs\/projekty\/dum-studio-passivhaus\/#breadcrumb","itemListElement":[{"@type":"ListItem","position":1,"name":"Home","item":"https:\/\/www.scrigno.com\/cs\/"},{"@type":"ListItem","position":2,"name":"Projekty","item":"https:\/\/www.scrigno.com\/cs\/projekty\/"},{"@type":"ListItem","position":3,"name":"D\u016fm\/Studio Passivhaus"}]},{"@type":"WebSite","@id":"https:\/\/www.scrigno.com\/cs\/#website","url":"https:\/\/www.scrigno.com\/cs\/","name":"Scrigno","description":"","potentialAction":[{"@type":"SearchAction","target":{"@type":"EntryPoint","urlTemplate":"https:\/\/www.scrigno.com\/cs\/?s={search_term_string}"},"query-input":{"@type":"PropertyValueSpecification","valueRequired":true,"valueName":"search_term_string"}}],"inLanguage":"cs"}]}},"_links":{"self":[{"href":"https:\/\/www.scrigno.com\/cs\/wp-json\/wp\/v2\/scrignocom_project\/10544","targetHints":{"allow":["GET"]}}],"collection":[{"href":"https:\/\/www.scrigno.com\/cs\/wp-json\/wp\/v2\/scrignocom_project"}],"about":[{"href":"https:\/\/www.scrigno.com\/cs\/wp-json\/wp\/v2\/types\/scrignocom_project"}],"acf:post":[{"embeddable":true,"href":"https:\/\/www.scrigno.com\/cs\/wp-json\/wp\/v2\/scrignocom_architect\/10241"}],"acf:attachment":[{"embeddable":true,"href":"https:\/\/www.scrigno.com\/cs\/wp-json\/wp\/v2\/media\/2221"},{"embeddable":true,"href":"https:\/\/www.scrigno.com\/cs\/wp-json\/wp\/v2\/media\/2729"},{"embeddable":true,"href":"https:\/\/www.scrigno.com\/cs\/wp-json\/wp\/v2\/media\/2725"},{"embeddable":true,"href":"https:\/\/www.scrigno.com\/cs\/wp-json\/wp\/v2\/media\/2721"},{"embeddable":true,"href":"https:\/\/www.scrigno.com\/cs\/wp-json\/wp\/v2\/media\/2717"},{"embeddable":true,"href":"https:\/\/www.scrigno.com\/cs\/wp-json\/wp\/v2\/media\/2713"},{"embeddable":true,"href":"https:\/\/www.scrigno.com\/cs\/wp-json\/wp\/v2\/media\/2709"},{"embeddable":true,"href":"https:\/\/www.scrigno.com\/cs\/wp-json\/wp\/v2\/media\/2705"},{"embeddable":true,"href":"https:\/\/www.scrigno.com\/cs\/wp-json\/wp\/v2\/media\/2701"},{"embeddable":true,"href":"https:\/\/www.scrigno.com\/cs\/wp-json\/wp\/v2\/media\/2697"},{"embeddable":true,"href":"https:\/\/www.scrigno.com\/cs\/wp-json\/wp\/v2\/media\/2693"},{"embeddable":true,"href":"https:\/\/www.scrigno.com\/cs\/wp-json\/wp\/v2\/media\/2689"},{"embeddable":true,"href":"https:\/\/www.scrigno.com\/cs\/wp-json\/wp\/v2\/media\/2685"},{"embeddable":true,"href":"https:\/\/www.scrigno.com\/cs\/wp-json\/wp\/v2\/media\/2681"}],"wp:featuredmedia":[{"embeddable":true,"href":"https:\/\/www.scrigno.com\/cs\/wp-json\/wp\/v2\/media\/2677"}],"wp:attachment":[{"href":"https:\/\/www.scrigno.com\/cs\/wp-json\/wp\/v2\/media?parent=10544"}],"curies":[{"name":"wp","href":"https:\/\/api.w.org\/{rel}","templated":true}]}}