{"id":10554,"date":"2010-12-31T16:51:03","date_gmt":"2010-12-31T14:51:03","guid":{"rendered":"https:\/\/www.scrigno.com\/projects\/stilnovo-wellness-mind-design-hair-4\/"},"modified":"2024-09-18T16:52:32","modified_gmt":"2024-09-18T14:52:32","slug":"stilnovo-wellness-mind-design-hair-4","status":"publish","type":"scrignocom_project","link":"https:\/\/www.scrigno.com\/cs\/projekty\/stilnovo-wellness-mind-design-hair-4\/","title":{"rendered":"STILNOVO \u201eWellness Mind Design Hair\u201c"},"content":{"rendered":"<p>STILNOVO \u201eWellness Mind Design Hair\u201c &amp; l\u02bcoutdoor Cool Flowers Lounge<br \/>\n&#8230; Vychutnat si \u201eATMOSF\u00c9RU OKAM\u017dIKU\u201c<\/p>\n<p>P\u0159\u00edb\u011bh, kter\u00fd za\u010d\u00edn\u00e1 v Cossano Belbo \u201eUrban Village\u201c za\u010dal my\u0161lenkou a projektem &#8230;, postupn\u011b se vyv\u00edjel&#8230;.m\u011bnil se&#8230;.nab\u00fdval tvar&#8230;.vyvinul se &#8230; byl tvarov\u00e1n &#8230; z\u00edskal tvar &#8230; byl modelov\u00e1n jako chim\u00e9ra, kter\u00e1 se stala skute\u010dnost\u00ed.<br \/>\nAle \u201eokam\u017eik &#8230;\u201c nekon\u010d\u00ed pouze ve sv\u011bt\u011b stylingu, ale roz\u0161i\u0159uje se, spojuje a zhmot\u0148uje, spl\u00fdv\u00e1 s ideou blahod\u00e1rn\u00e9 p\u00e9\u010de pro mysl a t\u011blo; SPA:<br \/>\n\u201eUn sogno&#8230; L\u2018essenza\u201c<\/p>\n<p><strong>Idea<\/strong><br \/>\nNechte se v\u00e9st sv\u011btem vlasov\u00e9 stylistky \u201eevangelistky\u201c Mariny Selvini a sv\u011btem wellness mind design hair STILNOVO &#8230; zav\u0159ete o\u010di &#8230; vychutnejte si ka\u017ed\u00fd okam\u017eik mezi sv\u011btly, barvami, v\u016fn\u011bmi a esencemi &#8230;<br \/>\nSnov\u00e1 vize, sb\u00edrka materi\u00e1l\u016f v tichu absolutn\u00ed b\u00edl\u00e9, charakterizovan\u00e1 ohlu\u0161uj\u00edc\u00ed a vibruj\u00edc\u00ed sugesc\u00ed obraz\u016f, utopie, synt\u00e9zy, logiky a \u017eivotad\u00e1rn\u00e9 s\u00edly.<br \/>\nJedine\u010dn\u00e1 a neust\u00e1le se m\u011bn\u00edc\u00ed pod\u00edvan\u00e1 jako pol\u00e1rn\u00ed z\u00e1\u0159e, kter\u00e1 p\u0159ich\u00e1z\u00ed se sv\u011btly, tan\u010d\u00edc\u00edmi na obloze a rozpl\u00fdvaj\u00edc\u00ed se do podoby sv\u011bteln\u00fdch z\u00e1voj\u016f nesen\u00fdch dechem t\u011bch, kte\u0159\u00ed jej vn\u00edmaj\u00ed ve spleti modr\u00fdch, oran\u017eov\u00fdch, fialov\u00fdch, zelen\u00fdch a \u010derven\u00fdch par.<\/p>\n<p>sv\u011btlo, kter\u00e9 p\u0159in\u00e1\u0161\u00ed emoce, sv\u011btlo, kter\u00e9 tvo\u0159\u00ed, sv\u011btlo, kter\u00e9 \u201emiluje\u201c<br \/>\n&#8230;&#8230; sv\u011btla pol\u00e1rn\u00ed z\u00e1\u0159e jsou v\u017edy jin\u00e1, ale pom\u00edjiv\u00e1,<br \/>\nsv\u011bt STILNOVO je v\u017edy jin\u00fd, ale intenzivn\u00ed a smysln\u00fd<br \/>\n\u201eNew Concept\u201c (zah\u00e1jen\u00fd 14.11.2010), podepsan\u00fd Alessandrem Marchellim, inspirovan\u00fd v\u0161emi jednotlivci, kte\u0159\u00ed se cht\u011bj\u00ed nechat p\u0159en\u00e9st do \u201efuturistick\u00e9 dimenze\u201c kr\u00e1sy, emoc\u00ed, vjem\u016f.<br \/>\nSm\u011bs kreativity, n\u011b\u017enosti, elegance, inovativn\u00edch materi\u00e1l\u016f, luxusu, vjem\u016f, kter\u00e9 prosycuj\u00ed prost\u0159ed\u00ed \u0161ikovn\u00fdch rukou, slov, st\u0159ih\u016f, barev, \u00fa\u010des\u016f, h\u00fd\u010dk\u00e1n\u00ed, hammam a wellness program\u016f, emocion\u00e1ln\u00edch procedur, hudby, esenc\u00ed a v\u016fn\u00ed.<br \/>\nProstory o rozloze asi 75 metr\u016f \u010dtvere\u010dn\u00edch, kde se odehr\u00e1v\u00e1 synt\u00e9za design\u00e9rsk\u00fdch dovednost\u00ed a jako hra jsou rozv\u00edjeny r\u016fzn\u00e9, vz\u00e1jemn\u011b prov\u00e1zan\u00e9 situace, z nich\u017e vych\u00e1z\u00ed ucelen\u00fd po\u017eadavek z\u00e1kazn\u00edka.<br \/>\n\u201eAriadnina nit\u201c, sv\u011btlo \u2013 pokra\u010duje Alessandro Marchelli ve sv\u00e9m p\u0159\u00edb\u011bhu \u2013 se pohybuje v tomto labyrintu prostor\u016f, nal\u00e9z\u00e1 na ka\u017ed\u00e9m kroku novou emoci, nov\u00e9, zcela jin\u00e9, ale z\u00e1rove\u0148 jedine\u010dn\u00e9 a harmonicky do kontextu za\u010dlen\u011bn\u00e9 m\u00edsto.<\/p>\n<p><strong>D\u00edlo<\/strong><br \/>\nVstupn\u00ed \u201elobby\u201c \u201e&#8230;vychutnejte si atmosf\u00e9ru okam\u017eiku\u201c, tvo\u0159\u00ed sc\u00e9nickou kulisu, vlny a proti vln\u00e1m se prost\u0159ednictv\u00edm \u201eDigit\u00e1ln\u00ed mozaiky\u201c zobrazuj\u00edc\u00ed rann\u00ed sv\u00edt\u00e1n\u00ed, kter\u00e9 jako by z\u00e1kazn\u00edka zvalo d\u00e1l a \u201echr\u00e1nilo\u201c jej, jakmile projde sklen\u011bn\u00fdmi posuvn\u00fdmi dve\u0159mi realizovan\u00fdmi v pln\u00e9 v\u00fd\u0161ce st\u011bny.<\/p>\n<p>Sv\u011btl\u00e1 \u0161atn\u00ed sk\u0159\u00ed\u0148 tvo\u0159\u00ed pozad\u00ed u vchodu do kade\u0159nictv\u00ed STILNOVO Design Hair<br \/>\nV b\u00edl\u00e9 st\u011bn\u011b se odr\u00e1\u017e\u00ed sv\u011btlo RGB LED diod, p\u0159i\u010dem\u017e v\u0161e je \u0159\u00edzeno v&nbsp;r\u00e1mci dom\u00e1c\u00ed automatizace, sou\u010d\u00e1st\u00ed je p\u0159\u00edjemn\u00e1 \u010dek\u00e1rna, vytvo\u0159en\u00e1 kombinac\u00ed vybaven\u00ed ze zcela odli\u0161n\u00fdch materi\u00e1l\u016f, um\u011bl\u00e9ho kamene &#8211; corianu, oceli, prysky\u0159ice, led diod, vysokonap\u011b\u0165ov\u00fdch neonov\u00fdch z\u00e1\u0159ivek, ale sestaven\u00e9ho tak, aby vytv\u00e1\u0159elo efektn\u00ed, jemnou a nen\u00e1silnou atmosf\u00e9ru, sedadla, vykukuj\u00edc\u00ed jako kope\u010dky a zab\u00edraj\u00edc\u00ed p\u0159irozen\u00fd vn\u011bj\u0161\u00ed r\u00e1mec, kter\u00fd ud\u00e1v\u00e1 r\u00e1z t\u00e9to \u201em\u011bstsk\u00e9 vesni\u010dce\u201c s p\u0159ibli\u017en\u011b 1000 obyvateli.<\/p>\n<p>Design Hair area, salon s otev\u0159en\u00fdm prostorem zjemn\u011bn\u00fd konturami sv\u011btl\u00fdch a b\u00edl\u00fdch z\u00e1voj\u016f, kter\u00e9 rozptyluj\u00ed RGB sv\u011btlo po cel\u00e9m prostoru, prolo\u017een\u00e9 pouze p\u0159esn\u00fdmi paprsky b\u00edl\u00e9ho osv\u011btlen\u00ed na pracovn\u00edch pozic\u00edch, kter\u00e9 je v p\u0159\u00edpad\u011b pot\u0159eby mo\u017eno zapnout prost\u0159ednictv\u00edm lok\u00e1ln\u00edho automatiza\u010dn\u00edho syst\u00e9mu tak, aby bylo zaji\u0161t\u011bno co nejlep\u0161\u00ed pracovn\u00ed osv\u011btlen\u00ed p\u0159i pr\u00e1ci vlasov\u00e9ho stylisty \u201eevangeslist\u201c a jeho spolupracovn\u00edk\u016f a \u201en\u00e1sledovn\u00edk\u016f\u201c s p\u011bti kade\u0159nick\u00fdmi k\u0159esly pro st\u0159\u00edh\u00e1n\u00ed, styling a SPA vlas\u016f, z\u00f3nu myt\u00ed a o\u0161et\u0159en\u00ed poko\u017eky.<\/p>\n<p>Z\u00f3na blahod\u00e1rn\u00e9 p\u00e9\u010de Wellness Mind, charakterizovan\u00e1 hrou soust\u0159edn\u00fdch n\u00e1st\u011bnn\u00fdch lini\u00ed, skryt\u00fdch spoj\u016f, sv\u011bteln\u00fdch \u0159ez\u016f, proti \u201ezvln\u011bn\u00fdm\u201c st\u011bn\u00e1m je upraven\u00e1 tak, aby z\u00e1kazn\u00edk\u016fm poskytla je\u0161t\u011b siln\u011bj\u0161\u00ed pocit pohodl\u00ed a bezpe\u010d\u00ed s uji\u0161t\u011bn\u00edm, \u017ee se rozhodli sv\u011b\u0159it do t\u011bch prav\u00fdch \u0161ikovn\u00fdch rukou &#8222;terapeut\u016f p\u00e9\u010de o t\u011blo&#8220; .<br \/>\n\u201eOsl\u0148uj\u00edc\u00ed\u201c leskl\u00e1 b\u00edl\u00e1 barva, ztlumen\u00e1 modr\u00fdmi a jantarov\u00fdmi LED sv\u011btly.<br \/>\n&#8222;Un sogno &#8230; l&#8217;Essenza&#8220; v\u00edt\u00e1 z\u00e1kazn\u00edka na kruhov\u00e9 recepci, LED lustr &#8222;MAG40&#8220; podle n\u00e1vrhu Luigi Caro sestupuje ze stropu, sou\u010d\u00e1st\u00ed interi\u00e9ru je pult z le\u0161t\u011bn\u00e9 oceli se sv\u00fdmi nekonven\u010dn\u00edmi k\u0159ivkami, vytv\u00e1\u0159ej\u00edc\u00ed dojem trojrozm\u011brn\u00e9ho prostoru. Z\u00e1v\u011bs z &#8222;alcantary&#8220; funguje jako p\u0159ed\u011blen\u00ed prostoru a po jeho odhrnut\u00ed vstoup\u00edte do &#8222;R\u00e1je&#8220; &#8211; sv\u011bta wellness, hammam, do mas\u00e1\u017en\u00ed m\u00edstnosti, vybaven\u00e9 osv\u011btlen\u00edm &#8222;AIRBLOW&#8220; podle designu Alessandro Marchelli, prost\u0159ed\u00ed, kde se m\u016f\u017eete oddat jemn\u00e9 p\u00e9\u010di a z\u00edskat n\u00e1st\u0159ik nov\u00e9ho op\u00e1len\u00ed v kabin\u011b s oblo\u017een\u00edm &#8222;RustOn&#8220;.<\/p>\n<p>Relaxa\u010dn\u00ed z\u00f3na, nab\u00edzej\u00edc\u00ed odpo\u010dinek pro mysl i t\u011blo, to je &#8222;cesta smysl\u016f&#8220; mezi sm\u011bs\u00ed prysky\u0159ic, p\u0159ipravovanou p\u0159\u00edmo na m\u00edst\u011b, v prostor\u00e1ch, opat\u0159en\u00fdch fialovo-zlatou podlahou se st\u011bnami, pokryt\u00fdmi n\u00e1pisy pro uvoln\u011bn\u00ed mysli, my\u0161lenek i sval\u016f, spolu s evokov\u00e1n\u00edm pozitivn\u00edch pocit\u016f. Odpo\u010dinout si m\u016f\u017eete na pohovce &#8222;KYRIOS NUS&#8220; z epoxidov\u00e9 prysky\u0159ice, pota\u017een\u00e9 jemn\u00fdm pl\u00e1tkov\u00fdm zlatem dle n\u00e1vrhu Alessandro Marchelli a na velk\u00e9 pohovce &#8222;MAGNUS A&#8220; z leskl\u00e9 b\u00edl\u00e9 le\u0161t\u011bn\u00e9 k\u016f\u017ee dle n\u00e1vrhu design Alessandro Marchelli, kter\u00e1 dotv\u00e1\u0159\u00ed toto p\u0159\u00edjemn\u00e9 prost\u0159ed\u00ed a dod\u00e1v\u00e1 mu pocit klidu, pokoje a \u010din\u00ed z n\u011bj prost\u0159ed\u00ed, ide\u00e1ln\u00ed pro na\u010derp\u00e1n\u00ed nov\u00e9 energie.<br \/>\nBlahod\u00e1rn\u00e1 p\u00e9\u010de a pocit domova, kter\u00e9 se prom\u011b\u0148uj\u00ed v jedinou esenci, tedy tu samou a zcela ned\u011blitelnou energii, \u201eesenci \u017eivota\u201c.<\/p>\n<p>Ve\u0161ker\u00e9 dopl\u0148kov\u00e9 vybaven\u00ed a designov\u00e9 p\u0159edm\u011bty, obsa\u017een\u00e9 v t\u00e9to pr\u00e1ci jsou navr\u017eeny Alessandrem Marchellim a v tomto roce budou uvedeny do s\u00e9riov\u00e9 v\u00fdroby r\u016fzn\u00fdmi design\u00e9rsk\u00fdmi spole\u010dnostmi.<br \/>\nMarina Selvini \u2013 evangelist stylist STILNOVO \u201ewellness mind design hair\u201c p\u0159edstav\u00ed v sobotu 16. \u010dervence 2011 \u201eCool Flowers Lounge\u201c, venkovn\u00ed design dle n\u00e1vrhu Alessandra Marchelli.<\/p>\n<p>V Cool Flowers Lounge si po odpo\u010dinku a na\u010derp\u00e1n\u00ed nov\u00fdch sil ve wellness centru a p\u0159i procedur\u00e1ch hammam, mas\u00e1\u017e\u00edch a p\u00e9\u010d\u00ed o vlasy, obli\u010dej i t\u011blo u\u017eijete relax, p\u0159\u00edjemn\u00e9 nicned\u011bl\u00e1n\u00ed a pot\u011b\u0161en\u00ed z partnersk\u00fdch vztah\u016f p\u0159i pop\u00edjen\u00ed vynikaj\u00edc\u00edho piemontsk\u00e9ho v\u00edna, koktejl\u016f a regenera\u010dn\u00edch bylinn\u00fdch \u010daj\u016f.<\/p>\n<p>Cool Flowers Lounge&#8220;, kter\u00fd v sob\u011b nese prvky v\u00fdrazn\u00e9ho designu, produkty nejvy\u0161\u0161\u00ed technologick\u00e9 \u00farovn\u011b a m\u00e1 siln\u00fd estetick\u00fd dopad, je schopen uspokojit nejn\u00e1ro\u010dn\u011bj\u0161\u00ed ve\u0159ejnost.<\/p>\n<p>Mezi designov\u00fdmi objekty &#8211; projektovan\u00fdmi design\u00e9rem Alessandro Marchelli &#8211; je nutno uv\u00e9st: &#8211; ob\u0159\u00ed lustr &#8222;Dominus&#8220;, &#8222;znamen\u00ed&#8220;, p\u0159edm\u011bt, materi\u00e1l, jeho\u017e k\u0159ivky d\u00e1vaj\u00ed pocit &#8222;s\u00edly a majest\u00e1tnosti&#8220;, ale z\u00e1rove\u0148 zjem\u0148uj\u00ed, navozuj\u00ed pocity spokojenosti a pohody, kter\u00e9 spolu s teplem ohn\u011b p\u0159in\u00e1\u0161\u00ed tu sm\u011bs pocit\u016f a n\u00e1lad, kterou lze interpretovat na stav\u016f mysli, schopn\u00fdch promlouvat ke ka\u017ed\u00e9mu z &#8222;n\u00e1s&#8220;; leno\u0161ky Kyrios Nus, navr\u017een\u00e9 Alessandrem Marchellim pro Artesurfaces pro vnit\u0159n\u00ed i venkovn\u00ed pou\u017eit\u00ed, vyroben\u00e9 z epoxidov\u00e9 prysky\u0159ice a pokryt\u00e9 pl\u00e1tkov\u00fdm zlatem; textura \u201eatmosf\u00e9ra okam\u017eiku&#8230;\u201c, kterou navrhl Alessandro Marchelli a vytvo\u0159il Mosaico Dgitale z Pepe &amp; Con, kter\u00e1 r\u00e1muje salonek a tvo\u0159\u00ed vstupn\u00ed prost\u0159ed\u00ed do m\u00edsta kon\u00e1n\u00ed.<\/p>\n<p>Slune\u010dn\u00edky \u201eTulip\u201c v osv\u011btlovac\u00ed verzi n\u011bmeck\u00e9 spole\u010dnosti MDT-tex, sedac\u00ed vaky od Mum, sedadla, dr\u017e\u00e1\u010dky na \u0161ampa\u0148sk\u00e9, sv\u011bteln\u00e1 za\u0159\u00edzen\u00ed od Slide, jemn\u00e1 hudba v dolby surround \u010din\u00ed relaxaci z\u00e1kazn\u00edk\u016f je\u0161t\u011b p\u0159\u00edjemn\u011bj\u0161\u00ed pot\u00e9, co si u\u017eili \u00fapravu vlas\u016f a SPA procedury<\/p>\n<p>LED osv\u011btlen\u00ed &#8211; C.F.O. Osv\u011btlen\u00ed -, d\u016fle\u017eit\u00e1 dominanta u prac\u00ed <a href=\"\/CZ\/cs\/architekti\/amd-sensory-interior-architecture\">AMD studia<\/a>, je ukryta na podlaze s modr\u00fdmi elektrick\u00fdmi sv\u011btlomety, zjemn\u011bn\u00fdmi paprsky jantarov\u00e9ho sv\u011btla, kter\u00e9 \u010din\u00ed no\u010dn\u00ed vid\u011bn\u00ed \u201eLounge\u201c je\u0161t\u011b velkolep\u011bj\u0161\u00ed, spolu s v\u00fdzdobou, tvo\u0159enou kv\u011btinami a rostlinami, naaran\u017eovan\u00fdmi do obrovsk\u00fdch n\u00edzk\u00fdch m\u00eds, d\u00edky kter\u00fdm bude relaxa\u010dn\u00ed prostor je\u0161t\u011b jedine\u010dn\u011bj\u0161\u00ed a exteri\u00e9r tohoto sofistikovan\u00e9ho kade\u0159nick\u00e9ho a wellness centra bude p\u016fsobit je\u0161t\u011b exkluzivn\u011bj\u0161\u00edm dojmem.<\/p>\n<p>Cool Flowers Lounge evokuje skute\u010dn\u00e9 osv\u011b\u017een\u00ed a pocity p\u0159\u00edjemn\u00e9ho uvoln\u011bn\u00ed na voln\u00e9m vzduchu mezi kv\u011btinami<br \/>\nSTILNOVO \u201ewellness mind design hair\u201c<\/p>\n","protected":false},"featured_media":2929,"template":"","class_list":["post-10554","scrignocom_project","type-scrignocom_project","status-publish","has-post-thumbnail","hentry"],"acf":{"project_description":"","project_date":"2010","project_where":"","project_featured_image":"https:\/\/www.scrigno.com\/wp-content\/uploads\/2024\/07\/11.DSC1385_adjust.jpg","project_gallery":[{"ID":2933,"id":2933,"title":"16.DSC1508.jpg","filename":"16.DSC1508.jpg","filesize":154002,"url":"https:\/\/www.scrigno.com\/wp-content\/uploads\/2024\/07\/16.DSC1508.jpg","link":"https:\/\/www.scrigno.com\/cs\/16-dsc1508-jpg-2\/","alt":"","author":"1","description":"","caption":"","name":"16-dsc1508-jpg-2","status":"inherit","uploaded_to":0,"date":"2024-07-29 09:16:31","modified":"2024-07-29 09:16:31","menu_order":0,"mime_type":"image\/jpeg","type":"image","subtype":"jpeg","icon":"https:\/\/www.scrigno.com\/wp-includes\/images\/media\/default.png","width":1500,"height":1008,"sizes":{"thumbnail":"https:\/\/www.scrigno.com\/wp-content\/uploads\/2024\/07\/16.DSC1508-150x150.jpg","thumbnail-width":150,"thumbnail-height":150,"medium":"https:\/\/www.scrigno.com\/wp-content\/uploads\/2024\/07\/16.DSC1508-375x252.jpg","medium-width":375,"medium-height":252,"medium_large":"https:\/\/www.scrigno.com\/wp-content\/uploads\/2024\/07\/16.DSC1508-750x504.jpg","medium_large-width":750,"medium_large-height":504,"large":"https:\/\/www.scrigno.com\/wp-content\/uploads\/2024\/07\/16.DSC1508-1242x835.jpg","large-width":1242,"large-height":835,"1536x1536":"https:\/\/www.scrigno.com\/wp-content\/uploads\/2024\/07\/16.DSC1508.jpg","1536x1536-width":1500,"1536x1536-height":1008,"2048x2048":"https:\/\/www.scrigno.com\/wp-content\/uploads\/2024\/07\/16.DSC1508.jpg","2048x2048-width":1500,"2048x2048-height":1008,"logo-1x":"https:\/\/www.scrigno.com\/wp-content\/uploads\/2024\/07\/16.DSC1508-95x64.jpg","logo-1x-width":95,"logo-1x-height":64,"logo-footer-1x":"https:\/\/www.scrigno.com\/wp-content\/uploads\/2024\/07\/16.DSC1508-88x59.jpg","logo-footer-1x-width":88,"logo-footer-1x-height":59,"banner-1x":"https:\/\/www.scrigno.com\/wp-content\/uploads\/2024\/07\/16.DSC1508-1211x814.jpg","banner-1x-width":1211,"banner-1x-height":814}},{"ID":2937,"id":2937,"title":"21.DSC1594_adjust.jpg","filename":"21.DSC1594_adjust.jpg","filesize":141237,"url":"https:\/\/www.scrigno.com\/wp-content\/uploads\/2024\/07\/21.DSC1594_adjust.jpg","link":"https:\/\/www.scrigno.com\/cs\/21-dsc1594_adjust-jpg-2\/","alt":"","author":"1","description":"","caption":"","name":"21-dsc1594_adjust-jpg-2","status":"inherit","uploaded_to":0,"date":"2024-07-29 09:16:32","modified":"2024-07-29 09:16:32","menu_order":0,"mime_type":"image\/jpeg","type":"image","subtype":"jpeg","icon":"https:\/\/www.scrigno.com\/wp-includes\/images\/media\/default.png","width":1013,"height":1500,"sizes":{"thumbnail":"https:\/\/www.scrigno.com\/wp-content\/uploads\/2024\/07\/21.DSC1594_adjust-150x150.jpg","thumbnail-width":150,"thumbnail-height":150,"medium":"https:\/\/www.scrigno.com\/wp-content\/uploads\/2024\/07\/21.DSC1594_adjust-375x555.jpg","medium-width":375,"medium-height":555,"medium_large":"https:\/\/www.scrigno.com\/wp-content\/uploads\/2024\/07\/21.DSC1594_adjust-750x1111.jpg","medium_large-width":750,"medium_large-height":1111,"large":"https:\/\/www.scrigno.com\/wp-content\/uploads\/2024\/07\/21.DSC1594_adjust.jpg","large-width":1013,"large-height":1500,"1536x1536":"https:\/\/www.scrigno.com\/wp-content\/uploads\/2024\/07\/21.DSC1594_adjust.jpg","1536x1536-width":1013,"1536x1536-height":1500,"2048x2048":"https:\/\/www.scrigno.com\/wp-content\/uploads\/2024\/07\/21.DSC1594_adjust.jpg","2048x2048-width":1013,"2048x2048-height":1500,"logo-1x":"https:\/\/www.scrigno.com\/wp-content\/uploads\/2024\/07\/21.DSC1594_adjust-43x64.jpg","logo-1x-width":43,"logo-1x-height":64,"logo-footer-1x":"https:\/\/www.scrigno.com\/wp-content\/uploads\/2024\/07\/21.DSC1594_adjust-40x59.jpg","logo-footer-1x-width":40,"logo-footer-1x-height":59,"banner-1x":"https:\/\/www.scrigno.com\/wp-content\/uploads\/2024\/07\/21.DSC1594_adjust.jpg","banner-1x-width":1013,"banner-1x-height":1500}},{"ID":2257,"id":2257,"title":"square_L_36.DSC1183_adjust-ESSENTIAL-SCORREVOLE","filename":"36.DSC1183_adjust-ESSENTIAL-SCORREVOLE.jpg","filesize":195981,"url":"https:\/\/www.scrigno.com\/wp-content\/uploads\/2024\/07\/36.DSC1183_adjust-ESSENTIAL-SCORREVOLE.jpg","link":"https:\/\/www.scrigno.com\/cs\/36-dsc1183_adjust-essential-scorrevole-jpg-2\/","alt":"","author":"1","description":"square_L_36.DSC1183_adjust-ESSENTIAL-SCORREVOLE","caption":"square_L_36.DSC1183_adjust-ESSENTIAL-SCORREVOLE","name":"36-dsc1183_adjust-essential-scorrevole-jpg-2","status":"inherit","uploaded_to":0,"date":"2024-07-29 09:16:33","modified":"2024-07-29 09:16:33","menu_order":0,"mime_type":"image\/jpeg","type":"image","subtype":"jpeg","icon":"https:\/\/www.scrigno.com\/wp-includes\/images\/media\/default.png","width":1000,"height":1506,"sizes":{"thumbnail":"https:\/\/www.scrigno.com\/wp-content\/uploads\/2024\/07\/36.DSC1183_adjust-ESSENTIAL-SCORREVOLE-150x150.jpg","thumbnail-width":150,"thumbnail-height":150,"medium":"https:\/\/www.scrigno.com\/wp-content\/uploads\/2024\/07\/36.DSC1183_adjust-ESSENTIAL-SCORREVOLE-375x565.jpg","medium-width":375,"medium-height":565,"medium_large":"https:\/\/www.scrigno.com\/wp-content\/uploads\/2024\/07\/36.DSC1183_adjust-ESSENTIAL-SCORREVOLE-750x1130.jpg","medium_large-width":750,"medium_large-height":1130,"large":"https:\/\/www.scrigno.com\/wp-content\/uploads\/2024\/07\/36.DSC1183_adjust-ESSENTIAL-SCORREVOLE.jpg","large-width":1000,"large-height":1506,"1536x1536":"https:\/\/www.scrigno.com\/wp-content\/uploads\/2024\/07\/36.DSC1183_adjust-ESSENTIAL-SCORREVOLE.jpg","1536x1536-width":1000,"1536x1536-height":1506,"2048x2048":"https:\/\/www.scrigno.com\/wp-content\/uploads\/2024\/07\/36.DSC1183_adjust-ESSENTIAL-SCORREVOLE.jpg","2048x2048-width":1000,"2048x2048-height":1506,"logo-1x":"https:\/\/www.scrigno.com\/wp-content\/uploads\/2024\/07\/36.DSC1183_adjust-ESSENTIAL-SCORREVOLE-42x64.jpg","logo-1x-width":42,"logo-1x-height":64,"logo-footer-1x":"https:\/\/www.scrigno.com\/wp-content\/uploads\/2024\/07\/36.DSC1183_adjust-ESSENTIAL-SCORREVOLE-39x59.jpg","logo-footer-1x-width":39,"logo-footer-1x-height":59,"banner-1x":"https:\/\/www.scrigno.com\/wp-content\/uploads\/2024\/07\/36.DSC1183_adjust-ESSENTIAL-SCORREVOLE.jpg","banner-1x-width":1000,"banner-1x-height":1506}}],"project_architect":{"ID":10251,"post_author":"1","post_date":"2024-09-18 16:47:38","post_date_gmt":"2024-09-18 14:47:38","post_content":"V roce 1990 zalo\u017eil design\u00e9rsk\u00e9 studio Alessandro Marchelli - Sensorial Architecture + Creative Design.\n\nV jeho interi\u00e9rov\u00e9m designu, smlouv\u011b, n\u00e1vrz\u00edch, v\u00fdstavn\u00edm designu, grafick\u00fdch a komunika\u010dn\u00edch prac\u00edch lze vn\u00edmat vyj\u00e1d\u0159en\u00ed ur\u010dit\u00e9 smyslov\u00e9 omluvy, kter\u00e1 doprov\u00e1z\u00ed ka\u017ed\u00e9 gesto t\u00e9to designov\u00e9 cesty, kterou chce jeho ruka a my\u0161lenka n\u00e9st v srdci, v pohledu, v mysli koncov\u00e9ho u\u017eivatele a jeho z\u00e1kazn\u00edk\u016f\/p\u0159\u00e1tel.\n\nV pr\u016fb\u011bhu let se pod\u00edlel na realizaci interi\u00e9rov\u00fdch \u200b\u200ba v\u00fdvojov\u00fdch projekt\u016f, souvisej\u00edc\u00edch s dom\u00e1c\u00edm a obchodn\u00edm sv\u011btem. Navrhoval objekty pr\u016fmyslov\u00e9ho designu a jeho interi\u00e9rov\u00e9 \u200b\u200bpr\u00e1ce jsou \u010dasto publikov\u00e1ny v odborn\u00e9 literatu\u0159e ze sv\u011bta interi\u00e9rov\u00e9ho designu a architektury.\n\nUv\u011bdomuje si toti\u017e, \u017ee v ka\u017ed\u00e9m sv\u00e9m n\u00e1vrhu mus\u00ed b\u00fdt Design\u00e9r schopen vyzdvihnout v\u00fdrazov\u00fd potenci\u00e1l ka\u017ed\u00e9ho dostupn\u00e9ho prostoru, b\u00fdt si v\u011bdom ka\u017ed\u00e9 nuance objektu, aby spolu s novou a personalizovanou estetickou kvalitou nab\u00eddl co nejlep\u0161\u00ed kvalitu bydlen\u00ed.\n\nZ\u00e1kladn\u00ed studi\u00ed je v\u00fdzkum, identifikace inovativn\u00edch \u0159e\u0161en\u00ed, vytv\u00e1\u0159en\u00ed sugestivn\u00edch a jedine\u010dn\u00fdch nastaven\u00ed, kter\u00e1 d\u00e1vaj\u00ed formu v\u00e1\u0161ni z\u00e1kazn\u00edka a utv\u00e1\u0159en\u00ed prostoru podle jeho zvyklost\u00ed a pot\u0159eb prost\u0159ednictv\u00edm kreativity design\u00e9ra.\n\nProjek\u010dn\u00ed \u010dinnost tak\u00e9 v\u011bnuje zvl\u00e1\u0161tn\u00ed pozornost barevn\u00e9mu designu jako\u017eto konsolidaci harmonie projektu pomoc\u00ed origin\u00e1ln\u00edch barevn\u00fdch kombinac\u00ed, aby se propojila r\u016fzn\u00e1 prost\u0159ed\u00ed a kone\u010dn\u00e9mu v\u00fdsledku tak byla dod\u00e1na dal\u0161\u00ed smyslov\u00e1 expresivita. D\u00edky rafinovan\u00fdm studi\u00edm osv\u011btlovac\u00edch syst\u00e9m\u016f se projek\u010dn\u00ed kancel\u00e1\u0159i da\u0159\u00ed vytv\u00e1\u0159et neust\u00e1le se m\u011bn\u00edc\u00ed vize pln\u00e9 emoc\u00ed, vytv\u00e1\u0159et sc\u00e9ny sv\u011btla a st\u00edn\u016f, zv\u00fdraz\u0148uj\u00edc\u00ed objemy, t\u011blesa, dutiny, pr\u016fhlednosti a nab\u00edzet sugestivn\u00ed efekty.\n\nOd roku 1990 je \u010dlenem ADI (Asociace pro pr\u016fmyslov\u00fd design) a od roku 1993 AIPI (Italsk\u00e1 asociace interi\u00e9rov\u00fdch design\u00e9r\u016f - interi\u00e9rov\u00fdch design\u00e9r\u016f), v r\u00e1mci kter\u00fdch n\u011bkolik let zast\u00e1v\u00e1 institucion\u00e1ln\u00ed funkce. \u010clen BEDA (Bureau of European Designers Association) a od roku 1997 do QUALITAID EU (Evropsk\u00fd org\u00e1n pro profesn\u00ed kvalifikaci Architecte d\u2019Interieur). Mistr v kategorii \u201eColor Design\u201c a \u201cLighting Design\u201d, v roce 2005 postgradu\u00e1ln\u00ed kurz \u201cNew Entertainment Design\u201d, na Poli.Design v Mil\u00e1n\u011b.","post_title":"AMD sensory interior architecture","post_excerpt":"","post_status":"publish","comment_status":"open","ping_status":"open","post_password":"","post_name":"amd-sensory-interior-architecture-4","to_ping":"","pinged":"","post_modified":"2024-09-18 16:47:38","post_modified_gmt":"2024-09-18 14:47:38","post_content_filtered":"","post_parent":0,"guid":"https:\/\/www.scrigno.com\/architects\/amd-sensory-interior-architecture-4\/","menu_order":0,"post_type":"scrignocom_architect","post_mime_type":"","comment_count":"0","filter":"raw"},"project_architect_name":"AMD (Alessandro Marchelli Design) sensory interior architecture"},"yoast_head":"<!-- This site is optimized with the Yoast SEO plugin v27.1.1 - https:\/\/yoast.com\/product\/yoast-seo-wordpress\/ -->\n<title>STILNOVO \u201eWellness Mind Design Hair\u201c - Scrigno<\/title>\n<meta name=\"robots\" content=\"index, follow, max-snippet:-1, max-image-preview:large, max-video-preview:-1\" \/>\n<link rel=\"canonical\" href=\"https:\/\/www.scrigno.com\/cs\/projekty\/stilnovo-wellness-mind-design-hair-4\/\" \/>\n<meta property=\"og:locale\" content=\"cs_CZ\" \/>\n<meta property=\"og:type\" content=\"article\" \/>\n<meta property=\"og:title\" content=\"STILNOVO \u201eWellness Mind Design Hair\u201c - Scrigno\" \/>\n<meta property=\"og:description\" content=\"STILNOVO \u201eWellness Mind Design Hair\u201c &amp; l\u02bcoutdoor Cool Flowers Lounge &#8230; Vychutnat si \u201eATMOSF\u00c9RU OKAM\u017dIKU\u201c P\u0159\u00edb\u011bh, kter\u00fd za\u010d\u00edn\u00e1 v Cossano [&hellip;]\" \/>\n<meta property=\"og:url\" content=\"https:\/\/www.scrigno.com\/cs\/projekty\/stilnovo-wellness-mind-design-hair-4\/\" \/>\n<meta property=\"og:site_name\" content=\"Scrigno\" \/>\n<meta property=\"article:modified_time\" content=\"2024-09-18T14:52:32+00:00\" \/>\n<meta property=\"og:image\" content=\"https:\/\/www.scrigno.com\/wp-content\/uploads\/2024\/07\/square_L_36.DSC1183_adjust-ESSENTIAL-SCORREVOLE.jpg\" \/>\n\t<meta property=\"og:image:width\" content=\"1100\" \/>\n\t<meta property=\"og:image:height\" content=\"1100\" \/>\n\t<meta property=\"og:image:type\" content=\"image\/jpeg\" \/>\n<meta name=\"twitter:card\" content=\"summary_large_image\" \/>\n<meta name=\"twitter:label1\" content=\"Odhadovan\u00e1 doba \u010dten\u00ed\" \/>\n\t<meta name=\"twitter:data1\" content=\"8 minut\" \/>\n<script type=\"application\/ld+json\" class=\"yoast-schema-graph\">{\"@context\":\"https:\/\/schema.org\",\"@graph\":[{\"@type\":\"WebPage\",\"@id\":\"https:\/\/www.scrigno.com\/cs\/projekty\/stilnovo-wellness-mind-design-hair-4\/\",\"url\":\"https:\/\/www.scrigno.com\/cs\/projekty\/stilnovo-wellness-mind-design-hair-4\/\",\"name\":\"STILNOVO \u201eWellness Mind Design Hair\u201c - Scrigno\",\"isPartOf\":{\"@id\":\"https:\/\/www.scrigno.com\/cs\/#website\"},\"primaryImageOfPage\":{\"@id\":\"https:\/\/www.scrigno.com\/cs\/projekty\/stilnovo-wellness-mind-design-hair-4\/#primaryimage\"},\"image\":{\"@id\":\"https:\/\/www.scrigno.com\/cs\/projekty\/stilnovo-wellness-mind-design-hair-4\/#primaryimage\"},\"thumbnailUrl\":\"https:\/\/www.scrigno.com\/wp-content\/uploads\/2024\/07\/square_L_36.DSC1183_adjust-ESSENTIAL-SCORREVOLE.jpg\",\"datePublished\":\"2010-12-31T14:51:03+00:00\",\"dateModified\":\"2024-09-18T14:52:32+00:00\",\"breadcrumb\":{\"@id\":\"https:\/\/www.scrigno.com\/cs\/projekty\/stilnovo-wellness-mind-design-hair-4\/#breadcrumb\"},\"inLanguage\":\"cs\",\"potentialAction\":[{\"@type\":\"ReadAction\",\"target\":[\"https:\/\/www.scrigno.com\/cs\/projekty\/stilnovo-wellness-mind-design-hair-4\/\"]}]},{\"@type\":\"ImageObject\",\"inLanguage\":\"cs\",\"@id\":\"https:\/\/www.scrigno.com\/cs\/projekty\/stilnovo-wellness-mind-design-hair-4\/#primaryimage\",\"url\":\"https:\/\/www.scrigno.com\/wp-content\/uploads\/2024\/07\/square_L_36.DSC1183_adjust-ESSENTIAL-SCORREVOLE.jpg\",\"contentUrl\":\"https:\/\/www.scrigno.com\/wp-content\/uploads\/2024\/07\/square_L_36.DSC1183_adjust-ESSENTIAL-SCORREVOLE.jpg\",\"width\":1100,\"height\":1100},{\"@type\":\"BreadcrumbList\",\"@id\":\"https:\/\/www.scrigno.com\/cs\/projekty\/stilnovo-wellness-mind-design-hair-4\/#breadcrumb\",\"itemListElement\":[{\"@type\":\"ListItem\",\"position\":1,\"name\":\"Home\",\"item\":\"https:\/\/www.scrigno.com\/cs\/\"},{\"@type\":\"ListItem\",\"position\":2,\"name\":\"Projekty\",\"item\":\"https:\/\/www.scrigno.com\/cs\/projekty\/\"},{\"@type\":\"ListItem\",\"position\":3,\"name\":\"STILNOVO \u201eWellness Mind Design Hair\u201c\"}]},{\"@type\":\"WebSite\",\"@id\":\"https:\/\/www.scrigno.com\/cs\/#website\",\"url\":\"https:\/\/www.scrigno.com\/cs\/\",\"name\":\"Scrigno\",\"description\":\"\",\"potentialAction\":[{\"@type\":\"SearchAction\",\"target\":{\"@type\":\"EntryPoint\",\"urlTemplate\":\"https:\/\/www.scrigno.com\/cs\/?s={search_term_string}\"},\"query-input\":{\"@type\":\"PropertyValueSpecification\",\"valueRequired\":true,\"valueName\":\"search_term_string\"}}],\"inLanguage\":\"cs\"}]}<\/script>\n<!-- \/ Yoast SEO plugin. -->","yoast_head_json":{"title":"STILNOVO \u201eWellness Mind Design Hair\u201c - Scrigno","robots":{"index":"index","follow":"follow","max-snippet":"max-snippet:-1","max-image-preview":"max-image-preview:large","max-video-preview":"max-video-preview:-1"},"canonical":"https:\/\/www.scrigno.com\/cs\/projekty\/stilnovo-wellness-mind-design-hair-4\/","og_locale":"cs_CZ","og_type":"article","og_title":"STILNOVO \u201eWellness Mind Design Hair\u201c - Scrigno","og_description":"STILNOVO \u201eWellness Mind Design Hair\u201c &amp; l\u02bcoutdoor Cool Flowers Lounge &#8230; Vychutnat si \u201eATMOSF\u00c9RU OKAM\u017dIKU\u201c P\u0159\u00edb\u011bh, kter\u00fd za\u010d\u00edn\u00e1 v Cossano [&hellip;]","og_url":"https:\/\/www.scrigno.com\/cs\/projekty\/stilnovo-wellness-mind-design-hair-4\/","og_site_name":"Scrigno","article_modified_time":"2024-09-18T14:52:32+00:00","og_image":[{"width":1100,"height":1100,"url":"https:\/\/www.scrigno.com\/wp-content\/uploads\/2024\/07\/square_L_36.DSC1183_adjust-ESSENTIAL-SCORREVOLE.jpg","type":"image\/jpeg"}],"twitter_card":"summary_large_image","twitter_misc":{"Odhadovan\u00e1 doba \u010dten\u00ed":"8 minut"},"schema":{"@context":"https:\/\/schema.org","@graph":[{"@type":"WebPage","@id":"https:\/\/www.scrigno.com\/cs\/projekty\/stilnovo-wellness-mind-design-hair-4\/","url":"https:\/\/www.scrigno.com\/cs\/projekty\/stilnovo-wellness-mind-design-hair-4\/","name":"STILNOVO \u201eWellness Mind Design Hair\u201c - Scrigno","isPartOf":{"@id":"https:\/\/www.scrigno.com\/cs\/#website"},"primaryImageOfPage":{"@id":"https:\/\/www.scrigno.com\/cs\/projekty\/stilnovo-wellness-mind-design-hair-4\/#primaryimage"},"image":{"@id":"https:\/\/www.scrigno.com\/cs\/projekty\/stilnovo-wellness-mind-design-hair-4\/#primaryimage"},"thumbnailUrl":"https:\/\/www.scrigno.com\/wp-content\/uploads\/2024\/07\/square_L_36.DSC1183_adjust-ESSENTIAL-SCORREVOLE.jpg","datePublished":"2010-12-31T14:51:03+00:00","dateModified":"2024-09-18T14:52:32+00:00","breadcrumb":{"@id":"https:\/\/www.scrigno.com\/cs\/projekty\/stilnovo-wellness-mind-design-hair-4\/#breadcrumb"},"inLanguage":"cs","potentialAction":[{"@type":"ReadAction","target":["https:\/\/www.scrigno.com\/cs\/projekty\/stilnovo-wellness-mind-design-hair-4\/"]}]},{"@type":"ImageObject","inLanguage":"cs","@id":"https:\/\/www.scrigno.com\/cs\/projekty\/stilnovo-wellness-mind-design-hair-4\/#primaryimage","url":"https:\/\/www.scrigno.com\/wp-content\/uploads\/2024\/07\/square_L_36.DSC1183_adjust-ESSENTIAL-SCORREVOLE.jpg","contentUrl":"https:\/\/www.scrigno.com\/wp-content\/uploads\/2024\/07\/square_L_36.DSC1183_adjust-ESSENTIAL-SCORREVOLE.jpg","width":1100,"height":1100},{"@type":"BreadcrumbList","@id":"https:\/\/www.scrigno.com\/cs\/projekty\/stilnovo-wellness-mind-design-hair-4\/#breadcrumb","itemListElement":[{"@type":"ListItem","position":1,"name":"Home","item":"https:\/\/www.scrigno.com\/cs\/"},{"@type":"ListItem","position":2,"name":"Projekty","item":"https:\/\/www.scrigno.com\/cs\/projekty\/"},{"@type":"ListItem","position":3,"name":"STILNOVO \u201eWellness Mind Design Hair\u201c"}]},{"@type":"WebSite","@id":"https:\/\/www.scrigno.com\/cs\/#website","url":"https:\/\/www.scrigno.com\/cs\/","name":"Scrigno","description":"","potentialAction":[{"@type":"SearchAction","target":{"@type":"EntryPoint","urlTemplate":"https:\/\/www.scrigno.com\/cs\/?s={search_term_string}"},"query-input":{"@type":"PropertyValueSpecification","valueRequired":true,"valueName":"search_term_string"}}],"inLanguage":"cs"}]}},"_links":{"self":[{"href":"https:\/\/www.scrigno.com\/cs\/wp-json\/wp\/v2\/scrignocom_project\/10554","targetHints":{"allow":["GET"]}}],"collection":[{"href":"https:\/\/www.scrigno.com\/cs\/wp-json\/wp\/v2\/scrignocom_project"}],"about":[{"href":"https:\/\/www.scrigno.com\/cs\/wp-json\/wp\/v2\/types\/scrignocom_project"}],"acf:post":[{"embeddable":true,"href":"https:\/\/www.scrigno.com\/cs\/wp-json\/wp\/v2\/scrignocom_architect\/10251"}],"acf:attachment":[{"embeddable":true,"href":"https:\/\/www.scrigno.com\/cs\/wp-json\/wp\/v2\/media\/2257"},{"embeddable":true,"href":"https:\/\/www.scrigno.com\/cs\/wp-json\/wp\/v2\/media\/2937"},{"embeddable":true,"href":"https:\/\/www.scrigno.com\/cs\/wp-json\/wp\/v2\/media\/2933"}],"wp:featuredmedia":[{"embeddable":true,"href":"https:\/\/www.scrigno.com\/cs\/wp-json\/wp\/v2\/media\/2929"}],"wp:attachment":[{"href":"https:\/\/www.scrigno.com\/cs\/wp-json\/wp\/v2\/media?parent=10554"}],"curies":[{"name":"wp","href":"https:\/\/api.w.org\/{rel}","templated":true}]}}