{"id":10565,"date":"2017-12-20T16:51:03","date_gmt":"2017-12-20T14:51:03","guid":{"rendered":"https:\/\/www.scrigno.com\/projects\/novy-zpusob-zivota-v-podkrovi\/"},"modified":"2024-09-18T16:52:49","modified_gmt":"2024-09-18T14:52:49","slug":"novy-zpusob-zivota-v-podkrovi","status":"publish","type":"scrignocom_project","link":"https:\/\/www.scrigno.com\/cs\/projekty\/novy-zpusob-zivota-v-podkrovi\/","title":{"rendered":"Nov\u00fd zp\u016fsob \u017eivota v podkrov\u00ed"},"content":{"rendered":"<p>V detailu dva p\u0159ekr\u00fdvaj\u00edc\u00ed se a p\u016fvodn\u011b samostatn\u00e9 prostory jsou spojeny do harmonick\u00e9 synt\u00e9zy prost\u0159ed\u00ed: v Padov\u011b architekt vdechuje \u017eivot rozs\u00e1hl\u00e9mu komplexu objem\u016f a tvar\u016f, m\u00edstu, kde stropy dvoj\u00ed v\u00fd\u0161ky, niky a p\u0159ekvapuj\u00edc\u00ed prostory se vz\u00e1jemn\u011b ovliv\u0148uj\u00ed v symfonii pr\u00e1zdnoty a plnosti, je\u017e prop\u016fj\u010duje celku pocit lehkosti.<br \/>\nV t\u00e9to souvislosti vytv\u00e1\u0159\u00ed spole\u010dnost Scrigno revolu\u010dn\u00ed \u0159e\u0161en\u00ed ve zp\u016fsobu \u017eivota v podkrov\u00ed, kde nedostatek p\u0159\u00ed\u010dek a p\u0159ep\u00e1\u017eek zaru\u010duje maxim\u00e1ln\u00ed flexibilitu prostoru a perspektivy proch\u00e1zej\u00ed bez p\u0159eru\u0161en\u00ed vzh\u016fru, co\u017e vyb\u00edz\u00ed n\u00e1v\u0161t\u011bvn\u00edka k tomu, aby se nechal un\u00e1\u0161et v\u00fd\u0159ezy sv\u011btla ve stropech, je\u017e d\u00e1vaj\u00ed zahl\u00e9dnout oblohu.<\/p>\n<p>Vjemov\u00e1 plynulost, kontinuita aflexibiln\u00ed konfigurace pou\u017eit\u00ed: to jsou po\u017eadavky objednatele, na n\u011b\u017e architekt Ghisellini reagoval ve f\u00e1zi n\u00e1vrhu, d\u00edky stavebn\u00edm pouzdr\u016fm a dve\u0159\u00edm zna\u010dky Scrigno. Takov\u00fdm zp\u016fsobem <a href=\"\/prodotti\/essential-by-scrigno-t58\">byla \u0159e\u0161en\u00ed Essential<\/a> zasazena do \u010dty\u0159 kritick\u00fdch bod\u016f podkrov\u00ed: stavebn\u00ed pouzdra poj\u00edmaj\u00ed dva panely velk\u00e9ho rozm\u011bru pro do\u010dasn\u00e9 roz\u010dlen\u011bn\u00ed rozvod\u016f, zat\u00edmco dv\u011b dve\u0159e byly ur\u010deny pro funk\u010dn\u00ed prostory sp\u00ed\u017ee a <em>koupelny<\/em>, nach\u00e1zej\u00edc\u00ed se ve druh\u00e9m pat\u0159e.<\/p>\n<p>P\u0159ekvapiv\u011b lehk\u00e9 schodi\u0161t\u011b, jeho\u017e bylo z\u0159ejm\u011b dosa\u017eeno oh\u00fdb\u00e1n\u00edm parket z p\u0159\u00edrodn\u00edho d\u0159eva, umo\u017e\u0148uje p\u0159\u00edstup do vy\u0161\u0161\u00ed \u00farovn\u011b, kde pozornost oka upout\u00e1 ob\u00fdvac\u00ed studio se skandin\u00e1vsk\u00fdmi rysy, s vyhl\u00eddkou p\u0159\u00edmo na ob\u00fdvac\u00ed z\u00f3nu z jedn\u00e9 strany a prostornou terasu na okraji z druh\u00e9 strany, vystavenou n\u00e1dhern\u00fdm panoramatick\u00fdm v\u00fdhled\u016fm d\u00edky tomu, \u017ee je cel\u00e1 st\u011bna prosklen\u00e1.<\/p>\n<p>Charakterizovan\u00e9 eleganc\u00ed a diskr\u00e9tnost\u00ed se dve\u0159e apartm\u00e1nu se p\u0159em\u011b\u0148uj\u00ed na \u201e<strong>posuvn\u00e9 hranice<\/strong>\u201c, d\u00edky \u010demu\u017e z\u00e1rove\u0148 zachov\u00e1vaj\u00ed prostorovou homogenitu typickou pro podkrov\u00ed. Co se t\u00fd\u010de stylu objem\u016f, p\u0159\u00edtomnost prvk\u016f, kter\u00e9 zcela zmiz\u00ed ve zdech, p\u0159edstavuje nakonec velkou v\u00fdhodu v tom, \u017ee prost\u0159ed\u00ed prop\u016fj\u010duje prody\u0161nost a transparentnost, v otev\u0159en\u00e9m prostoru bez p\u0159ek\u00e1\u017eek, kter\u00fd je v p\u0159\u00edpad\u011b pot\u0159eby schopen vytv\u00e1\u0159et strategick\u00e9 prostorov\u00e9 p\u0159ekr\u00fdvky.<\/p>\n<p>Architekt <strong>Tomas Ghisellini<\/strong>, projektov\u00fd mana\u017eer, \u0159\u00edk\u00e1: \u201c<em>Vysok\u00fd d\u016fraz na detaily a schopnost studovat nestandardn\u00ed \u0159e\u0161en\u00ed jsou v\u011bci, kter\u00e9 n\u00e1s vedly k v\u00fdb\u011bru spole\u010dnosti Scrigno, ji\u017e pova\u017eujeme za vynikaj\u00edc\u00edho a vysoce spolehliv\u00e9ho partnera. V ambici\u00f3zn\u00edm projektu jako je tento, v n\u011bm\u017e jsme p\u0159etv\u00e1\u0159eli dom\u00e1c\u00ed prost\u0159ed\u00ed s ohledem na designov\u00e9 detaily zna\u010dn\u00e9ho form\u00e1ln\u00edho, konstruk\u010dn\u00edho a estetick\u00e9ho v\u00fdznamu, n\u00e1m \u0159e\u0161en\u00ed zna\u010dky Scrigno umo\u017enila uspokojit maxim\u00e1ln\u011b po\u017eadavky z\u00e1kazn\u00edka a vytvo\u0159it modern\u00ed obytn\u00fd a flexibiln\u00ed prostor s v\u00fdrazn\u00fdm charakterem.<\/em>\u201d<\/p>\n<p><strong>Francesco Bigoni<\/strong>, marketingov\u00fd \u0159editel spole\u010dnosti Scrigno Holding S.p.A. \u0159\u00edk\u00e1: \u201c<em>Jsme hrdi na to, \u017ee jsme sou\u010d\u00e1st\u00ed tohoto \u00fa\u017easn\u00e9ho projektu, v n\u011bm\u017e jsou na\u0161e \u0159e\u0161en\u00ed zhodnocena jedine\u010dn\u00fdm talentem architekta Tomase Ghiselliniho. V projektu \u2018Loft A\u2019 na\u0161e projekty souzn\u00ed s originalitou a vkusem apartm\u00e1nu, v n\u011bm\u017e hraje detail zcela z\u00e1sadn\u00ed roli a um\u011bn\u00ed a tvo\u0159ivost se st\u00e1vaj\u00ed stylistick\u00fdm a sou\u010dasn\u011b funk\u010dn\u00edm prvkem tak, aby reagovaly na pot\u0159eby t\u011bch, kdo v dom\u011b \u017eij\u00ed.<\/em>\u201d<\/p>\n","protected":false},"featured_media":3049,"template":"","class_list":["post-10565","scrignocom_project","type-scrignocom_project","status-publish","has-post-thumbnail","hentry"],"acf":{"project_description":"<p>\u0158e\u0161en\u00ed spole\u010dnosti Scrigno pro projekt \u201eLoft A\u201c Tomase Ghiselliniho, v n\u011bm\u017e prakti\u010dnost a prostorov\u00e1 pr\u016fchodnost p\u0159edstavuj\u00ed obytn\u00fd komplex velk\u00e9 technick\u00e9 a um\u011bleck\u00e9 hodnoty.<\/p>\n<p>Mil\u00e1n, 23. \u00fanora 2017. V nejvy\u0161\u0161\u00edm pat\u0159e racionalistick\u00e9 budovy z 50.&nbsp;let zkr\u00e1\u0161luje spole\u010dnost Scrigno prostord\u016fmysln\u011b navr\u017een\u00fd architektem Tomasem Ghisellinim, duchovn\u00edm otcem projektu modern\u00ed, p\u0159\u00edjemn\u00e9 a plynul\u00e9 povahy.<\/p>\n","project_date":"2017","project_where":"Mil\u00e1n","project_featured_image":"https:\/\/www.scrigno.com\/wp-content\/uploads\/2024\/07\/essential-scrigno-spazi_ghisellini.jpg","project_gallery":[{"ID":3053,"id":3053,"title":"essential-scrigno_ghisellini.jpeg","filename":"essential-scrigno_ghisellini.jpeg","filesize":68706,"url":"https:\/\/www.scrigno.com\/wp-content\/uploads\/2024\/07\/essential-scrigno_ghisellini.jpeg","link":"https:\/\/www.scrigno.com\/cs\/essential-scrigno_ghisellini-jpeg-2\/","alt":"","author":"1","description":"","caption":"","name":"essential-scrigno_ghisellini-jpeg-2","status":"inherit","uploaded_to":0,"date":"2024-07-29 09:17:55","modified":"2024-07-29 09:17:55","menu_order":0,"mime_type":"image\/jpeg","type":"image","subtype":"jpeg","icon":"https:\/\/www.scrigno.com\/wp-includes\/images\/media\/default.png","width":945,"height":630,"sizes":{"thumbnail":"https:\/\/www.scrigno.com\/wp-content\/uploads\/2024\/07\/essential-scrigno_ghisellini-150x150.jpeg","thumbnail-width":150,"thumbnail-height":150,"medium":"https:\/\/www.scrigno.com\/wp-content\/uploads\/2024\/07\/essential-scrigno_ghisellini-375x250.jpeg","medium-width":375,"medium-height":250,"medium_large":"https:\/\/www.scrigno.com\/wp-content\/uploads\/2024\/07\/essential-scrigno_ghisellini-750x500.jpeg","medium_large-width":750,"medium_large-height":500,"large":"https:\/\/www.scrigno.com\/wp-content\/uploads\/2024\/07\/essential-scrigno_ghisellini.jpeg","large-width":945,"large-height":630,"1536x1536":"https:\/\/www.scrigno.com\/wp-content\/uploads\/2024\/07\/essential-scrigno_ghisellini.jpeg","1536x1536-width":945,"1536x1536-height":630,"2048x2048":"https:\/\/www.scrigno.com\/wp-content\/uploads\/2024\/07\/essential-scrigno_ghisellini.jpeg","2048x2048-width":945,"2048x2048-height":630,"logo-1x":"https:\/\/www.scrigno.com\/wp-content\/uploads\/2024\/07\/essential-scrigno_ghisellini-96x64.jpeg","logo-1x-width":96,"logo-1x-height":64,"logo-footer-1x":"https:\/\/www.scrigno.com\/wp-content\/uploads\/2024\/07\/essential-scrigno_ghisellini-89x59.jpeg","logo-footer-1x-width":89,"logo-footer-1x-height":59,"banner-1x":"https:\/\/www.scrigno.com\/wp-content\/uploads\/2024\/07\/essential-scrigno_ghisellini.jpeg","banner-1x-width":945,"banner-1x-height":630}},{"ID":3057,"id":3057,"title":"loft-a-esterni-terrazzo_ghisellini.jpeg","filename":"loft-a-esterni-terrazzo_ghisellini.jpeg","filesize":66692,"url":"https:\/\/www.scrigno.com\/wp-content\/uploads\/2024\/07\/loft-a-esterni-terrazzo_ghisellini.jpeg","link":"https:\/\/www.scrigno.com\/cs\/loft-a-esterni-terrazzo_ghisellini-jpeg-2\/","alt":"","author":"1","description":"","caption":"","name":"loft-a-esterni-terrazzo_ghisellini-jpeg-2","status":"inherit","uploaded_to":0,"date":"2024-07-29 09:17:56","modified":"2024-07-29 09:17:56","menu_order":0,"mime_type":"image\/jpeg","type":"image","subtype":"jpeg","icon":"https:\/\/www.scrigno.com\/wp-includes\/images\/media\/default.png","width":945,"height":630,"sizes":{"thumbnail":"https:\/\/www.scrigno.com\/wp-content\/uploads\/2024\/07\/loft-a-esterni-terrazzo_ghisellini-150x150.jpeg","thumbnail-width":150,"thumbnail-height":150,"medium":"https:\/\/www.scrigno.com\/wp-content\/uploads\/2024\/07\/loft-a-esterni-terrazzo_ghisellini-375x250.jpeg","medium-width":375,"medium-height":250,"medium_large":"https:\/\/www.scrigno.com\/wp-content\/uploads\/2024\/07\/loft-a-esterni-terrazzo_ghisellini-750x500.jpeg","medium_large-width":750,"medium_large-height":500,"large":"https:\/\/www.scrigno.com\/wp-content\/uploads\/2024\/07\/loft-a-esterni-terrazzo_ghisellini.jpeg","large-width":945,"large-height":630,"1536x1536":"https:\/\/www.scrigno.com\/wp-content\/uploads\/2024\/07\/loft-a-esterni-terrazzo_ghisellini.jpeg","1536x1536-width":945,"1536x1536-height":630,"2048x2048":"https:\/\/www.scrigno.com\/wp-content\/uploads\/2024\/07\/loft-a-esterni-terrazzo_ghisellini.jpeg","2048x2048-width":945,"2048x2048-height":630,"logo-1x":"https:\/\/www.scrigno.com\/wp-content\/uploads\/2024\/07\/loft-a-esterni-terrazzo_ghisellini-96x64.jpeg","logo-1x-width":96,"logo-1x-height":64,"logo-footer-1x":"https:\/\/www.scrigno.com\/wp-content\/uploads\/2024\/07\/loft-a-esterni-terrazzo_ghisellini-89x59.jpeg","logo-footer-1x-width":89,"logo-footer-1x-height":59,"banner-1x":"https:\/\/www.scrigno.com\/wp-content\/uploads\/2024\/07\/loft-a-esterni-terrazzo_ghisellini.jpeg","banner-1x-width":945,"banner-1x-height":630}},{"ID":3061,"id":3061,"title":"loft-a-terrazzo_ghisellini.jpeg","filename":"loft-a-terrazzo_ghisellini.jpeg","filesize":96380,"url":"https:\/\/www.scrigno.com\/wp-content\/uploads\/2024\/07\/loft-a-terrazzo_ghisellini.jpeg","link":"https:\/\/www.scrigno.com\/cs\/loft-a-terrazzo_ghisellini-jpeg-2\/","alt":"","author":"1","description":"","caption":"","name":"loft-a-terrazzo_ghisellini-jpeg-2","status":"inherit","uploaded_to":0,"date":"2024-07-29 09:17:57","modified":"2024-07-29 09:17:57","menu_order":0,"mime_type":"image\/jpeg","type":"image","subtype":"jpeg","icon":"https:\/\/www.scrigno.com\/wp-includes\/images\/media\/default.png","width":945,"height":630,"sizes":{"thumbnail":"https:\/\/www.scrigno.com\/wp-content\/uploads\/2024\/07\/loft-a-terrazzo_ghisellini-150x150.jpeg","thumbnail-width":150,"thumbnail-height":150,"medium":"https:\/\/www.scrigno.com\/wp-content\/uploads\/2024\/07\/loft-a-terrazzo_ghisellini-375x250.jpeg","medium-width":375,"medium-height":250,"medium_large":"https:\/\/www.scrigno.com\/wp-content\/uploads\/2024\/07\/loft-a-terrazzo_ghisellini-750x500.jpeg","medium_large-width":750,"medium_large-height":500,"large":"https:\/\/www.scrigno.com\/wp-content\/uploads\/2024\/07\/loft-a-terrazzo_ghisellini.jpeg","large-width":945,"large-height":630,"1536x1536":"https:\/\/www.scrigno.com\/wp-content\/uploads\/2024\/07\/loft-a-terrazzo_ghisellini.jpeg","1536x1536-width":945,"1536x1536-height":630,"2048x2048":"https:\/\/www.scrigno.com\/wp-content\/uploads\/2024\/07\/loft-a-terrazzo_ghisellini.jpeg","2048x2048-width":945,"2048x2048-height":630,"logo-1x":"https:\/\/www.scrigno.com\/wp-content\/uploads\/2024\/07\/loft-a-terrazzo_ghisellini-96x64.jpeg","logo-1x-width":96,"logo-1x-height":64,"logo-footer-1x":"https:\/\/www.scrigno.com\/wp-content\/uploads\/2024\/07\/loft-a-terrazzo_ghisellini-89x59.jpeg","logo-footer-1x-width":89,"logo-footer-1x-height":59,"banner-1x":"https:\/\/www.scrigno.com\/wp-content\/uploads\/2024\/07\/loft-a-terrazzo_ghisellini.jpeg","banner-1x-width":945,"banner-1x-height":630}},{"ID":2301,"id":2301,"title":"square_L_essential-scrigno-porta-battente_ghisellini","filename":"essential-scrigno-confini-scorrevoli_ghisellini.jpg","filesize":78545,"url":"https:\/\/www.scrigno.com\/wp-content\/uploads\/2024\/07\/essential-scrigno-confini-scorrevoli_ghisellini.jpg","link":"https:\/\/www.scrigno.com\/cs\/essential-scrigno-confini-scorrevoli_ghisellini-jpg-2\/","alt":"","author":"1","description":"square_L_essential-scrigno-porta-battente_ghisellini","caption":"square_L_essential-scrigno-porta-battente_ghisellini","name":"essential-scrigno-confini-scorrevoli_ghisellini-jpg-2","status":"inherit","uploaded_to":0,"date":"2024-07-29 09:17:57","modified":"2024-07-29 09:17:57","menu_order":0,"mime_type":"image\/jpeg","type":"image","subtype":"jpeg","icon":"https:\/\/www.scrigno.com\/wp-includes\/images\/media\/default.png","width":942,"height":630,"sizes":{"thumbnail":"https:\/\/www.scrigno.com\/wp-content\/uploads\/2024\/07\/essential-scrigno-confini-scorrevoli_ghisellini-150x150.jpg","thumbnail-width":150,"thumbnail-height":150,"medium":"https:\/\/www.scrigno.com\/wp-content\/uploads\/2024\/07\/essential-scrigno-confini-scorrevoli_ghisellini-375x251.jpg","medium-width":375,"medium-height":251,"medium_large":"https:\/\/www.scrigno.com\/wp-content\/uploads\/2024\/07\/essential-scrigno-confini-scorrevoli_ghisellini-750x502.jpg","medium_large-width":750,"medium_large-height":502,"large":"https:\/\/www.scrigno.com\/wp-content\/uploads\/2024\/07\/essential-scrigno-confini-scorrevoli_ghisellini.jpg","large-width":942,"large-height":630,"1536x1536":"https:\/\/www.scrigno.com\/wp-content\/uploads\/2024\/07\/essential-scrigno-confini-scorrevoli_ghisellini.jpg","1536x1536-width":942,"1536x1536-height":630,"2048x2048":"https:\/\/www.scrigno.com\/wp-content\/uploads\/2024\/07\/essential-scrigno-confini-scorrevoli_ghisellini.jpg","2048x2048-width":942,"2048x2048-height":630,"logo-1x":"https:\/\/www.scrigno.com\/wp-content\/uploads\/2024\/07\/essential-scrigno-confini-scorrevoli_ghisellini-96x64.jpg","logo-1x-width":96,"logo-1x-height":64,"logo-footer-1x":"https:\/\/www.scrigno.com\/wp-content\/uploads\/2024\/07\/essential-scrigno-confini-scorrevoli_ghisellini-88x59.jpg","logo-footer-1x-width":88,"logo-footer-1x-height":59,"banner-1x":"https:\/\/www.scrigno.com\/wp-content\/uploads\/2024\/07\/essential-scrigno-confini-scorrevoli_ghisellini.jpg","banner-1x-width":942,"banner-1x-height":630}}],"project_architect":{"ID":10247,"post_author":"1","post_date":"2024-09-18 16:47:38","post_date_gmt":"2024-09-18 14:47:38","post_content":"Architecture Atelier, kter\u00fd byl zalo\u017een v roce 2009 po \u010detn\u00fdch zku\u0161enostech, z\u00edskan\u00fdch v It\u00e1lii i v zahrani\u010d\u00ed, se zab\u00fdv\u00e1 architektonick\u00fdm a urbanistick\u00fdm designem, krajinnou architekturou, interi\u00e9rov\u00fdm designem, instalac\u00ed a komunikac\u00ed. Zam\u011bstn\u00e1v\u00e1 t\u00fdm architekt\u016f, in\u017een\u00fdr\u016f, grafik\u016f a um\u011blc\u016f, kte\u0159\u00ed vytvo\u0159ili inovativn\u00ed integrovanou multidisciplin\u00e1rn\u00ed skupinu. K italsk\u00e9 kancel\u00e1\u0159i ve Ferra\u0159e ned\u00e1vno p\u0159ibyla nov\u00e1 kancel\u00e1\u0159, tzv. smart office, kter\u00e1 se zab\u00fdv\u00e1 z\u00e1mo\u0159skou architekturou a v\u00fdzkumn\u00fdmi projekty v Houstonu, v USA.\n\nV\u00edt\u011bz mnoha sout\u011b\u017e\u00ed v r\u00e1mci realizac\u00ed ve\u0159ejn\u00fdch i soukrom\u00fdch projekt\u016f, v\u0161ech dokon\u010den\u00fdch, nebo rozpracovan\u00fdch, ateli\u00e9r, vystaven\u00fd na MoMA New York v r\u00e1mci mezin\u00e1rodn\u00ed v\u00fdstavy Cut'n'Paste - From Architectural Assemblage to Collage City, je ocen\u011bn Renzem Piano v r\u00e1mci druh\u00e9ho ro\u010dn\u00edku presti\u017en\u00ed ceny Renzo Piano Foundation Award, v\u011bnovan\u00e9 nejlep\u0161\u00edm italsk\u00fdm architekt\u016fm do v\u011bku 40 let.","post_title":"ATELIER Tomas Ghisellini Architetti","post_excerpt":"","post_status":"publish","comment_status":"open","ping_status":"open","post_password":"","post_name":"atelier-tomas-ghisellini-architetti-4","to_ping":"","pinged":"","post_modified":"2024-09-18 16:47:38","post_modified_gmt":"2024-09-18 14:47:38","post_content_filtered":"","post_parent":0,"guid":"https:\/\/www.scrigno.com\/architects\/atelier-tomas-ghisellini-architetti-4\/","menu_order":0,"post_type":"scrignocom_architect","post_mime_type":"","comment_count":"0","filter":"raw"},"project_architect_name":"ATELIER Tomas Ghisellini Architetti"},"yoast_head":"<!-- This site is optimized with the Yoast SEO plugin v27.1.1 - https:\/\/yoast.com\/product\/yoast-seo-wordpress\/ -->\n<title>Nov\u00fd zp\u016fsob \u017eivota v podkrov\u00ed - Scrigno<\/title>\n<meta name=\"robots\" content=\"index, follow, max-snippet:-1, max-image-preview:large, max-video-preview:-1\" \/>\n<link rel=\"canonical\" href=\"https:\/\/www.scrigno.com\/cs\/projekty\/novy-zpusob-zivota-v-podkrovi\/\" \/>\n<meta property=\"og:locale\" content=\"cs_CZ\" \/>\n<meta property=\"og:type\" content=\"article\" \/>\n<meta property=\"og:title\" content=\"Nov\u00fd zp\u016fsob \u017eivota v podkrov\u00ed - Scrigno\" \/>\n<meta property=\"og:description\" content=\"V detailu dva p\u0159ekr\u00fdvaj\u00edc\u00ed se a p\u016fvodn\u011b samostatn\u00e9 prostory jsou spojeny do harmonick\u00e9 synt\u00e9zy prost\u0159ed\u00ed: v Padov\u011b architekt vdechuje \u017eivot [&hellip;]\" \/>\n<meta property=\"og:url\" content=\"https:\/\/www.scrigno.com\/cs\/projekty\/novy-zpusob-zivota-v-podkrovi\/\" \/>\n<meta property=\"og:site_name\" content=\"Scrigno\" \/>\n<meta property=\"article:modified_time\" content=\"2024-09-18T14:52:49+00:00\" \/>\n<meta property=\"og:image\" content=\"https:\/\/www.scrigno.com\/wp-content\/uploads\/2024\/07\/square_L_essential-scrigno-porta-battente_ghisellini.jpg\" \/>\n\t<meta property=\"og:image:width\" content=\"1100\" \/>\n\t<meta property=\"og:image:height\" content=\"1100\" \/>\n\t<meta property=\"og:image:type\" content=\"image\/jpeg\" \/>\n<meta name=\"twitter:card\" content=\"summary_large_image\" \/>\n<meta name=\"twitter:label1\" content=\"Odhadovan\u00e1 doba \u010dten\u00ed\" \/>\n\t<meta name=\"twitter:data1\" content=\"3 minuty\" \/>\n<script type=\"application\/ld+json\" class=\"yoast-schema-graph\">{\"@context\":\"https:\/\/schema.org\",\"@graph\":[{\"@type\":\"WebPage\",\"@id\":\"https:\/\/www.scrigno.com\/cs\/projekty\/novy-zpusob-zivota-v-podkrovi\/\",\"url\":\"https:\/\/www.scrigno.com\/cs\/projekty\/novy-zpusob-zivota-v-podkrovi\/\",\"name\":\"Nov\u00fd zp\u016fsob \u017eivota v podkrov\u00ed - Scrigno\",\"isPartOf\":{\"@id\":\"https:\/\/www.scrigno.com\/cs\/#website\"},\"primaryImageOfPage\":{\"@id\":\"https:\/\/www.scrigno.com\/cs\/projekty\/novy-zpusob-zivota-v-podkrovi\/#primaryimage\"},\"image\":{\"@id\":\"https:\/\/www.scrigno.com\/cs\/projekty\/novy-zpusob-zivota-v-podkrovi\/#primaryimage\"},\"thumbnailUrl\":\"https:\/\/www.scrigno.com\/wp-content\/uploads\/2024\/07\/square_L_essential-scrigno-porta-battente_ghisellini.jpg\",\"datePublished\":\"2017-12-20T14:51:03+00:00\",\"dateModified\":\"2024-09-18T14:52:49+00:00\",\"breadcrumb\":{\"@id\":\"https:\/\/www.scrigno.com\/cs\/projekty\/novy-zpusob-zivota-v-podkrovi\/#breadcrumb\"},\"inLanguage\":\"cs\",\"potentialAction\":[{\"@type\":\"ReadAction\",\"target\":[\"https:\/\/www.scrigno.com\/cs\/projekty\/novy-zpusob-zivota-v-podkrovi\/\"]}]},{\"@type\":\"ImageObject\",\"inLanguage\":\"cs\",\"@id\":\"https:\/\/www.scrigno.com\/cs\/projekty\/novy-zpusob-zivota-v-podkrovi\/#primaryimage\",\"url\":\"https:\/\/www.scrigno.com\/wp-content\/uploads\/2024\/07\/square_L_essential-scrigno-porta-battente_ghisellini.jpg\",\"contentUrl\":\"https:\/\/www.scrigno.com\/wp-content\/uploads\/2024\/07\/square_L_essential-scrigno-porta-battente_ghisellini.jpg\",\"width\":1100,\"height\":1100},{\"@type\":\"BreadcrumbList\",\"@id\":\"https:\/\/www.scrigno.com\/cs\/projekty\/novy-zpusob-zivota-v-podkrovi\/#breadcrumb\",\"itemListElement\":[{\"@type\":\"ListItem\",\"position\":1,\"name\":\"Home\",\"item\":\"https:\/\/www.scrigno.com\/cs\/\"},{\"@type\":\"ListItem\",\"position\":2,\"name\":\"Projekty\",\"item\":\"https:\/\/www.scrigno.com\/cs\/projekty\/\"},{\"@type\":\"ListItem\",\"position\":3,\"name\":\"Nov\u00fd zp\u016fsob \u017eivota v podkrov\u00ed\"}]},{\"@type\":\"WebSite\",\"@id\":\"https:\/\/www.scrigno.com\/cs\/#website\",\"url\":\"https:\/\/www.scrigno.com\/cs\/\",\"name\":\"Scrigno\",\"description\":\"\",\"potentialAction\":[{\"@type\":\"SearchAction\",\"target\":{\"@type\":\"EntryPoint\",\"urlTemplate\":\"https:\/\/www.scrigno.com\/cs\/?s={search_term_string}\"},\"query-input\":{\"@type\":\"PropertyValueSpecification\",\"valueRequired\":true,\"valueName\":\"search_term_string\"}}],\"inLanguage\":\"cs\"}]}<\/script>\n<!-- \/ Yoast SEO plugin. -->","yoast_head_json":{"title":"Nov\u00fd zp\u016fsob \u017eivota v podkrov\u00ed - Scrigno","robots":{"index":"index","follow":"follow","max-snippet":"max-snippet:-1","max-image-preview":"max-image-preview:large","max-video-preview":"max-video-preview:-1"},"canonical":"https:\/\/www.scrigno.com\/cs\/projekty\/novy-zpusob-zivota-v-podkrovi\/","og_locale":"cs_CZ","og_type":"article","og_title":"Nov\u00fd zp\u016fsob \u017eivota v podkrov\u00ed - Scrigno","og_description":"V detailu dva p\u0159ekr\u00fdvaj\u00edc\u00ed se a p\u016fvodn\u011b samostatn\u00e9 prostory jsou spojeny do harmonick\u00e9 synt\u00e9zy prost\u0159ed\u00ed: v Padov\u011b architekt vdechuje \u017eivot [&hellip;]","og_url":"https:\/\/www.scrigno.com\/cs\/projekty\/novy-zpusob-zivota-v-podkrovi\/","og_site_name":"Scrigno","article_modified_time":"2024-09-18T14:52:49+00:00","og_image":[{"width":1100,"height":1100,"url":"https:\/\/www.scrigno.com\/wp-content\/uploads\/2024\/07\/square_L_essential-scrigno-porta-battente_ghisellini.jpg","type":"image\/jpeg"}],"twitter_card":"summary_large_image","twitter_misc":{"Odhadovan\u00e1 doba \u010dten\u00ed":"3 minuty"},"schema":{"@context":"https:\/\/schema.org","@graph":[{"@type":"WebPage","@id":"https:\/\/www.scrigno.com\/cs\/projekty\/novy-zpusob-zivota-v-podkrovi\/","url":"https:\/\/www.scrigno.com\/cs\/projekty\/novy-zpusob-zivota-v-podkrovi\/","name":"Nov\u00fd zp\u016fsob \u017eivota v podkrov\u00ed - Scrigno","isPartOf":{"@id":"https:\/\/www.scrigno.com\/cs\/#website"},"primaryImageOfPage":{"@id":"https:\/\/www.scrigno.com\/cs\/projekty\/novy-zpusob-zivota-v-podkrovi\/#primaryimage"},"image":{"@id":"https:\/\/www.scrigno.com\/cs\/projekty\/novy-zpusob-zivota-v-podkrovi\/#primaryimage"},"thumbnailUrl":"https:\/\/www.scrigno.com\/wp-content\/uploads\/2024\/07\/square_L_essential-scrigno-porta-battente_ghisellini.jpg","datePublished":"2017-12-20T14:51:03+00:00","dateModified":"2024-09-18T14:52:49+00:00","breadcrumb":{"@id":"https:\/\/www.scrigno.com\/cs\/projekty\/novy-zpusob-zivota-v-podkrovi\/#breadcrumb"},"inLanguage":"cs","potentialAction":[{"@type":"ReadAction","target":["https:\/\/www.scrigno.com\/cs\/projekty\/novy-zpusob-zivota-v-podkrovi\/"]}]},{"@type":"ImageObject","inLanguage":"cs","@id":"https:\/\/www.scrigno.com\/cs\/projekty\/novy-zpusob-zivota-v-podkrovi\/#primaryimage","url":"https:\/\/www.scrigno.com\/wp-content\/uploads\/2024\/07\/square_L_essential-scrigno-porta-battente_ghisellini.jpg","contentUrl":"https:\/\/www.scrigno.com\/wp-content\/uploads\/2024\/07\/square_L_essential-scrigno-porta-battente_ghisellini.jpg","width":1100,"height":1100},{"@type":"BreadcrumbList","@id":"https:\/\/www.scrigno.com\/cs\/projekty\/novy-zpusob-zivota-v-podkrovi\/#breadcrumb","itemListElement":[{"@type":"ListItem","position":1,"name":"Home","item":"https:\/\/www.scrigno.com\/cs\/"},{"@type":"ListItem","position":2,"name":"Projekty","item":"https:\/\/www.scrigno.com\/cs\/projekty\/"},{"@type":"ListItem","position":3,"name":"Nov\u00fd zp\u016fsob \u017eivota v podkrov\u00ed"}]},{"@type":"WebSite","@id":"https:\/\/www.scrigno.com\/cs\/#website","url":"https:\/\/www.scrigno.com\/cs\/","name":"Scrigno","description":"","potentialAction":[{"@type":"SearchAction","target":{"@type":"EntryPoint","urlTemplate":"https:\/\/www.scrigno.com\/cs\/?s={search_term_string}"},"query-input":{"@type":"PropertyValueSpecification","valueRequired":true,"valueName":"search_term_string"}}],"inLanguage":"cs"}]}},"_links":{"self":[{"href":"https:\/\/www.scrigno.com\/cs\/wp-json\/wp\/v2\/scrignocom_project\/10565","targetHints":{"allow":["GET"]}}],"collection":[{"href":"https:\/\/www.scrigno.com\/cs\/wp-json\/wp\/v2\/scrignocom_project"}],"about":[{"href":"https:\/\/www.scrigno.com\/cs\/wp-json\/wp\/v2\/types\/scrignocom_project"}],"acf:post":[{"embeddable":true,"href":"https:\/\/www.scrigno.com\/cs\/wp-json\/wp\/v2\/scrignocom_architect\/10247"}],"acf:attachment":[{"embeddable":true,"href":"https:\/\/www.scrigno.com\/cs\/wp-json\/wp\/v2\/media\/2301"},{"embeddable":true,"href":"https:\/\/www.scrigno.com\/cs\/wp-json\/wp\/v2\/media\/3061"},{"embeddable":true,"href":"https:\/\/www.scrigno.com\/cs\/wp-json\/wp\/v2\/media\/3057"},{"embeddable":true,"href":"https:\/\/www.scrigno.com\/cs\/wp-json\/wp\/v2\/media\/3053"}],"wp:featuredmedia":[{"embeddable":true,"href":"https:\/\/www.scrigno.com\/cs\/wp-json\/wp\/v2\/media\/3049"}],"wp:attachment":[{"href":"https:\/\/www.scrigno.com\/cs\/wp-json\/wp\/v2\/media?parent=10565"}],"curies":[{"name":"wp","href":"https:\/\/api.w.org\/{rel}","templated":true}]}}