{"id":10580,"date":"2018-01-10T16:50:38","date_gmt":"2018-01-10T14:50:38","guid":{"rendered":"https:\/\/www.scrigno.com\/projects\/casa-estudio-passivhaus\/"},"modified":"2024-09-18T16:53:06","modified_gmt":"2024-09-18T14:53:06","slug":"casa-estudio-passivhaus","status":"publish","type":"scrignocom_project","link":"https:\/\/www.scrigno.com\/es\/proyectos\/casa-estudio-passivhaus\/","title":{"rendered":"Casa\/Estudio Passivhaus"},"content":{"rendered":"<p>Esta reforma es particularmente innovadora al ser la primera en Italia y entre las primeras en el mundo en la que se aplica el protocolo Passive House (enerphit\/passivhaus) a un conjunto de edificios ya construido (fuente: <a href=\"http:\/\/www.passivhausprojekte.de\/index.php?lang=en\" rel=\"nofollow noopener\" target=\"_blank\">www.passivhausprojekte.de<\/a>). El proyecto demuestra que es posible lograr el rendimiento energ\u00e9tico de una casa pasiva no solo en nuevas construcciones aisladas, que representan casi todas las casas pasivas construidas hasta la fecha, sino tambi\u00e9n en n\u00facleos urbanos con edificios hist\u00f3ricos o en las primeras periferias de nuestras ciudades. La experimentaci\u00f3n de este protocolo de dise\u00f1o en un conjunto de edificios es especialmente significativa para Italia, donde cualquier ciudad se caracteriza por este tipo de construcciones.<\/p>\n<p>En un contexto donde la regeneraci\u00f3n urbana, la eficiencia energ\u00e9tica y la mejora s\u00edsmica son factores emergentes, el dise\u00f1o de calidad parece ser el \u00fanico recurso capaz de aportar una soluci\u00f3n concreta. El proyecto mejora un edificio degradado, anula el consumo de energ\u00eda y las emisiones a la atm\u00f3sfera y mejora su estructura haci\u00e9ndolo antis\u00edsmico.<\/p>\n<p>En el proyecto tambi\u00e9n se engloba la residencia y el estudio de arquitectura del dise\u00f1ador. Se han utilizado tecnolog\u00edas de construcci\u00f3n innovadoras con total libertad, con el objetivo de lograr la eficiencia de una casa pasiva reduciendo al m\u00e1ximo los costes. El edificio tendr\u00e1 una estructura mixta de madera <em>(laminar y XLam)<\/em>, acero, mamposter\u00eda y hormig\u00f3n armado, donde cada material funciona de la mejor manera aprovechando sus caracter\u00edsticas naturales. Al hacer esto, el coste de construcci\u00f3n del edificio se ha mantenido en los niveles del mercado sin sacrificar ning\u00fan aspecto relacionado con la calidad.<\/p>\n<p>El proyecto es a\u00fan m\u00e1s significativo si tenemos en cuenta que en Europa el consumo energ\u00e9tico de los edificios existentes requiere el 40% de la energ\u00eda producida, tambi\u00e9n en referencia a la Directiva Europea 2010\/31\/UE, ya implementada por los estados miembros, que menciona: <em>\u00abA partir del 31 de diciembre de 2018, los edificios de nueva construcci\u00f3n ocupados y de propiedad de las administraciones p\u00fablicas, incluidos los centros escolares, deben ser edificios con un consumo de energ\u00eda casi nulo. A partir del 1 de enero de 2021, dicha disposici\u00f3n se extiende a todos los edificios de nueva construcci\u00f3n\u00bb.<\/em><\/p>\n<p>La envoltura del edificio ser\u00e1 tan eficiente que podr\u00e1 calentarse con el uso de los rayos solares, el calor producido por el cuerpo humano y los electrodom\u00e9sticos. No estar\u00e1 conectado a la red de gas y solo estar\u00e1 equipado con un sistema de ventilaci\u00f3n mec\u00e1nica controlada, capaz de transferir el calor del aire viciado expulsado, al aire limpio y filtrado introducido desde el exterior. Al no utilizar fuentes de energ\u00eda combustibles, el edificio tendr\u00e1 cero emisiones a la atm\u00f3sfera.<br \/>\nAdem\u00e1s de un consumo energ\u00e9tico cercano a cero, una casa pasiva garantiza altos niveles de confort en comparaci\u00f3n con los edificios tradicionales. El protocolo permite la reducci\u00f3n de CO2 en el interior de la vivienda, la comprobaci\u00f3n de moho y condensaciones mediante el c\u00e1lculo anal\u00edtico de los puentes t\u00e9rmicos, temperaturas superficiales constantes, humedad relativa del 50% con 20\u00b0 en invierno y 25\u00b0 en verano.<\/p>\n<p>Teniendo en cuenta la emergencia s\u00edsmica que afecta al 80% de los edificios en Italia, el proyecto tambi\u00e9n introduce innovaciones en el campo estructural utilizando sistemas innovadores que permiten la adaptaci\u00f3n a la legislaci\u00f3n vigente, una condici\u00f3n que se complica a\u00fan m\u00e1s por la integraci\u00f3n de la unidad en un conjunto de edificios ya existente. A partir del c\u00e1lculo utilizando el <strong>PHPP (Passive House Planning Package)<\/strong>, el edificio tiene unas necesidades t\u00e9rmicas anuales de calefacci\u00f3n de 9 kWh\/m2a y unas necesidades de refrigeraci\u00f3n y deshumidificaci\u00f3n de 7 kWh\/m2a. Por lo tanto, las necesidades son inferiores a los 15 kWh\/(m2a) exigidos por el est\u00e1ndar Passivhaus.<\/p>\n<p>A partir del c\u00e1lculo con softwares estructurados seg\u00fan las normas nacionales, el edificio entra dentro de la clase energ\u00e9tica \u00abA4 edificio de energ\u00eda casi nula\u00bb con un \u00edndice EPgl,nren de 12,88 kWh\/(m2a) que ya incluye el consumo de climatizaci\u00f3n, agua caliente sanitaria y ventilaci\u00f3n mec\u00e1nica controlada. La producci\u00f3n fotovoltaica (3kW) es de 37,8 kWh\/m2a, mientras que el consumo relacionado con la climatizaci\u00f3n sumado al consumo por ventilaci\u00f3n mec\u00e1nica es de 23,92 kWh\/m2a. En t\u00e9rminos de climatizaci\u00f3n, el edificio produce m\u00e1s energ\u00eda de la que consume. Estos resultados muestran c\u00f3mo el uso estrat\u00e9gico de diferentes sistemas de construcci\u00f3n, evitando procesos estandarizados, puede ser una propuesta funcional para la regeneraci\u00f3n de alta eficiencia energ\u00e9tica de un conjunto de edificios.<\/p>\n<h2 style=\"font-size:20px\">Lista de premios y galardones<\/h2>\n<ul>\n<li>BIG SEE ARCHITECTURE AWARDS 2021 proyecto ganador Casa\/Studio Passivehouse de Piraccini + Potente Architettura; Arq. Stefano Piraccini, Arq. Margherita Potente<\/li>\n<li>Obra ganadora del premio In\/Architettura 2020, categor\u00eda <em>\u00abPremios a actuaciones realizadas por j\u00f3venes dise\u00f1adores\u00bb<\/em>, Instituto Nacional de Arquitectura.<\/li>\n<li>Obra ganadora del premio internacional The Plan Awards 2020 en la categor\u00eda <em>\u00abHome Efficiency &amp; Technology Special Contest\u00bb<\/em>, revista de arquitectura The Plan.<\/li>\n<li>Obra ganadora del premio internacional Active House Awards 2019 en la categor\u00eda <em>\u00abBuilt Project without radar\u00bb<\/em>, Asociaci\u00f3n Active House.<\/li>\n<li>Menci\u00f3n especial en el premio Poroton 2019, Consorcio Poroton.<\/li>\n<li>Obra ganadora del premio Innovatori Responsabili Emilia-Romagna para experiencias de innovaci\u00f3n que ayuden a implementar los objetivos establecidos por la ONU en la Agenda 2030 para el desarrollo sostenible, Regi\u00f3n de Emilia-Romagna.<\/li>\n<li>Obra seleccionada para el premio Giovane Talento de la Arquitectura Italiana 2019, Consejo Nacional de Arquitectos.<\/li>\n<\/ul>\n","protected":false},"featured_media":2680,"template":"","class_list":["post-10580","scrignocom_project","type-scrignocom_project","status-publish","has-post-thumbnail","hentry"],"acf":{"project_description":"<p>El proyecto consiste en la rehabilitaci\u00f3n de un edificio utilizando el protocolo internacional <a href=\"http:\/\/www.passivehouse.com\" rel=\"nofollow\" target=\"_blank\">Passive House<\/a>: la m\u00e1xima referencia cient\u00edfica para edificios sostenibles con un consumo energ\u00e9tico cercano a cero.<\/p>\n","project_date":"2018","project_where":"Cesena","project_featured_image":"https:\/\/www.scrigno.com\/wp-content\/uploads\/2024\/07\/cesena-piraccini_002.jpeg","project_gallery":[{"ID":2684,"id":2684,"title":"casa-studio-passivhaus-cesena-piraccini_004.jpeg","filename":"casa-studio-passivhaus-cesena-piraccini_004.jpeg","filesize":82524,"url":"https:\/\/www.scrigno.com\/wp-content\/uploads\/2024\/07\/casa-studio-passivhaus-cesena-piraccini_004.jpeg","link":"https:\/\/www.scrigno.com\/es\/casa-studio-passivhaus-cesena-piraccini_004-jpeg-2\/","alt":"","author":"1","description":"","caption":"","name":"casa-studio-passivhaus-cesena-piraccini_004-jpeg-2","status":"inherit","uploaded_to":0,"date":"2024-07-29 09:14:39","modified":"2024-07-29 09:14:39","menu_order":0,"mime_type":"image\/jpeg","type":"image","subtype":"jpeg","icon":"https:\/\/www.scrigno.com\/wp-includes\/images\/media\/default.png","width":867,"height":630,"sizes":{"thumbnail":"https:\/\/www.scrigno.com\/wp-content\/uploads\/2024\/07\/casa-studio-passivhaus-cesena-piraccini_004-150x150.jpeg","thumbnail-width":150,"thumbnail-height":150,"medium":"https:\/\/www.scrigno.com\/wp-content\/uploads\/2024\/07\/casa-studio-passivhaus-cesena-piraccini_004-375x272.jpeg","medium-width":375,"medium-height":272,"medium_large":"https:\/\/www.scrigno.com\/wp-content\/uploads\/2024\/07\/casa-studio-passivhaus-cesena-piraccini_004-750x545.jpeg","medium_large-width":750,"medium_large-height":545,"large":"https:\/\/www.scrigno.com\/wp-content\/uploads\/2024\/07\/casa-studio-passivhaus-cesena-piraccini_004.jpeg","large-width":867,"large-height":630,"1536x1536":"https:\/\/www.scrigno.com\/wp-content\/uploads\/2024\/07\/casa-studio-passivhaus-cesena-piraccini_004.jpeg","1536x1536-width":867,"1536x1536-height":630,"2048x2048":"https:\/\/www.scrigno.com\/wp-content\/uploads\/2024\/07\/casa-studio-passivhaus-cesena-piraccini_004.jpeg","2048x2048-width":867,"2048x2048-height":630,"logo-1x":"https:\/\/www.scrigno.com\/wp-content\/uploads\/2024\/07\/casa-studio-passivhaus-cesena-piraccini_004-88x64.jpeg","logo-1x-width":88,"logo-1x-height":64,"logo-footer-1x":"https:\/\/www.scrigno.com\/wp-content\/uploads\/2024\/07\/casa-studio-passivhaus-cesena-piraccini_004-81x59.jpeg","logo-footer-1x-width":81,"logo-footer-1x-height":59,"banner-1x":"https:\/\/www.scrigno.com\/wp-content\/uploads\/2024\/07\/casa-studio-passivhaus-cesena-piraccini_004.jpeg","banner-1x-width":867,"banner-1x-height":630}},{"ID":2688,"id":2688,"title":"Casa_Studio_passivehouse_piraccinipotente_architettura-4.jpg","filename":"Casa_Studio_passivehouse_piraccinipotente_architettura-4.jpg","filesize":66781,"url":"https:\/\/www.scrigno.com\/wp-content\/uploads\/2024\/07\/Casa_Studio_passivehouse_piraccinipotente_architettura-4.jpg","link":"https:\/\/www.scrigno.com\/es\/casa_studio_passivehouse_piraccinipotente_architettura-4-jpg-2\/","alt":"","author":"1","description":"","caption":"","name":"casa_studio_passivehouse_piraccinipotente_architettura-4-jpg-2","status":"inherit","uploaded_to":0,"date":"2024-07-29 09:14:40","modified":"2024-07-29 09:14:40","menu_order":0,"mime_type":"image\/jpeg","type":"image","subtype":"jpeg","icon":"https:\/\/www.scrigno.com\/wp-includes\/images\/media\/default.png","width":853,"height":630,"sizes":{"thumbnail":"https:\/\/www.scrigno.com\/wp-content\/uploads\/2024\/07\/Casa_Studio_passivehouse_piraccinipotente_architettura-4-150x150.jpg","thumbnail-width":150,"thumbnail-height":150,"medium":"https:\/\/www.scrigno.com\/wp-content\/uploads\/2024\/07\/Casa_Studio_passivehouse_piraccinipotente_architettura-4-375x277.jpg","medium-width":375,"medium-height":277,"medium_large":"https:\/\/www.scrigno.com\/wp-content\/uploads\/2024\/07\/Casa_Studio_passivehouse_piraccinipotente_architettura-4-750x554.jpg","medium_large-width":750,"medium_large-height":554,"large":"https:\/\/www.scrigno.com\/wp-content\/uploads\/2024\/07\/Casa_Studio_passivehouse_piraccinipotente_architettura-4.jpg","large-width":853,"large-height":630,"1536x1536":"https:\/\/www.scrigno.com\/wp-content\/uploads\/2024\/07\/Casa_Studio_passivehouse_piraccinipotente_architettura-4.jpg","1536x1536-width":853,"1536x1536-height":630,"2048x2048":"https:\/\/www.scrigno.com\/wp-content\/uploads\/2024\/07\/Casa_Studio_passivehouse_piraccinipotente_architettura-4.jpg","2048x2048-width":853,"2048x2048-height":630,"logo-1x":"https:\/\/www.scrigno.com\/wp-content\/uploads\/2024\/07\/Casa_Studio_passivehouse_piraccinipotente_architettura-4-87x64.jpg","logo-1x-width":87,"logo-1x-height":64,"logo-footer-1x":"https:\/\/www.scrigno.com\/wp-content\/uploads\/2024\/07\/Casa_Studio_passivehouse_piraccinipotente_architettura-4-80x59.jpg","logo-footer-1x-width":80,"logo-footer-1x-height":59,"banner-1x":"https:\/\/www.scrigno.com\/wp-content\/uploads\/2024\/07\/Casa_Studio_passivehouse_piraccinipotente_architettura-4.jpg","banner-1x-width":853,"banner-1x-height":630}},{"ID":2692,"id":2692,"title":"casa-studio-passivhaus-cesena-piraccini-bagno_001.jpeg","filename":"casa-studio-passivhaus-cesena-piraccini-bagno_001.jpeg","filesize":57337,"url":"https:\/\/www.scrigno.com\/wp-content\/uploads\/2024\/07\/casa-studio-passivhaus-cesena-piraccini-bagno_001.jpeg","link":"https:\/\/www.scrigno.com\/es\/casa-studio-passivhaus-cesena-piraccini-bagno_001-jpeg-2\/","alt":"","author":"1","description":"","caption":"","name":"casa-studio-passivhaus-cesena-piraccini-bagno_001-jpeg-2","status":"inherit","uploaded_to":0,"date":"2024-07-29 09:14:40","modified":"2024-07-29 09:14:40","menu_order":0,"mime_type":"image\/jpeg","type":"image","subtype":"jpeg","icon":"https:\/\/www.scrigno.com\/wp-includes\/images\/media\/default.png","width":840,"height":630,"sizes":{"thumbnail":"https:\/\/www.scrigno.com\/wp-content\/uploads\/2024\/07\/casa-studio-passivhaus-cesena-piraccini-bagno_001-150x150.jpeg","thumbnail-width":150,"thumbnail-height":150,"medium":"https:\/\/www.scrigno.com\/wp-content\/uploads\/2024\/07\/casa-studio-passivhaus-cesena-piraccini-bagno_001-375x281.jpeg","medium-width":375,"medium-height":281,"medium_large":"https:\/\/www.scrigno.com\/wp-content\/uploads\/2024\/07\/casa-studio-passivhaus-cesena-piraccini-bagno_001-750x563.jpeg","medium_large-width":750,"medium_large-height":563,"large":"https:\/\/www.scrigno.com\/wp-content\/uploads\/2024\/07\/casa-studio-passivhaus-cesena-piraccini-bagno_001.jpeg","large-width":840,"large-height":630,"1536x1536":"https:\/\/www.scrigno.com\/wp-content\/uploads\/2024\/07\/casa-studio-passivhaus-cesena-piraccini-bagno_001.jpeg","1536x1536-width":840,"1536x1536-height":630,"2048x2048":"https:\/\/www.scrigno.com\/wp-content\/uploads\/2024\/07\/casa-studio-passivhaus-cesena-piraccini-bagno_001.jpeg","2048x2048-width":840,"2048x2048-height":630,"logo-1x":"https:\/\/www.scrigno.com\/wp-content\/uploads\/2024\/07\/casa-studio-passivhaus-cesena-piraccini-bagno_001-85x64.jpeg","logo-1x-width":85,"logo-1x-height":64,"logo-footer-1x":"https:\/\/www.scrigno.com\/wp-content\/uploads\/2024\/07\/casa-studio-passivhaus-cesena-piraccini-bagno_001-79x59.jpeg","logo-footer-1x-width":79,"logo-footer-1x-height":59,"banner-1x":"https:\/\/www.scrigno.com\/wp-content\/uploads\/2024\/07\/casa-studio-passivhaus-cesena-piraccini-bagno_001.jpeg","banner-1x-width":840,"banner-1x-height":630}},{"ID":2696,"id":2696,"title":"casa-studio-passivhaus-cesena-piraccini_008.jpeg","filename":"casa-studio-passivhaus-cesena-piraccini_008.jpeg","filesize":56571,"url":"https:\/\/www.scrigno.com\/wp-content\/uploads\/2024\/07\/casa-studio-passivhaus-cesena-piraccini_008.jpeg","link":"https:\/\/www.scrigno.com\/es\/casa-studio-passivhaus-cesena-piraccini_008-jpeg-2\/","alt":"","author":"1","description":"","caption":"","name":"casa-studio-passivhaus-cesena-piraccini_008-jpeg-2","status":"inherit","uploaded_to":0,"date":"2024-07-29 09:14:41","modified":"2024-07-29 09:14:41","menu_order":0,"mime_type":"image\/jpeg","type":"image","subtype":"jpeg","icon":"https:\/\/www.scrigno.com\/wp-includes\/images\/media\/default.png","width":825,"height":630,"sizes":{"thumbnail":"https:\/\/www.scrigno.com\/wp-content\/uploads\/2024\/07\/casa-studio-passivhaus-cesena-piraccini_008-150x150.jpeg","thumbnail-width":150,"thumbnail-height":150,"medium":"https:\/\/www.scrigno.com\/wp-content\/uploads\/2024\/07\/casa-studio-passivhaus-cesena-piraccini_008-375x286.jpeg","medium-width":375,"medium-height":286,"medium_large":"https:\/\/www.scrigno.com\/wp-content\/uploads\/2024\/07\/casa-studio-passivhaus-cesena-piraccini_008-750x573.jpeg","medium_large-width":750,"medium_large-height":573,"large":"https:\/\/www.scrigno.com\/wp-content\/uploads\/2024\/07\/casa-studio-passivhaus-cesena-piraccini_008.jpeg","large-width":825,"large-height":630,"1536x1536":"https:\/\/www.scrigno.com\/wp-content\/uploads\/2024\/07\/casa-studio-passivhaus-cesena-piraccini_008.jpeg","1536x1536-width":825,"1536x1536-height":630,"2048x2048":"https:\/\/www.scrigno.com\/wp-content\/uploads\/2024\/07\/casa-studio-passivhaus-cesena-piraccini_008.jpeg","2048x2048-width":825,"2048x2048-height":630,"logo-1x":"https:\/\/www.scrigno.com\/wp-content\/uploads\/2024\/07\/casa-studio-passivhaus-cesena-piraccini_008-84x64.jpeg","logo-1x-width":84,"logo-1x-height":64,"logo-footer-1x":"https:\/\/www.scrigno.com\/wp-content\/uploads\/2024\/07\/casa-studio-passivhaus-cesena-piraccini_008-77x59.jpeg","logo-footer-1x-width":77,"logo-footer-1x-height":59,"banner-1x":"https:\/\/www.scrigno.com\/wp-content\/uploads\/2024\/07\/casa-studio-passivhaus-cesena-piraccini_008.jpeg","banner-1x-width":825,"banner-1x-height":630}},{"ID":2700,"id":2700,"title":"Casa_Studio_passivehouse_piraccinipotente_architettura-5.jpg","filename":"Casa_Studio_passivehouse_piraccinipotente_architettura-5.jpg","filesize":87274,"url":"https:\/\/www.scrigno.com\/wp-content\/uploads\/2024\/07\/Casa_Studio_passivehouse_piraccinipotente_architettura-5.jpg","link":"https:\/\/www.scrigno.com\/es\/casa_studio_passivehouse_piraccinipotente_architettura-5-jpg-2\/","alt":"","author":"1","description":"","caption":"","name":"casa_studio_passivehouse_piraccinipotente_architettura-5-jpg-2","status":"inherit","uploaded_to":0,"date":"2024-07-29 09:14:41","modified":"2024-07-29 09:14:41","menu_order":0,"mime_type":"image\/jpeg","type":"image","subtype":"jpeg","icon":"https:\/\/www.scrigno.com\/wp-includes\/images\/media\/default.png","width":853,"height":630,"sizes":{"thumbnail":"https:\/\/www.scrigno.com\/wp-content\/uploads\/2024\/07\/Casa_Studio_passivehouse_piraccinipotente_architettura-5-150x150.jpg","thumbnail-width":150,"thumbnail-height":150,"medium":"https:\/\/www.scrigno.com\/wp-content\/uploads\/2024\/07\/Casa_Studio_passivehouse_piraccinipotente_architettura-5-375x277.jpg","medium-width":375,"medium-height":277,"medium_large":"https:\/\/www.scrigno.com\/wp-content\/uploads\/2024\/07\/Casa_Studio_passivehouse_piraccinipotente_architettura-5-750x554.jpg","medium_large-width":750,"medium_large-height":554,"large":"https:\/\/www.scrigno.com\/wp-content\/uploads\/2024\/07\/Casa_Studio_passivehouse_piraccinipotente_architettura-5.jpg","large-width":853,"large-height":630,"1536x1536":"https:\/\/www.scrigno.com\/wp-content\/uploads\/2024\/07\/Casa_Studio_passivehouse_piraccinipotente_architettura-5.jpg","1536x1536-width":853,"1536x1536-height":630,"2048x2048":"https:\/\/www.scrigno.com\/wp-content\/uploads\/2024\/07\/Casa_Studio_passivehouse_piraccinipotente_architettura-5.jpg","2048x2048-width":853,"2048x2048-height":630,"logo-1x":"https:\/\/www.scrigno.com\/wp-content\/uploads\/2024\/07\/Casa_Studio_passivehouse_piraccinipotente_architettura-5-87x64.jpg","logo-1x-width":87,"logo-1x-height":64,"logo-footer-1x":"https:\/\/www.scrigno.com\/wp-content\/uploads\/2024\/07\/Casa_Studio_passivehouse_piraccinipotente_architettura-5-80x59.jpg","logo-footer-1x-width":80,"logo-footer-1x-height":59,"banner-1x":"https:\/\/www.scrigno.com\/wp-content\/uploads\/2024\/07\/Casa_Studio_passivehouse_piraccinipotente_architettura-5.jpg","banner-1x-width":853,"banner-1x-height":630}},{"ID":2704,"id":2704,"title":"casa-studio-passivhaus-cesena-piraccini_007.jpeg","filename":"casa-studio-passivhaus-cesena-piraccini_007.jpeg","filesize":77775,"url":"https:\/\/www.scrigno.com\/wp-content\/uploads\/2024\/07\/casa-studio-passivhaus-cesena-piraccini_007.jpeg","link":"https:\/\/www.scrigno.com\/es\/casa-studio-passivhaus-cesena-piraccini_007-jpeg-2\/","alt":"","author":"1","description":"","caption":"","name":"casa-studio-passivhaus-cesena-piraccini_007-jpeg-2","status":"inherit","uploaded_to":0,"date":"2024-07-29 09:14:42","modified":"2024-07-29 09:14:42","menu_order":0,"mime_type":"image\/jpeg","type":"image","subtype":"jpeg","icon":"https:\/\/www.scrigno.com\/wp-includes\/images\/media\/default.png","width":839,"height":630,"sizes":{"thumbnail":"https:\/\/www.scrigno.com\/wp-content\/uploads\/2024\/07\/casa-studio-passivhaus-cesena-piraccini_007-150x150.jpeg","thumbnail-width":150,"thumbnail-height":150,"medium":"https:\/\/www.scrigno.com\/wp-content\/uploads\/2024\/07\/casa-studio-passivhaus-cesena-piraccini_007-375x282.jpeg","medium-width":375,"medium-height":282,"medium_large":"https:\/\/www.scrigno.com\/wp-content\/uploads\/2024\/07\/casa-studio-passivhaus-cesena-piraccini_007-750x563.jpeg","medium_large-width":750,"medium_large-height":563,"large":"https:\/\/www.scrigno.com\/wp-content\/uploads\/2024\/07\/casa-studio-passivhaus-cesena-piraccini_007.jpeg","large-width":839,"large-height":630,"1536x1536":"https:\/\/www.scrigno.com\/wp-content\/uploads\/2024\/07\/casa-studio-passivhaus-cesena-piraccini_007.jpeg","1536x1536-width":839,"1536x1536-height":630,"2048x2048":"https:\/\/www.scrigno.com\/wp-content\/uploads\/2024\/07\/casa-studio-passivhaus-cesena-piraccini_007.jpeg","2048x2048-width":839,"2048x2048-height":630,"logo-1x":"https:\/\/www.scrigno.com\/wp-content\/uploads\/2024\/07\/casa-studio-passivhaus-cesena-piraccini_007-85x64.jpeg","logo-1x-width":85,"logo-1x-height":64,"logo-footer-1x":"https:\/\/www.scrigno.com\/wp-content\/uploads\/2024\/07\/casa-studio-passivhaus-cesena-piraccini_007-79x59.jpeg","logo-footer-1x-width":79,"logo-footer-1x-height":59,"banner-1x":"https:\/\/www.scrigno.com\/wp-content\/uploads\/2024\/07\/casa-studio-passivhaus-cesena-piraccini_007.jpeg","banner-1x-width":839,"banner-1x-height":630}},{"ID":2708,"id":2708,"title":"fusione3.png","filename":"fusione3.png","filesize":410840,"url":"https:\/\/www.scrigno.com\/wp-content\/uploads\/2024\/07\/fusione3.png","link":"https:\/\/www.scrigno.com\/es\/fusione3-png-2\/","alt":"","author":"1","description":"","caption":"","name":"fusione3-png-2","status":"inherit","uploaded_to":0,"date":"2024-07-29 09:14:43","modified":"2024-07-29 09:14:43","menu_order":0,"mime_type":"image\/png","type":"image","subtype":"png","icon":"https:\/\/www.scrigno.com\/wp-includes\/images\/media\/default.png","width":900,"height":630,"sizes":{"thumbnail":"https:\/\/www.scrigno.com\/wp-content\/uploads\/2024\/07\/fusione3-150x150.png","thumbnail-width":150,"thumbnail-height":150,"medium":"https:\/\/www.scrigno.com\/wp-content\/uploads\/2024\/07\/fusione3-375x263.png","medium-width":375,"medium-height":263,"medium_large":"https:\/\/www.scrigno.com\/wp-content\/uploads\/2024\/07\/fusione3-750x525.png","medium_large-width":750,"medium_large-height":525,"large":"https:\/\/www.scrigno.com\/wp-content\/uploads\/2024\/07\/fusione3.png","large-width":900,"large-height":630,"1536x1536":"https:\/\/www.scrigno.com\/wp-content\/uploads\/2024\/07\/fusione3.png","1536x1536-width":900,"1536x1536-height":630,"2048x2048":"https:\/\/www.scrigno.com\/wp-content\/uploads\/2024\/07\/fusione3.png","2048x2048-width":900,"2048x2048-height":630,"logo-1x":"https:\/\/www.scrigno.com\/wp-content\/uploads\/2024\/07\/fusione3-91x64.png","logo-1x-width":91,"logo-1x-height":64,"logo-footer-1x":"https:\/\/www.scrigno.com\/wp-content\/uploads\/2024\/07\/fusione3-84x59.png","logo-footer-1x-width":84,"logo-footer-1x-height":59,"banner-1x":"https:\/\/www.scrigno.com\/wp-content\/uploads\/2024\/07\/fusione3.png","banner-1x-width":900,"banner-1x-height":630}},{"ID":2712,"id":2712,"title":"cesena-piraccini_004.jpeg","filename":"cesena-piraccini_004.jpeg","filesize":120518,"url":"https:\/\/www.scrigno.com\/wp-content\/uploads\/2024\/07\/cesena-piraccini_004.jpeg","link":"https:\/\/www.scrigno.com\/es\/cesena-piraccini_004-jpeg-2\/","alt":"","author":"1","description":"","caption":"","name":"cesena-piraccini_004-jpeg-2","status":"inherit","uploaded_to":0,"date":"2024-07-29 09:14:44","modified":"2024-07-29 09:14:44","menu_order":0,"mime_type":"image\/jpeg","type":"image","subtype":"jpeg","icon":"https:\/\/www.scrigno.com\/wp-includes\/images\/media\/default.png","width":920,"height":630,"sizes":{"thumbnail":"https:\/\/www.scrigno.com\/wp-content\/uploads\/2024\/07\/cesena-piraccini_004-150x150.jpeg","thumbnail-width":150,"thumbnail-height":150,"medium":"https:\/\/www.scrigno.com\/wp-content\/uploads\/2024\/07\/cesena-piraccini_004-375x257.jpeg","medium-width":375,"medium-height":257,"medium_large":"https:\/\/www.scrigno.com\/wp-content\/uploads\/2024\/07\/cesena-piraccini_004-750x514.jpeg","medium_large-width":750,"medium_large-height":514,"large":"https:\/\/www.scrigno.com\/wp-content\/uploads\/2024\/07\/cesena-piraccini_004.jpeg","large-width":920,"large-height":630,"1536x1536":"https:\/\/www.scrigno.com\/wp-content\/uploads\/2024\/07\/cesena-piraccini_004.jpeg","1536x1536-width":920,"1536x1536-height":630,"2048x2048":"https:\/\/www.scrigno.com\/wp-content\/uploads\/2024\/07\/cesena-piraccini_004.jpeg","2048x2048-width":920,"2048x2048-height":630,"logo-1x":"https:\/\/www.scrigno.com\/wp-content\/uploads\/2024\/07\/cesena-piraccini_004-93x64.jpeg","logo-1x-width":93,"logo-1x-height":64,"logo-footer-1x":"https:\/\/www.scrigno.com\/wp-content\/uploads\/2024\/07\/cesena-piraccini_004-86x59.jpeg","logo-footer-1x-width":86,"logo-footer-1x-height":59,"banner-1x":"https:\/\/www.scrigno.com\/wp-content\/uploads\/2024\/07\/cesena-piraccini_004.jpeg","banner-1x-width":920,"banner-1x-height":630}},{"ID":2716,"id":2716,"title":"cesena-piraccini_008.jpeg","filename":"cesena-piraccini_008.jpeg","filesize":117129,"url":"https:\/\/www.scrigno.com\/wp-content\/uploads\/2024\/07\/cesena-piraccini_008.jpeg","link":"https:\/\/www.scrigno.com\/es\/cesena-piraccini_008-jpeg-2\/","alt":"","author":"1","description":"","caption":"","name":"cesena-piraccini_008-jpeg-2","status":"inherit","uploaded_to":0,"date":"2024-07-29 09:14:45","modified":"2024-07-29 09:14:45","menu_order":0,"mime_type":"image\/jpeg","type":"image","subtype":"jpeg","icon":"https:\/\/www.scrigno.com\/wp-includes\/images\/media\/default.png","width":811,"height":630,"sizes":{"thumbnail":"https:\/\/www.scrigno.com\/wp-content\/uploads\/2024\/07\/cesena-piraccini_008-150x150.jpeg","thumbnail-width":150,"thumbnail-height":150,"medium":"https:\/\/www.scrigno.com\/wp-content\/uploads\/2024\/07\/cesena-piraccini_008-375x291.jpeg","medium-width":375,"medium-height":291,"medium_large":"https:\/\/www.scrigno.com\/wp-content\/uploads\/2024\/07\/cesena-piraccini_008-750x583.jpeg","medium_large-width":750,"medium_large-height":583,"large":"https:\/\/www.scrigno.com\/wp-content\/uploads\/2024\/07\/cesena-piraccini_008.jpeg","large-width":811,"large-height":630,"1536x1536":"https:\/\/www.scrigno.com\/wp-content\/uploads\/2024\/07\/cesena-piraccini_008.jpeg","1536x1536-width":811,"1536x1536-height":630,"2048x2048":"https:\/\/www.scrigno.com\/wp-content\/uploads\/2024\/07\/cesena-piraccini_008.jpeg","2048x2048-width":811,"2048x2048-height":630,"logo-1x":"https:\/\/www.scrigno.com\/wp-content\/uploads\/2024\/07\/cesena-piraccini_008-82x64.jpeg","logo-1x-width":82,"logo-1x-height":64,"logo-footer-1x":"https:\/\/www.scrigno.com\/wp-content\/uploads\/2024\/07\/cesena-piraccini_008-76x59.jpeg","logo-footer-1x-width":76,"logo-footer-1x-height":59,"banner-1x":"https:\/\/www.scrigno.com\/wp-content\/uploads\/2024\/07\/cesena-piraccini_008.jpeg","banner-1x-width":811,"banner-1x-height":630}},{"ID":2720,"id":2720,"title":"cesena-piraccini_006.jpeg","filename":"cesena-piraccini_006.jpeg","filesize":71969,"url":"https:\/\/www.scrigno.com\/wp-content\/uploads\/2024\/07\/cesena-piraccini_006.jpeg","link":"https:\/\/www.scrigno.com\/es\/cesena-piraccini_006-jpeg-2\/","alt":"","author":"1","description":"","caption":"","name":"cesena-piraccini_006-jpeg-2","status":"inherit","uploaded_to":0,"date":"2024-07-29 09:14:45","modified":"2024-07-29 09:14:45","menu_order":0,"mime_type":"image\/jpeg","type":"image","subtype":"jpeg","icon":"https:\/\/www.scrigno.com\/wp-includes\/images\/media\/default.png","width":853,"height":630,"sizes":{"thumbnail":"https:\/\/www.scrigno.com\/wp-content\/uploads\/2024\/07\/cesena-piraccini_006-150x150.jpeg","thumbnail-width":150,"thumbnail-height":150,"medium":"https:\/\/www.scrigno.com\/wp-content\/uploads\/2024\/07\/cesena-piraccini_006-375x277.jpeg","medium-width":375,"medium-height":277,"medium_large":"https:\/\/www.scrigno.com\/wp-content\/uploads\/2024\/07\/cesena-piraccini_006-750x554.jpeg","medium_large-width":750,"medium_large-height":554,"large":"https:\/\/www.scrigno.com\/wp-content\/uploads\/2024\/07\/cesena-piraccini_006.jpeg","large-width":853,"large-height":630,"1536x1536":"https:\/\/www.scrigno.com\/wp-content\/uploads\/2024\/07\/cesena-piraccini_006.jpeg","1536x1536-width":853,"1536x1536-height":630,"2048x2048":"https:\/\/www.scrigno.com\/wp-content\/uploads\/2024\/07\/cesena-piraccini_006.jpeg","2048x2048-width":853,"2048x2048-height":630,"logo-1x":"https:\/\/www.scrigno.com\/wp-content\/uploads\/2024\/07\/cesena-piraccini_006-87x64.jpeg","logo-1x-width":87,"logo-1x-height":64,"logo-footer-1x":"https:\/\/www.scrigno.com\/wp-content\/uploads\/2024\/07\/cesena-piraccini_006-80x59.jpeg","logo-footer-1x-width":80,"logo-footer-1x-height":59,"banner-1x":"https:\/\/www.scrigno.com\/wp-content\/uploads\/2024\/07\/cesena-piraccini_006.jpeg","banner-1x-width":853,"banner-1x-height":630}},{"ID":2724,"id":2724,"title":"fusione2.png","filename":"fusione2.png","filesize":845227,"url":"https:\/\/www.scrigno.com\/wp-content\/uploads\/2024\/07\/fusione2.png","link":"https:\/\/www.scrigno.com\/es\/fusione2-png-2\/","alt":"","author":"1","description":"","caption":"","name":"fusione2-png-2","status":"inherit","uploaded_to":0,"date":"2024-07-29 09:14:46","modified":"2024-07-29 09:14:46","menu_order":0,"mime_type":"image\/png","type":"image","subtype":"png","icon":"https:\/\/www.scrigno.com\/wp-includes\/images\/media\/default.png","width":971,"height":629,"sizes":{"thumbnail":"https:\/\/www.scrigno.com\/wp-content\/uploads\/2024\/07\/fusione2-150x150.png","thumbnail-width":150,"thumbnail-height":150,"medium":"https:\/\/www.scrigno.com\/wp-content\/uploads\/2024\/07\/fusione2-375x243.png","medium-width":375,"medium-height":243,"medium_large":"https:\/\/www.scrigno.com\/wp-content\/uploads\/2024\/07\/fusione2-750x486.png","medium_large-width":750,"medium_large-height":486,"large":"https:\/\/www.scrigno.com\/wp-content\/uploads\/2024\/07\/fusione2.png","large-width":971,"large-height":629,"1536x1536":"https:\/\/www.scrigno.com\/wp-content\/uploads\/2024\/07\/fusione2.png","1536x1536-width":971,"1536x1536-height":629,"2048x2048":"https:\/\/www.scrigno.com\/wp-content\/uploads\/2024\/07\/fusione2.png","2048x2048-width":971,"2048x2048-height":629,"logo-1x":"https:\/\/www.scrigno.com\/wp-content\/uploads\/2024\/07\/fusione2-99x64.png","logo-1x-width":99,"logo-1x-height":64,"logo-footer-1x":"https:\/\/www.scrigno.com\/wp-content\/uploads\/2024\/07\/fusione2-91x59.png","logo-footer-1x-width":91,"logo-footer-1x-height":59,"banner-1x":"https:\/\/www.scrigno.com\/wp-content\/uploads\/2024\/07\/fusione2.png","banner-1x-width":971,"banner-1x-height":629}},{"ID":2728,"id":2728,"title":"Casa_Studio_passivehouse_piraccinipotente_architettura-3.jpg","filename":"Casa_Studio_passivehouse_piraccinipotente_architettura-3.jpg","filesize":279607,"url":"https:\/\/www.scrigno.com\/wp-content\/uploads\/2024\/07\/Casa_Studio_passivehouse_piraccinipotente_architettura-3.jpg","link":"https:\/\/www.scrigno.com\/es\/casa_studio_passivehouse_piraccinipotente_architettura-3-jpg-2\/","alt":"","author":"1","description":"","caption":"","name":"casa_studio_passivehouse_piraccinipotente_architettura-3-jpg-2","status":"inherit","uploaded_to":0,"date":"2024-07-29 09:14:47","modified":"2024-07-29 09:14:47","menu_order":0,"mime_type":"image\/jpeg","type":"image","subtype":"jpeg","icon":"https:\/\/www.scrigno.com\/wp-includes\/images\/media\/default.png","width":1527,"height":2000,"sizes":{"thumbnail":"https:\/\/www.scrigno.com\/wp-content\/uploads\/2024\/07\/Casa_Studio_passivehouse_piraccinipotente_architettura-3-150x150.jpg","thumbnail-width":150,"thumbnail-height":150,"medium":"https:\/\/www.scrigno.com\/wp-content\/uploads\/2024\/07\/Casa_Studio_passivehouse_piraccinipotente_architettura-3-375x491.jpg","medium-width":375,"medium-height":491,"medium_large":"https:\/\/www.scrigno.com\/wp-content\/uploads\/2024\/07\/Casa_Studio_passivehouse_piraccinipotente_architettura-3-750x982.jpg","medium_large-width":750,"medium_large-height":982,"large":"https:\/\/www.scrigno.com\/wp-content\/uploads\/2024\/07\/Casa_Studio_passivehouse_piraccinipotente_architettura-3-1242x1627.jpg","large-width":1242,"large-height":1627,"1536x1536":"https:\/\/www.scrigno.com\/wp-content\/uploads\/2024\/07\/Casa_Studio_passivehouse_piraccinipotente_architettura-3-1173x1536.jpg","1536x1536-width":1173,"1536x1536-height":1536,"2048x2048":"https:\/\/www.scrigno.com\/wp-content\/uploads\/2024\/07\/Casa_Studio_passivehouse_piraccinipotente_architettura-3.jpg","2048x2048-width":1527,"2048x2048-height":2000,"logo-1x":"https:\/\/www.scrigno.com\/wp-content\/uploads\/2024\/07\/Casa_Studio_passivehouse_piraccinipotente_architettura-3-49x64.jpg","logo-1x-width":49,"logo-1x-height":64,"logo-footer-1x":"https:\/\/www.scrigno.com\/wp-content\/uploads\/2024\/07\/Casa_Studio_passivehouse_piraccinipotente_architettura-3-45x59.jpg","logo-footer-1x-width":45,"logo-footer-1x-height":59,"banner-1x":"https:\/\/www.scrigno.com\/wp-content\/uploads\/2024\/07\/Casa_Studio_passivehouse_piraccinipotente_architettura-3-1211x1586.jpg","banner-1x-width":1211,"banner-1x-height":1586}},{"ID":2732,"id":2732,"title":"casa-studio-passivhaus-cesena-piraccini_002.jpeg","filename":"casa-studio-passivhaus-cesena-piraccini_002.jpeg","filesize":75002,"url":"https:\/\/www.scrigno.com\/wp-content\/uploads\/2024\/07\/casa-studio-passivhaus-cesena-piraccini_002.jpeg","link":"https:\/\/www.scrigno.com\/es\/casa-studio-passivhaus-cesena-piraccini_002-jpeg-2\/","alt":"","author":"1","description":"","caption":"","name":"casa-studio-passivhaus-cesena-piraccini_002-jpeg-2","status":"inherit","uploaded_to":0,"date":"2024-07-29 09:14:49","modified":"2024-07-29 09:14:49","menu_order":0,"mime_type":"image\/jpeg","type":"image","subtype":"jpeg","icon":"https:\/\/www.scrigno.com\/wp-includes\/images\/media\/default.png","width":840,"height":630,"sizes":{"thumbnail":"https:\/\/www.scrigno.com\/wp-content\/uploads\/2024\/07\/casa-studio-passivhaus-cesena-piraccini_002-150x150.jpeg","thumbnail-width":150,"thumbnail-height":150,"medium":"https:\/\/www.scrigno.com\/wp-content\/uploads\/2024\/07\/casa-studio-passivhaus-cesena-piraccini_002-375x281.jpeg","medium-width":375,"medium-height":281,"medium_large":"https:\/\/www.scrigno.com\/wp-content\/uploads\/2024\/07\/casa-studio-passivhaus-cesena-piraccini_002-750x563.jpeg","medium_large-width":750,"medium_large-height":563,"large":"https:\/\/www.scrigno.com\/wp-content\/uploads\/2024\/07\/casa-studio-passivhaus-cesena-piraccini_002.jpeg","large-width":840,"large-height":630,"1536x1536":"https:\/\/www.scrigno.com\/wp-content\/uploads\/2024\/07\/casa-studio-passivhaus-cesena-piraccini_002.jpeg","1536x1536-width":840,"1536x1536-height":630,"2048x2048":"https:\/\/www.scrigno.com\/wp-content\/uploads\/2024\/07\/casa-studio-passivhaus-cesena-piraccini_002.jpeg","2048x2048-width":840,"2048x2048-height":630,"logo-1x":"https:\/\/www.scrigno.com\/wp-content\/uploads\/2024\/07\/casa-studio-passivhaus-cesena-piraccini_002-85x64.jpeg","logo-1x-width":85,"logo-1x-height":64,"logo-footer-1x":"https:\/\/www.scrigno.com\/wp-content\/uploads\/2024\/07\/casa-studio-passivhaus-cesena-piraccini_002-79x59.jpeg","logo-footer-1x-width":79,"logo-footer-1x-height":59,"banner-1x":"https:\/\/www.scrigno.com\/wp-content\/uploads\/2024\/07\/casa-studio-passivhaus-cesena-piraccini_002.jpeg","banner-1x-width":840,"banner-1x-height":630}},{"ID":2224,"id":2224,"title":"square_L_cesena-piraccini_006","filename":"casa-studio-passivhaus-cesena-piraccini-mappa.jpeg","filesize":40465,"url":"https:\/\/www.scrigno.com\/wp-content\/uploads\/2024\/07\/casa-studio-passivhaus-cesena-piraccini-mappa.jpeg","link":"https:\/\/www.scrigno.com\/es\/casa-studio-passivhaus-cesena-piraccini-mappa-jpeg-2\/","alt":"","author":"1","description":"square_L_cesena-piraccini_006","caption":"square_L_cesena-piraccini_006","name":"casa-studio-passivhaus-cesena-piraccini-mappa-jpeg-2","status":"inherit","uploaded_to":0,"date":"2024-07-29 09:14:50","modified":"2024-07-29 09:14:50","menu_order":0,"mime_type":"image\/jpeg","type":"image","subtype":"jpeg","icon":"https:\/\/www.scrigno.com\/wp-includes\/images\/media\/default.png","width":892,"height":630,"sizes":{"thumbnail":"https:\/\/www.scrigno.com\/wp-content\/uploads\/2024\/07\/casa-studio-passivhaus-cesena-piraccini-mappa-150x150.jpeg","thumbnail-width":150,"thumbnail-height":150,"medium":"https:\/\/www.scrigno.com\/wp-content\/uploads\/2024\/07\/casa-studio-passivhaus-cesena-piraccini-mappa-375x265.jpeg","medium-width":375,"medium-height":265,"medium_large":"https:\/\/www.scrigno.com\/wp-content\/uploads\/2024\/07\/casa-studio-passivhaus-cesena-piraccini-mappa-750x530.jpeg","medium_large-width":750,"medium_large-height":530,"large":"https:\/\/www.scrigno.com\/wp-content\/uploads\/2024\/07\/casa-studio-passivhaus-cesena-piraccini-mappa.jpeg","large-width":892,"large-height":630,"1536x1536":"https:\/\/www.scrigno.com\/wp-content\/uploads\/2024\/07\/casa-studio-passivhaus-cesena-piraccini-mappa.jpeg","1536x1536-width":892,"1536x1536-height":630,"2048x2048":"https:\/\/www.scrigno.com\/wp-content\/uploads\/2024\/07\/casa-studio-passivhaus-cesena-piraccini-mappa.jpeg","2048x2048-width":892,"2048x2048-height":630,"logo-1x":"https:\/\/www.scrigno.com\/wp-content\/uploads\/2024\/07\/casa-studio-passivhaus-cesena-piraccini-mappa-91x64.jpeg","logo-1x-width":91,"logo-1x-height":64,"logo-footer-1x":"https:\/\/www.scrigno.com\/wp-content\/uploads\/2024\/07\/casa-studio-passivhaus-cesena-piraccini-mappa-84x59.jpeg","logo-footer-1x-width":84,"logo-footer-1x-height":59,"banner-1x":"https:\/\/www.scrigno.com\/wp-content\/uploads\/2024\/07\/casa-studio-passivhaus-cesena-piraccini-mappa.jpeg","banner-1x-width":892,"banner-1x-height":630}}],"project_architect":{"ID":10261,"post_author":"1","post_date":"2024-09-18 16:47:45","post_date_gmt":"2024-09-18 14:47:45","post_content":"El hombre trata constantemente de imitar la belleza de la naturaleza, pues todo es funcional en ella. Sin embargo, las creaciones del hombre son imperfectas: gastan recursos, contaminan el aire y el suelo. El hombre es consciente de que sus creaciones tienen imperfecciones, pero a menudo finge no verlas. Somos dos arquitectos que comparten la vida y el trabajo, y en la medida de lo posible, queremos abrir los ojos.\n\nHemos optado por dise\u00f1ar edificios sostenibles: consumo energ\u00e9tico cero, emisiones cero a la atm\u00f3sfera y alto confort interior. Nuestra sede est\u00e1 en Cesena, en una casa\/estudio donde vivimos y trabajamos junto a varios colaboradores. Nos ocupamos del dise\u00f1o a diferentes escalas: desde el proyecto arquitect\u00f3nico al interiorismo, la divulgaci\u00f3n cient\u00edfica en libros y art\u00edculos, y la docencia en el Departamento de Arquitectura de la Universidad de Bolonia. La sostenibilidad se logra mediante el uso de herramientas cient\u00edficas en la construcci\u00f3n y un gran inter\u00e9s en la innovaci\u00f3n tecnol\u00f3gica, sin renunciar nunca, como en la naturaleza, a la belleza funcional y su capacidad de emocionar. El planeta es nuestro hogar: como arquitectos tenemos el deber de cuidarlo.","post_title":"Piraccini+Potente architettura","post_excerpt":"","post_status":"publish","comment_status":"open","ping_status":"open","post_password":"","post_name":"piraccinipotente-architettura-5","to_ping":"","pinged":"","post_modified":"2024-09-18 16:47:45","post_modified_gmt":"2024-09-18 14:47:45","post_content_filtered":"","post_parent":0,"guid":"https:\/\/www.scrigno.com\/architects\/piraccinipotente-architettura-5\/","menu_order":0,"post_type":"scrignocom_architect","post_mime_type":"","comment_count":"0","filter":"raw"},"project_architect_name":"Piraccini+Potente architettura"},"yoast_head":"<!-- This site is optimized with the Yoast SEO plugin v27.1.1 - https:\/\/yoast.com\/product\/yoast-seo-wordpress\/ -->\n<title>Casa\/Estudio Passivhaus - Scrigno<\/title>\n<meta name=\"robots\" content=\"index, follow, max-snippet:-1, max-image-preview:large, max-video-preview:-1\" \/>\n<link rel=\"canonical\" href=\"https:\/\/www.scrigno.com\/es\/proyectos\/casa-estudio-passivhaus\/\" \/>\n<meta property=\"og:locale\" content=\"es_ES\" \/>\n<meta property=\"og:type\" content=\"article\" \/>\n<meta property=\"og:title\" content=\"Casa\/Estudio Passivhaus - Scrigno\" \/>\n<meta property=\"og:description\" content=\"Esta reforma es particularmente innovadora al ser la primera en Italia y entre las primeras en el mundo en la [&hellip;]\" \/>\n<meta property=\"og:url\" content=\"https:\/\/www.scrigno.com\/es\/proyectos\/casa-estudio-passivhaus\/\" \/>\n<meta property=\"og:site_name\" content=\"Scrigno\" \/>\n<meta property=\"article:modified_time\" content=\"2024-09-18T14:53:06+00:00\" \/>\n<meta property=\"og:image\" content=\"https:\/\/www.scrigno.com\/wp-content\/uploads\/2024\/07\/square_L_cesena-piraccini_006.jpeg\" \/>\n\t<meta property=\"og:image:width\" content=\"1100\" \/>\n\t<meta property=\"og:image:height\" content=\"1100\" \/>\n\t<meta property=\"og:image:type\" content=\"image\/jpeg\" \/>\n<meta name=\"twitter:card\" content=\"summary_large_image\" \/>\n<meta name=\"twitter:label1\" content=\"Tiempo de lectura\" \/>\n\t<meta name=\"twitter:data1\" content=\"5 minutos\" \/>\n<script type=\"application\/ld+json\" class=\"yoast-schema-graph\">{\"@context\":\"https:\/\/schema.org\",\"@graph\":[{\"@type\":\"WebPage\",\"@id\":\"https:\/\/www.scrigno.com\/es\/proyectos\/casa-estudio-passivhaus\/\",\"url\":\"https:\/\/www.scrigno.com\/es\/proyectos\/casa-estudio-passivhaus\/\",\"name\":\"Casa\/Estudio Passivhaus - Scrigno\",\"isPartOf\":{\"@id\":\"https:\/\/www.scrigno.com\/es\/#website\"},\"primaryImageOfPage\":{\"@id\":\"https:\/\/www.scrigno.com\/es\/proyectos\/casa-estudio-passivhaus\/#primaryimage\"},\"image\":{\"@id\":\"https:\/\/www.scrigno.com\/es\/proyectos\/casa-estudio-passivhaus\/#primaryimage\"},\"thumbnailUrl\":\"https:\/\/www.scrigno.com\/wp-content\/uploads\/2024\/07\/square_L_cesena-piraccini_006.jpeg\",\"datePublished\":\"2018-01-10T14:50:38+00:00\",\"dateModified\":\"2024-09-18T14:53:06+00:00\",\"breadcrumb\":{\"@id\":\"https:\/\/www.scrigno.com\/es\/proyectos\/casa-estudio-passivhaus\/#breadcrumb\"},\"inLanguage\":\"es\",\"potentialAction\":[{\"@type\":\"ReadAction\",\"target\":[\"https:\/\/www.scrigno.com\/es\/proyectos\/casa-estudio-passivhaus\/\"]}]},{\"@type\":\"ImageObject\",\"inLanguage\":\"es\",\"@id\":\"https:\/\/www.scrigno.com\/es\/proyectos\/casa-estudio-passivhaus\/#primaryimage\",\"url\":\"https:\/\/www.scrigno.com\/wp-content\/uploads\/2024\/07\/square_L_cesena-piraccini_006.jpeg\",\"contentUrl\":\"https:\/\/www.scrigno.com\/wp-content\/uploads\/2024\/07\/square_L_cesena-piraccini_006.jpeg\",\"width\":1100,\"height\":1100},{\"@type\":\"BreadcrumbList\",\"@id\":\"https:\/\/www.scrigno.com\/es\/proyectos\/casa-estudio-passivhaus\/#breadcrumb\",\"itemListElement\":[{\"@type\":\"ListItem\",\"position\":1,\"name\":\"Home\",\"item\":\"https:\/\/www.scrigno.com\/es\/\"},{\"@type\":\"ListItem\",\"position\":2,\"name\":\"Proyectos\",\"item\":\"https:\/\/www.scrigno.com\/es\/proyectos\/\"},{\"@type\":\"ListItem\",\"position\":3,\"name\":\"Casa\/Estudio Passivhaus\"}]},{\"@type\":\"WebSite\",\"@id\":\"https:\/\/www.scrigno.com\/es\/#website\",\"url\":\"https:\/\/www.scrigno.com\/es\/\",\"name\":\"Scrigno\",\"description\":\"\",\"potentialAction\":[{\"@type\":\"SearchAction\",\"target\":{\"@type\":\"EntryPoint\",\"urlTemplate\":\"https:\/\/www.scrigno.com\/es\/?s={search_term_string}\"},\"query-input\":{\"@type\":\"PropertyValueSpecification\",\"valueRequired\":true,\"valueName\":\"search_term_string\"}}],\"inLanguage\":\"es\"}]}<\/script>\n<!-- \/ Yoast SEO plugin. -->","yoast_head_json":{"title":"Casa\/Estudio Passivhaus - Scrigno","robots":{"index":"index","follow":"follow","max-snippet":"max-snippet:-1","max-image-preview":"max-image-preview:large","max-video-preview":"max-video-preview:-1"},"canonical":"https:\/\/www.scrigno.com\/es\/proyectos\/casa-estudio-passivhaus\/","og_locale":"es_ES","og_type":"article","og_title":"Casa\/Estudio Passivhaus - Scrigno","og_description":"Esta reforma es particularmente innovadora al ser la primera en Italia y entre las primeras en el mundo en la [&hellip;]","og_url":"https:\/\/www.scrigno.com\/es\/proyectos\/casa-estudio-passivhaus\/","og_site_name":"Scrigno","article_modified_time":"2024-09-18T14:53:06+00:00","og_image":[{"width":1100,"height":1100,"url":"https:\/\/www.scrigno.com\/wp-content\/uploads\/2024\/07\/square_L_cesena-piraccini_006.jpeg","type":"image\/jpeg"}],"twitter_card":"summary_large_image","twitter_misc":{"Tiempo de lectura":"5 minutos"},"schema":{"@context":"https:\/\/schema.org","@graph":[{"@type":"WebPage","@id":"https:\/\/www.scrigno.com\/es\/proyectos\/casa-estudio-passivhaus\/","url":"https:\/\/www.scrigno.com\/es\/proyectos\/casa-estudio-passivhaus\/","name":"Casa\/Estudio Passivhaus - Scrigno","isPartOf":{"@id":"https:\/\/www.scrigno.com\/es\/#website"},"primaryImageOfPage":{"@id":"https:\/\/www.scrigno.com\/es\/proyectos\/casa-estudio-passivhaus\/#primaryimage"},"image":{"@id":"https:\/\/www.scrigno.com\/es\/proyectos\/casa-estudio-passivhaus\/#primaryimage"},"thumbnailUrl":"https:\/\/www.scrigno.com\/wp-content\/uploads\/2024\/07\/square_L_cesena-piraccini_006.jpeg","datePublished":"2018-01-10T14:50:38+00:00","dateModified":"2024-09-18T14:53:06+00:00","breadcrumb":{"@id":"https:\/\/www.scrigno.com\/es\/proyectos\/casa-estudio-passivhaus\/#breadcrumb"},"inLanguage":"es","potentialAction":[{"@type":"ReadAction","target":["https:\/\/www.scrigno.com\/es\/proyectos\/casa-estudio-passivhaus\/"]}]},{"@type":"ImageObject","inLanguage":"es","@id":"https:\/\/www.scrigno.com\/es\/proyectos\/casa-estudio-passivhaus\/#primaryimage","url":"https:\/\/www.scrigno.com\/wp-content\/uploads\/2024\/07\/square_L_cesena-piraccini_006.jpeg","contentUrl":"https:\/\/www.scrigno.com\/wp-content\/uploads\/2024\/07\/square_L_cesena-piraccini_006.jpeg","width":1100,"height":1100},{"@type":"BreadcrumbList","@id":"https:\/\/www.scrigno.com\/es\/proyectos\/casa-estudio-passivhaus\/#breadcrumb","itemListElement":[{"@type":"ListItem","position":1,"name":"Home","item":"https:\/\/www.scrigno.com\/es\/"},{"@type":"ListItem","position":2,"name":"Proyectos","item":"https:\/\/www.scrigno.com\/es\/proyectos\/"},{"@type":"ListItem","position":3,"name":"Casa\/Estudio Passivhaus"}]},{"@type":"WebSite","@id":"https:\/\/www.scrigno.com\/es\/#website","url":"https:\/\/www.scrigno.com\/es\/","name":"Scrigno","description":"","potentialAction":[{"@type":"SearchAction","target":{"@type":"EntryPoint","urlTemplate":"https:\/\/www.scrigno.com\/es\/?s={search_term_string}"},"query-input":{"@type":"PropertyValueSpecification","valueRequired":true,"valueName":"search_term_string"}}],"inLanguage":"es"}]}},"_links":{"self":[{"href":"https:\/\/www.scrigno.com\/es\/wp-json\/wp\/v2\/scrignocom_project\/10580","targetHints":{"allow":["GET"]}}],"collection":[{"href":"https:\/\/www.scrigno.com\/es\/wp-json\/wp\/v2\/scrignocom_project"}],"about":[{"href":"https:\/\/www.scrigno.com\/es\/wp-json\/wp\/v2\/types\/scrignocom_project"}],"acf:post":[{"embeddable":true,"href":"https:\/\/www.scrigno.com\/es\/wp-json\/wp\/v2\/scrignocom_architect\/10261"}],"acf:attachment":[{"embeddable":true,"href":"https:\/\/www.scrigno.com\/es\/wp-json\/wp\/v2\/media\/2224"},{"embeddable":true,"href":"https:\/\/www.scrigno.com\/es\/wp-json\/wp\/v2\/media\/2732"},{"embeddable":true,"href":"https:\/\/www.scrigno.com\/es\/wp-json\/wp\/v2\/media\/2728"},{"embeddable":true,"href":"https:\/\/www.scrigno.com\/es\/wp-json\/wp\/v2\/media\/2724"},{"embeddable":true,"href":"https:\/\/www.scrigno.com\/es\/wp-json\/wp\/v2\/media\/2720"},{"embeddable":true,"href":"https:\/\/www.scrigno.com\/es\/wp-json\/wp\/v2\/media\/2716"},{"embeddable":true,"href":"https:\/\/www.scrigno.com\/es\/wp-json\/wp\/v2\/media\/2712"},{"embeddable":true,"href":"https:\/\/www.scrigno.com\/es\/wp-json\/wp\/v2\/media\/2708"},{"embeddable":true,"href":"https:\/\/www.scrigno.com\/es\/wp-json\/wp\/v2\/media\/2704"},{"embeddable":true,"href":"https:\/\/www.scrigno.com\/es\/wp-json\/wp\/v2\/media\/2700"},{"embeddable":true,"href":"https:\/\/www.scrigno.com\/es\/wp-json\/wp\/v2\/media\/2696"},{"embeddable":true,"href":"https:\/\/www.scrigno.com\/es\/wp-json\/wp\/v2\/media\/2692"},{"embeddable":true,"href":"https:\/\/www.scrigno.com\/es\/wp-json\/wp\/v2\/media\/2688"},{"embeddable":true,"href":"https:\/\/www.scrigno.com\/es\/wp-json\/wp\/v2\/media\/2684"}],"wp:featuredmedia":[{"embeddable":true,"href":"https:\/\/www.scrigno.com\/es\/wp-json\/wp\/v2\/media\/2680"}],"wp:attachment":[{"href":"https:\/\/www.scrigno.com\/es\/wp-json\/wp\/v2\/media?parent=10580"}],"curies":[{"name":"wp","href":"https:\/\/api.w.org\/{rel}","templated":true}]}}