{"id":10597,"date":"2014-12-24T16:51:03","date_gmt":"2014-12-24T14:51:03","guid":{"rendered":"https:\/\/www.scrigno.com\/projects\/via-cernaia-5\/"},"modified":"2024-09-18T16:53:06","modified_gmt":"2024-09-18T14:53:06","slug":"via-cernaia-5","status":"publish","type":"scrignocom_project","link":"https:\/\/www.scrigno.com\/es\/proyectos\/via-cernaia-5\/","title":{"rendered":"Via Cernaia"},"content":{"rendered":"<p>Misi\u00f3n del arquitecto y de los clientes: crear espacios din\u00e1micos sin horizontes espaciales predefinidos, realzar la luz natural, con zonas de uso personal integradas en el espacio habitable general.<\/p>\n<p>El acceso al espacio habitable se efect\u00faa a trav\u00e9s de una peque\u00f1a zona abierta directamente al coraz\u00f3n de la vivienda, la cocina se abre a la sala de estar y a una peque\u00f1a oficina\/rinc\u00f3n de lectura; una secuencia de columnas estructurales que indican el camino hacia el comedor, los dormitorios y los ba\u00f1os, un falso pasillo que se\u00f1ala el camino sin encajonar a las personas.<\/p>\n<p>Los materiales utilizados son nogal italiano natural encerado en toda la vivienda, con aplicaciones de azulejos de chapa en los ba\u00f1os, azulejos de vidrio en las paredes y en las hornacinas de los ba\u00f1os; las paredes blancas proporcionan un tel\u00f3n de fondo luminoso para la m\u00e1xima difusi\u00f3n de la luz natural durante todo el d\u00eda.<\/p>\n<p>Las \u00fanicas puertas presentes son los sistemas correderos de la l\u00ednea Essential de Scrigno, que crean la m\u00e1xima integraci\u00f3n de espacios y funciones: las puertas lacadas en blanco, una vez cerradas, se convierten en una continuaci\u00f3n de la pared sin agregar detalles decorativos.<\/p>\n<p>El mobiliario de la casa es de estilo moderno, tan peculiar como el sof\u00e1 tipo \u00abcolch\u00f3n de la abuela\u00bb, cl\u00e1sico para un ambiente c\u00e1lido pero din\u00e1mico.<\/p>\n<p>Los muebles de ba\u00f1o se caracterizan por elementos modernos pero se\u00f1oriales\/r\u00fasticos, como el lavabo del ba\u00f1o secundario.<\/p>\n","protected":false},"featured_media":3020,"template":"","class_list":["post-10597","scrignocom_project","type-scrignocom_project","status-publish","has-post-thumbnail","hentry"],"acf":{"project_description":"<p>Tur\u00edn, Via Cernaia, centro hist\u00f3rico dentro de la ciudadela de la \u00e9poca de los Saboya situada a lo largo de las murallas de la ciudad. 21architettura se ha ocupado de la rehabilitaci\u00f3n de una buhardilla de 120 metros cuadrados, con la misi\u00f3n de crear espacios din\u00e1micos sin horizontes espaciales predefinidos.<\/p>\n<p>21architettura recibi\u00f3 el encargo de reformar una buhardilla de 120 metros cuadrados con doble exposici\u00f3n en la parte superior de un edificio que destaca en el tejido urbano; una buhardilla di\u00e1fana, recuperada como vivienda de una joven pareja, \u00e9l es un empresario consolidado y ella es experta en historia del arte, con dos gemelas amantes de la m\u00fasica cl\u00e1sica; sin limitaciones arquitect\u00f3nicas espec\u00edficas m\u00e1s que la construcci\u00f3n de tragaluces con peque\u00f1as terrazas en el patio interior.<\/p>\n","project_date":"2014","project_where":"Tur\u00edn","project_featured_image":"https:\/\/www.scrigno.com\/wp-content\/uploads\/2024\/07\/21-cerania.jpg","project_gallery":[{"ID":2288,"id":2288,"title":"square_L_21-cerania","filename":"21-cernaia-2.jpg","filesize":126032,"url":"https:\/\/www.scrigno.com\/wp-content\/uploads\/2024\/07\/21-cernaia-2.jpg","link":"https:\/\/www.scrigno.com\/es\/21-cernaia-2-jpg-2\/","alt":"","author":"1","description":"square_L_21-cerania","caption":"square_L_21-cerania","name":"21-cernaia-2-jpg-2","status":"inherit","uploaded_to":0,"date":"2024-07-29 09:17:25","modified":"2024-07-29 09:17:25","menu_order":0,"mime_type":"image\/jpeg","type":"image","subtype":"jpeg","icon":"https:\/\/www.scrigno.com\/wp-includes\/images\/media\/default.png","width":1000,"height":1510,"sizes":{"thumbnail":"https:\/\/www.scrigno.com\/wp-content\/uploads\/2024\/07\/21-cernaia-2-150x150.jpg","thumbnail-width":150,"thumbnail-height":150,"medium":"https:\/\/www.scrigno.com\/wp-content\/uploads\/2024\/07\/21-cernaia-2-375x566.jpg","medium-width":375,"medium-height":566,"medium_large":"https:\/\/www.scrigno.com\/wp-content\/uploads\/2024\/07\/21-cernaia-2-750x1133.jpg","medium_large-width":750,"medium_large-height":1133,"large":"https:\/\/www.scrigno.com\/wp-content\/uploads\/2024\/07\/21-cernaia-2.jpg","large-width":1000,"large-height":1510,"1536x1536":"https:\/\/www.scrigno.com\/wp-content\/uploads\/2024\/07\/21-cernaia-2.jpg","1536x1536-width":1000,"1536x1536-height":1510,"2048x2048":"https:\/\/www.scrigno.com\/wp-content\/uploads\/2024\/07\/21-cernaia-2.jpg","2048x2048-width":1000,"2048x2048-height":1510,"logo-1x":"https:\/\/www.scrigno.com\/wp-content\/uploads\/2024\/07\/21-cernaia-2-42x64.jpg","logo-1x-width":42,"logo-1x-height":64,"logo-footer-1x":"https:\/\/www.scrigno.com\/wp-content\/uploads\/2024\/07\/21-cernaia-2-39x59.jpg","logo-footer-1x-width":39,"logo-footer-1x-height":59,"banner-1x":"https:\/\/www.scrigno.com\/wp-content\/uploads\/2024\/07\/21-cernaia-2.jpg","banner-1x-width":1000,"banner-1x-height":1510}}],"project_architect":{"ID":10268,"post_author":"1","post_date":"2024-09-18 16:47:45","post_date_gmt":"2024-09-18 14:47:45","post_content":"Sergio Alberto Danese fund\u00f3 su propio estudio de arquitectura en Mil\u00e1n en junio de 1990, al que inmediatamente llam\u00f3 21architettura. El estudio se caracteriza por un esp\u00edritu internacional y desarrolla proyectos de arquitectura residencial, oficinas y tiendas en Italia, Francia y el Principado de M\u00f3naco.\n\nCon el tiempo, adem\u00e1s de su capacitaci\u00f3n para ejercer en Italia, obtuvo la licencia de Arquitecto A.I.A. en EE. UU., en el Estado de Nueva York, adem\u00e1s de llevar a cabo actividades de asesoramiento arquitect\u00f3nico para marcas de alto nivel en el sector de la moda, como Armani y Prada, y actualmente para Bally of Switzerland.\n\nLo que tambi\u00e9n le ha supuesto ejecutar proyectos corporativos en EE. UU. y Haw\u00e1i, Malasia y Rusia, en Mosc\u00fa, y Qatar, en Doha, que culminan con el proyecto Prada Trasformer en Seoul Design Rem Koolhas. La experiencia profesional de Sergio A. Danese se ha enriquecido a lo largo de los a\u00f1os a trav\u00e9s de clientes, tipos de proyectos y filosof\u00edas de enfoque del proyecto m\u00faltiples y diversificadas debido a la naturaleza y cultura de los clientes y pa\u00edses geogr\u00e1ficos en los que trabaja.\n\nEl estudio ha inaugurado recientemente el proyecto de reforma de la sede italiana de Vaillant Group Italia Spa que, a trav\u00e9s de la redefinici\u00f3n de los espacios de exposici\u00f3n con una nueva morfolog\u00eda de los ambientes interiores y la creaci\u00f3n de grandes escaparates exteriores para una completa sinergia con el espacio exterior, ha aportado un nuevo dinamismo al edificio construido en 1960 por el arquitecto Gardella y una imagen din\u00e1mica y contempor\u00e1nea a la empresa.\n\nEn continuidad con este proyecto, se encuentra el dise\u00f1o de viabilidad del nuevo edificio \u00abCenter of Excellence\u00bb, un elemento de arquitectura futurista en lo referente al cuidado del medio ambiente y a las nuevas t\u00e9cnicas de gesti\u00f3n energ\u00e9tica del tejido de viviendas urbanas. El estudio tambi\u00e9n se ocupa de la recalificaci\u00f3n energ\u00e9tica de edificios como por ejemplo el proyecto de rehabilitaci\u00f3n de un \u00e1tico cuya estructura de f\u00e1brica en cristal destaca contra el cielo del barrio de Brera en Mil\u00e1n, enmarcado por un jard\u00edn colgante y la posibilidad de disfrutar de una vista de 360\u00b0 de las monta\u00f1as de la Regi\u00f3n de Lombard\u00eda, escenario natural para las nuevas torres que est\u00e1n cambiando el horizonte de la ciudad de Mil\u00e1n.\n\nActualmente, el estudio trabaja con Bally of Switzerland en la direcci\u00f3n de proyecto del nuevo concepto de dise\u00f1o del estudio Chipperfield en Londres y en las obras de rehabilitaci\u00f3n de una villa en Valbonne en la Riviera francesa de estilo provenzal que deber\u00e1 adaptarse a la cultura y el esp\u00edritu de los propietarios, una joven pareja italo-inglesa. Tambi\u00e9n est\u00e1n en marcha actividades para abordar proyectos de arquitectura en el \u00e1rea de la Expo Mil\u00e1n 2015.\n\nSergio A. Danese tambi\u00e9n lleva a cabo actividades docentes en el PoliDesign Bovisa, Departamento de Dise\u00f1o Industrial del Polit\u00e9cnico de Mil\u00e1n, como docente en el M\u00e1ster DXA para profesionales extranjeros cuyo Director Did\u00e1ctico es el arquitecto Francesco Trabucco, un reconocido dise\u00f1ador italiano contempor\u00e1neo: es el profesor titular del curso de arquitectura internacional contempor\u00e1nea que se centra en las principales obras en desarrollo en la ciudad de Mil\u00e1n.\n\nLas obras de 21architettura pueden verse en los libros WasteDown Prada 2009, Prada Trasformer Seoul 2009, Bally Store Building Department Book 2013, en versi\u00f3n impresa, en la revista de arquitectura de Il Giornale 2008 y La Stampa de agosto 2013. La formaci\u00f3n cultural y profesional de Sergio Alberto Danese crece y se enriquece continuamente mediante viajes centrados en conocer las obras de arquitectura y urbanismo contempor\u00e1neas o que se est\u00e1n construyendo en el mundo a trav\u00e9s de su incorporaci\u00f3n a la AIACE, la versi\u00f3n europea del A.I.A. USA, en contacto con los dise\u00f1adores que firman los distintos proyectos en el \u00e1rea mediterr\u00e1nea y fuera de Europa.\n\nTambi\u00e9n intenta hacerse un hueco en el mundo de la pintura, con un estilo abstracto sobre superficies transparentes ya sean pel\u00edculas de acetato o l\u00e1minas de plexigl\u00e1s: signos, colores, abstracciones que expresan sensaciones, pensamientos y estados de \u00e1nimo que indican un viaje sensorial profundo y sincero abierto a todos los usuarios. Por esta raz\u00f3n, particip\u00f3 en la exposici\u00f3n Art Power: Energy Ideas en la Galer\u00eda Il Paradiso en los jardines de la Trienal de Venecia en 2011 organizada por el Consejo Europeo del Arte. En la actualidad, el estudio est\u00e1 presente en Mil\u00e1n, en Meina, en la orilla piamontesa del Lago Maggiore con oficinas propias y en asociaci\u00f3n con el estudio de dise\u00f1o de barcos NDAR en Antibes (Francia) y con FD Consultants en Nueva York, EE. UU.","post_title":"Sergio Alberto Danese","post_excerpt":"","post_status":"publish","comment_status":"open","ping_status":"open","post_password":"","post_name":"sergio-alberto-danese-5","to_ping":"","pinged":"","post_modified":"2024-09-18 16:47:45","post_modified_gmt":"2024-09-18 14:47:45","post_content_filtered":"","post_parent":0,"guid":"https:\/\/www.scrigno.com\/architects\/sergio-alberto-danese-5\/","menu_order":0,"post_type":"scrignocom_architect","post_mime_type":"","comment_count":"0","filter":"raw"},"project_architect_name":"Sergio Alberto Danese"},"yoast_head":"<!-- This site is optimized with the Yoast SEO plugin v27.1.1 - https:\/\/yoast.com\/product\/yoast-seo-wordpress\/ -->\n<title>Via Cernaia - Scrigno<\/title>\n<meta name=\"robots\" content=\"index, follow, max-snippet:-1, max-image-preview:large, max-video-preview:-1\" \/>\n<link rel=\"canonical\" href=\"https:\/\/www.scrigno.com\/es\/proyectos\/via-cernaia-5\/\" \/>\n<meta property=\"og:locale\" content=\"es_ES\" \/>\n<meta property=\"og:type\" content=\"article\" \/>\n<meta property=\"og:title\" content=\"Via Cernaia - Scrigno\" \/>\n<meta property=\"og:description\" content=\"Misi\u00f3n del arquitecto y de los clientes: crear espacios din\u00e1micos sin horizontes espaciales predefinidos, realzar la luz natural, con zonas [&hellip;]\" \/>\n<meta property=\"og:url\" content=\"https:\/\/www.scrigno.com\/es\/proyectos\/via-cernaia-5\/\" \/>\n<meta property=\"og:site_name\" content=\"Scrigno\" \/>\n<meta property=\"article:modified_time\" content=\"2024-09-18T14:53:06+00:00\" \/>\n<meta property=\"og:image\" content=\"https:\/\/www.scrigno.com\/wp-content\/uploads\/2024\/07\/square_L_21-cerania.jpg\" \/>\n\t<meta property=\"og:image:width\" content=\"1100\" \/>\n\t<meta property=\"og:image:height\" content=\"1100\" \/>\n\t<meta property=\"og:image:type\" content=\"image\/jpeg\" \/>\n<meta name=\"twitter:card\" content=\"summary_large_image\" \/>\n<meta name=\"twitter:label1\" content=\"Tiempo de lectura\" \/>\n\t<meta name=\"twitter:data1\" content=\"1 minuto\" \/>\n<script type=\"application\/ld+json\" class=\"yoast-schema-graph\">{\"@context\":\"https:\/\/schema.org\",\"@graph\":[{\"@type\":\"WebPage\",\"@id\":\"https:\/\/www.scrigno.com\/es\/proyectos\/via-cernaia-5\/\",\"url\":\"https:\/\/www.scrigno.com\/es\/proyectos\/via-cernaia-5\/\",\"name\":\"Via Cernaia - Scrigno\",\"isPartOf\":{\"@id\":\"https:\/\/www.scrigno.com\/es\/#website\"},\"primaryImageOfPage\":{\"@id\":\"https:\/\/www.scrigno.com\/es\/proyectos\/via-cernaia-5\/#primaryimage\"},\"image\":{\"@id\":\"https:\/\/www.scrigno.com\/es\/proyectos\/via-cernaia-5\/#primaryimage\"},\"thumbnailUrl\":\"https:\/\/www.scrigno.com\/wp-content\/uploads\/2024\/07\/square_L_21-cerania.jpg\",\"datePublished\":\"2014-12-24T14:51:03+00:00\",\"dateModified\":\"2024-09-18T14:53:06+00:00\",\"breadcrumb\":{\"@id\":\"https:\/\/www.scrigno.com\/es\/proyectos\/via-cernaia-5\/#breadcrumb\"},\"inLanguage\":\"es\",\"potentialAction\":[{\"@type\":\"ReadAction\",\"target\":[\"https:\/\/www.scrigno.com\/es\/proyectos\/via-cernaia-5\/\"]}]},{\"@type\":\"ImageObject\",\"inLanguage\":\"es\",\"@id\":\"https:\/\/www.scrigno.com\/es\/proyectos\/via-cernaia-5\/#primaryimage\",\"url\":\"https:\/\/www.scrigno.com\/wp-content\/uploads\/2024\/07\/square_L_21-cerania.jpg\",\"contentUrl\":\"https:\/\/www.scrigno.com\/wp-content\/uploads\/2024\/07\/square_L_21-cerania.jpg\",\"width\":1100,\"height\":1100},{\"@type\":\"BreadcrumbList\",\"@id\":\"https:\/\/www.scrigno.com\/es\/proyectos\/via-cernaia-5\/#breadcrumb\",\"itemListElement\":[{\"@type\":\"ListItem\",\"position\":1,\"name\":\"Home\",\"item\":\"https:\/\/www.scrigno.com\/es\/\"},{\"@type\":\"ListItem\",\"position\":2,\"name\":\"Proyectos\",\"item\":\"https:\/\/www.scrigno.com\/es\/proyectos\/\"},{\"@type\":\"ListItem\",\"position\":3,\"name\":\"Via Cernaia\"}]},{\"@type\":\"WebSite\",\"@id\":\"https:\/\/www.scrigno.com\/es\/#website\",\"url\":\"https:\/\/www.scrigno.com\/es\/\",\"name\":\"Scrigno\",\"description\":\"\",\"potentialAction\":[{\"@type\":\"SearchAction\",\"target\":{\"@type\":\"EntryPoint\",\"urlTemplate\":\"https:\/\/www.scrigno.com\/es\/?s={search_term_string}\"},\"query-input\":{\"@type\":\"PropertyValueSpecification\",\"valueRequired\":true,\"valueName\":\"search_term_string\"}}],\"inLanguage\":\"es\"}]}<\/script>\n<!-- \/ Yoast SEO plugin. -->","yoast_head_json":{"title":"Via Cernaia - Scrigno","robots":{"index":"index","follow":"follow","max-snippet":"max-snippet:-1","max-image-preview":"max-image-preview:large","max-video-preview":"max-video-preview:-1"},"canonical":"https:\/\/www.scrigno.com\/es\/proyectos\/via-cernaia-5\/","og_locale":"es_ES","og_type":"article","og_title":"Via Cernaia - Scrigno","og_description":"Misi\u00f3n del arquitecto y de los clientes: crear espacios din\u00e1micos sin horizontes espaciales predefinidos, realzar la luz natural, con zonas [&hellip;]","og_url":"https:\/\/www.scrigno.com\/es\/proyectos\/via-cernaia-5\/","og_site_name":"Scrigno","article_modified_time":"2024-09-18T14:53:06+00:00","og_image":[{"width":1100,"height":1100,"url":"https:\/\/www.scrigno.com\/wp-content\/uploads\/2024\/07\/square_L_21-cerania.jpg","type":"image\/jpeg"}],"twitter_card":"summary_large_image","twitter_misc":{"Tiempo de lectura":"1 minuto"},"schema":{"@context":"https:\/\/schema.org","@graph":[{"@type":"WebPage","@id":"https:\/\/www.scrigno.com\/es\/proyectos\/via-cernaia-5\/","url":"https:\/\/www.scrigno.com\/es\/proyectos\/via-cernaia-5\/","name":"Via Cernaia - Scrigno","isPartOf":{"@id":"https:\/\/www.scrigno.com\/es\/#website"},"primaryImageOfPage":{"@id":"https:\/\/www.scrigno.com\/es\/proyectos\/via-cernaia-5\/#primaryimage"},"image":{"@id":"https:\/\/www.scrigno.com\/es\/proyectos\/via-cernaia-5\/#primaryimage"},"thumbnailUrl":"https:\/\/www.scrigno.com\/wp-content\/uploads\/2024\/07\/square_L_21-cerania.jpg","datePublished":"2014-12-24T14:51:03+00:00","dateModified":"2024-09-18T14:53:06+00:00","breadcrumb":{"@id":"https:\/\/www.scrigno.com\/es\/proyectos\/via-cernaia-5\/#breadcrumb"},"inLanguage":"es","potentialAction":[{"@type":"ReadAction","target":["https:\/\/www.scrigno.com\/es\/proyectos\/via-cernaia-5\/"]}]},{"@type":"ImageObject","inLanguage":"es","@id":"https:\/\/www.scrigno.com\/es\/proyectos\/via-cernaia-5\/#primaryimage","url":"https:\/\/www.scrigno.com\/wp-content\/uploads\/2024\/07\/square_L_21-cerania.jpg","contentUrl":"https:\/\/www.scrigno.com\/wp-content\/uploads\/2024\/07\/square_L_21-cerania.jpg","width":1100,"height":1100},{"@type":"BreadcrumbList","@id":"https:\/\/www.scrigno.com\/es\/proyectos\/via-cernaia-5\/#breadcrumb","itemListElement":[{"@type":"ListItem","position":1,"name":"Home","item":"https:\/\/www.scrigno.com\/es\/"},{"@type":"ListItem","position":2,"name":"Proyectos","item":"https:\/\/www.scrigno.com\/es\/proyectos\/"},{"@type":"ListItem","position":3,"name":"Via Cernaia"}]},{"@type":"WebSite","@id":"https:\/\/www.scrigno.com\/es\/#website","url":"https:\/\/www.scrigno.com\/es\/","name":"Scrigno","description":"","potentialAction":[{"@type":"SearchAction","target":{"@type":"EntryPoint","urlTemplate":"https:\/\/www.scrigno.com\/es\/?s={search_term_string}"},"query-input":{"@type":"PropertyValueSpecification","valueRequired":true,"valueName":"search_term_string"}}],"inLanguage":"es"}]}},"_links":{"self":[{"href":"https:\/\/www.scrigno.com\/es\/wp-json\/wp\/v2\/scrignocom_project\/10597","targetHints":{"allow":["GET"]}}],"collection":[{"href":"https:\/\/www.scrigno.com\/es\/wp-json\/wp\/v2\/scrignocom_project"}],"about":[{"href":"https:\/\/www.scrigno.com\/es\/wp-json\/wp\/v2\/types\/scrignocom_project"}],"acf:post":[{"embeddable":true,"href":"https:\/\/www.scrigno.com\/es\/wp-json\/wp\/v2\/scrignocom_architect\/10268"}],"acf:attachment":[{"embeddable":true,"href":"https:\/\/www.scrigno.com\/es\/wp-json\/wp\/v2\/media\/2288"}],"wp:featuredmedia":[{"embeddable":true,"href":"https:\/\/www.scrigno.com\/es\/wp-json\/wp\/v2\/media\/3020"}],"wp:attachment":[{"href":"https:\/\/www.scrigno.com\/es\/wp-json\/wp\/v2\/media?parent=10597"}],"curies":[{"name":"wp","href":"https:\/\/api.w.org\/{rel}","templated":true}]}}