{"id":10518,"date":"2010-12-31T16:51:03","date_gmt":"2010-12-31T14:51:03","guid":{"rendered":"https:\/\/www.scrigno.com\/projects\/stilnovo-wellness-mind-design-hair-3\/"},"modified":"2024-09-18T16:51:59","modified_gmt":"2024-09-18T14:51:59","slug":"stilnovo-wellness-mind-design-hair-3","status":"publish","type":"scrignocom_project","link":"https:\/\/www.scrigno.com\/fr\/projets\/stilnovo-wellness-mind-design-hair-3\/","title":{"rendered":"STILNOVO \u201cWellness Mind Design Hair\u00a0\u00bb"},"content":{"rendered":"<p>STILNOVO \u201cWellness Mind Design Hair\u201d et l\u2019ext\u00e9rieur Cool Flowers Lounge<br \/>\n&#8230; go\u00fbter la \u00ab&nbsp;LENTEUR du MOMENT&nbsp;\u00bb<\/p>\n<p>Une histoire qui commence \u00e0 Cassano Belbo \u00ab&nbsp;Urban Village&nbsp;\u00bb \u00e0 partir d\u2019une id\u00e9e et d\u2019un projet&#8230;, s\u2019est \u00e9volu\u00e9e&#8230; s\u2019est model\u00e9e&#8230; a pris forme, comme une chim\u00e8re qui est devenue une r\u00e9alit\u00e9.<br \/>\nMais le \u00ab&nbsp;moment&#8230;&nbsp;\u00bb ne s\u2019arr\u00eate pas au monde des cheveux mais se d\u00e9veloppe, se conjugue, se mat\u00e9rialise, se fond avec le bien-\u00eatre de l\u2019esprit et du corps , le SPA :<br \/>\n\u201cUn r\u00eave &#8230; L\u2019essence&nbsp;\u00bb<\/p>\n<p><strong>L\u2019id\u00e9e<\/strong><br \/>\nLaissez vous conduire \u00e0 la d\u00e9couverte du monde de Marina Selvini hair stylist \u00ab&nbsp;evangelist&nbsp;\u00bb et de STILNOVO wellness mind design hair &#8230; Fermez vos yeux &#8230;&#8230; Vous savourerez chaque instant entour\u00e9s par des lumi\u00e8res, des couleurs, des parfums et des essences &#8230;<br \/>\nUne vision onirique, un floril\u00e8ge de mat\u00e9riaux dans le silence du blanc absolu marqu\u00e9 par une vibration assourdissante de suggestions, images, utopies, synth\u00e8ses, logique et \u00e9l\u00e9ment vital.<br \/>\nUn spectacle unique et toujours diff\u00e9rent comme l\u2019aurore bor\u00e9ale qui avec les lumi\u00e8res qui dansent dans le ciel et se dissolvent sous forme de voiles l\u00e9gers transport\u00e9s par le souffle de ceux qui la per\u00e7oivent, dans un enchev\u00eatrement de vapeurs de couleur bleue, orange, violette, verte et rouge.<\/p>\n<p>lumi\u00e8re qui \u00e9motionne lumi\u00e8re qui cr\u00e9e lumi\u00e8re qui \u00ab&nbsp;aime.&nbsp;\u00bb<br \/>\n&#8230; l\u2019aurore bor\u00e9ale est toujours diff\u00e9rente mais \u00e9vanescente,<br \/>\nle monde de STILNOVO est toujours diff\u00e9rent, mais intense et sensoriel<br \/>\n\u00ab&nbsp;Un \u00ab&nbsp;nouveau concept&nbsp;\u00bb (inaugur\u00e9 le 14\/11\/2010), sign\u00e9 par Alessandro Marchelli, inspir\u00e9 pour toutes les personnes qui souhaitent se laisser transporter dans une \u00ab&nbsp;dimension futuriste&nbsp;\u00bb de beaut\u00e9, \u00e9motions, sensations.<br \/>\nUn m\u00e9lange de cr\u00e9ativit\u00e9, douceur, \u00e9l\u00e9gance, mat\u00e9riaux innovants, luxe qui servent de cadre aux mains savantes, mots, coupes, couleurs, coiffures, cocooning, hammam, parcours de bien-\u00eatre, traitements \u00e9motionnels, musique, parfums, essences et fragrances.<br \/>\nUn espace d\u2019environ 75 m\u00e8tres carr\u00e9s, o\u00f9 la synth\u00e8se du savoir-faire conceptuel est mise en \u00e9vidence, tout en d\u00e9veloppant comme dans un jeu d\u2019embo\u00eetements, de nombreuses situations pour arriver \u00e0 la totalit\u00e9 des demandes du client.<br \/>\nUn \u00ab&nbsp;fil d\u2019Ariane&nbsp;\u00bb, la lumi\u00e8re &#8211; continue de raconter Alessandro Marchelli, &#8211; qui permet de se d\u00e9placer dans ce labyrinthe d\u2019espaces, en \u00e9prouvant une \u00e9motion neuve \u00e0 chaque pas, un lieu diff\u00e9rent, mais en m\u00eame temps unique et harmonieusement englob\u00e9 dans le contexte.&nbsp;\u00bb<\/p>\n<p><strong>L\u2019 \u0153uvre<\/strong><br \/>\nLe hall d\u2019entr\u00e9e \u00ab&nbsp;&#8230;go\u00fbter la lenteur du moment&nbsp;\u00bb forme une sc\u00e8ne, avec des ondes oppos\u00e9es reproduisant, par \u00ab&nbsp;Mosaico Digitale&nbsp;\u00bb l\u2019aube du matin, comme si l\u2019on voulait attirer le client et le prot\u00e9ger une fois franchi la porte coulissante en cristal toute hauteur.<\/p>\n<p>Un garde-robe lumineux sert de toile de fond \u00e0 l\u2019entr\u00e9e du salon STILNOVO Design Hair<br \/>\nLes leds RGB s\u2019\u00e9crasent sur les cloisons blanches. Tout est command\u00e9 par la domotique. Une salle d\u2019attente se mod\u00e8le, se dessine en unissant des mat\u00e9riaux tout \u00e0 fait diff\u00e9rents entre eux comme corian, acier, r\u00e9sine, led, n\u00e9on haute tension, mais assembl\u00e9s de mani\u00e8re telle \u00e0 cr\u00e9er des effets visuels vaporeux et \u00e9vanescents, des assises qui naissent comme des collines en reprenant le tableau de la nature ext\u00e9rieure qui devient le cadre de cet \u00ab&nbsp;Urban Village&nbsp;\u00bb de 1 000 habitants environ.<\/p>\n<p>La zone Design Hair, un salon open space caress\u00e9 par de l\u00e9gers voiles blancs de contour qui dissipent la lumi\u00e8re RGB dans l\u2019espace environnant, parsem\u00e9 de quelques faisceaux ponctuels de lumi\u00e8re blanche sur les postes, allum\u00e9s par une commande domotique au besoin, pour avoir le meilleur \u00e9clairage possible pendant le travail du coiffeur \u00ab&nbsp;evangelist&nbsp;\u00bb, qui dispose lui et les autres coiffeuses \u00ab&nbsp;followers&nbsp;\u00bb de cinq fauteuils de coupe et coiffage et un SPA des cheveux, une zone de lavage et massage du cuir chevelu.<\/p>\n<p>La zone Wellness Mind, caract\u00e9ris\u00e9e par des jeux concentriques sur les cloisons, des enchev\u00eatrements cach\u00e9s, des lames de lumi\u00e8re contre les cloisons ondul\u00e9es pour donner un mouvement et un \u00ab&nbsp;signe&nbsp;\u00bb encore plus fort au client qui d\u00e9cide de se fier aux mains savantes des \u00ab&nbsp;th\u00e9rapeutes du corps&nbsp;\u00bb.<br \/>\nUn blanc assourdissant, brillant, att\u00e9nu\u00e9 par des leds bleues et ambr\u00e9es.<br \/>\n\u00ab&nbsp;Un r\u00eave &#8230; l\u2019essence&nbsp;\u00bb accueille le client dans un r\u00e9ception circulaire, un lustre \u00e0 leds \u00ab&nbsp;MAG40&nbsp;\u00bb dessin\u00e9 par Luigi Caro descend du plafond, un banc en acier brillant \u00e9merge du sol avec ses lignes courbes non conventionnelles, tout en donnant une sensation tridimensionnelle des espaces. Le rideau en alcantara s\u2019ouvre pour vous faire entrer dans l\u2019\u00c9den du bien-\u00eatre, hammam, salle de massages \u00e9clair\u00e9e par AIRBLOW, dessin\u00e9 par Alessandro Marchelli, traitement \u00e9motionnels pour arriver \u00e0 la nouvelle fronti\u00e8re du bronzage par brumisation avec la cabine rev\u00eatue en \u00ab&nbsp;RustOn&nbsp;\u00bb<\/p>\n<p>La zone d\u00e9di\u00e9e \u00e0 la d\u00e9tente, soit le repos de l\u2019esprit et du corps, est un \u00ab&nbsp;parcours sensoriel&nbsp;\u00bb entre r\u00e9sines m\u00e9lang\u00e9es et travaill\u00e9es sur place, caract\u00e9ris\u00e9 par les couleurs violet et or au sol et les phrases grav\u00e9es sur les cloisons de mani\u00e8re que l\u2019esprit, les pens\u00e9es, les muscles puissent se d\u00e9tendre et g\u00e9n\u00e9rer des sensations positives sur la chaise longue \u00ab&nbsp;KIRIOS NUS&nbsp;\u00bb d\u2019Alessandro Marchelli en r\u00e9sine et feuille d\u2019or et sur le grand canap\u00e9 \u00ab&nbsp;MAGNUS A&nbsp;\u00bb toujours d\u2019Alessandro Marchelli en cuir blanc brillant pour compl\u00e9ter cet objectif de calme, tranquillit\u00e9 et r\u00e9cup\u00e9ration des \u00e9nergies.<br \/>\nBien-\u00eatre et complicit\u00e9 deviennent une seule essence, la m\u00eame \u00e9nergie qui est tout \u00e0 fait indivisible, \u00ab&nbsp;l\u2019essence de vie&nbsp;\u00bb.<\/p>\n<p>Tous les compl\u00e9ments et les objets de design ins\u00e9r\u00e9s dans ce travail ont \u00e9t\u00e9 dessin\u00e9s par Alessandro Marchelli et seront mis en production en s\u00e9rie par plusieurs entreprises de design pendant l\u2019ann\u00e9e courante.<br \/>\nMarina Selvini, evangelist stylist de STILNOVO \u00ab&nbsp;Wellness Mind Design Hair&nbsp;\u00bb a pr\u00e9sent\u00e9 samedi 16 juillet 2011 \u00ab&nbsp;Cool Flowers Lounge&nbsp;\u00bb, l\u2019ext\u00e9rieur sign\u00e9 par Alessandro Marchelli.<\/p>\n<p>Le Cool Flowers Lounge sera l\u2019occasion pour profiter de la d\u00e9tente, du loisir et du plaisir des relations en d\u00e9gustant l\u2019excellent vin pi\u00e9montais, des cocktails et des tisanes r\u00e9g\u00e9n\u00e9ratrices, apr\u00e8s avoir r\u00eav\u00e9 aupr\u00e8s du centre bien-\u00eatre et \u00eatre pass\u00e9 \u00e0 travers hammams, massages, traitements des cheveux, du visage et du corps.<\/p>\n<p>Le \u00ab&nbsp;Cold Flowers Lounge&nbsp;\u00bb, en accueillant des \u00e9l\u00e9ments de haut design, des produits de tr\u00e8s haut niveau technologique et au fort impact esth\u00e9tique, est en mesure de satisfaire le public le plus exigeant.<\/p>\n<p>Parmi les objets de design &#8211; con\u00e7us par le designer Alessandro Marchelli &#8211; nous tenons \u00e0 signaler : &#8211; le chandelier g\u00e9ant \u00ab&nbsp;Dominus&nbsp;\u00bb, un \u00ab&nbsp;signe&nbsp;\u00bb, un objet, un mat\u00e9riau dont les courbes donnent une sensation de force et puissance mais en m\u00eame temps adoucissent en cr\u00e9ant des sensations d\u2019apaisement et de bien-\u00eatre qui, avec la chaleur du feu, cr\u00e9ent un m\u00e9lange qui peut \u00eatre interpr\u00e9t\u00e9 selon les \u00e9tats d\u2019esprit qui chacun d\u2019entre nous per\u00e7oit ; les chaises longues Kirios Nus d\u2019Alessandro Marchelli pour Artesuperfici pour int\u00e9rieur et ext\u00e9rieur, r\u00e9alis\u00e9es en r\u00e9sine et finies en feuille d\u2019or ; la texture \u00ab&nbsp;lenteur du moment&#8230;&nbsp;\u00bb dessin\u00e9e par Alessandro Marchelli et r\u00e9alis\u00e9e par Mosaico Digitale de Pepe &amp; Con qui enveloppe le salon et fait fonction d\u2019entr\u00e9e du local.<\/p>\n<p>Les parasols \u00ab&nbsp;Tulip&nbsp;\u00bb dans la version lighting de l\u2019entreprise allemande MDT-tex, les fauteuils-sacs de Mum, les assises, les porte-champagne, les d\u00e9corations lumineuses de Slide, la musique douce en dolby surround rendent encore plus sensorielle la d\u00e9tente des clients apr\u00e8s avoir b\u00e9n\u00e9fici\u00e9 des traitements de coiffeur et SPA.<\/p>\n<p>L\u2019\u00e9clairage \u00e0 LED &#8211; C.F.O. Lighting -, \u00e9l\u00e9ment important des travaux de <a href=\"\/FR\/fr\/architectes\/amd-sensory-interior-architecture\">AMD studio<\/a>est cach\u00e9 dans le rev\u00eatement de sol avec des phares de couleur bleue adoucie par des lames de couleur ambre pour rendre encore plus sc\u00e9nographique la vision nocturne du salon qui sera entour\u00e9 de fleurs et plantes dispos\u00e9es dans des bols pour rendre encore plus unique et exclusive la zone ext\u00e9rieure d\u00e9di\u00e9e \u00e0 la d\u00e9tente de ce sophistiqu\u00e9 centre de coiffeur et bien-\u00eatre.<\/p>\n<p>Cool Flowers Lounge signifie se rafraichir et profiter de la d\u00e9tente en plein air parmi les fleurs<br \/>\nSTILNOVO \u201cWellness Mind Design Hair \u00bb<\/p>\n","protected":false},"featured_media":2931,"template":"","class_list":["post-10518","scrignocom_project","type-scrignocom_project","status-publish","has-post-thumbnail","hentry"],"acf":{"project_description":"","project_date":"2010","project_where":"","project_featured_image":"https:\/\/www.scrigno.com\/wp-content\/uploads\/2024\/07\/11.DSC1385_adjust.jpg","project_gallery":[{"ID":2935,"id":2935,"title":"16.DSC1508.jpg","filename":"16.DSC1508.jpg","filesize":154002,"url":"https:\/\/www.scrigno.com\/wp-content\/uploads\/2024\/07\/16.DSC1508.jpg","link":"https:\/\/www.scrigno.com\/fr\/?attachment_id=2935","alt":"","author":"1","description":"","caption":"","name":"16-dsc1508-jpg-2","status":"inherit","uploaded_to":19054,"date":"2024-07-29 09:16:31","modified":"2025-12-23 15:07:14","menu_order":0,"mime_type":"image\/jpeg","type":"image","subtype":"jpeg","icon":"https:\/\/www.scrigno.com\/wp-includes\/images\/media\/default.png","width":1500,"height":1008,"sizes":{"thumbnail":"https:\/\/www.scrigno.com\/wp-content\/uploads\/2024\/07\/16.DSC1508-150x150.jpg","thumbnail-width":150,"thumbnail-height":150,"medium":"https:\/\/www.scrigno.com\/wp-content\/uploads\/2024\/07\/16.DSC1508-375x252.jpg","medium-width":375,"medium-height":252,"medium_large":"https:\/\/www.scrigno.com\/wp-content\/uploads\/2024\/07\/16.DSC1508-750x504.jpg","medium_large-width":750,"medium_large-height":504,"large":"https:\/\/www.scrigno.com\/wp-content\/uploads\/2024\/07\/16.DSC1508-1242x835.jpg","large-width":1242,"large-height":835,"1536x1536":"https:\/\/www.scrigno.com\/wp-content\/uploads\/2024\/07\/16.DSC1508.jpg","1536x1536-width":1500,"1536x1536-height":1008,"2048x2048":"https:\/\/www.scrigno.com\/wp-content\/uploads\/2024\/07\/16.DSC1508.jpg","2048x2048-width":1500,"2048x2048-height":1008,"logo-1x":"https:\/\/www.scrigno.com\/wp-content\/uploads\/2024\/07\/16.DSC1508-95x64.jpg","logo-1x-width":95,"logo-1x-height":64,"logo-footer-1x":"https:\/\/www.scrigno.com\/wp-content\/uploads\/2024\/07\/16.DSC1508-88x59.jpg","logo-footer-1x-width":88,"logo-footer-1x-height":59,"banner-1x":"https:\/\/www.scrigno.com\/wp-content\/uploads\/2024\/07\/16.DSC1508-1211x814.jpg","banner-1x-width":1211,"banner-1x-height":814}},{"ID":2939,"id":2939,"title":"21.DSC1594_adjust.jpg","filename":"21.DSC1594_adjust.jpg","filesize":141237,"url":"https:\/\/www.scrigno.com\/wp-content\/uploads\/2024\/07\/21.DSC1594_adjust.jpg","link":"https:\/\/www.scrigno.com\/fr\/?attachment_id=2939","alt":"","author":"1","description":"","caption":"","name":"21-dsc1594_adjust-jpg-2","status":"inherit","uploaded_to":19054,"date":"2024-07-29 09:16:32","modified":"2025-12-23 15:07:14","menu_order":0,"mime_type":"image\/jpeg","type":"image","subtype":"jpeg","icon":"https:\/\/www.scrigno.com\/wp-includes\/images\/media\/default.png","width":1013,"height":1500,"sizes":{"thumbnail":"https:\/\/www.scrigno.com\/wp-content\/uploads\/2024\/07\/21.DSC1594_adjust-150x150.jpg","thumbnail-width":150,"thumbnail-height":150,"medium":"https:\/\/www.scrigno.com\/wp-content\/uploads\/2024\/07\/21.DSC1594_adjust-375x555.jpg","medium-width":375,"medium-height":555,"medium_large":"https:\/\/www.scrigno.com\/wp-content\/uploads\/2024\/07\/21.DSC1594_adjust-750x1111.jpg","medium_large-width":750,"medium_large-height":1111,"large":"https:\/\/www.scrigno.com\/wp-content\/uploads\/2024\/07\/21.DSC1594_adjust.jpg","large-width":1013,"large-height":1500,"1536x1536":"https:\/\/www.scrigno.com\/wp-content\/uploads\/2024\/07\/21.DSC1594_adjust.jpg","1536x1536-width":1013,"1536x1536-height":1500,"2048x2048":"https:\/\/www.scrigno.com\/wp-content\/uploads\/2024\/07\/21.DSC1594_adjust.jpg","2048x2048-width":1013,"2048x2048-height":1500,"logo-1x":"https:\/\/www.scrigno.com\/wp-content\/uploads\/2024\/07\/21.DSC1594_adjust-43x64.jpg","logo-1x-width":43,"logo-1x-height":64,"logo-footer-1x":"https:\/\/www.scrigno.com\/wp-content\/uploads\/2024\/07\/21.DSC1594_adjust-40x59.jpg","logo-footer-1x-width":40,"logo-footer-1x-height":59,"banner-1x":"https:\/\/www.scrigno.com\/wp-content\/uploads\/2024\/07\/21.DSC1594_adjust.jpg","banner-1x-width":1013,"banner-1x-height":1500}},{"ID":2259,"id":2259,"title":"square_L_36.DSC1183_adjust-ESSENTIAL-SCORREVOLE","filename":"36.DSC1183_adjust-ESSENTIAL-SCORREVOLE.jpg","filesize":195981,"url":"https:\/\/www.scrigno.com\/wp-content\/uploads\/2024\/07\/36.DSC1183_adjust-ESSENTIAL-SCORREVOLE.jpg","link":"https:\/\/www.scrigno.com\/fr\/?attachment_id=2259","alt":"","author":"1","description":"square_L_36.DSC1183_adjust-ESSENTIAL-SCORREVOLE","caption":"square_L_36.DSC1183_adjust-ESSENTIAL-SCORREVOLE","name":"36-dsc1183_adjust-essential-scorrevole-jpg-2","status":"inherit","uploaded_to":19054,"date":"2024-07-29 09:16:33","modified":"2025-12-23 15:07:14","menu_order":0,"mime_type":"image\/jpeg","type":"image","subtype":"jpeg","icon":"https:\/\/www.scrigno.com\/wp-includes\/images\/media\/default.png","width":1000,"height":1506,"sizes":{"thumbnail":"https:\/\/www.scrigno.com\/wp-content\/uploads\/2024\/07\/36.DSC1183_adjust-ESSENTIAL-SCORREVOLE-150x150.jpg","thumbnail-width":150,"thumbnail-height":150,"medium":"https:\/\/www.scrigno.com\/wp-content\/uploads\/2024\/07\/36.DSC1183_adjust-ESSENTIAL-SCORREVOLE-375x565.jpg","medium-width":375,"medium-height":565,"medium_large":"https:\/\/www.scrigno.com\/wp-content\/uploads\/2024\/07\/36.DSC1183_adjust-ESSENTIAL-SCORREVOLE-750x1130.jpg","medium_large-width":750,"medium_large-height":1130,"large":"https:\/\/www.scrigno.com\/wp-content\/uploads\/2024\/07\/36.DSC1183_adjust-ESSENTIAL-SCORREVOLE.jpg","large-width":1000,"large-height":1506,"1536x1536":"https:\/\/www.scrigno.com\/wp-content\/uploads\/2024\/07\/36.DSC1183_adjust-ESSENTIAL-SCORREVOLE.jpg","1536x1536-width":1000,"1536x1536-height":1506,"2048x2048":"https:\/\/www.scrigno.com\/wp-content\/uploads\/2024\/07\/36.DSC1183_adjust-ESSENTIAL-SCORREVOLE.jpg","2048x2048-width":1000,"2048x2048-height":1506,"logo-1x":"https:\/\/www.scrigno.com\/wp-content\/uploads\/2024\/07\/36.DSC1183_adjust-ESSENTIAL-SCORREVOLE-42x64.jpg","logo-1x-width":42,"logo-1x-height":64,"logo-footer-1x":"https:\/\/www.scrigno.com\/wp-content\/uploads\/2024\/07\/36.DSC1183_adjust-ESSENTIAL-SCORREVOLE-39x59.jpg","logo-footer-1x-width":39,"logo-footer-1x-height":59,"banner-1x":"https:\/\/www.scrigno.com\/wp-content\/uploads\/2024\/07\/36.DSC1183_adjust-ESSENTIAL-SCORREVOLE.jpg","banner-1x-width":1000,"banner-1x-height":1506}}],"project_architect":{"ID":10211,"post_author":"1","post_date":"2024-09-18 16:47:23","post_date_gmt":"2024-09-18 14:47:23","post_content":"En 1990, il fonde le cabinet de design Alessandro Marchelli \u2013 Sensorial Architecture + Creative Design.\n\nDans son travail de design d\u2019int\u00e9rieur, d\u2019entreprise, d\u2019exposition, de design graphique et de communication, on peut percevoir l\u2019apologie sensorielle qui accompagne chaque geste du processus de design que sa main et son id\u00e9e veulent amener dans le c\u0153ur, l\u2019\u0153il, l\u2019esprit de l\u2019utilisateur final et de ses clients\/amis.\n\nAu fil des ans, il a con\u00e7u des int\u00e9rieurs et des am\u00e9nagements li\u00e9s au monde domestique et au monde des entreprises. Il a con\u00e7u des objets de design industriel, et ses travaux de design d\u2019int\u00e9rieur sont souvent publi\u00e9s dans des magazines li\u00e9s au monde du design et de l\u2019architecture d\u2019int\u00e9rieur.\n\nIl est conscient, en effet, que dans chaque intervention le concepteur doit \u00eatre en mesure de mettre en \u00e9vidence le potentiel expressif de chaque espace disponible, de chaque nuance de l\u2019objet afin d\u2019offrir, en m\u00eame temps qu\u2019une qualit\u00e9 esth\u00e9tique nouvelle et personnalis\u00e9e, la meilleure habitabilit\u00e9 possible.\n\nL\u2019accent est mis sur la recherche, l\u2019\u00e9laboration de solutions novatrices, la cr\u00e9ation de d\u00e9cors saisissants et uniques pour donner forme aux passions du client, l\u2019adaptation de l\u2019espace aux habitudes et aux besoins gr\u00e2ce \u00e0 la cr\u00e9ativit\u00e9 du designer.\n\nLe cabinet accorde \u00e9galement une attention particuli\u00e8re \u00e0 la conception de la couleur, en tant que consolidation de l\u2019harmonie du projet, en utilisant des combinaisons de couleurs originales pour relier les diff\u00e9rents environnements et donner une plus grande expressivit\u00e9 sensorielle au r\u00e9sultat final. Gr\u00e2ce \u00e0 une connaissance approfondie des syst\u00e8mes d\u2019\u00e9clairage, le cabinet parvient \u00e0 cr\u00e9er des visions toujours changeantes, riches en \u00e9motions, en r\u00e9alisant des sc\u00e8nes d\u2019ombre et de lumi\u00e8re, en soulignant les volumes, les pleins, les vides, les transparences, en offrant des effets \u00e9vocateurs.\n\nDepuis 1990, il est membre de l\u2019ADI (Association pour le design industriel), et depuis 1993 de l\u2019AIPI (Association italienne des architectes d\u2019int\u00e9rieur), au sein de laquelle il a occup\u00e9 des fonctions institutionnelles pendant plusieurs ann\u00e9es. Il est membre du BEDA (Bureau of European Designers Association), et depuis 1997 de QUALITAID EU (Organisme europ\u00e9en de qualification professionnelle architecte d\u2019int\u00e9rieur). Master en \u00ab Color Design \u00bb et \u00ab Lighting Design \u00bb, en 2005 cours post-universitaire en \u00ab New Entertainment Design \u00bb, au Poli.Design de Milan.","post_title":"AMD sensory interior architecture","post_excerpt":"","post_status":"publish","comment_status":"open","ping_status":"open","post_password":"","post_name":"amd-sensory-interior-architecture-2","to_ping":"","pinged":"","post_modified":"2024-09-18 16:47:23","post_modified_gmt":"2024-09-18 14:47:23","post_content_filtered":"","post_parent":0,"guid":"https:\/\/www.scrigno.com\/architects\/amd-sensory-interior-architecture-2\/","menu_order":0,"post_type":"scrignocom_architect","post_mime_type":"","comment_count":"0","filter":"raw"},"project_architect_name":"AMD (Alessandro Marchelli Design) sensory interior architecture"},"yoast_head":"<!-- This site is optimized with the Yoast SEO plugin v27.1.1 - https:\/\/yoast.com\/product\/yoast-seo-wordpress\/ -->\n<title>STILNOVO \u201cWellness Mind Design Hair&quot; - Scrigno<\/title>\n<meta name=\"robots\" content=\"index, follow, max-snippet:-1, max-image-preview:large, max-video-preview:-1\" \/>\n<link rel=\"canonical\" href=\"https:\/\/www.scrigno.com\/fr\/projets\/stilnovo-wellness-mind-design-hair-3\/\" \/>\n<meta property=\"og:locale\" content=\"fr_FR\" \/>\n<meta property=\"og:type\" content=\"article\" \/>\n<meta property=\"og:title\" content=\"STILNOVO \u201cWellness Mind Design Hair&quot; - Scrigno\" \/>\n<meta property=\"og:description\" content=\"STILNOVO \u201cWellness Mind Design Hair\u201d et l\u2019ext\u00e9rieur Cool Flowers Lounge &#8230; go\u00fbter la \u00ab&nbsp;LENTEUR du MOMENT&nbsp;\u00bb Une histoire qui commence [&hellip;]\" \/>\n<meta property=\"og:url\" content=\"https:\/\/www.scrigno.com\/fr\/projets\/stilnovo-wellness-mind-design-hair-3\/\" \/>\n<meta property=\"og:site_name\" content=\"Scrigno\" \/>\n<meta property=\"article:modified_time\" content=\"2024-09-18T14:51:59+00:00\" \/>\n<meta property=\"og:image\" content=\"https:\/\/www.scrigno.com\/wp-content\/uploads\/2024\/07\/square_L_36.DSC1183_adjust-ESSENTIAL-SCORREVOLE.jpg\" \/>\n\t<meta property=\"og:image:width\" content=\"1100\" \/>\n\t<meta property=\"og:image:height\" content=\"1100\" \/>\n\t<meta property=\"og:image:type\" content=\"image\/jpeg\" \/>\n<meta name=\"twitter:card\" content=\"summary_large_image\" \/>\n<meta name=\"twitter:label1\" content=\"Dur\u00e9e de lecture estim\u00e9e\" \/>\n\t<meta name=\"twitter:data1\" content=\"7 minutes\" \/>\n<script type=\"application\/ld+json\" class=\"yoast-schema-graph\">{\"@context\":\"https:\/\/schema.org\",\"@graph\":[{\"@type\":\"WebPage\",\"@id\":\"https:\/\/www.scrigno.com\/fr\/projets\/stilnovo-wellness-mind-design-hair-3\/\",\"url\":\"https:\/\/www.scrigno.com\/fr\/projets\/stilnovo-wellness-mind-design-hair-3\/\",\"name\":\"STILNOVO \u201cWellness Mind Design Hair\\\" - Scrigno\",\"isPartOf\":{\"@id\":\"https:\/\/www.scrigno.com\/fr\/#website\"},\"primaryImageOfPage\":{\"@id\":\"https:\/\/www.scrigno.com\/fr\/projets\/stilnovo-wellness-mind-design-hair-3\/#primaryimage\"},\"image\":{\"@id\":\"https:\/\/www.scrigno.com\/fr\/projets\/stilnovo-wellness-mind-design-hair-3\/#primaryimage\"},\"thumbnailUrl\":\"https:\/\/www.scrigno.com\/wp-content\/uploads\/2024\/07\/square_L_36.DSC1183_adjust-ESSENTIAL-SCORREVOLE.jpg\",\"datePublished\":\"2010-12-31T14:51:03+00:00\",\"dateModified\":\"2024-09-18T14:51:59+00:00\",\"breadcrumb\":{\"@id\":\"https:\/\/www.scrigno.com\/fr\/projets\/stilnovo-wellness-mind-design-hair-3\/#breadcrumb\"},\"inLanguage\":\"fr-FR\",\"potentialAction\":[{\"@type\":\"ReadAction\",\"target\":[\"https:\/\/www.scrigno.com\/fr\/projets\/stilnovo-wellness-mind-design-hair-3\/\"]}]},{\"@type\":\"ImageObject\",\"inLanguage\":\"fr-FR\",\"@id\":\"https:\/\/www.scrigno.com\/fr\/projets\/stilnovo-wellness-mind-design-hair-3\/#primaryimage\",\"url\":\"https:\/\/www.scrigno.com\/wp-content\/uploads\/2024\/07\/square_L_36.DSC1183_adjust-ESSENTIAL-SCORREVOLE.jpg\",\"contentUrl\":\"https:\/\/www.scrigno.com\/wp-content\/uploads\/2024\/07\/square_L_36.DSC1183_adjust-ESSENTIAL-SCORREVOLE.jpg\",\"width\":1100,\"height\":1100},{\"@type\":\"BreadcrumbList\",\"@id\":\"https:\/\/www.scrigno.com\/fr\/projets\/stilnovo-wellness-mind-design-hair-3\/#breadcrumb\",\"itemListElement\":[{\"@type\":\"ListItem\",\"position\":1,\"name\":\"Home\",\"item\":\"https:\/\/www.scrigno.com\/fr\/\"},{\"@type\":\"ListItem\",\"position\":2,\"name\":\"Projets\",\"item\":\"https:\/\/www.scrigno.com\/fr\/projets\/\"},{\"@type\":\"ListItem\",\"position\":3,\"name\":\"STILNOVO \u201cWellness Mind Design Hair\u00a0\u00bb\"}]},{\"@type\":\"WebSite\",\"@id\":\"https:\/\/www.scrigno.com\/fr\/#website\",\"url\":\"https:\/\/www.scrigno.com\/fr\/\",\"name\":\"Scrigno\",\"description\":\"\",\"potentialAction\":[{\"@type\":\"SearchAction\",\"target\":{\"@type\":\"EntryPoint\",\"urlTemplate\":\"https:\/\/www.scrigno.com\/fr\/?s={search_term_string}\"},\"query-input\":{\"@type\":\"PropertyValueSpecification\",\"valueRequired\":true,\"valueName\":\"search_term_string\"}}],\"inLanguage\":\"fr-FR\"}]}<\/script>\n<!-- \/ Yoast SEO plugin. -->","yoast_head_json":{"title":"STILNOVO \u201cWellness Mind Design Hair\" - Scrigno","robots":{"index":"index","follow":"follow","max-snippet":"max-snippet:-1","max-image-preview":"max-image-preview:large","max-video-preview":"max-video-preview:-1"},"canonical":"https:\/\/www.scrigno.com\/fr\/projets\/stilnovo-wellness-mind-design-hair-3\/","og_locale":"fr_FR","og_type":"article","og_title":"STILNOVO \u201cWellness Mind Design Hair\" - Scrigno","og_description":"STILNOVO \u201cWellness Mind Design Hair\u201d et l\u2019ext\u00e9rieur Cool Flowers Lounge &#8230; go\u00fbter la \u00ab&nbsp;LENTEUR du MOMENT&nbsp;\u00bb Une histoire qui commence [&hellip;]","og_url":"https:\/\/www.scrigno.com\/fr\/projets\/stilnovo-wellness-mind-design-hair-3\/","og_site_name":"Scrigno","article_modified_time":"2024-09-18T14:51:59+00:00","og_image":[{"width":1100,"height":1100,"url":"https:\/\/www.scrigno.com\/wp-content\/uploads\/2024\/07\/square_L_36.DSC1183_adjust-ESSENTIAL-SCORREVOLE.jpg","type":"image\/jpeg"}],"twitter_card":"summary_large_image","twitter_misc":{"Dur\u00e9e de lecture estim\u00e9e":"7 minutes"},"schema":{"@context":"https:\/\/schema.org","@graph":[{"@type":"WebPage","@id":"https:\/\/www.scrigno.com\/fr\/projets\/stilnovo-wellness-mind-design-hair-3\/","url":"https:\/\/www.scrigno.com\/fr\/projets\/stilnovo-wellness-mind-design-hair-3\/","name":"STILNOVO \u201cWellness Mind Design Hair\" - Scrigno","isPartOf":{"@id":"https:\/\/www.scrigno.com\/fr\/#website"},"primaryImageOfPage":{"@id":"https:\/\/www.scrigno.com\/fr\/projets\/stilnovo-wellness-mind-design-hair-3\/#primaryimage"},"image":{"@id":"https:\/\/www.scrigno.com\/fr\/projets\/stilnovo-wellness-mind-design-hair-3\/#primaryimage"},"thumbnailUrl":"https:\/\/www.scrigno.com\/wp-content\/uploads\/2024\/07\/square_L_36.DSC1183_adjust-ESSENTIAL-SCORREVOLE.jpg","datePublished":"2010-12-31T14:51:03+00:00","dateModified":"2024-09-18T14:51:59+00:00","breadcrumb":{"@id":"https:\/\/www.scrigno.com\/fr\/projets\/stilnovo-wellness-mind-design-hair-3\/#breadcrumb"},"inLanguage":"fr-FR","potentialAction":[{"@type":"ReadAction","target":["https:\/\/www.scrigno.com\/fr\/projets\/stilnovo-wellness-mind-design-hair-3\/"]}]},{"@type":"ImageObject","inLanguage":"fr-FR","@id":"https:\/\/www.scrigno.com\/fr\/projets\/stilnovo-wellness-mind-design-hair-3\/#primaryimage","url":"https:\/\/www.scrigno.com\/wp-content\/uploads\/2024\/07\/square_L_36.DSC1183_adjust-ESSENTIAL-SCORREVOLE.jpg","contentUrl":"https:\/\/www.scrigno.com\/wp-content\/uploads\/2024\/07\/square_L_36.DSC1183_adjust-ESSENTIAL-SCORREVOLE.jpg","width":1100,"height":1100},{"@type":"BreadcrumbList","@id":"https:\/\/www.scrigno.com\/fr\/projets\/stilnovo-wellness-mind-design-hair-3\/#breadcrumb","itemListElement":[{"@type":"ListItem","position":1,"name":"Home","item":"https:\/\/www.scrigno.com\/fr\/"},{"@type":"ListItem","position":2,"name":"Projets","item":"https:\/\/www.scrigno.com\/fr\/projets\/"},{"@type":"ListItem","position":3,"name":"STILNOVO \u201cWellness Mind Design Hair\u00a0\u00bb"}]},{"@type":"WebSite","@id":"https:\/\/www.scrigno.com\/fr\/#website","url":"https:\/\/www.scrigno.com\/fr\/","name":"Scrigno","description":"","potentialAction":[{"@type":"SearchAction","target":{"@type":"EntryPoint","urlTemplate":"https:\/\/www.scrigno.com\/fr\/?s={search_term_string}"},"query-input":{"@type":"PropertyValueSpecification","valueRequired":true,"valueName":"search_term_string"}}],"inLanguage":"fr-FR"}]}},"_links":{"self":[{"href":"https:\/\/www.scrigno.com\/fr\/wp-json\/wp\/v2\/scrignocom_project\/10518","targetHints":{"allow":["GET"]}}],"collection":[{"href":"https:\/\/www.scrigno.com\/fr\/wp-json\/wp\/v2\/scrignocom_project"}],"about":[{"href":"https:\/\/www.scrigno.com\/fr\/wp-json\/wp\/v2\/types\/scrignocom_project"}],"acf:post":[{"embeddable":true,"href":"https:\/\/www.scrigno.com\/fr\/wp-json\/wp\/v2\/scrignocom_architect\/10211"}],"acf:attachment":[{"embeddable":true,"href":"https:\/\/www.scrigno.com\/fr\/wp-json\/wp\/v2\/media\/2259"},{"embeddable":true,"href":"https:\/\/www.scrigno.com\/fr\/wp-json\/wp\/v2\/media\/2939"},{"embeddable":true,"href":"https:\/\/www.scrigno.com\/fr\/wp-json\/wp\/v2\/media\/2935"}],"wp:featuredmedia":[{"embeddable":true,"href":"https:\/\/www.scrigno.com\/fr\/wp-json\/wp\/v2\/media\/2931"}],"wp:attachment":[{"href":"https:\/\/www.scrigno.com\/fr\/wp-json\/wp\/v2\/media?parent=10518"}],"curies":[{"name":"wp","href":"https:\/\/api.w.org\/{rel}","templated":true}]}}