{"id":10525,"date":"2014-12-24T16:51:03","date_gmt":"2014-12-24T14:51:03","guid":{"rendered":"https:\/\/www.scrigno.com\/projects\/via-cernaia-3\/"},"modified":"2024-09-18T16:52:16","modified_gmt":"2024-09-18T14:52:16","slug":"via-cernaia-3","status":"publish","type":"scrignocom_project","link":"https:\/\/www.scrigno.com\/fr\/projets\/via-cernaia-3\/","title":{"rendered":"Via Cernaia"},"content":{"rendered":"<p>Mission de l\u2019architecte et des clients : cr\u00e9er des espaces dynamiques sans horizons spatiaux pr\u00e9\u00e9tablis, mettre en valeur la lumi\u00e8re naturelle, cr\u00e9er des zones annexes int\u00e9gr\u00e9es \u00e0 l\u2019espace vivable global.<\/p>\n<p>L\u2019acc\u00e8s \u00e0 l\u2019espace vivable est assur\u00e9 par une petite zone s\u2019ouvrant directement sur le c\u0153ur de l\u2019appartement, la cuisine qui donne sur la salle de s\u00e9jour et sur un petite espace studio\/de lecture ; une s\u00e9quence de colonnes structurelles qui indiquent le chemin vers les zones de la salle \u00e0 manger, des chambres \u00e0 coucher et des salles de bain, un parcours qui loin d\u2019\u00eatre un simple couloir, indique la voie sans mettre en bo\u00eete les personnes.<\/p>\n<p>Les mat\u00e9riaux utilis\u00e9s sont le noyer national fini \u00e0 cire pour tout l\u2019appartement, avec l\u2019insertion e plaques en t\u00f4le dans les salles de bain, en verre dans les cloisons et dans les niches des salles de bain ; les cloisons blanches constituent un fond lumineux qui contribue \u00e0 diffuser au maximum la lumi\u00e8re naturelle pendant la journ\u00e9e.<\/p>\n<p>Les seules portes pr\u00e9sentes sont des syst\u00e8mes coulissants de la ligne Essential de Scrigno, qui permettent l\u2019int\u00e9gration maximale des espaces et des fonctions : les vantaux laqu\u00e9s blancs, une fois clos, se transforment dans une continuation de la cloison, sans ajouter des d\u00e9tails de d\u00e9coration d\u2019int\u00e9rieurs.<\/p>\n<p>Les meubles de l\u2019habitation sont en style moderne, particuliers tout comme le canap\u00e9 matelass\u00e9 de la grand m\u00e8re, classiques pour une ambiance souple mais dynamique.<\/p>\n<p>Les meubles de la salle de bain se caract\u00e9risent par les \u00e9l\u00e9ments modernes mais auliques\/agrestes, comme le lavabo\/lavoir de la salle de bain secondaire.<\/p>\n","protected":false},"featured_media":3019,"template":"","class_list":["post-10525","scrignocom_project","type-scrignocom_project","status-publish","has-post-thumbnail","hentry"],"acf":{"project_description":"<p>Turin, Via Cernaia, centre historique \u00e0 l\u2019int\u00e9rieur de la cit\u00e9 remontant \u00e0 l\u2019\u00e9poque savoyarde le long du mur d\u2019enceinte de la ville. 21architettura s\u2019occupe de r\u00e9nover un grenier de 120 mc avec la mission de cr\u00e9er des espaces dynamiques sans horizons spatiaux pr\u00e9\u00e9tablis.<\/p>\n<p>21architettura a \u00e9t\u00e9 charg\u00e9 de r\u00e9nover un grenier de 120 mc avec double exposition au sommet d\u2019un \u00e9difice qui domine le tissu urbain ; un grenier open space, r\u00e9cup\u00e9r\u00e9 pour devenir l\u2019habitation d\u2019un jeune couple form\u00e9 d\u2019un entrepreneur et d\u2019une experte d\u2019histoire de l\u2019art, avec deux petites jumelles qui aiment la musique classique ; aucune contrainte architectonique sp\u00e9cifique n\u2019a \u00e9t\u00e9 \u00e9tablie sauf la r\u00e9alisation de lucarnes avec de petits balcons donnant sur la cour interne.<\/p>\n","project_date":"2014","project_where":"Turin","project_featured_image":"https:\/\/www.scrigno.com\/wp-content\/uploads\/2024\/07\/21-cerania.jpg","project_gallery":[{"ID":2287,"id":2287,"title":"square_L_21-cerania","filename":"21-cernaia-2.jpg","filesize":126032,"url":"https:\/\/www.scrigno.com\/wp-content\/uploads\/2024\/07\/21-cernaia-2.jpg","link":"https:\/\/www.scrigno.com\/fr\/?attachment_id=2287","alt":"","author":"1","description":"square_L_21-cerania","caption":"square_L_21-cerania","name":"21-cernaia-2-jpg-2","status":"inherit","uploaded_to":19054,"date":"2024-07-29 09:17:25","modified":"2025-12-23 15:07:15","menu_order":0,"mime_type":"image\/jpeg","type":"image","subtype":"jpeg","icon":"https:\/\/www.scrigno.com\/wp-includes\/images\/media\/default.png","width":1000,"height":1510,"sizes":{"thumbnail":"https:\/\/www.scrigno.com\/wp-content\/uploads\/2024\/07\/21-cernaia-2-150x150.jpg","thumbnail-width":150,"thumbnail-height":150,"medium":"https:\/\/www.scrigno.com\/wp-content\/uploads\/2024\/07\/21-cernaia-2-375x566.jpg","medium-width":375,"medium-height":566,"medium_large":"https:\/\/www.scrigno.com\/wp-content\/uploads\/2024\/07\/21-cernaia-2-750x1133.jpg","medium_large-width":750,"medium_large-height":1133,"large":"https:\/\/www.scrigno.com\/wp-content\/uploads\/2024\/07\/21-cernaia-2.jpg","large-width":1000,"large-height":1510,"1536x1536":"https:\/\/www.scrigno.com\/wp-content\/uploads\/2024\/07\/21-cernaia-2.jpg","1536x1536-width":1000,"1536x1536-height":1510,"2048x2048":"https:\/\/www.scrigno.com\/wp-content\/uploads\/2024\/07\/21-cernaia-2.jpg","2048x2048-width":1000,"2048x2048-height":1510,"logo-1x":"https:\/\/www.scrigno.com\/wp-content\/uploads\/2024\/07\/21-cernaia-2-42x64.jpg","logo-1x-width":42,"logo-1x-height":64,"logo-footer-1x":"https:\/\/www.scrigno.com\/wp-content\/uploads\/2024\/07\/21-cernaia-2-39x59.jpg","logo-footer-1x-width":39,"logo-footer-1x-height":59,"banner-1x":"https:\/\/www.scrigno.com\/wp-content\/uploads\/2024\/07\/21-cernaia-2.jpg","banner-1x-width":1000,"banner-1x-height":1510}}],"project_architect":{"ID":10208,"post_author":"1","post_date":"2024-09-18 16:47:23","post_date_gmt":"2024-09-18 14:47:23","post_content":"Sergio Alberto Danese fonde son cabinet d\u2019architecture \u00e0 Milan au mois de juin 1990, qu\u2019il appellera imm\u00e9diatement 21architettura ; le cabinet se caract\u00e9rise par un esprit international et d\u00e9veloppe des projets d\u2019architecture r\u00e9sidentielle, bureaux et magasins en Italie, France et au Principaut\u00e9 de Monaco.\n\nAu fil du temps, l\u2019habilitation \u00e0 la profession en Italie s\u2019est accompagn\u00e9e \u00e0 la d\u00e9livrance de la licence d\u2019architecture A.I.A. aux \u00c9tats-Unis dans l\u2019\u00e9tat de New York, en m\u00eame temps que le d\u00e9veloppement de l\u2019activit\u00e9 de conseil architectonique pour des marques de haut niveau du secteur de la mode, d\u2019Armani \u00e0 Prada et actuellement pour Bally of Switzerland.\n\nCela le conduit \u00e0 g\u00e9rer \u00e9galement la construction de projets d\u2019entreprise aux \u00c9tats-Unis et Hawaii, Malaisie, Russie \u00e0 Moscou, Doha Qatar qui aboutissent au projet Prada Transformer \u00e0 S\u00e9oul Design Rem Koolhas. L\u2019exp\u00e9rience professionnelle de Sergio A. Danese s\u2019est enrichie au fil du temps gr\u00e2ce \u00e0 des clients, des types de projet, des philosophies d\u2019approche du projet multiples et diversifi\u00e9es selon la nature et la culture des clients et des pays g\u00e9ographiques d\u2019intervention.\n\nAujourd\u2019hui le cabinet vient d\u2019inaugurer le projet de restauration du si\u00e8ge italien de Vaillant Group Italia Spa qui, \u00e0 travers, la red\u00e9finition des espaces de la salle d\u2019exposition selon une nouvelle distribution des locaux internes et la cr\u00e9ation de vitrines externes de grandes dimensions pour une synergie compl\u00e8te avec l\u2019espace ext\u00e9rieur, a donn\u00e9 un caract\u00e8re dynamique neuf \u00e0 l\u2019\u00e9difice construit en 1960 par l\u2019Architecte Gardella et une image dynamique et contemporaine \u00e0 l\u2019entreprise.\n\nEn continuit\u00e9 avec ce projet, le design de faisabilit\u00e9 du nouveau \u00e9difice \u00ab Center of Excellence \u00bb, \u00e9l\u00e9ment d\u2019architecture futurible dans le respect de l\u2019environnement et des nouvelles techniques de gestion \u00e9nerg\u00e9tique du tissu immobilier existant. Le cabinet s\u2019occupe \u00e9galement de reconversion \u00e9nerg\u00e9tique des \u00e9difices comme par exemple dans le projet de r\u00e9cup\u00e9ration d\u2019un grenier dont le corps en verre s\u2019\u00e9l\u00e8ve vers le ciel du quartier Brera de Milan, encadr\u00e9 par un jardin sur les toits et enti\u00e8rement entour\u00e9 par le paysage des montagnes de la R\u00e9gion Lombardie, fond naturel pour les nouvelles tours qui sont en train de changer la ligne d\u2019horizon de la ville de Milan.\n\nLe cabinet est actuellement engag\u00e9 avec Bally of Switzerland dans la direction du projet du nouveau concept mis au point par le cabinet Chipperfield de Londres, dans le projet de reconstruction d\u2019une villa \u00e0 Valbonne en C\u00f4te d\u2019Azur qui, r\u00e9alis\u00e9e dans un style proven\u00e7al, sera revisit\u00e9 selon la culture et l\u2019esprit des propri\u00e9taires, un jeune couple italien\/anglais ; des activit\u00e9s d\u2019approche de projets d\u2019architecture dans la zone de Milano Expo 2015 sont \u00e9galement en cours.\n\nSergio A. Danese exerce aussi une activit\u00e9 d\u2019enseignement aupr\u00e8s de PoliDesign Bovisa, D\u00e9partement de Dessin Industriel du Politecnico de Milan, en tant qu\u2019enseignant dans le cadre du Master DXA pour professionnels \u00e9trangers dont le Directeur Didactique est l\u2019Architecte Francesco Trabucco concepteur italien contemporain renomm\u00e9 : il est professeur titulaire du cours d\u2019architecture internationale contemporaine avec des th\u00e9matiques sp\u00e9cifiques sur les grandes \u0153uvres en cours de d\u00e9veloppement dans la ville de Milan.\n\n21architettura est racont\u00e9 dans les livres WasteDown Prada 2009 Prada Trasformer Seoul 2009, Bally Store Building Department Book 2013, sur la presse, la revue Architecture de Il Giornale 2008 et La Stampa ao\u00fbt 2013. La pr\u00e9paration culturelle et professionnelle de Sergio Alberto Dabese se d\u00e9veloppe et s\u2019enrichit constamment \u00e0 travers des voyages visant \u00e0 la connaissance des \u0153uvres d\u2019architecture et urbanistiques contemporaines ou en cours de r\u00e9alisation dans le monde par l\u2019adh\u00e9sion \u00e0 AIACE, section Europe continentale d\u2019A.I.A. USA, en contact avec les progressistes signataires des diff\u00e9rents projets, dans la zone de la M\u00e9diterran\u00e9e et hors d\u2019Europe.\n\nUne activit\u00e9 artistique de niche est \u00e9galement exerc\u00e9e \u00e0 travers la peinture, avec un style abstrait sur des surfaces transparentes d\u2019ac\u00e9tate ou de plexiglas : des signes, des couleurs, des abstractions qui expriment des sensations, des pens\u00e9es, des \u00e9tats d\u2019\u00e2me qui indiquent un parcours sensoriel profond et sinc\u00e8re ouvert \u00e0 tout le monde. Cela a conduit \u00e0 la participation \u00e0 l\u2019exposition Art Power : Energy Ideas aupr\u00e8s de la Galerie Il Paradisi dans les jardins de la Triennale de Venise en 2011 organis\u00e9e par le Concile europ\u00e9en de l\u2019art. Le cabinet est aujourd\u2019hui sis \u00e0 Milan, \u00e0 Meina sur la rive pi\u00e9montaise du Lac Majeur avec des si\u00e8ges propres, en partenariat \u00e0 Antibes France avec NDAR cabinet de conception navale et FD Consultants \u00e0 New York aux \u00c9tats-Unis.","post_title":"Sergio Alberto Danese","post_excerpt":"","post_status":"publish","comment_status":"open","ping_status":"open","post_password":"","post_name":"sergio-alberto-danese-2","to_ping":"","pinged":"","post_modified":"2024-09-18 16:47:23","post_modified_gmt":"2024-09-18 14:47:23","post_content_filtered":"","post_parent":0,"guid":"https:\/\/www.scrigno.com\/architects\/sergio-alberto-danese-2\/","menu_order":0,"post_type":"scrignocom_architect","post_mime_type":"","comment_count":"0","filter":"raw"},"project_architect_name":"Sergio Alberto Danese"},"yoast_head":"<!-- This site is optimized with the Yoast SEO plugin v27.1.1 - https:\/\/yoast.com\/product\/yoast-seo-wordpress\/ -->\n<title>Via Cernaia - Scrigno<\/title>\n<meta name=\"robots\" content=\"index, follow, max-snippet:-1, max-image-preview:large, max-video-preview:-1\" \/>\n<link rel=\"canonical\" href=\"https:\/\/www.scrigno.com\/fr\/projets\/via-cernaia-3\/\" \/>\n<meta property=\"og:locale\" content=\"fr_FR\" \/>\n<meta property=\"og:type\" content=\"article\" \/>\n<meta property=\"og:title\" content=\"Via Cernaia - Scrigno\" \/>\n<meta property=\"og:description\" content=\"Mission de l\u2019architecte et des clients : cr\u00e9er des espaces dynamiques sans horizons spatiaux pr\u00e9\u00e9tablis, mettre en valeur la lumi\u00e8re [&hellip;]\" \/>\n<meta property=\"og:url\" content=\"https:\/\/www.scrigno.com\/fr\/projets\/via-cernaia-3\/\" \/>\n<meta property=\"og:site_name\" content=\"Scrigno\" \/>\n<meta property=\"article:modified_time\" content=\"2024-09-18T14:52:16+00:00\" \/>\n<meta property=\"og:image\" content=\"https:\/\/www.scrigno.com\/wp-content\/uploads\/2024\/07\/square_L_21-cerania.jpg\" \/>\n\t<meta property=\"og:image:width\" content=\"1100\" \/>\n\t<meta property=\"og:image:height\" content=\"1100\" \/>\n\t<meta property=\"og:image:type\" content=\"image\/jpeg\" \/>\n<meta name=\"twitter:card\" content=\"summary_large_image\" \/>\n<meta name=\"twitter:label1\" content=\"Dur\u00e9e de lecture estim\u00e9e\" \/>\n\t<meta name=\"twitter:data1\" content=\"1 minute\" \/>\n<script type=\"application\/ld+json\" class=\"yoast-schema-graph\">{\"@context\":\"https:\/\/schema.org\",\"@graph\":[{\"@type\":\"WebPage\",\"@id\":\"https:\/\/www.scrigno.com\/fr\/projets\/via-cernaia-3\/\",\"url\":\"https:\/\/www.scrigno.com\/fr\/projets\/via-cernaia-3\/\",\"name\":\"Via Cernaia - Scrigno\",\"isPartOf\":{\"@id\":\"https:\/\/www.scrigno.com\/fr\/#website\"},\"primaryImageOfPage\":{\"@id\":\"https:\/\/www.scrigno.com\/fr\/projets\/via-cernaia-3\/#primaryimage\"},\"image\":{\"@id\":\"https:\/\/www.scrigno.com\/fr\/projets\/via-cernaia-3\/#primaryimage\"},\"thumbnailUrl\":\"https:\/\/www.scrigno.com\/wp-content\/uploads\/2024\/07\/square_L_21-cerania.jpg\",\"datePublished\":\"2014-12-24T14:51:03+00:00\",\"dateModified\":\"2024-09-18T14:52:16+00:00\",\"breadcrumb\":{\"@id\":\"https:\/\/www.scrigno.com\/fr\/projets\/via-cernaia-3\/#breadcrumb\"},\"inLanguage\":\"fr-FR\",\"potentialAction\":[{\"@type\":\"ReadAction\",\"target\":[\"https:\/\/www.scrigno.com\/fr\/projets\/via-cernaia-3\/\"]}]},{\"@type\":\"ImageObject\",\"inLanguage\":\"fr-FR\",\"@id\":\"https:\/\/www.scrigno.com\/fr\/projets\/via-cernaia-3\/#primaryimage\",\"url\":\"https:\/\/www.scrigno.com\/wp-content\/uploads\/2024\/07\/square_L_21-cerania.jpg\",\"contentUrl\":\"https:\/\/www.scrigno.com\/wp-content\/uploads\/2024\/07\/square_L_21-cerania.jpg\",\"width\":1100,\"height\":1100},{\"@type\":\"BreadcrumbList\",\"@id\":\"https:\/\/www.scrigno.com\/fr\/projets\/via-cernaia-3\/#breadcrumb\",\"itemListElement\":[{\"@type\":\"ListItem\",\"position\":1,\"name\":\"Home\",\"item\":\"https:\/\/www.scrigno.com\/fr\/\"},{\"@type\":\"ListItem\",\"position\":2,\"name\":\"Projets\",\"item\":\"https:\/\/www.scrigno.com\/fr\/projets\/\"},{\"@type\":\"ListItem\",\"position\":3,\"name\":\"Via Cernaia\"}]},{\"@type\":\"WebSite\",\"@id\":\"https:\/\/www.scrigno.com\/fr\/#website\",\"url\":\"https:\/\/www.scrigno.com\/fr\/\",\"name\":\"Scrigno\",\"description\":\"\",\"potentialAction\":[{\"@type\":\"SearchAction\",\"target\":{\"@type\":\"EntryPoint\",\"urlTemplate\":\"https:\/\/www.scrigno.com\/fr\/?s={search_term_string}\"},\"query-input\":{\"@type\":\"PropertyValueSpecification\",\"valueRequired\":true,\"valueName\":\"search_term_string\"}}],\"inLanguage\":\"fr-FR\"}]}<\/script>\n<!-- \/ Yoast SEO plugin. -->","yoast_head_json":{"title":"Via Cernaia - Scrigno","robots":{"index":"index","follow":"follow","max-snippet":"max-snippet:-1","max-image-preview":"max-image-preview:large","max-video-preview":"max-video-preview:-1"},"canonical":"https:\/\/www.scrigno.com\/fr\/projets\/via-cernaia-3\/","og_locale":"fr_FR","og_type":"article","og_title":"Via Cernaia - Scrigno","og_description":"Mission de l\u2019architecte et des clients : cr\u00e9er des espaces dynamiques sans horizons spatiaux pr\u00e9\u00e9tablis, mettre en valeur la lumi\u00e8re [&hellip;]","og_url":"https:\/\/www.scrigno.com\/fr\/projets\/via-cernaia-3\/","og_site_name":"Scrigno","article_modified_time":"2024-09-18T14:52:16+00:00","og_image":[{"width":1100,"height":1100,"url":"https:\/\/www.scrigno.com\/wp-content\/uploads\/2024\/07\/square_L_21-cerania.jpg","type":"image\/jpeg"}],"twitter_card":"summary_large_image","twitter_misc":{"Dur\u00e9e de lecture estim\u00e9e":"1 minute"},"schema":{"@context":"https:\/\/schema.org","@graph":[{"@type":"WebPage","@id":"https:\/\/www.scrigno.com\/fr\/projets\/via-cernaia-3\/","url":"https:\/\/www.scrigno.com\/fr\/projets\/via-cernaia-3\/","name":"Via Cernaia - Scrigno","isPartOf":{"@id":"https:\/\/www.scrigno.com\/fr\/#website"},"primaryImageOfPage":{"@id":"https:\/\/www.scrigno.com\/fr\/projets\/via-cernaia-3\/#primaryimage"},"image":{"@id":"https:\/\/www.scrigno.com\/fr\/projets\/via-cernaia-3\/#primaryimage"},"thumbnailUrl":"https:\/\/www.scrigno.com\/wp-content\/uploads\/2024\/07\/square_L_21-cerania.jpg","datePublished":"2014-12-24T14:51:03+00:00","dateModified":"2024-09-18T14:52:16+00:00","breadcrumb":{"@id":"https:\/\/www.scrigno.com\/fr\/projets\/via-cernaia-3\/#breadcrumb"},"inLanguage":"fr-FR","potentialAction":[{"@type":"ReadAction","target":["https:\/\/www.scrigno.com\/fr\/projets\/via-cernaia-3\/"]}]},{"@type":"ImageObject","inLanguage":"fr-FR","@id":"https:\/\/www.scrigno.com\/fr\/projets\/via-cernaia-3\/#primaryimage","url":"https:\/\/www.scrigno.com\/wp-content\/uploads\/2024\/07\/square_L_21-cerania.jpg","contentUrl":"https:\/\/www.scrigno.com\/wp-content\/uploads\/2024\/07\/square_L_21-cerania.jpg","width":1100,"height":1100},{"@type":"BreadcrumbList","@id":"https:\/\/www.scrigno.com\/fr\/projets\/via-cernaia-3\/#breadcrumb","itemListElement":[{"@type":"ListItem","position":1,"name":"Home","item":"https:\/\/www.scrigno.com\/fr\/"},{"@type":"ListItem","position":2,"name":"Projets","item":"https:\/\/www.scrigno.com\/fr\/projets\/"},{"@type":"ListItem","position":3,"name":"Via Cernaia"}]},{"@type":"WebSite","@id":"https:\/\/www.scrigno.com\/fr\/#website","url":"https:\/\/www.scrigno.com\/fr\/","name":"Scrigno","description":"","potentialAction":[{"@type":"SearchAction","target":{"@type":"EntryPoint","urlTemplate":"https:\/\/www.scrigno.com\/fr\/?s={search_term_string}"},"query-input":{"@type":"PropertyValueSpecification","valueRequired":true,"valueName":"search_term_string"}}],"inLanguage":"fr-FR"}]}},"_links":{"self":[{"href":"https:\/\/www.scrigno.com\/fr\/wp-json\/wp\/v2\/scrignocom_project\/10525","targetHints":{"allow":["GET"]}}],"collection":[{"href":"https:\/\/www.scrigno.com\/fr\/wp-json\/wp\/v2\/scrignocom_project"}],"about":[{"href":"https:\/\/www.scrigno.com\/fr\/wp-json\/wp\/v2\/types\/scrignocom_project"}],"acf:post":[{"embeddable":true,"href":"https:\/\/www.scrigno.com\/fr\/wp-json\/wp\/v2\/scrignocom_architect\/10208"}],"acf:attachment":[{"embeddable":true,"href":"https:\/\/www.scrigno.com\/fr\/wp-json\/wp\/v2\/media\/2287"}],"wp:featuredmedia":[{"embeddable":true,"href":"https:\/\/www.scrigno.com\/fr\/wp-json\/wp\/v2\/media\/3019"}],"wp:attachment":[{"href":"https:\/\/www.scrigno.com\/fr\/wp-json\/wp\/v2\/media?parent=10525"}],"curies":[{"name":"wp","href":"https:\/\/api.w.org\/{rel}","templated":true}]}}