{"id":10291,"date":"2022-01-22T16:50:38","date_gmt":"2022-01-22T14:50:38","guid":{"rendered":"https:\/\/www.scrigno.com\/projects\/riqualificazione-appartamento\/"},"modified":"2025-02-11T13:36:15","modified_gmt":"2025-02-11T11:36:15","slug":"riqualificazione-appartamento","status":"publish","type":"scrignocom_project","link":"https:\/\/www.scrigno.com\/it\/progetti\/riqualificazione-appartamento\/","title":{"rendered":"Riqualificazione appartamento"},"content":{"rendered":"<p>L\u2019intervento ha previsto la riqualificazione degli spazi originariamente adibiti a rimessa\/ripostiglio delle abitazioni del piano superiore dello stabile: spazio convertito in unit\u00e0 abitativa del pian terreno.<br \/>\nE\u2019 stato ricavato, infatti, un appartamento di circa 70 mq, confortevole e con tutte le comodit\u00e0.<\/p>\n<p>Entrando, si trova subito il salotto con la zona pranzo, dove \u00e9 stata scelta la soluzione scorrevole Essential Trial di Scrigno per dividere gli ambienti.<br \/>\nIl desiderio era quello di avere una cucina aperta sulla zona pranzo, due ambienti comunicanti, all\u2019occorrenza separati.<br \/>\nQuesta soluzione con le tre ante in vetro scorrevoli \u00e8 ampia e scompare completamente nel controtelaio. Una soluzione semplice, essenziale, elegante, che consente di intravedere l\u2019isola della cucina dal soggiorno quando una delle tre ante \u00e8 aperta.<\/p>\n<p>Anche per separare la zona notte ed il soggiorno \u00e9 stata scelta la soluzione Scrigno Essential. Quest\u2019ultima ha un\u2019unica anta vetro, senza cornici, sempre scorrevole, satinata da 120 cm. Quando la porta si apre, non ci sono elementi a vista.<\/p>\n","protected":false},"featured_media":2100,"template":"","class_list":["post-10291","scrignocom_project","type-scrignocom_project","status-publish","has-post-thumbnail","hentry"],"acf":{"project_description":"","project_date":"2022","project_where":"","project_featured_image":"https:\/\/www.scrigno.com\/wp-content\/uploads\/2024\/07\/INsiDE-Architettura-porta-vetro-Scrigno-Trial_001.jpeg","project_gallery":[{"ID":1868,"id":1868,"title":"INsiDE-Architettura-porta-vetro-Scrigno-Trial_002.jpeg","filename":"INsiDE-Architettura-porta-vetro-Scrigno-Trial_002.jpeg","filesize":84347,"url":"https:\/\/www.scrigno.com\/wp-content\/uploads\/2024\/07\/INsiDE-Architettura-porta-vetro-Scrigno-Trial_002.jpeg","link":"https:\/\/www.scrigno.com\/it\/progetti\/riqualificazione-appartamento\/inside-architettura-porta-vetro-scrigno-trial_002-jpeg\/","alt":"","author":"1","description":"","caption":"","name":"inside-architettura-porta-vetro-scrigno-trial_002-jpeg","status":"inherit","uploaded_to":10291,"date":"2024-07-29 09:11:48","modified":"2024-09-18 14:52:56","menu_order":0,"mime_type":"image\/jpeg","type":"image","subtype":"jpeg","icon":"https:\/\/www.scrigno.com\/wp-includes\/images\/media\/default.png","width":768,"height":1024,"sizes":{"thumbnail":"https:\/\/www.scrigno.com\/wp-content\/uploads\/2024\/07\/INsiDE-Architettura-porta-vetro-Scrigno-Trial_002-150x150.jpeg","thumbnail-width":150,"thumbnail-height":150,"medium":"https:\/\/www.scrigno.com\/wp-content\/uploads\/2024\/07\/INsiDE-Architettura-porta-vetro-Scrigno-Trial_002-375x500.jpeg","medium-width":375,"medium-height":500,"medium_large":"https:\/\/www.scrigno.com\/wp-content\/uploads\/2024\/07\/INsiDE-Architettura-porta-vetro-Scrigno-Trial_002-750x1000.jpeg","medium_large-width":750,"medium_large-height":1000,"large":"https:\/\/www.scrigno.com\/wp-content\/uploads\/2024\/07\/INsiDE-Architettura-porta-vetro-Scrigno-Trial_002.jpeg","large-width":768,"large-height":1024,"1536x1536":"https:\/\/www.scrigno.com\/wp-content\/uploads\/2024\/07\/INsiDE-Architettura-porta-vetro-Scrigno-Trial_002.jpeg","1536x1536-width":768,"1536x1536-height":1024,"2048x2048":"https:\/\/www.scrigno.com\/wp-content\/uploads\/2024\/07\/INsiDE-Architettura-porta-vetro-Scrigno-Trial_002.jpeg","2048x2048-width":768,"2048x2048-height":1024,"logo-1x":"https:\/\/www.scrigno.com\/wp-content\/uploads\/2024\/07\/INsiDE-Architettura-porta-vetro-Scrigno-Trial_002-48x64.jpeg","logo-1x-width":48,"logo-1x-height":64,"logo-footer-1x":"https:\/\/www.scrigno.com\/wp-content\/uploads\/2024\/07\/INsiDE-Architettura-porta-vetro-Scrigno-Trial_002-44x59.jpeg","logo-footer-1x-width":44,"logo-footer-1x-height":59,"banner-1x":"https:\/\/www.scrigno.com\/wp-content\/uploads\/2024\/07\/INsiDE-Architettura-porta-vetro-Scrigno-Trial_002.jpeg","banner-1x-width":768,"banner-1x-height":1024}},{"ID":1869,"id":1869,"title":"INsiDE-Architettura-porta-vetro-Scrigno-Trial_003.jpeg","filename":"INsiDE-Architettura-porta-vetro-Scrigno-Trial_003.jpeg","filesize":75923,"url":"https:\/\/www.scrigno.com\/wp-content\/uploads\/2024\/07\/INsiDE-Architettura-porta-vetro-Scrigno-Trial_003.jpeg","link":"https:\/\/www.scrigno.com\/it\/progetti\/riqualificazione-appartamento\/inside-architettura-porta-vetro-scrigno-trial_003-jpeg\/","alt":"","author":"1","description":"","caption":"","name":"inside-architettura-porta-vetro-scrigno-trial_003-jpeg","status":"inherit","uploaded_to":10291,"date":"2024-07-29 09:11:49","modified":"2024-09-18 14:52:56","menu_order":0,"mime_type":"image\/jpeg","type":"image","subtype":"jpeg","icon":"https:\/\/www.scrigno.com\/wp-includes\/images\/media\/default.png","width":767,"height":1022,"sizes":{"thumbnail":"https:\/\/www.scrigno.com\/wp-content\/uploads\/2024\/07\/INsiDE-Architettura-porta-vetro-Scrigno-Trial_003-150x150.jpeg","thumbnail-width":150,"thumbnail-height":150,"medium":"https:\/\/www.scrigno.com\/wp-content\/uploads\/2024\/07\/INsiDE-Architettura-porta-vetro-Scrigno-Trial_003-375x500.jpeg","medium-width":375,"medium-height":500,"medium_large":"https:\/\/www.scrigno.com\/wp-content\/uploads\/2024\/07\/INsiDE-Architettura-porta-vetro-Scrigno-Trial_003-750x999.jpeg","medium_large-width":750,"medium_large-height":999,"large":"https:\/\/www.scrigno.com\/wp-content\/uploads\/2024\/07\/INsiDE-Architettura-porta-vetro-Scrigno-Trial_003.jpeg","large-width":767,"large-height":1022,"1536x1536":"https:\/\/www.scrigno.com\/wp-content\/uploads\/2024\/07\/INsiDE-Architettura-porta-vetro-Scrigno-Trial_003.jpeg","1536x1536-width":767,"1536x1536-height":1022,"2048x2048":"https:\/\/www.scrigno.com\/wp-content\/uploads\/2024\/07\/INsiDE-Architettura-porta-vetro-Scrigno-Trial_003.jpeg","2048x2048-width":767,"2048x2048-height":1022,"logo-1x":"https:\/\/www.scrigno.com\/wp-content\/uploads\/2024\/07\/INsiDE-Architettura-porta-vetro-Scrigno-Trial_003-48x64.jpeg","logo-1x-width":48,"logo-1x-height":64,"logo-footer-1x":"https:\/\/www.scrigno.com\/wp-content\/uploads\/2024\/07\/INsiDE-Architettura-porta-vetro-Scrigno-Trial_003-44x59.jpeg","logo-footer-1x-width":44,"logo-footer-1x-height":59,"banner-1x":"https:\/\/www.scrigno.com\/wp-content\/uploads\/2024\/07\/INsiDE-Architettura-porta-vetro-Scrigno-Trial_003.jpeg","banner-1x-width":767,"banner-1x-height":1022}},{"ID":1870,"id":1870,"title":"INsiDE-Architettura-porta-vetro-Scrigno-Trial_004.jpeg","filename":"INsiDE-Architettura-porta-vetro-Scrigno-Trial_004.jpeg","filesize":70721,"url":"https:\/\/www.scrigno.com\/wp-content\/uploads\/2024\/07\/INsiDE-Architettura-porta-vetro-Scrigno-Trial_004.jpeg","link":"https:\/\/www.scrigno.com\/it\/progetti\/riqualificazione-appartamento\/inside-architettura-porta-vetro-scrigno-trial_004-jpeg\/","alt":"","author":"1","description":"","caption":"","name":"inside-architettura-porta-vetro-scrigno-trial_004-jpeg","status":"inherit","uploaded_to":10291,"date":"2024-07-29 09:11:49","modified":"2024-09-18 14:52:56","menu_order":0,"mime_type":"image\/jpeg","type":"image","subtype":"jpeg","icon":"https:\/\/www.scrigno.com\/wp-includes\/images\/media\/default.png","width":768,"height":1024,"sizes":{"thumbnail":"https:\/\/www.scrigno.com\/wp-content\/uploads\/2024\/07\/INsiDE-Architettura-porta-vetro-Scrigno-Trial_004-150x150.jpeg","thumbnail-width":150,"thumbnail-height":150,"medium":"https:\/\/www.scrigno.com\/wp-content\/uploads\/2024\/07\/INsiDE-Architettura-porta-vetro-Scrigno-Trial_004-375x500.jpeg","medium-width":375,"medium-height":500,"medium_large":"https:\/\/www.scrigno.com\/wp-content\/uploads\/2024\/07\/INsiDE-Architettura-porta-vetro-Scrigno-Trial_004-750x1000.jpeg","medium_large-width":750,"medium_large-height":1000,"large":"https:\/\/www.scrigno.com\/wp-content\/uploads\/2024\/07\/INsiDE-Architettura-porta-vetro-Scrigno-Trial_004.jpeg","large-width":768,"large-height":1024,"1536x1536":"https:\/\/www.scrigno.com\/wp-content\/uploads\/2024\/07\/INsiDE-Architettura-porta-vetro-Scrigno-Trial_004.jpeg","1536x1536-width":768,"1536x1536-height":1024,"2048x2048":"https:\/\/www.scrigno.com\/wp-content\/uploads\/2024\/07\/INsiDE-Architettura-porta-vetro-Scrigno-Trial_004.jpeg","2048x2048-width":768,"2048x2048-height":1024,"logo-1x":"https:\/\/www.scrigno.com\/wp-content\/uploads\/2024\/07\/INsiDE-Architettura-porta-vetro-Scrigno-Trial_004-48x64.jpeg","logo-1x-width":48,"logo-1x-height":64,"logo-footer-1x":"https:\/\/www.scrigno.com\/wp-content\/uploads\/2024\/07\/INsiDE-Architettura-porta-vetro-Scrigno-Trial_004-44x59.jpeg","logo-footer-1x-width":44,"logo-footer-1x-height":59,"banner-1x":"https:\/\/www.scrigno.com\/wp-content\/uploads\/2024\/07\/INsiDE-Architettura-porta-vetro-Scrigno-Trial_004.jpeg","banner-1x-width":768,"banner-1x-height":1024}},{"ID":1871,"id":1871,"title":"INsiDE-Architettura-porta-vetro-Scrigno-Trial_005.jpeg","filename":"INsiDE-Architettura-porta-vetro-Scrigno-Trial_005.jpeg","filesize":66255,"url":"https:\/\/www.scrigno.com\/wp-content\/uploads\/2024\/07\/INsiDE-Architettura-porta-vetro-Scrigno-Trial_005.jpeg","link":"https:\/\/www.scrigno.com\/it\/progetti\/riqualificazione-appartamento\/inside-architettura-porta-vetro-scrigno-trial_005-jpeg\/","alt":"","author":"1","description":"","caption":"","name":"inside-architettura-porta-vetro-scrigno-trial_005-jpeg","status":"inherit","uploaded_to":10291,"date":"2024-07-29 09:11:50","modified":"2024-09-18 14:52:56","menu_order":0,"mime_type":"image\/jpeg","type":"image","subtype":"jpeg","icon":"https:\/\/www.scrigno.com\/wp-includes\/images\/media\/default.png","width":768,"height":1024,"sizes":{"thumbnail":"https:\/\/www.scrigno.com\/wp-content\/uploads\/2024\/07\/INsiDE-Architettura-porta-vetro-Scrigno-Trial_005-150x150.jpeg","thumbnail-width":150,"thumbnail-height":150,"medium":"https:\/\/www.scrigno.com\/wp-content\/uploads\/2024\/07\/INsiDE-Architettura-porta-vetro-Scrigno-Trial_005-375x500.jpeg","medium-width":375,"medium-height":500,"medium_large":"https:\/\/www.scrigno.com\/wp-content\/uploads\/2024\/07\/INsiDE-Architettura-porta-vetro-Scrigno-Trial_005-750x1000.jpeg","medium_large-width":750,"medium_large-height":1000,"large":"https:\/\/www.scrigno.com\/wp-content\/uploads\/2024\/07\/INsiDE-Architettura-porta-vetro-Scrigno-Trial_005.jpeg","large-width":768,"large-height":1024,"1536x1536":"https:\/\/www.scrigno.com\/wp-content\/uploads\/2024\/07\/INsiDE-Architettura-porta-vetro-Scrigno-Trial_005.jpeg","1536x1536-width":768,"1536x1536-height":1024,"2048x2048":"https:\/\/www.scrigno.com\/wp-content\/uploads\/2024\/07\/INsiDE-Architettura-porta-vetro-Scrigno-Trial_005.jpeg","2048x2048-width":768,"2048x2048-height":1024,"logo-1x":"https:\/\/www.scrigno.com\/wp-content\/uploads\/2024\/07\/INsiDE-Architettura-porta-vetro-Scrigno-Trial_005-48x64.jpeg","logo-1x-width":48,"logo-1x-height":64,"logo-footer-1x":"https:\/\/www.scrigno.com\/wp-content\/uploads\/2024\/07\/INsiDE-Architettura-porta-vetro-Scrigno-Trial_005-44x59.jpeg","logo-footer-1x-width":44,"logo-footer-1x-height":59,"banner-1x":"https:\/\/www.scrigno.com\/wp-content\/uploads\/2024\/07\/INsiDE-Architettura-porta-vetro-Scrigno-Trial_005.jpeg","banner-1x-width":768,"banner-1x-height":1024}},{"ID":1872,"id":1872,"title":"INsiDE-Architettura-porta-vetro-Scrigno-Trial_006.jpeg","filename":"INsiDE-Architettura-porta-vetro-Scrigno-Trial_006.jpeg","filesize":84039,"url":"https:\/\/www.scrigno.com\/wp-content\/uploads\/2024\/07\/INsiDE-Architettura-porta-vetro-Scrigno-Trial_006.jpeg","link":"https:\/\/www.scrigno.com\/it\/progetti\/riqualificazione-appartamento\/inside-architettura-porta-vetro-scrigno-trial_006-jpeg\/","alt":"","author":"1","description":"","caption":"","name":"inside-architettura-porta-vetro-scrigno-trial_006-jpeg","status":"inherit","uploaded_to":10291,"date":"2024-07-29 09:11:51","modified":"2024-09-18 14:52:56","menu_order":0,"mime_type":"image\/jpeg","type":"image","subtype":"jpeg","icon":"https:\/\/www.scrigno.com\/wp-includes\/images\/media\/default.png","width":768,"height":1024,"sizes":{"thumbnail":"https:\/\/www.scrigno.com\/wp-content\/uploads\/2024\/07\/INsiDE-Architettura-porta-vetro-Scrigno-Trial_006-150x150.jpeg","thumbnail-width":150,"thumbnail-height":150,"medium":"https:\/\/www.scrigno.com\/wp-content\/uploads\/2024\/07\/INsiDE-Architettura-porta-vetro-Scrigno-Trial_006-375x500.jpeg","medium-width":375,"medium-height":500,"medium_large":"https:\/\/www.scrigno.com\/wp-content\/uploads\/2024\/07\/INsiDE-Architettura-porta-vetro-Scrigno-Trial_006-750x1000.jpeg","medium_large-width":750,"medium_large-height":1000,"large":"https:\/\/www.scrigno.com\/wp-content\/uploads\/2024\/07\/INsiDE-Architettura-porta-vetro-Scrigno-Trial_006.jpeg","large-width":768,"large-height":1024,"1536x1536":"https:\/\/www.scrigno.com\/wp-content\/uploads\/2024\/07\/INsiDE-Architettura-porta-vetro-Scrigno-Trial_006.jpeg","1536x1536-width":768,"1536x1536-height":1024,"2048x2048":"https:\/\/www.scrigno.com\/wp-content\/uploads\/2024\/07\/INsiDE-Architettura-porta-vetro-Scrigno-Trial_006.jpeg","2048x2048-width":768,"2048x2048-height":1024,"logo-1x":"https:\/\/www.scrigno.com\/wp-content\/uploads\/2024\/07\/INsiDE-Architettura-porta-vetro-Scrigno-Trial_006-48x64.jpeg","logo-1x-width":48,"logo-1x-height":64,"logo-footer-1x":"https:\/\/www.scrigno.com\/wp-content\/uploads\/2024\/07\/INsiDE-Architettura-porta-vetro-Scrigno-Trial_006-44x59.jpeg","logo-footer-1x-width":44,"logo-footer-1x-height":59,"banner-1x":"https:\/\/www.scrigno.com\/wp-content\/uploads\/2024\/07\/INsiDE-Architettura-porta-vetro-Scrigno-Trial_006.jpeg","banner-1x-width":768,"banner-1x-height":1024}},{"ID":1873,"id":1873,"title":"INsiDE-Architettura-porta-vetro-Scrigno-Trial_007.jpeg","filename":"INsiDE-Architettura-porta-vetro-Scrigno-Trial_007.jpeg","filesize":73643,"url":"https:\/\/www.scrigno.com\/wp-content\/uploads\/2024\/07\/INsiDE-Architettura-porta-vetro-Scrigno-Trial_007.jpeg","link":"https:\/\/www.scrigno.com\/it\/progetti\/riqualificazione-appartamento\/inside-architettura-porta-vetro-scrigno-trial_007-jpeg\/","alt":"","author":"1","description":"","caption":"","name":"inside-architettura-porta-vetro-scrigno-trial_007-jpeg","status":"inherit","uploaded_to":10291,"date":"2024-07-29 09:11:51","modified":"2024-09-18 14:52:56","menu_order":0,"mime_type":"image\/jpeg","type":"image","subtype":"jpeg","icon":"https:\/\/www.scrigno.com\/wp-includes\/images\/media\/default.png","width":768,"height":1024,"sizes":{"thumbnail":"https:\/\/www.scrigno.com\/wp-content\/uploads\/2024\/07\/INsiDE-Architettura-porta-vetro-Scrigno-Trial_007-150x150.jpeg","thumbnail-width":150,"thumbnail-height":150,"medium":"https:\/\/www.scrigno.com\/wp-content\/uploads\/2024\/07\/INsiDE-Architettura-porta-vetro-Scrigno-Trial_007-375x500.jpeg","medium-width":375,"medium-height":500,"medium_large":"https:\/\/www.scrigno.com\/wp-content\/uploads\/2024\/07\/INsiDE-Architettura-porta-vetro-Scrigno-Trial_007-750x1000.jpeg","medium_large-width":750,"medium_large-height":1000,"large":"https:\/\/www.scrigno.com\/wp-content\/uploads\/2024\/07\/INsiDE-Architettura-porta-vetro-Scrigno-Trial_007.jpeg","large-width":768,"large-height":1024,"1536x1536":"https:\/\/www.scrigno.com\/wp-content\/uploads\/2024\/07\/INsiDE-Architettura-porta-vetro-Scrigno-Trial_007.jpeg","1536x1536-width":768,"1536x1536-height":1024,"2048x2048":"https:\/\/www.scrigno.com\/wp-content\/uploads\/2024\/07\/INsiDE-Architettura-porta-vetro-Scrigno-Trial_007.jpeg","2048x2048-width":768,"2048x2048-height":1024,"logo-1x":"https:\/\/www.scrigno.com\/wp-content\/uploads\/2024\/07\/INsiDE-Architettura-porta-vetro-Scrigno-Trial_007-48x64.jpeg","logo-1x-width":48,"logo-1x-height":64,"logo-footer-1x":"https:\/\/www.scrigno.com\/wp-content\/uploads\/2024\/07\/INsiDE-Architettura-porta-vetro-Scrigno-Trial_007-44x59.jpeg","logo-footer-1x-width":44,"logo-footer-1x-height":59,"banner-1x":"https:\/\/www.scrigno.com\/wp-content\/uploads\/2024\/07\/INsiDE-Architettura-porta-vetro-Scrigno-Trial_007.jpeg","banner-1x-width":768,"banner-1x-height":1024}},{"ID":1874,"id":1874,"title":"INsiDE-Architettura-porta-vetro-Scrigno-Trial_008.jpeg","filename":"INsiDE-Architettura-porta-vetro-Scrigno-Trial_008.jpeg","filesize":77512,"url":"https:\/\/www.scrigno.com\/wp-content\/uploads\/2024\/07\/INsiDE-Architettura-porta-vetro-Scrigno-Trial_008.jpeg","link":"https:\/\/www.scrigno.com\/it\/progetti\/riqualificazione-appartamento\/inside-architettura-porta-vetro-scrigno-trial_008-jpeg\/","alt":"square_L_INsiDE-Architettura-porta-vetro-Scrigno-Trial","author":"1","description":"square_L_INsiDE-Architettura-porta-vetro-Scrigno-Trial","caption":"square_L_INsiDE-Architettura-porta-vetro-Scrigno-Trial","name":"inside-architettura-porta-vetro-scrigno-trial_008-jpeg","status":"inherit","uploaded_to":10291,"date":"2024-07-29 09:11:52","modified":"2024-09-18 14:52:56","menu_order":0,"mime_type":"image\/jpeg","type":"image","subtype":"jpeg","icon":"https:\/\/www.scrigno.com\/wp-includes\/images\/media\/default.png","width":768,"height":1024,"sizes":{"thumbnail":"https:\/\/www.scrigno.com\/wp-content\/uploads\/2024\/07\/INsiDE-Architettura-porta-vetro-Scrigno-Trial_008-150x150.jpeg","thumbnail-width":150,"thumbnail-height":150,"medium":"https:\/\/www.scrigno.com\/wp-content\/uploads\/2024\/07\/INsiDE-Architettura-porta-vetro-Scrigno-Trial_008-375x500.jpeg","medium-width":375,"medium-height":500,"medium_large":"https:\/\/www.scrigno.com\/wp-content\/uploads\/2024\/07\/INsiDE-Architettura-porta-vetro-Scrigno-Trial_008-750x1000.jpeg","medium_large-width":750,"medium_large-height":1000,"large":"https:\/\/www.scrigno.com\/wp-content\/uploads\/2024\/07\/INsiDE-Architettura-porta-vetro-Scrigno-Trial_008.jpeg","large-width":768,"large-height":1024,"1536x1536":"https:\/\/www.scrigno.com\/wp-content\/uploads\/2024\/07\/INsiDE-Architettura-porta-vetro-Scrigno-Trial_008.jpeg","1536x1536-width":768,"1536x1536-height":1024,"2048x2048":"https:\/\/www.scrigno.com\/wp-content\/uploads\/2024\/07\/INsiDE-Architettura-porta-vetro-Scrigno-Trial_008.jpeg","2048x2048-width":768,"2048x2048-height":1024,"logo-1x":"https:\/\/www.scrigno.com\/wp-content\/uploads\/2024\/07\/INsiDE-Architettura-porta-vetro-Scrigno-Trial_008-48x64.jpeg","logo-1x-width":48,"logo-1x-height":64,"logo-footer-1x":"https:\/\/www.scrigno.com\/wp-content\/uploads\/2024\/07\/INsiDE-Architettura-porta-vetro-Scrigno-Trial_008-44x59.jpeg","logo-footer-1x-width":44,"logo-footer-1x-height":59,"banner-1x":"https:\/\/www.scrigno.com\/wp-content\/uploads\/2024\/07\/INsiDE-Architettura-porta-vetro-Scrigno-Trial_008.jpeg","banner-1x-width":768,"banner-1x-height":1024}}],"project_architect":{"ID":10180,"post_author":"1","post_date":"2024-09-18 16:47:16","post_date_gmt":"2024-09-18 14:47:16","post_content":"INsiDE nasce dalla passione dell'architetto Beatrice Di Pasqua per l'Interior Design. Dopo la laurea in \"Arredamento e architettura degli interni\" ha la fortuna di misurarsi con lavori creativi e stimolanti che offrendo il servizio \"chiavi in mano\" le hanno permesso di confrontarsi con la parte iniziale e progettuale del lavoro ma anche di seguire ed occuparsi della parte successiva e realizzativa. Forte di esperienze lavorative molto ricche professionalmente decide di aprire nel 2011 lo studio INsiDE, uno studio giovane, dinamico, flessibile, in continua crescita che ha come unico scopo la BELLA ARCHITETTURA.\n\nPROGETTARE vuol dire tener conto delle esigenze e dei desideri del cliente al fine di realizzare un'opera che possa migliorare il benessere di chi vivr\u00e0 il progetto.\n\nIl RUOLO DELL\u2019ARCHITETTO pertanto non \u00e8 pi\u00f9 quello dell'artista che propone idee stravaganti e lontane dalla realt\u00e0 di tutti i giorni, ma \u00e8 quello di trovare per i suoi clienti soluzioni che corrispondano alle loro reali esigenze, unendo estetica e funzionalit\u00e0 e fornendo una consulenza dettagliata, completa ed equilibrata.","post_title":"Beatrice Di Pasqua","post_excerpt":"","post_status":"publish","comment_status":"open","ping_status":"open","post_password":"","post_name":"beatrice-di-pasqua","to_ping":"","pinged":"","post_modified":"2024-09-18 16:47:16","post_modified_gmt":"2024-09-18 14:47:16","post_content_filtered":"","post_parent":0,"guid":"https:\/\/www.scrigno.com\/architects\/beatrice-di-pasqua\/","menu_order":0,"post_type":"scrignocom_architect","post_mime_type":"","comment_count":"0","filter":"raw"},"project_architect_name":"INsiDE Architettura & Design"},"yoast_head":"<!-- This site is optimized with the Yoast SEO plugin v27.1.1 - https:\/\/yoast.com\/product\/yoast-seo-wordpress\/ -->\n<title>Riqualificazione appartamento - Scrigno<\/title>\n<meta name=\"robots\" content=\"index, follow, max-snippet:-1, max-image-preview:large, max-video-preview:-1\" \/>\n<link rel=\"canonical\" href=\"https:\/\/www.scrigno.com\/it\/progetti\/riqualificazione-appartamento\/\" \/>\n<meta property=\"og:locale\" content=\"it_IT\" \/>\n<meta property=\"og:type\" content=\"article\" \/>\n<meta property=\"og:title\" content=\"Riqualificazione appartamento - Scrigno\" \/>\n<meta property=\"og:description\" content=\"L\u2019intervento ha previsto la riqualificazione degli spazi originariamente adibiti a rimessa\/ripostiglio delle abitazioni del piano superiore dello stabile: spazio convertito [&hellip;]\" \/>\n<meta property=\"og:url\" content=\"https:\/\/www.scrigno.com\/it\/progetti\/riqualificazione-appartamento\/\" \/>\n<meta property=\"og:site_name\" content=\"Scrigno\" \/>\n<meta property=\"article:modified_time\" content=\"2025-02-11T11:36:15+00:00\" \/>\n<meta property=\"og:image\" content=\"https:\/\/www.scrigno.com\/wp-content\/uploads\/2024\/07\/square_L_INsiDE-Architettura-porta-vetro-Scrigno-Trial.jpeg\" \/>\n\t<meta property=\"og:image:width\" content=\"1100\" \/>\n\t<meta property=\"og:image:height\" content=\"1100\" \/>\n\t<meta property=\"og:image:type\" content=\"image\/jpeg\" \/>\n<meta name=\"twitter:card\" content=\"summary_large_image\" \/>\n<meta name=\"twitter:label1\" content=\"Tempo di lettura stimato\" \/>\n\t<meta name=\"twitter:data1\" content=\"2 minuti\" \/>\n<script type=\"application\/ld+json\" class=\"yoast-schema-graph\">{\"@context\":\"https:\/\/schema.org\",\"@graph\":[{\"@type\":\"WebPage\",\"@id\":\"https:\/\/www.scrigno.com\/it\/progetti\/riqualificazione-appartamento\/\",\"url\":\"https:\/\/www.scrigno.com\/it\/progetti\/riqualificazione-appartamento\/\",\"name\":\"Riqualificazione appartamento - Scrigno\",\"isPartOf\":{\"@id\":\"https:\/\/www.scrigno.com\/it\/#website\"},\"primaryImageOfPage\":{\"@id\":\"https:\/\/www.scrigno.com\/it\/progetti\/riqualificazione-appartamento\/#primaryimage\"},\"image\":{\"@id\":\"https:\/\/www.scrigno.com\/it\/progetti\/riqualificazione-appartamento\/#primaryimage\"},\"thumbnailUrl\":\"https:\/\/www.scrigno.com\/wp-content\/uploads\/2024\/07\/square_L_INsiDE-Architettura-porta-vetro-Scrigno-Trial.jpeg\",\"datePublished\":\"2022-01-22T14:50:38+00:00\",\"dateModified\":\"2025-02-11T11:36:15+00:00\",\"breadcrumb\":{\"@id\":\"https:\/\/www.scrigno.com\/it\/progetti\/riqualificazione-appartamento\/#breadcrumb\"},\"inLanguage\":\"it-IT\",\"potentialAction\":[{\"@type\":\"ReadAction\",\"target\":[\"https:\/\/www.scrigno.com\/it\/progetti\/riqualificazione-appartamento\/\"]}]},{\"@type\":\"ImageObject\",\"inLanguage\":\"it-IT\",\"@id\":\"https:\/\/www.scrigno.com\/it\/progetti\/riqualificazione-appartamento\/#primaryimage\",\"url\":\"https:\/\/www.scrigno.com\/wp-content\/uploads\/2024\/07\/square_L_INsiDE-Architettura-porta-vetro-Scrigno-Trial.jpeg\",\"contentUrl\":\"https:\/\/www.scrigno.com\/wp-content\/uploads\/2024\/07\/square_L_INsiDE-Architettura-porta-vetro-Scrigno-Trial.jpeg\",\"width\":1100,\"height\":1100},{\"@type\":\"BreadcrumbList\",\"@id\":\"https:\/\/www.scrigno.com\/it\/progetti\/riqualificazione-appartamento\/#breadcrumb\",\"itemListElement\":[{\"@type\":\"ListItem\",\"position\":1,\"name\":\"Home\",\"item\":\"https:\/\/www.scrigno.com\/it\/\"},{\"@type\":\"ListItem\",\"position\":2,\"name\":\"Progetti\",\"item\":\"https:\/\/www.scrigno.com\/it\/progetti\/\"},{\"@type\":\"ListItem\",\"position\":3,\"name\":\"Riqualificazione appartamento\"}]},{\"@type\":\"WebSite\",\"@id\":\"https:\/\/www.scrigno.com\/it\/#website\",\"url\":\"https:\/\/www.scrigno.com\/it\/\",\"name\":\"Scrigno\",\"description\":\"\",\"potentialAction\":[{\"@type\":\"SearchAction\",\"target\":{\"@type\":\"EntryPoint\",\"urlTemplate\":\"https:\/\/www.scrigno.com\/it\/?s={search_term_string}\"},\"query-input\":{\"@type\":\"PropertyValueSpecification\",\"valueRequired\":true,\"valueName\":\"search_term_string\"}}],\"inLanguage\":\"it-IT\"}]}<\/script>\n<!-- \/ Yoast SEO plugin. -->","yoast_head_json":{"title":"Riqualificazione appartamento - Scrigno","robots":{"index":"index","follow":"follow","max-snippet":"max-snippet:-1","max-image-preview":"max-image-preview:large","max-video-preview":"max-video-preview:-1"},"canonical":"https:\/\/www.scrigno.com\/it\/progetti\/riqualificazione-appartamento\/","og_locale":"it_IT","og_type":"article","og_title":"Riqualificazione appartamento - Scrigno","og_description":"L\u2019intervento ha previsto la riqualificazione degli spazi originariamente adibiti a rimessa\/ripostiglio delle abitazioni del piano superiore dello stabile: spazio convertito [&hellip;]","og_url":"https:\/\/www.scrigno.com\/it\/progetti\/riqualificazione-appartamento\/","og_site_name":"Scrigno","article_modified_time":"2025-02-11T11:36:15+00:00","og_image":[{"width":1100,"height":1100,"url":"https:\/\/www.scrigno.com\/wp-content\/uploads\/2024\/07\/square_L_INsiDE-Architettura-porta-vetro-Scrigno-Trial.jpeg","type":"image\/jpeg"}],"twitter_card":"summary_large_image","twitter_misc":{"Tempo di lettura stimato":"2 minuti"},"schema":{"@context":"https:\/\/schema.org","@graph":[{"@type":"WebPage","@id":"https:\/\/www.scrigno.com\/it\/progetti\/riqualificazione-appartamento\/","url":"https:\/\/www.scrigno.com\/it\/progetti\/riqualificazione-appartamento\/","name":"Riqualificazione appartamento - Scrigno","isPartOf":{"@id":"https:\/\/www.scrigno.com\/it\/#website"},"primaryImageOfPage":{"@id":"https:\/\/www.scrigno.com\/it\/progetti\/riqualificazione-appartamento\/#primaryimage"},"image":{"@id":"https:\/\/www.scrigno.com\/it\/progetti\/riqualificazione-appartamento\/#primaryimage"},"thumbnailUrl":"https:\/\/www.scrigno.com\/wp-content\/uploads\/2024\/07\/square_L_INsiDE-Architettura-porta-vetro-Scrigno-Trial.jpeg","datePublished":"2022-01-22T14:50:38+00:00","dateModified":"2025-02-11T11:36:15+00:00","breadcrumb":{"@id":"https:\/\/www.scrigno.com\/it\/progetti\/riqualificazione-appartamento\/#breadcrumb"},"inLanguage":"it-IT","potentialAction":[{"@type":"ReadAction","target":["https:\/\/www.scrigno.com\/it\/progetti\/riqualificazione-appartamento\/"]}]},{"@type":"ImageObject","inLanguage":"it-IT","@id":"https:\/\/www.scrigno.com\/it\/progetti\/riqualificazione-appartamento\/#primaryimage","url":"https:\/\/www.scrigno.com\/wp-content\/uploads\/2024\/07\/square_L_INsiDE-Architettura-porta-vetro-Scrigno-Trial.jpeg","contentUrl":"https:\/\/www.scrigno.com\/wp-content\/uploads\/2024\/07\/square_L_INsiDE-Architettura-porta-vetro-Scrigno-Trial.jpeg","width":1100,"height":1100},{"@type":"BreadcrumbList","@id":"https:\/\/www.scrigno.com\/it\/progetti\/riqualificazione-appartamento\/#breadcrumb","itemListElement":[{"@type":"ListItem","position":1,"name":"Home","item":"https:\/\/www.scrigno.com\/it\/"},{"@type":"ListItem","position":2,"name":"Progetti","item":"https:\/\/www.scrigno.com\/it\/progetti\/"},{"@type":"ListItem","position":3,"name":"Riqualificazione appartamento"}]},{"@type":"WebSite","@id":"https:\/\/www.scrigno.com\/it\/#website","url":"https:\/\/www.scrigno.com\/it\/","name":"Scrigno","description":"","potentialAction":[{"@type":"SearchAction","target":{"@type":"EntryPoint","urlTemplate":"https:\/\/www.scrigno.com\/it\/?s={search_term_string}"},"query-input":{"@type":"PropertyValueSpecification","valueRequired":true,"valueName":"search_term_string"}}],"inLanguage":"it-IT"}]}},"_links":{"self":[{"href":"https:\/\/www.scrigno.com\/it\/wp-json\/wp\/v2\/scrignocom_project\/10291","targetHints":{"allow":["GET"]}}],"collection":[{"href":"https:\/\/www.scrigno.com\/it\/wp-json\/wp\/v2\/scrignocom_project"}],"about":[{"href":"https:\/\/www.scrigno.com\/it\/wp-json\/wp\/v2\/types\/scrignocom_project"}],"acf:post":[{"embeddable":true,"href":"https:\/\/www.scrigno.com\/it\/wp-json\/wp\/v2\/scrignocom_architect\/10180"}],"acf:attachment":[{"embeddable":true,"href":"https:\/\/www.scrigno.com\/it\/wp-json\/wp\/v2\/media\/1874"},{"embeddable":true,"href":"https:\/\/www.scrigno.com\/it\/wp-json\/wp\/v2\/media\/1873"},{"embeddable":true,"href":"https:\/\/www.scrigno.com\/it\/wp-json\/wp\/v2\/media\/1872"},{"embeddable":true,"href":"https:\/\/www.scrigno.com\/it\/wp-json\/wp\/v2\/media\/1871"},{"embeddable":true,"href":"https:\/\/www.scrigno.com\/it\/wp-json\/wp\/v2\/media\/1870"},{"embeddable":true,"href":"https:\/\/www.scrigno.com\/it\/wp-json\/wp\/v2\/media\/1869"},{"embeddable":true,"href":"https:\/\/www.scrigno.com\/it\/wp-json\/wp\/v2\/media\/1868"}],"wp:featuredmedia":[{"embeddable":true,"href":"https:\/\/www.scrigno.com\/it\/wp-json\/wp\/v2\/media\/2100"}],"wp:attachment":[{"href":"https:\/\/www.scrigno.com\/it\/wp-json\/wp\/v2\/media?parent=10291"}],"curies":[{"name":"wp","href":"https:\/\/api.w.org\/{rel}","templated":true}]}}