{"id":10347,"date":"2018-01-10T16:50:38","date_gmt":"2018-01-10T14:50:38","guid":{"rendered":"https:\/\/www.scrigno.com\/projects\/casa-studio-passivhaus\/"},"modified":"2025-02-11T13:35:05","modified_gmt":"2025-02-11T11:35:05","slug":"casa-studio-passivhaus","status":"publish","type":"scrignocom_project","link":"https:\/\/www.scrigno.com\/it\/progetti\/casa-studio-passivhaus\/","title":{"rendered":"Casa\/Studio Passivhaus"},"content":{"rendered":"<p>L\u2019intervento risulta particolarmente innovativo in quanto l\u2019applicazione del protocollo Passive House (enerphit\/passivhaus) su di un aggregato edilizio esistente \u00e8 il primo in Italia (fonte: <a href=\"http:\/\/www.passivhausprojekte.de\/index.php?lang=en\" target=\"_blank\" rel=\"nofollow noopener\">www.passivhausprojekte.de<\/a>) e tra i primi al mondo. Il progetto dimostra come \u00e8 possibile raggiungere le prestazioni energetiche di una Passive House non solo in nuove costruzioni isolate, tipologia che rappresenta la quasi totalit\u00e0 delle Passive House costruite ad oggi, ma anche in aggregati urbani dell\u2019edilizia storica o delle prime estensioni delle nostre citt\u00e0. La sperimentazione di questo protocollo di progettazione su di un aggregato urbano \u00e8 significativo soprattutto per l\u2019Italia, dove ogni citt\u00e0 \u00e8 caratterizzata da questa tipologia.<\/p>\n<p>In un contesto dove: rigenerazione urbana, efficienza energetica e miglioramento sismico, sono fattori emergenti, la progettazione di qualit\u00e0 pare essere l\u2019unica risorsa capace di fornire una soluzione concreta. Pertanto, il progetto riqualifica un edificio degradato, ne azzera i consumi energetici e le emissioni in atmosfera e ne migliora la struttura rendendolo anti simico.<\/p>\n<p>Il progetto prevede residenza e studio di architettura del progettista. Sono state utilizzante in piena libert\u00e0 tecnologie costruttive innovative con lo scopo di raggiungere l\u2019efficienza di una Passive House riducendo il pi\u00f9 possibile i costi. L\u2019edificio avr\u00e0 una struttura mista di legno <em>(lamellare e XLAM)<\/em>, acciaio, muratura e cemento armato, dove ogni materiale collabora al meglio sfruttando le proprie caratteristiche naturali. Cos\u00ec facendo il costo di costruzione dell\u2019edificio \u00e8 stato mantenuto ai livelli di mercato senza rinunciare a nessun aspetto qualitativo.<\/p>\n<p>Il progetto \u00e8 ancora pi\u00f9 significativo se si pensa che in Europa i consumi energetici degli edifici esistenti necessitano del 40% dell\u2019energia prodotta, anche in riferimento alla Direttiva Europea 2010\/31\/UE, gi\u00e0 recepita dagli stati membri, che cita: <em>\u201cA partire dal 31 dicembre 2018, gli edifici di nuova costruzione occupati da pubbliche amministrazioni e di propriet\u00e0 di queste ultime, ivi compresi gli edifici scolastici, devono essere edifici a energia quasi zero. Dal 1\u00b0 gennaio 2021 la predetta disposizione \u00e8 estesa a tutti gli edifici di nuova costruzione.\u201d<\/em><\/p>\n<p>L\u2019edificio avr\u00e0 un involucro cos\u00ec efficiente che potr\u00e0 riscaldarsi con l\u2019utilizzo dei raggi del sole, del calore prodotto dal corpo umano e dagli elettrodomestici. Non sar\u00e0 allacciato alla rete gas e sar\u00e0 dotato del solo impianto di ventilazione meccanica controllata, capace di trasferire il calore dall\u2019aria viziata espulsa, nell\u2019aria pulita e filtrata immessa dall\u2019esterno. Non utilizzando fonti energetiche combustibili l\u2019edificio avr\u00e0 zero emissioni in atmosfera.<br \/>\nOltre al consumo energetico prossimo allo zero, una Passive House garantisce elevati livelli di comfort rispetto gli edifici tradizionali. Il protocollo consente la riduzione di CO2 all\u2019interno dell\u2019abitazione, la verifica di muffe e condense tramite il calcolo analitico dei ponti termici, temperature superficiali costanti, umidit\u00e0 relativa al 50% con 20\u00b0 in inverno e 25\u00b0 in estate.<\/p>\n<p>Considerando l\u2019emergenza terremoto che investe in Italia l\u201980% degli edifici, Il progetto introduce innovazioni anche nel campo strutturale utilizzando sistemi innovativi che consentono l\u2019adeguamento alla normativa attuale, condizione resa ancora pi\u00f9 complessa dall\u2019integrazione dell\u2019unit\u00e0 in un aggregato edilizio esistente. Dal calcolo tramite <strong>PHPP (Passive House Planning Package)<\/strong> l\u2019edificio ha un fabbisogno termico annuo per riscaldamento pari a 9 kWh\/(m2a) ed un fabbisogno frigorifero e di deumidificazione pari a 7 kWh\/(m2a). Il fabbisogno \u00e8 pertanto inferiore a 15 kWh\/(m2a) richiesti dallo standard Passivhaus .<\/p>\n<p>Dal calcolo con software strutturati in base alle norme nazionali, l\u2019edificio rientra nella classe energetica \u201cA4 edificio ad energica quasi zero\u201d con un EPgl,nren di 12,88 kWh\/(m2a) dato che comprende i consumi di climatizzazione, acqua calda sanitaria, ventilazione meccanica controllata. La produzione di fotovoltaico (3kw) \u00e8 pari a 37,8 kWh\/(m2a), mentre i consumi relativi alla climatizzazione sommati ai consumi dovuti alla ventilazione meccanica sono pari a 23,92 kWh\/(m2a). Sotto il profilo della climatizzazione l\u2019edificio produce pi\u00f9 energia di quella che consuma. Questi risultati evidenziano come l\u2019uso strategico di differenti sistemi costruttivi, evitando processi standardizzati, possa rivelarsi una proposta funzionale alla rigenerazione ad alta efficienza energetica degli edifici in aggregato.<\/p>\n<h2 style=\"font-size: 20px;\">Elenco premi e riconoscimenti<\/h2>\n<ul>\n<li>BIG SEE ARCHITECTURE AWARD 2021 winning project Casa Studio Passivehouse di Piraccini+Potente Architettura; Arch. Stefano Piraccini, Arch. Margherita Potente<\/li>\n<li>Opera vincitrice del premio In\/Architettura 2020, categoria <em>\u201cpremi per interventi realizzati da giovani progettisti\u201d<\/em>, Istituto nazionale di architettura.<\/li>\n<li>Opera vincitrice del premio internazionale The Plan awards 2020 nella categoria <em>\u201cHome Efficiency &amp; Technology Special Contest\u201d<\/em>, The Plan rivista di architettura.<\/li>\n<li>Opera vincitrice al premio internazionale Active House Awards 2019 nella categoria <em>\u201cBuilt Project without radar\u201d<\/em>, Active house association.<\/li>\n<li>Menzione speciale al premio Poroton 2019, Consorzio Poroton.<\/li>\n<li>Opera vincitore del premio Innovatori responsabili Emilia-Romagna per le esperienze di innovazione che contribuiscono ad attuare gli obiettivi indicati dall\u2019ONU con l\u2019Agenda 2030 per lo sviluppo sostenibile, Regione Emilia-Romagna.<\/li>\n<li>Opera selezionata al premio Giovane talento dell\u2019Architettura italiana 2019, Consiglio nazionale Architetti.<\/li>\n<\/ul>\n","protected":false},"featured_media":2111,"template":"","class_list":["post-10347","scrignocom_project","type-scrignocom_project","status-publish","has-post-thumbnail","hentry"],"acf":{"project_description":"<p>Il progetto consiste nella ristrutturazione di un edificio esistente mediante il protocollo internazionale <a href=\"http:\/\/www.passivehouse.com\" target=\"_blank\" rel=\"nofollow noopener\">Passive House<\/a>: il pi\u00f9 alto riferimento scientifico per le costruzioni sostenibili a consumo energetico prossimo allo zero.<\/p>\n","project_date":"2018","project_where":"Cesena","project_featured_image":"https:\/\/www.scrigno.com\/wp-content\/uploads\/2024\/07\/cesena-piraccini_002.jpeg","project_gallery":[{"ID":1946,"id":1946,"title":"casa-studio-passivhaus-cesena-piraccini_004.jpeg","filename":"casa-studio-passivhaus-cesena-piraccini_004.jpeg","filesize":82524,"url":"https:\/\/www.scrigno.com\/wp-content\/uploads\/2024\/07\/casa-studio-passivhaus-cesena-piraccini_004.jpeg","link":"https:\/\/www.scrigno.com\/it\/progetti\/casa-studio-passivhaus\/casa-studio-passivhaus-cesena-piraccini_004-jpeg\/","alt":"","author":"1","description":"","caption":"","name":"casa-studio-passivhaus-cesena-piraccini_004-jpeg","status":"inherit","uploaded_to":10347,"date":"2024-07-29 09:14:39","modified":"2024-09-18 14:53:07","menu_order":0,"mime_type":"image\/jpeg","type":"image","subtype":"jpeg","icon":"https:\/\/www.scrigno.com\/wp-includes\/images\/media\/default.png","width":867,"height":630,"sizes":{"thumbnail":"https:\/\/www.scrigno.com\/wp-content\/uploads\/2024\/07\/casa-studio-passivhaus-cesena-piraccini_004-150x150.jpeg","thumbnail-width":150,"thumbnail-height":150,"medium":"https:\/\/www.scrigno.com\/wp-content\/uploads\/2024\/07\/casa-studio-passivhaus-cesena-piraccini_004-375x272.jpeg","medium-width":375,"medium-height":272,"medium_large":"https:\/\/www.scrigno.com\/wp-content\/uploads\/2024\/07\/casa-studio-passivhaus-cesena-piraccini_004-750x545.jpeg","medium_large-width":750,"medium_large-height":545,"large":"https:\/\/www.scrigno.com\/wp-content\/uploads\/2024\/07\/casa-studio-passivhaus-cesena-piraccini_004.jpeg","large-width":867,"large-height":630,"1536x1536":"https:\/\/www.scrigno.com\/wp-content\/uploads\/2024\/07\/casa-studio-passivhaus-cesena-piraccini_004.jpeg","1536x1536-width":867,"1536x1536-height":630,"2048x2048":"https:\/\/www.scrigno.com\/wp-content\/uploads\/2024\/07\/casa-studio-passivhaus-cesena-piraccini_004.jpeg","2048x2048-width":867,"2048x2048-height":630,"logo-1x":"https:\/\/www.scrigno.com\/wp-content\/uploads\/2024\/07\/casa-studio-passivhaus-cesena-piraccini_004-88x64.jpeg","logo-1x-width":88,"logo-1x-height":64,"logo-footer-1x":"https:\/\/www.scrigno.com\/wp-content\/uploads\/2024\/07\/casa-studio-passivhaus-cesena-piraccini_004-81x59.jpeg","logo-footer-1x-width":81,"logo-footer-1x-height":59,"banner-1x":"https:\/\/www.scrigno.com\/wp-content\/uploads\/2024\/07\/casa-studio-passivhaus-cesena-piraccini_004.jpeg","banner-1x-width":867,"banner-1x-height":630}},{"ID":1947,"id":1947,"title":"Casa_Studio_passivehouse_piraccinipotente_architettura-4.jpg","filename":"Casa_Studio_passivehouse_piraccinipotente_architettura-4.jpg","filesize":66781,"url":"https:\/\/www.scrigno.com\/wp-content\/uploads\/2024\/07\/Casa_Studio_passivehouse_piraccinipotente_architettura-4.jpg","link":"https:\/\/www.scrigno.com\/it\/progetti\/casa-studio-passivhaus\/casa_studio_passivehouse_piraccinipotente_architettura-4-jpg\/","alt":"","author":"1","description":"","caption":"","name":"casa_studio_passivehouse_piraccinipotente_architettura-4-jpg","status":"inherit","uploaded_to":10347,"date":"2024-07-29 09:14:40","modified":"2024-09-18 14:53:07","menu_order":0,"mime_type":"image\/jpeg","type":"image","subtype":"jpeg","icon":"https:\/\/www.scrigno.com\/wp-includes\/images\/media\/default.png","width":853,"height":630,"sizes":{"thumbnail":"https:\/\/www.scrigno.com\/wp-content\/uploads\/2024\/07\/Casa_Studio_passivehouse_piraccinipotente_architettura-4-150x150.jpg","thumbnail-width":150,"thumbnail-height":150,"medium":"https:\/\/www.scrigno.com\/wp-content\/uploads\/2024\/07\/Casa_Studio_passivehouse_piraccinipotente_architettura-4-375x277.jpg","medium-width":375,"medium-height":277,"medium_large":"https:\/\/www.scrigno.com\/wp-content\/uploads\/2024\/07\/Casa_Studio_passivehouse_piraccinipotente_architettura-4-750x554.jpg","medium_large-width":750,"medium_large-height":554,"large":"https:\/\/www.scrigno.com\/wp-content\/uploads\/2024\/07\/Casa_Studio_passivehouse_piraccinipotente_architettura-4.jpg","large-width":853,"large-height":630,"1536x1536":"https:\/\/www.scrigno.com\/wp-content\/uploads\/2024\/07\/Casa_Studio_passivehouse_piraccinipotente_architettura-4.jpg","1536x1536-width":853,"1536x1536-height":630,"2048x2048":"https:\/\/www.scrigno.com\/wp-content\/uploads\/2024\/07\/Casa_Studio_passivehouse_piraccinipotente_architettura-4.jpg","2048x2048-width":853,"2048x2048-height":630,"logo-1x":"https:\/\/www.scrigno.com\/wp-content\/uploads\/2024\/07\/Casa_Studio_passivehouse_piraccinipotente_architettura-4-87x64.jpg","logo-1x-width":87,"logo-1x-height":64,"logo-footer-1x":"https:\/\/www.scrigno.com\/wp-content\/uploads\/2024\/07\/Casa_Studio_passivehouse_piraccinipotente_architettura-4-80x59.jpg","logo-footer-1x-width":80,"logo-footer-1x-height":59,"banner-1x":"https:\/\/www.scrigno.com\/wp-content\/uploads\/2024\/07\/Casa_Studio_passivehouse_piraccinipotente_architettura-4.jpg","banner-1x-width":853,"banner-1x-height":630}},{"ID":1948,"id":1948,"title":"casa-studio-passivhaus-cesena-piraccini-bagno_001.jpeg","filename":"casa-studio-passivhaus-cesena-piraccini-bagno_001.jpeg","filesize":57337,"url":"https:\/\/www.scrigno.com\/wp-content\/uploads\/2024\/07\/casa-studio-passivhaus-cesena-piraccini-bagno_001.jpeg","link":"https:\/\/www.scrigno.com\/it\/progetti\/casa-studio-passivhaus\/casa-studio-passivhaus-cesena-piraccini-bagno_001-jpeg\/","alt":"","author":"1","description":"","caption":"","name":"casa-studio-passivhaus-cesena-piraccini-bagno_001-jpeg","status":"inherit","uploaded_to":10347,"date":"2024-07-29 09:14:40","modified":"2024-09-18 14:53:07","menu_order":0,"mime_type":"image\/jpeg","type":"image","subtype":"jpeg","icon":"https:\/\/www.scrigno.com\/wp-includes\/images\/media\/default.png","width":840,"height":630,"sizes":{"thumbnail":"https:\/\/www.scrigno.com\/wp-content\/uploads\/2024\/07\/casa-studio-passivhaus-cesena-piraccini-bagno_001-150x150.jpeg","thumbnail-width":150,"thumbnail-height":150,"medium":"https:\/\/www.scrigno.com\/wp-content\/uploads\/2024\/07\/casa-studio-passivhaus-cesena-piraccini-bagno_001-375x281.jpeg","medium-width":375,"medium-height":281,"medium_large":"https:\/\/www.scrigno.com\/wp-content\/uploads\/2024\/07\/casa-studio-passivhaus-cesena-piraccini-bagno_001-750x563.jpeg","medium_large-width":750,"medium_large-height":563,"large":"https:\/\/www.scrigno.com\/wp-content\/uploads\/2024\/07\/casa-studio-passivhaus-cesena-piraccini-bagno_001.jpeg","large-width":840,"large-height":630,"1536x1536":"https:\/\/www.scrigno.com\/wp-content\/uploads\/2024\/07\/casa-studio-passivhaus-cesena-piraccini-bagno_001.jpeg","1536x1536-width":840,"1536x1536-height":630,"2048x2048":"https:\/\/www.scrigno.com\/wp-content\/uploads\/2024\/07\/casa-studio-passivhaus-cesena-piraccini-bagno_001.jpeg","2048x2048-width":840,"2048x2048-height":630,"logo-1x":"https:\/\/www.scrigno.com\/wp-content\/uploads\/2024\/07\/casa-studio-passivhaus-cesena-piraccini-bagno_001-85x64.jpeg","logo-1x-width":85,"logo-1x-height":64,"logo-footer-1x":"https:\/\/www.scrigno.com\/wp-content\/uploads\/2024\/07\/casa-studio-passivhaus-cesena-piraccini-bagno_001-79x59.jpeg","logo-footer-1x-width":79,"logo-footer-1x-height":59,"banner-1x":"https:\/\/www.scrigno.com\/wp-content\/uploads\/2024\/07\/casa-studio-passivhaus-cesena-piraccini-bagno_001.jpeg","banner-1x-width":840,"banner-1x-height":630}},{"ID":1949,"id":1949,"title":"casa-studio-passivhaus-cesena-piraccini_008.jpeg","filename":"casa-studio-passivhaus-cesena-piraccini_008.jpeg","filesize":56571,"url":"https:\/\/www.scrigno.com\/wp-content\/uploads\/2024\/07\/casa-studio-passivhaus-cesena-piraccini_008.jpeg","link":"https:\/\/www.scrigno.com\/it\/progetti\/casa-studio-passivhaus\/casa-studio-passivhaus-cesena-piraccini_008-jpeg\/","alt":"","author":"1","description":"","caption":"","name":"casa-studio-passivhaus-cesena-piraccini_008-jpeg","status":"inherit","uploaded_to":10347,"date":"2024-07-29 09:14:41","modified":"2024-09-18 14:53:07","menu_order":0,"mime_type":"image\/jpeg","type":"image","subtype":"jpeg","icon":"https:\/\/www.scrigno.com\/wp-includes\/images\/media\/default.png","width":825,"height":630,"sizes":{"thumbnail":"https:\/\/www.scrigno.com\/wp-content\/uploads\/2024\/07\/casa-studio-passivhaus-cesena-piraccini_008-150x150.jpeg","thumbnail-width":150,"thumbnail-height":150,"medium":"https:\/\/www.scrigno.com\/wp-content\/uploads\/2024\/07\/casa-studio-passivhaus-cesena-piraccini_008-375x286.jpeg","medium-width":375,"medium-height":286,"medium_large":"https:\/\/www.scrigno.com\/wp-content\/uploads\/2024\/07\/casa-studio-passivhaus-cesena-piraccini_008-750x573.jpeg","medium_large-width":750,"medium_large-height":573,"large":"https:\/\/www.scrigno.com\/wp-content\/uploads\/2024\/07\/casa-studio-passivhaus-cesena-piraccini_008.jpeg","large-width":825,"large-height":630,"1536x1536":"https:\/\/www.scrigno.com\/wp-content\/uploads\/2024\/07\/casa-studio-passivhaus-cesena-piraccini_008.jpeg","1536x1536-width":825,"1536x1536-height":630,"2048x2048":"https:\/\/www.scrigno.com\/wp-content\/uploads\/2024\/07\/casa-studio-passivhaus-cesena-piraccini_008.jpeg","2048x2048-width":825,"2048x2048-height":630,"logo-1x":"https:\/\/www.scrigno.com\/wp-content\/uploads\/2024\/07\/casa-studio-passivhaus-cesena-piraccini_008-84x64.jpeg","logo-1x-width":84,"logo-1x-height":64,"logo-footer-1x":"https:\/\/www.scrigno.com\/wp-content\/uploads\/2024\/07\/casa-studio-passivhaus-cesena-piraccini_008-77x59.jpeg","logo-footer-1x-width":77,"logo-footer-1x-height":59,"banner-1x":"https:\/\/www.scrigno.com\/wp-content\/uploads\/2024\/07\/casa-studio-passivhaus-cesena-piraccini_008.jpeg","banner-1x-width":825,"banner-1x-height":630}},{"ID":1950,"id":1950,"title":"Casa_Studio_passivehouse_piraccinipotente_architettura-5.jpg","filename":"Casa_Studio_passivehouse_piraccinipotente_architettura-5.jpg","filesize":87274,"url":"https:\/\/www.scrigno.com\/wp-content\/uploads\/2024\/07\/Casa_Studio_passivehouse_piraccinipotente_architettura-5.jpg","link":"https:\/\/www.scrigno.com\/it\/progetti\/casa-studio-passivhaus\/casa_studio_passivehouse_piraccinipotente_architettura-5-jpg\/","alt":"","author":"1","description":"","caption":"","name":"casa_studio_passivehouse_piraccinipotente_architettura-5-jpg","status":"inherit","uploaded_to":10347,"date":"2024-07-29 09:14:41","modified":"2024-09-18 14:53:07","menu_order":0,"mime_type":"image\/jpeg","type":"image","subtype":"jpeg","icon":"https:\/\/www.scrigno.com\/wp-includes\/images\/media\/default.png","width":853,"height":630,"sizes":{"thumbnail":"https:\/\/www.scrigno.com\/wp-content\/uploads\/2024\/07\/Casa_Studio_passivehouse_piraccinipotente_architettura-5-150x150.jpg","thumbnail-width":150,"thumbnail-height":150,"medium":"https:\/\/www.scrigno.com\/wp-content\/uploads\/2024\/07\/Casa_Studio_passivehouse_piraccinipotente_architettura-5-375x277.jpg","medium-width":375,"medium-height":277,"medium_large":"https:\/\/www.scrigno.com\/wp-content\/uploads\/2024\/07\/Casa_Studio_passivehouse_piraccinipotente_architettura-5-750x554.jpg","medium_large-width":750,"medium_large-height":554,"large":"https:\/\/www.scrigno.com\/wp-content\/uploads\/2024\/07\/Casa_Studio_passivehouse_piraccinipotente_architettura-5.jpg","large-width":853,"large-height":630,"1536x1536":"https:\/\/www.scrigno.com\/wp-content\/uploads\/2024\/07\/Casa_Studio_passivehouse_piraccinipotente_architettura-5.jpg","1536x1536-width":853,"1536x1536-height":630,"2048x2048":"https:\/\/www.scrigno.com\/wp-content\/uploads\/2024\/07\/Casa_Studio_passivehouse_piraccinipotente_architettura-5.jpg","2048x2048-width":853,"2048x2048-height":630,"logo-1x":"https:\/\/www.scrigno.com\/wp-content\/uploads\/2024\/07\/Casa_Studio_passivehouse_piraccinipotente_architettura-5-87x64.jpg","logo-1x-width":87,"logo-1x-height":64,"logo-footer-1x":"https:\/\/www.scrigno.com\/wp-content\/uploads\/2024\/07\/Casa_Studio_passivehouse_piraccinipotente_architettura-5-80x59.jpg","logo-footer-1x-width":80,"logo-footer-1x-height":59,"banner-1x":"https:\/\/www.scrigno.com\/wp-content\/uploads\/2024\/07\/Casa_Studio_passivehouse_piraccinipotente_architettura-5.jpg","banner-1x-width":853,"banner-1x-height":630}},{"ID":1951,"id":1951,"title":"casa-studio-passivhaus-cesena-piraccini_007.jpeg","filename":"casa-studio-passivhaus-cesena-piraccini_007.jpeg","filesize":77775,"url":"https:\/\/www.scrigno.com\/wp-content\/uploads\/2024\/07\/casa-studio-passivhaus-cesena-piraccini_007.jpeg","link":"https:\/\/www.scrigno.com\/it\/progetti\/casa-studio-passivhaus\/casa-studio-passivhaus-cesena-piraccini_007-jpeg\/","alt":"","author":"1","description":"","caption":"","name":"casa-studio-passivhaus-cesena-piraccini_007-jpeg","status":"inherit","uploaded_to":10347,"date":"2024-07-29 09:14:42","modified":"2024-09-18 14:53:07","menu_order":0,"mime_type":"image\/jpeg","type":"image","subtype":"jpeg","icon":"https:\/\/www.scrigno.com\/wp-includes\/images\/media\/default.png","width":839,"height":630,"sizes":{"thumbnail":"https:\/\/www.scrigno.com\/wp-content\/uploads\/2024\/07\/casa-studio-passivhaus-cesena-piraccini_007-150x150.jpeg","thumbnail-width":150,"thumbnail-height":150,"medium":"https:\/\/www.scrigno.com\/wp-content\/uploads\/2024\/07\/casa-studio-passivhaus-cesena-piraccini_007-375x282.jpeg","medium-width":375,"medium-height":282,"medium_large":"https:\/\/www.scrigno.com\/wp-content\/uploads\/2024\/07\/casa-studio-passivhaus-cesena-piraccini_007-750x563.jpeg","medium_large-width":750,"medium_large-height":563,"large":"https:\/\/www.scrigno.com\/wp-content\/uploads\/2024\/07\/casa-studio-passivhaus-cesena-piraccini_007.jpeg","large-width":839,"large-height":630,"1536x1536":"https:\/\/www.scrigno.com\/wp-content\/uploads\/2024\/07\/casa-studio-passivhaus-cesena-piraccini_007.jpeg","1536x1536-width":839,"1536x1536-height":630,"2048x2048":"https:\/\/www.scrigno.com\/wp-content\/uploads\/2024\/07\/casa-studio-passivhaus-cesena-piraccini_007.jpeg","2048x2048-width":839,"2048x2048-height":630,"logo-1x":"https:\/\/www.scrigno.com\/wp-content\/uploads\/2024\/07\/casa-studio-passivhaus-cesena-piraccini_007-85x64.jpeg","logo-1x-width":85,"logo-1x-height":64,"logo-footer-1x":"https:\/\/www.scrigno.com\/wp-content\/uploads\/2024\/07\/casa-studio-passivhaus-cesena-piraccini_007-79x59.jpeg","logo-footer-1x-width":79,"logo-footer-1x-height":59,"banner-1x":"https:\/\/www.scrigno.com\/wp-content\/uploads\/2024\/07\/casa-studio-passivhaus-cesena-piraccini_007.jpeg","banner-1x-width":839,"banner-1x-height":630}},{"ID":1952,"id":1952,"title":"fusione3.png","filename":"fusione3.png","filesize":410840,"url":"https:\/\/www.scrigno.com\/wp-content\/uploads\/2024\/07\/fusione3.png","link":"https:\/\/www.scrigno.com\/it\/progetti\/casa-studio-passivhaus\/fusione3-png\/","alt":"","author":"1","description":"","caption":"","name":"fusione3-png","status":"inherit","uploaded_to":10347,"date":"2024-07-29 09:14:43","modified":"2024-09-18 14:53:07","menu_order":0,"mime_type":"image\/png","type":"image","subtype":"png","icon":"https:\/\/www.scrigno.com\/wp-includes\/images\/media\/default.png","width":900,"height":630,"sizes":{"thumbnail":"https:\/\/www.scrigno.com\/wp-content\/uploads\/2024\/07\/fusione3-150x150.png","thumbnail-width":150,"thumbnail-height":150,"medium":"https:\/\/www.scrigno.com\/wp-content\/uploads\/2024\/07\/fusione3-375x263.png","medium-width":375,"medium-height":263,"medium_large":"https:\/\/www.scrigno.com\/wp-content\/uploads\/2024\/07\/fusione3-750x525.png","medium_large-width":750,"medium_large-height":525,"large":"https:\/\/www.scrigno.com\/wp-content\/uploads\/2024\/07\/fusione3.png","large-width":900,"large-height":630,"1536x1536":"https:\/\/www.scrigno.com\/wp-content\/uploads\/2024\/07\/fusione3.png","1536x1536-width":900,"1536x1536-height":630,"2048x2048":"https:\/\/www.scrigno.com\/wp-content\/uploads\/2024\/07\/fusione3.png","2048x2048-width":900,"2048x2048-height":630,"logo-1x":"https:\/\/www.scrigno.com\/wp-content\/uploads\/2024\/07\/fusione3-91x64.png","logo-1x-width":91,"logo-1x-height":64,"logo-footer-1x":"https:\/\/www.scrigno.com\/wp-content\/uploads\/2024\/07\/fusione3-84x59.png","logo-footer-1x-width":84,"logo-footer-1x-height":59,"banner-1x":"https:\/\/www.scrigno.com\/wp-content\/uploads\/2024\/07\/fusione3.png","banner-1x-width":900,"banner-1x-height":630}},{"ID":1953,"id":1953,"title":"cesena-piraccini_004.jpeg","filename":"cesena-piraccini_004.jpeg","filesize":120518,"url":"https:\/\/www.scrigno.com\/wp-content\/uploads\/2024\/07\/cesena-piraccini_004.jpeg","link":"https:\/\/www.scrigno.com\/it\/progetti\/casa-studio-passivhaus\/cesena-piraccini_004-jpeg\/","alt":"","author":"1","description":"","caption":"","name":"cesena-piraccini_004-jpeg","status":"inherit","uploaded_to":10347,"date":"2024-07-29 09:14:44","modified":"2024-09-18 14:53:07","menu_order":0,"mime_type":"image\/jpeg","type":"image","subtype":"jpeg","icon":"https:\/\/www.scrigno.com\/wp-includes\/images\/media\/default.png","width":920,"height":630,"sizes":{"thumbnail":"https:\/\/www.scrigno.com\/wp-content\/uploads\/2024\/07\/cesena-piraccini_004-150x150.jpeg","thumbnail-width":150,"thumbnail-height":150,"medium":"https:\/\/www.scrigno.com\/wp-content\/uploads\/2024\/07\/cesena-piraccini_004-375x257.jpeg","medium-width":375,"medium-height":257,"medium_large":"https:\/\/www.scrigno.com\/wp-content\/uploads\/2024\/07\/cesena-piraccini_004-750x514.jpeg","medium_large-width":750,"medium_large-height":514,"large":"https:\/\/www.scrigno.com\/wp-content\/uploads\/2024\/07\/cesena-piraccini_004.jpeg","large-width":920,"large-height":630,"1536x1536":"https:\/\/www.scrigno.com\/wp-content\/uploads\/2024\/07\/cesena-piraccini_004.jpeg","1536x1536-width":920,"1536x1536-height":630,"2048x2048":"https:\/\/www.scrigno.com\/wp-content\/uploads\/2024\/07\/cesena-piraccini_004.jpeg","2048x2048-width":920,"2048x2048-height":630,"logo-1x":"https:\/\/www.scrigno.com\/wp-content\/uploads\/2024\/07\/cesena-piraccini_004-93x64.jpeg","logo-1x-width":93,"logo-1x-height":64,"logo-footer-1x":"https:\/\/www.scrigno.com\/wp-content\/uploads\/2024\/07\/cesena-piraccini_004-86x59.jpeg","logo-footer-1x-width":86,"logo-footer-1x-height":59,"banner-1x":"https:\/\/www.scrigno.com\/wp-content\/uploads\/2024\/07\/cesena-piraccini_004.jpeg","banner-1x-width":920,"banner-1x-height":630}},{"ID":1954,"id":1954,"title":"cesena-piraccini_008.jpeg","filename":"cesena-piraccini_008.jpeg","filesize":117129,"url":"https:\/\/www.scrigno.com\/wp-content\/uploads\/2024\/07\/cesena-piraccini_008.jpeg","link":"https:\/\/www.scrigno.com\/it\/progetti\/casa-studio-passivhaus\/cesena-piraccini_008-jpeg\/","alt":"","author":"1","description":"","caption":"","name":"cesena-piraccini_008-jpeg","status":"inherit","uploaded_to":10347,"date":"2024-07-29 09:14:45","modified":"2024-09-18 14:53:07","menu_order":0,"mime_type":"image\/jpeg","type":"image","subtype":"jpeg","icon":"https:\/\/www.scrigno.com\/wp-includes\/images\/media\/default.png","width":811,"height":630,"sizes":{"thumbnail":"https:\/\/www.scrigno.com\/wp-content\/uploads\/2024\/07\/cesena-piraccini_008-150x150.jpeg","thumbnail-width":150,"thumbnail-height":150,"medium":"https:\/\/www.scrigno.com\/wp-content\/uploads\/2024\/07\/cesena-piraccini_008-375x291.jpeg","medium-width":375,"medium-height":291,"medium_large":"https:\/\/www.scrigno.com\/wp-content\/uploads\/2024\/07\/cesena-piraccini_008-750x583.jpeg","medium_large-width":750,"medium_large-height":583,"large":"https:\/\/www.scrigno.com\/wp-content\/uploads\/2024\/07\/cesena-piraccini_008.jpeg","large-width":811,"large-height":630,"1536x1536":"https:\/\/www.scrigno.com\/wp-content\/uploads\/2024\/07\/cesena-piraccini_008.jpeg","1536x1536-width":811,"1536x1536-height":630,"2048x2048":"https:\/\/www.scrigno.com\/wp-content\/uploads\/2024\/07\/cesena-piraccini_008.jpeg","2048x2048-width":811,"2048x2048-height":630,"logo-1x":"https:\/\/www.scrigno.com\/wp-content\/uploads\/2024\/07\/cesena-piraccini_008-82x64.jpeg","logo-1x-width":82,"logo-1x-height":64,"logo-footer-1x":"https:\/\/www.scrigno.com\/wp-content\/uploads\/2024\/07\/cesena-piraccini_008-76x59.jpeg","logo-footer-1x-width":76,"logo-footer-1x-height":59,"banner-1x":"https:\/\/www.scrigno.com\/wp-content\/uploads\/2024\/07\/cesena-piraccini_008.jpeg","banner-1x-width":811,"banner-1x-height":630}},{"ID":1955,"id":1955,"title":"cesena-piraccini_006.jpeg","filename":"cesena-piraccini_006.jpeg","filesize":71969,"url":"https:\/\/www.scrigno.com\/wp-content\/uploads\/2024\/07\/cesena-piraccini_006.jpeg","link":"https:\/\/www.scrigno.com\/it\/progetti\/casa-studio-passivhaus\/cesena-piraccini_006-jpeg\/","alt":"","author":"1","description":"","caption":"","name":"cesena-piraccini_006-jpeg","status":"inherit","uploaded_to":10347,"date":"2024-07-29 09:14:45","modified":"2024-09-18 14:53:08","menu_order":0,"mime_type":"image\/jpeg","type":"image","subtype":"jpeg","icon":"https:\/\/www.scrigno.com\/wp-includes\/images\/media\/default.png","width":853,"height":630,"sizes":{"thumbnail":"https:\/\/www.scrigno.com\/wp-content\/uploads\/2024\/07\/cesena-piraccini_006-150x150.jpeg","thumbnail-width":150,"thumbnail-height":150,"medium":"https:\/\/www.scrigno.com\/wp-content\/uploads\/2024\/07\/cesena-piraccini_006-375x277.jpeg","medium-width":375,"medium-height":277,"medium_large":"https:\/\/www.scrigno.com\/wp-content\/uploads\/2024\/07\/cesena-piraccini_006-750x554.jpeg","medium_large-width":750,"medium_large-height":554,"large":"https:\/\/www.scrigno.com\/wp-content\/uploads\/2024\/07\/cesena-piraccini_006.jpeg","large-width":853,"large-height":630,"1536x1536":"https:\/\/www.scrigno.com\/wp-content\/uploads\/2024\/07\/cesena-piraccini_006.jpeg","1536x1536-width":853,"1536x1536-height":630,"2048x2048":"https:\/\/www.scrigno.com\/wp-content\/uploads\/2024\/07\/cesena-piraccini_006.jpeg","2048x2048-width":853,"2048x2048-height":630,"logo-1x":"https:\/\/www.scrigno.com\/wp-content\/uploads\/2024\/07\/cesena-piraccini_006-87x64.jpeg","logo-1x-width":87,"logo-1x-height":64,"logo-footer-1x":"https:\/\/www.scrigno.com\/wp-content\/uploads\/2024\/07\/cesena-piraccini_006-80x59.jpeg","logo-footer-1x-width":80,"logo-footer-1x-height":59,"banner-1x":"https:\/\/www.scrigno.com\/wp-content\/uploads\/2024\/07\/cesena-piraccini_006.jpeg","banner-1x-width":853,"banner-1x-height":630}},{"ID":1956,"id":1956,"title":"fusione2.png","filename":"fusione2.png","filesize":845227,"url":"https:\/\/www.scrigno.com\/wp-content\/uploads\/2024\/07\/fusione2.png","link":"https:\/\/www.scrigno.com\/it\/progetti\/casa-studio-passivhaus\/fusione2-png\/","alt":"","author":"1","description":"","caption":"","name":"fusione2-png","status":"inherit","uploaded_to":10347,"date":"2024-07-29 09:14:46","modified":"2024-09-18 14:53:08","menu_order":0,"mime_type":"image\/png","type":"image","subtype":"png","icon":"https:\/\/www.scrigno.com\/wp-includes\/images\/media\/default.png","width":971,"height":629,"sizes":{"thumbnail":"https:\/\/www.scrigno.com\/wp-content\/uploads\/2024\/07\/fusione2-150x150.png","thumbnail-width":150,"thumbnail-height":150,"medium":"https:\/\/www.scrigno.com\/wp-content\/uploads\/2024\/07\/fusione2-375x243.png","medium-width":375,"medium-height":243,"medium_large":"https:\/\/www.scrigno.com\/wp-content\/uploads\/2024\/07\/fusione2-750x486.png","medium_large-width":750,"medium_large-height":486,"large":"https:\/\/www.scrigno.com\/wp-content\/uploads\/2024\/07\/fusione2.png","large-width":971,"large-height":629,"1536x1536":"https:\/\/www.scrigno.com\/wp-content\/uploads\/2024\/07\/fusione2.png","1536x1536-width":971,"1536x1536-height":629,"2048x2048":"https:\/\/www.scrigno.com\/wp-content\/uploads\/2024\/07\/fusione2.png","2048x2048-width":971,"2048x2048-height":629,"logo-1x":"https:\/\/www.scrigno.com\/wp-content\/uploads\/2024\/07\/fusione2-99x64.png","logo-1x-width":99,"logo-1x-height":64,"logo-footer-1x":"https:\/\/www.scrigno.com\/wp-content\/uploads\/2024\/07\/fusione2-91x59.png","logo-footer-1x-width":91,"logo-footer-1x-height":59,"banner-1x":"https:\/\/www.scrigno.com\/wp-content\/uploads\/2024\/07\/fusione2.png","banner-1x-width":971,"banner-1x-height":629}},{"ID":1957,"id":1957,"title":"Casa_Studio_passivehouse_piraccinipotente_architettura-3.jpg","filename":"Casa_Studio_passivehouse_piraccinipotente_architettura-3.jpg","filesize":279607,"url":"https:\/\/www.scrigno.com\/wp-content\/uploads\/2024\/07\/Casa_Studio_passivehouse_piraccinipotente_architettura-3.jpg","link":"https:\/\/www.scrigno.com\/it\/progetti\/casa-studio-passivhaus\/casa_studio_passivehouse_piraccinipotente_architettura-3-jpg\/","alt":"","author":"1","description":"","caption":"","name":"casa_studio_passivehouse_piraccinipotente_architettura-3-jpg","status":"inherit","uploaded_to":10347,"date":"2024-07-29 09:14:47","modified":"2024-09-18 14:53:08","menu_order":0,"mime_type":"image\/jpeg","type":"image","subtype":"jpeg","icon":"https:\/\/www.scrigno.com\/wp-includes\/images\/media\/default.png","width":1527,"height":2000,"sizes":{"thumbnail":"https:\/\/www.scrigno.com\/wp-content\/uploads\/2024\/07\/Casa_Studio_passivehouse_piraccinipotente_architettura-3-150x150.jpg","thumbnail-width":150,"thumbnail-height":150,"medium":"https:\/\/www.scrigno.com\/wp-content\/uploads\/2024\/07\/Casa_Studio_passivehouse_piraccinipotente_architettura-3-375x491.jpg","medium-width":375,"medium-height":491,"medium_large":"https:\/\/www.scrigno.com\/wp-content\/uploads\/2024\/07\/Casa_Studio_passivehouse_piraccinipotente_architettura-3-750x982.jpg","medium_large-width":750,"medium_large-height":982,"large":"https:\/\/www.scrigno.com\/wp-content\/uploads\/2024\/07\/Casa_Studio_passivehouse_piraccinipotente_architettura-3-1242x1627.jpg","large-width":1242,"large-height":1627,"1536x1536":"https:\/\/www.scrigno.com\/wp-content\/uploads\/2024\/07\/Casa_Studio_passivehouse_piraccinipotente_architettura-3-1173x1536.jpg","1536x1536-width":1173,"1536x1536-height":1536,"2048x2048":"https:\/\/www.scrigno.com\/wp-content\/uploads\/2024\/07\/Casa_Studio_passivehouse_piraccinipotente_architettura-3.jpg","2048x2048-width":1527,"2048x2048-height":2000,"logo-1x":"https:\/\/www.scrigno.com\/wp-content\/uploads\/2024\/07\/Casa_Studio_passivehouse_piraccinipotente_architettura-3-49x64.jpg","logo-1x-width":49,"logo-1x-height":64,"logo-footer-1x":"https:\/\/www.scrigno.com\/wp-content\/uploads\/2024\/07\/Casa_Studio_passivehouse_piraccinipotente_architettura-3-45x59.jpg","logo-footer-1x-width":45,"logo-footer-1x-height":59,"banner-1x":"https:\/\/www.scrigno.com\/wp-content\/uploads\/2024\/07\/Casa_Studio_passivehouse_piraccinipotente_architettura-3-1211x1586.jpg","banner-1x-width":1211,"banner-1x-height":1586}},{"ID":1958,"id":1958,"title":"casa-studio-passivhaus-cesena-piraccini_002.jpeg","filename":"casa-studio-passivhaus-cesena-piraccini_002.jpeg","filesize":75002,"url":"https:\/\/www.scrigno.com\/wp-content\/uploads\/2024\/07\/casa-studio-passivhaus-cesena-piraccini_002.jpeg","link":"https:\/\/www.scrigno.com\/it\/progetti\/casa-studio-passivhaus\/casa-studio-passivhaus-cesena-piraccini_002-jpeg\/","alt":"","author":"1","description":"","caption":"","name":"casa-studio-passivhaus-cesena-piraccini_002-jpeg","status":"inherit","uploaded_to":10347,"date":"2024-07-29 09:14:49","modified":"2024-09-18 14:53:08","menu_order":0,"mime_type":"image\/jpeg","type":"image","subtype":"jpeg","icon":"https:\/\/www.scrigno.com\/wp-includes\/images\/media\/default.png","width":840,"height":630,"sizes":{"thumbnail":"https:\/\/www.scrigno.com\/wp-content\/uploads\/2024\/07\/casa-studio-passivhaus-cesena-piraccini_002-150x150.jpeg","thumbnail-width":150,"thumbnail-height":150,"medium":"https:\/\/www.scrigno.com\/wp-content\/uploads\/2024\/07\/casa-studio-passivhaus-cesena-piraccini_002-375x281.jpeg","medium-width":375,"medium-height":281,"medium_large":"https:\/\/www.scrigno.com\/wp-content\/uploads\/2024\/07\/casa-studio-passivhaus-cesena-piraccini_002-750x563.jpeg","medium_large-width":750,"medium_large-height":563,"large":"https:\/\/www.scrigno.com\/wp-content\/uploads\/2024\/07\/casa-studio-passivhaus-cesena-piraccini_002.jpeg","large-width":840,"large-height":630,"1536x1536":"https:\/\/www.scrigno.com\/wp-content\/uploads\/2024\/07\/casa-studio-passivhaus-cesena-piraccini_002.jpeg","1536x1536-width":840,"1536x1536-height":630,"2048x2048":"https:\/\/www.scrigno.com\/wp-content\/uploads\/2024\/07\/casa-studio-passivhaus-cesena-piraccini_002.jpeg","2048x2048-width":840,"2048x2048-height":630,"logo-1x":"https:\/\/www.scrigno.com\/wp-content\/uploads\/2024\/07\/casa-studio-passivhaus-cesena-piraccini_002-85x64.jpeg","logo-1x-width":85,"logo-1x-height":64,"logo-footer-1x":"https:\/\/www.scrigno.com\/wp-content\/uploads\/2024\/07\/casa-studio-passivhaus-cesena-piraccini_002-79x59.jpeg","logo-footer-1x-width":79,"logo-footer-1x-height":59,"banner-1x":"https:\/\/www.scrigno.com\/wp-content\/uploads\/2024\/07\/casa-studio-passivhaus-cesena-piraccini_002.jpeg","banner-1x-width":840,"banner-1x-height":630}},{"ID":1959,"id":1959,"title":"casa-studio-passivhaus-cesena-piraccini-mappa.jpeg","filename":"casa-studio-passivhaus-cesena-piraccini-mappa.jpeg","filesize":40465,"url":"https:\/\/www.scrigno.com\/wp-content\/uploads\/2024\/07\/casa-studio-passivhaus-cesena-piraccini-mappa.jpeg","link":"https:\/\/www.scrigno.com\/it\/progetti\/casa-studio-passivhaus\/casa-studio-passivhaus-cesena-piraccini-mappa-jpeg\/","alt":"square_L_cesena-piraccini_006","author":"1","description":"square_L_cesena-piraccini_006","caption":"square_L_cesena-piraccini_006","name":"casa-studio-passivhaus-cesena-piraccini-mappa-jpeg","status":"inherit","uploaded_to":10347,"date":"2024-07-29 09:14:50","modified":"2024-09-18 14:53:08","menu_order":0,"mime_type":"image\/jpeg","type":"image","subtype":"jpeg","icon":"https:\/\/www.scrigno.com\/wp-includes\/images\/media\/default.png","width":892,"height":630,"sizes":{"thumbnail":"https:\/\/www.scrigno.com\/wp-content\/uploads\/2024\/07\/casa-studio-passivhaus-cesena-piraccini-mappa-150x150.jpeg","thumbnail-width":150,"thumbnail-height":150,"medium":"https:\/\/www.scrigno.com\/wp-content\/uploads\/2024\/07\/casa-studio-passivhaus-cesena-piraccini-mappa-375x265.jpeg","medium-width":375,"medium-height":265,"medium_large":"https:\/\/www.scrigno.com\/wp-content\/uploads\/2024\/07\/casa-studio-passivhaus-cesena-piraccini-mappa-750x530.jpeg","medium_large-width":750,"medium_large-height":530,"large":"https:\/\/www.scrigno.com\/wp-content\/uploads\/2024\/07\/casa-studio-passivhaus-cesena-piraccini-mappa.jpeg","large-width":892,"large-height":630,"1536x1536":"https:\/\/www.scrigno.com\/wp-content\/uploads\/2024\/07\/casa-studio-passivhaus-cesena-piraccini-mappa.jpeg","1536x1536-width":892,"1536x1536-height":630,"2048x2048":"https:\/\/www.scrigno.com\/wp-content\/uploads\/2024\/07\/casa-studio-passivhaus-cesena-piraccini-mappa.jpeg","2048x2048-width":892,"2048x2048-height":630,"logo-1x":"https:\/\/www.scrigno.com\/wp-content\/uploads\/2024\/07\/casa-studio-passivhaus-cesena-piraccini-mappa-91x64.jpeg","logo-1x-width":91,"logo-1x-height":64,"logo-footer-1x":"https:\/\/www.scrigno.com\/wp-content\/uploads\/2024\/07\/casa-studio-passivhaus-cesena-piraccini-mappa-84x59.jpeg","logo-footer-1x-width":84,"logo-footer-1x-height":59,"banner-1x":"https:\/\/www.scrigno.com\/wp-content\/uploads\/2024\/07\/casa-studio-passivhaus-cesena-piraccini-mappa.jpeg","banner-1x-width":892,"banner-1x-height":630}}],"project_architect":{"ID":10181,"post_author":"1","post_date":"2024-09-18 16:47:16","post_date_gmt":"2024-09-18 14:47:16","post_content":"L\u2019uomo cerca costantemente di imitare la bellezza della natura poich\u00e9 in essa tutto \u00e8 funzionale. Purtroppo, le creazioni dell\u2019uomo sono imperfette: consumano risorse, inquinano l\u2019aria ed il suolo. L\u2019uomo \u00e8 consapevole che le sue creazioni hanno imperfezioni, ma spesso finge di non vederle. Siamo due architetti, compagni nella vita, compagni nel lavoro che, per quanto possibile, vogliamo aprire gli occhi.\n\nAbbiamo scelto di progettare edifici sostenibili: zero consumo di energia, zero emissioni in atmosfera, elevato comfort indoor. Abbiamo sede a Cesena, in una casa\/studio dove abitiamo e lavoriamo insieme a diversi collaboratori: qui ci occupiamo di progettazione su diverse scale: dal progetto di architettura, all\u2019interior design, alla divulgazione scientifica in libri ed articoli, all\u2019insegnamento presso il Dipartimento di Architettura dell\u2019Universit\u00e0 di Bologna. La sostenibilit\u00e0 viene raggiunta utilizziamo strumenti della building science ed una forte attenzione all\u2019innovazione tecnologica, senza mai \u2013 come in natura - rinunciare ad una bellezza funzionale, ed alla sua capacit\u00e0 di emozionare. Il pianeta \u00e8 la nostra casa: come architetti abbiamo il dovere di prendercene cura.","post_title":"Piraccini+Potente architettura","post_excerpt":"","post_status":"publish","comment_status":"open","ping_status":"open","post_password":"","post_name":"piraccinipotente-architettura","to_ping":"","pinged":"","post_modified":"2024-09-18 16:47:16","post_modified_gmt":"2024-09-18 14:47:16","post_content_filtered":"","post_parent":0,"guid":"https:\/\/www.scrigno.com\/architects\/piraccinipotente-architettura\/","menu_order":0,"post_type":"scrignocom_architect","post_mime_type":"","comment_count":"0","filter":"raw"},"project_architect_name":"Piraccini+Potente architettura"},"yoast_head":"<!-- This site is optimized with the Yoast SEO plugin v27.1.1 - https:\/\/yoast.com\/product\/yoast-seo-wordpress\/ -->\n<title>Casa\/Studio Passivhaus - Scrigno<\/title>\n<meta name=\"robots\" content=\"index, follow, max-snippet:-1, max-image-preview:large, max-video-preview:-1\" \/>\n<link rel=\"canonical\" href=\"https:\/\/www.scrigno.com\/it\/progetti\/casa-studio-passivhaus\/\" \/>\n<meta property=\"og:locale\" content=\"it_IT\" \/>\n<meta property=\"og:type\" content=\"article\" \/>\n<meta property=\"og:title\" content=\"Casa\/Studio Passivhaus - Scrigno\" \/>\n<meta property=\"og:description\" content=\"L\u2019intervento risulta particolarmente innovativo in quanto l\u2019applicazione del protocollo Passive House (enerphit\/passivhaus) su di un aggregato edilizio esistente \u00e8 il [&hellip;]\" \/>\n<meta property=\"og:url\" content=\"https:\/\/www.scrigno.com\/it\/progetti\/casa-studio-passivhaus\/\" \/>\n<meta property=\"og:site_name\" content=\"Scrigno\" \/>\n<meta property=\"article:modified_time\" content=\"2025-02-11T11:35:05+00:00\" \/>\n<meta property=\"og:image\" content=\"https:\/\/www.scrigno.com\/wp-content\/uploads\/2024\/07\/square_L_cesena-piraccini_006.jpeg\" \/>\n\t<meta property=\"og:image:width\" content=\"1100\" \/>\n\t<meta property=\"og:image:height\" content=\"1100\" \/>\n\t<meta property=\"og:image:type\" content=\"image\/jpeg\" \/>\n<meta name=\"twitter:card\" content=\"summary_large_image\" \/>\n<meta name=\"twitter:label1\" content=\"Tempo di lettura stimato\" \/>\n\t<meta name=\"twitter:data1\" content=\"5 minuti\" \/>\n<script type=\"application\/ld+json\" class=\"yoast-schema-graph\">{\"@context\":\"https:\/\/schema.org\",\"@graph\":[{\"@type\":\"WebPage\",\"@id\":\"https:\/\/www.scrigno.com\/it\/progetti\/casa-studio-passivhaus\/\",\"url\":\"https:\/\/www.scrigno.com\/it\/progetti\/casa-studio-passivhaus\/\",\"name\":\"Casa\/Studio Passivhaus - Scrigno\",\"isPartOf\":{\"@id\":\"https:\/\/www.scrigno.com\/it\/#website\"},\"primaryImageOfPage\":{\"@id\":\"https:\/\/www.scrigno.com\/it\/progetti\/casa-studio-passivhaus\/#primaryimage\"},\"image\":{\"@id\":\"https:\/\/www.scrigno.com\/it\/progetti\/casa-studio-passivhaus\/#primaryimage\"},\"thumbnailUrl\":\"https:\/\/www.scrigno.com\/wp-content\/uploads\/2024\/07\/square_L_cesena-piraccini_006.jpeg\",\"datePublished\":\"2018-01-10T14:50:38+00:00\",\"dateModified\":\"2025-02-11T11:35:05+00:00\",\"breadcrumb\":{\"@id\":\"https:\/\/www.scrigno.com\/it\/progetti\/casa-studio-passivhaus\/#breadcrumb\"},\"inLanguage\":\"it-IT\",\"potentialAction\":[{\"@type\":\"ReadAction\",\"target\":[\"https:\/\/www.scrigno.com\/it\/progetti\/casa-studio-passivhaus\/\"]}]},{\"@type\":\"ImageObject\",\"inLanguage\":\"it-IT\",\"@id\":\"https:\/\/www.scrigno.com\/it\/progetti\/casa-studio-passivhaus\/#primaryimage\",\"url\":\"https:\/\/www.scrigno.com\/wp-content\/uploads\/2024\/07\/square_L_cesena-piraccini_006.jpeg\",\"contentUrl\":\"https:\/\/www.scrigno.com\/wp-content\/uploads\/2024\/07\/square_L_cesena-piraccini_006.jpeg\",\"width\":1100,\"height\":1100},{\"@type\":\"BreadcrumbList\",\"@id\":\"https:\/\/www.scrigno.com\/it\/progetti\/casa-studio-passivhaus\/#breadcrumb\",\"itemListElement\":[{\"@type\":\"ListItem\",\"position\":1,\"name\":\"Home\",\"item\":\"https:\/\/www.scrigno.com\/it\/\"},{\"@type\":\"ListItem\",\"position\":2,\"name\":\"Progetti\",\"item\":\"https:\/\/www.scrigno.com\/it\/progetti\/\"},{\"@type\":\"ListItem\",\"position\":3,\"name\":\"Casa\/Studio Passivhaus\"}]},{\"@type\":\"WebSite\",\"@id\":\"https:\/\/www.scrigno.com\/it\/#website\",\"url\":\"https:\/\/www.scrigno.com\/it\/\",\"name\":\"Scrigno\",\"description\":\"\",\"potentialAction\":[{\"@type\":\"SearchAction\",\"target\":{\"@type\":\"EntryPoint\",\"urlTemplate\":\"https:\/\/www.scrigno.com\/it\/?s={search_term_string}\"},\"query-input\":{\"@type\":\"PropertyValueSpecification\",\"valueRequired\":true,\"valueName\":\"search_term_string\"}}],\"inLanguage\":\"it-IT\"}]}<\/script>\n<!-- \/ Yoast SEO plugin. -->","yoast_head_json":{"title":"Casa\/Studio Passivhaus - Scrigno","robots":{"index":"index","follow":"follow","max-snippet":"max-snippet:-1","max-image-preview":"max-image-preview:large","max-video-preview":"max-video-preview:-1"},"canonical":"https:\/\/www.scrigno.com\/it\/progetti\/casa-studio-passivhaus\/","og_locale":"it_IT","og_type":"article","og_title":"Casa\/Studio Passivhaus - Scrigno","og_description":"L\u2019intervento risulta particolarmente innovativo in quanto l\u2019applicazione del protocollo Passive House (enerphit\/passivhaus) su di un aggregato edilizio esistente \u00e8 il [&hellip;]","og_url":"https:\/\/www.scrigno.com\/it\/progetti\/casa-studio-passivhaus\/","og_site_name":"Scrigno","article_modified_time":"2025-02-11T11:35:05+00:00","og_image":[{"width":1100,"height":1100,"url":"https:\/\/www.scrigno.com\/wp-content\/uploads\/2024\/07\/square_L_cesena-piraccini_006.jpeg","type":"image\/jpeg"}],"twitter_card":"summary_large_image","twitter_misc":{"Tempo di lettura stimato":"5 minuti"},"schema":{"@context":"https:\/\/schema.org","@graph":[{"@type":"WebPage","@id":"https:\/\/www.scrigno.com\/it\/progetti\/casa-studio-passivhaus\/","url":"https:\/\/www.scrigno.com\/it\/progetti\/casa-studio-passivhaus\/","name":"Casa\/Studio Passivhaus - Scrigno","isPartOf":{"@id":"https:\/\/www.scrigno.com\/it\/#website"},"primaryImageOfPage":{"@id":"https:\/\/www.scrigno.com\/it\/progetti\/casa-studio-passivhaus\/#primaryimage"},"image":{"@id":"https:\/\/www.scrigno.com\/it\/progetti\/casa-studio-passivhaus\/#primaryimage"},"thumbnailUrl":"https:\/\/www.scrigno.com\/wp-content\/uploads\/2024\/07\/square_L_cesena-piraccini_006.jpeg","datePublished":"2018-01-10T14:50:38+00:00","dateModified":"2025-02-11T11:35:05+00:00","breadcrumb":{"@id":"https:\/\/www.scrigno.com\/it\/progetti\/casa-studio-passivhaus\/#breadcrumb"},"inLanguage":"it-IT","potentialAction":[{"@type":"ReadAction","target":["https:\/\/www.scrigno.com\/it\/progetti\/casa-studio-passivhaus\/"]}]},{"@type":"ImageObject","inLanguage":"it-IT","@id":"https:\/\/www.scrigno.com\/it\/progetti\/casa-studio-passivhaus\/#primaryimage","url":"https:\/\/www.scrigno.com\/wp-content\/uploads\/2024\/07\/square_L_cesena-piraccini_006.jpeg","contentUrl":"https:\/\/www.scrigno.com\/wp-content\/uploads\/2024\/07\/square_L_cesena-piraccini_006.jpeg","width":1100,"height":1100},{"@type":"BreadcrumbList","@id":"https:\/\/www.scrigno.com\/it\/progetti\/casa-studio-passivhaus\/#breadcrumb","itemListElement":[{"@type":"ListItem","position":1,"name":"Home","item":"https:\/\/www.scrigno.com\/it\/"},{"@type":"ListItem","position":2,"name":"Progetti","item":"https:\/\/www.scrigno.com\/it\/progetti\/"},{"@type":"ListItem","position":3,"name":"Casa\/Studio Passivhaus"}]},{"@type":"WebSite","@id":"https:\/\/www.scrigno.com\/it\/#website","url":"https:\/\/www.scrigno.com\/it\/","name":"Scrigno","description":"","potentialAction":[{"@type":"SearchAction","target":{"@type":"EntryPoint","urlTemplate":"https:\/\/www.scrigno.com\/it\/?s={search_term_string}"},"query-input":{"@type":"PropertyValueSpecification","valueRequired":true,"valueName":"search_term_string"}}],"inLanguage":"it-IT"}]}},"_links":{"self":[{"href":"https:\/\/www.scrigno.com\/it\/wp-json\/wp\/v2\/scrignocom_project\/10347","targetHints":{"allow":["GET"]}}],"collection":[{"href":"https:\/\/www.scrigno.com\/it\/wp-json\/wp\/v2\/scrignocom_project"}],"about":[{"href":"https:\/\/www.scrigno.com\/it\/wp-json\/wp\/v2\/types\/scrignocom_project"}],"acf:post":[{"embeddable":true,"href":"https:\/\/www.scrigno.com\/it\/wp-json\/wp\/v2\/scrignocom_architect\/10181"}],"acf:attachment":[{"embeddable":true,"href":"https:\/\/www.scrigno.com\/it\/wp-json\/wp\/v2\/media\/1959"},{"embeddable":true,"href":"https:\/\/www.scrigno.com\/it\/wp-json\/wp\/v2\/media\/1958"},{"embeddable":true,"href":"https:\/\/www.scrigno.com\/it\/wp-json\/wp\/v2\/media\/1957"},{"embeddable":true,"href":"https:\/\/www.scrigno.com\/it\/wp-json\/wp\/v2\/media\/1956"},{"embeddable":true,"href":"https:\/\/www.scrigno.com\/it\/wp-json\/wp\/v2\/media\/1955"},{"embeddable":true,"href":"https:\/\/www.scrigno.com\/it\/wp-json\/wp\/v2\/media\/1954"},{"embeddable":true,"href":"https:\/\/www.scrigno.com\/it\/wp-json\/wp\/v2\/media\/1953"},{"embeddable":true,"href":"https:\/\/www.scrigno.com\/it\/wp-json\/wp\/v2\/media\/1952"},{"embeddable":true,"href":"https:\/\/www.scrigno.com\/it\/wp-json\/wp\/v2\/media\/1951"},{"embeddable":true,"href":"https:\/\/www.scrigno.com\/it\/wp-json\/wp\/v2\/media\/1950"},{"embeddable":true,"href":"https:\/\/www.scrigno.com\/it\/wp-json\/wp\/v2\/media\/1949"},{"embeddable":true,"href":"https:\/\/www.scrigno.com\/it\/wp-json\/wp\/v2\/media\/1948"},{"embeddable":true,"href":"https:\/\/www.scrigno.com\/it\/wp-json\/wp\/v2\/media\/1947"},{"embeddable":true,"href":"https:\/\/www.scrigno.com\/it\/wp-json\/wp\/v2\/media\/1946"}],"wp:featuredmedia":[{"embeddable":true,"href":"https:\/\/www.scrigno.com\/it\/wp-json\/wp\/v2\/media\/2111"}],"wp:attachment":[{"href":"https:\/\/www.scrigno.com\/it\/wp-json\/wp\/v2\/media?parent=10347"}],"curies":[{"name":"wp","href":"https:\/\/api.w.org\/{rel}","templated":true}]}}